{"id":3278,"date":"2025-09-24T18:36:18","date_gmt":"2025-09-24T15:36:18","guid":{"rendered":"https:\/\/vanavorumaamuuseumid.ee\/?post_type=vorumaa-naitus&#038;p=3278"},"modified":"2025-10-12T11:29:32","modified_gmt":"2025-10-12T08:29:32","slug":"toomas-kuusingu-harilikud-maailmad","status":"publish","type":"vorumaa-naitus","link":"https:\/\/vanavorumaamuuseumid.ee\/vo\/vorumaa-naitus\/toomas-kuusingu-harilikud-maailmad\/","title":{"rendered":"Toomas Kuusingu &#8220;Harilikud maailmad&#8221;"},"content":{"rendered":"<p>Alates 17. maist on avatud Toomas Kuusingu isikun\u00e4itus \u201eHarilikud maailmad\u201c, kus kunstnik esitleb oma viimaste aastate loomingut, milles on lavastatud meid \u00fcmbritsev reaalsus. N\u00e4itusel on v\u00e4ljas \u00f5limaalid ja graafilised linooll\u00f5iked, V\u00f5rus eksponeeritakse neid esmakordselt. N\u00e4itus on avatud kuni 06. juulini.<\/p>\n\n\n\n<p>\u201eMaailmas, kus me elame, ei ole enam \u00fcldkehtivat t\u00f5de ega ole ka alust tegelikkuse ja v\u00e4ljam\u00f5eldise eristamiseks. Reaalsuse ja fiktsiooni tasakaal on muutunud. Me elame hiiglaslikus pildis. Kunstnikul on \u00fcha v\u00e4hem tarvis oma teosele sisu leiutada. Fiktsioon juba eksisteerib,\u201c \u00fctleb kunstnik selgituseks.<\/p>\n\n\n\n<p>Toomas Kuusing on l\u00f5petanud Eesti Kunstiakadeemia. Alates 2002. aastast on ta esinenud isiku- ja grupin\u00e4itustega paljudes riikides, sealhulgas Saksamaal, Prantsusmaal, USA-s ja L\u00f5una-Koreas. Tema teoseid leidub Eesti Kunstimuuseumi ja Tartu Kunstimuuseumi kogus, samuti mitmes v\u00e4lismaa kunstikogus. Ta on illustreerinud ka raamatuid, nende seas on n\u00e4iteks v\u00f5rukeelne \u201eKalevipoeg\u201c, ja p\u00e4lvinud kunstipreemiaid, n\u00e4iteks sai 3. koha rahvusvahelisel Kaunase graafikabiennaalil 2023. aastal.<\/p>\n\n\n\n<p>N\u00e4itust toetavad Eesti Kultuurkapital ja V\u00f5ru linnavalitsus.<\/p>\n\n\n\n<p>Fotod: Andres Treial<\/p>\n\n\n\n<figure class=\"wp-block-gallery has-nested-images columns-default is-cropped wp-block-gallery-1 is-layout-flex wp-block-gallery-is-layout-flex\">\n<figure class=\"wp-block-image size-large\"><a  href=\"https:\/\/vanavorumaamuuseumid.ee\/wp-content\/uploads\/2025\/09\/D_82161.jpg\" data-rel=\"lightbox-gallery-0\" data-rl_title=\"\" data-rl_caption=\"\" title=\"\"><img decoding=\"async\" width=\"1024\" height=\"607\" data-id=\"3590\" src=\"https:\/\/vanavorumaamuuseumid.ee\/wp-content\/uploads\/2025\/09\/D_82161-1024x607.jpg\" alt=\"\" class=\"wp-image-3590\" srcset=\"https:\/\/vanavorumaamuuseumid.ee\/wp-content\/uploads\/2025\/09\/D_82161-980x581.jpg 980w, https:\/\/vanavorumaamuuseumid.ee\/wp-content\/uploads\/2025\/09\/D_82161-480x285.jpg 480w\" sizes=\"(min-width: 0px) and (max-width: 480px) 480px, (min-width: 481px) and (max-width: 980px) 980px, (min-width: 981px) 1024px, 100vw\" \/><\/a><\/figure>\n\n\n\n<figure class=\"wp-block-image size-large\"><a  href=\"https:\/\/vanavorumaamuuseumid.ee\/wp-content\/uploads\/2025\/09\/T.Kuusing-1.jpg\" data-rel=\"lightbox-gallery-0\" data-rl_title=\"\" data-rl_caption=\"\" title=\"\"><img decoding=\"async\" width=\"1024\" height=\"729\" data-id=\"3593\" src=\"https:\/\/vanavorumaamuuseumid.ee\/wp-content\/uploads\/2025\/09\/T.Kuusing-1-1024x729.jpg\" alt=\"\" class=\"wp-image-3593\" srcset=\"https:\/\/vanavorumaamuuseumid.ee\/wp-content\/uploads\/2025\/09\/T.Kuusing-1-980x698.jpg 980w, https:\/\/vanavorumaamuuseumid.ee\/wp-content\/uploads\/2025\/09\/T.Kuusing-1-480x342.jpg 480w\" sizes=\"(min-width: 0px) and (max-width: 480px) 480px, (min-width: 481px) and (max-width: 980px) 980px, (min-width: 981px) 1024px, 100vw\" \/><\/a><\/figure>\n\n\n\n<figure class=\"wp-block-image size-large\"><a  href=\"https:\/\/vanavorumaamuuseumid.ee\/wp-content\/uploads\/2025\/09\/D_8188.jpg\" data-rel=\"lightbox-gallery-0\" data-rl_title=\"\" data-rl_caption=\"\" title=\"\"><img decoding=\"async\" width=\"1024\" height=\"525\" data-id=\"3588\" src=\"https:\/\/vanavorumaamuuseumid.ee\/wp-content\/uploads\/2025\/09\/D_8188-1024x525.jpg\" alt=\"\" class=\"wp-image-3588\" srcset=\"https:\/\/vanavorumaamuuseumid.ee\/wp-content\/uploads\/2025\/09\/D_8188-980x503.jpg 980w, https:\/\/vanavorumaamuuseumid.ee\/wp-content\/uploads\/2025\/09\/D_8188-480x246.jpg 480w\" sizes=\"(min-width: 0px) and (max-width: 480px) 480px, (min-width: 481px) and (max-width: 980px) 980px, (min-width: 981px) 1024px, 100vw\" \/><\/a><\/figure>\n\n\n\n<figure class=\"wp-block-image size-large\"><a  href=\"https:\/\/vanavorumaamuuseumid.ee\/wp-content\/uploads\/2025\/09\/D_8205.jpg\" data-rel=\"lightbox-gallery-0\" data-rl_title=\"\" data-rl_caption=\"\" title=\"\"><img decoding=\"async\" width=\"1024\" height=\"492\" data-id=\"3589\" src=\"https:\/\/vanavorumaamuuseumid.ee\/wp-content\/uploads\/2025\/09\/D_8205-1024x492.jpg\" alt=\"\" class=\"wp-image-3589\" srcset=\"https:\/\/vanavorumaamuuseumid.ee\/wp-content\/uploads\/2025\/09\/D_8205-980x471.jpg 980w, https:\/\/vanavorumaamuuseumid.ee\/wp-content\/uploads\/2025\/09\/D_8205-480x231.jpg 480w\" sizes=\"(min-width: 0px) and (max-width: 480px) 480px, (min-width: 481px) and (max-width: 980px) 980px, (min-width: 981px) 1024px, 100vw\" \/><\/a><\/figure>\n\n\n\n<figure class=\"wp-block-image size-large\"><a  href=\"https:\/\/vanavorumaamuuseumid.ee\/wp-content\/uploads\/2025\/09\/D_8208.jpg\" data-rel=\"lightbox-gallery-0\" data-rl_title=\"\" data-rl_caption=\"\" title=\"\"><img decoding=\"async\" width=\"1024\" height=\"446\" data-id=\"3591\" src=\"https:\/\/vanavorumaamuuseumid.ee\/wp-content\/uploads\/2025\/09\/D_8208-1024x446.jpg\" alt=\"\" class=\"wp-image-3591\" srcset=\"https:\/\/vanavorumaamuuseumid.ee\/wp-content\/uploads\/2025\/09\/D_8208-980x427.jpg 980w, https:\/\/vanavorumaamuuseumid.ee\/wp-content\/uploads\/2025\/09\/D_8208-480x209.jpg 480w\" sizes=\"(min-width: 0px) and (max-width: 480px) 480px, (min-width: 481px) and (max-width: 980px) 980px, (min-width: 981px) 1024px, 100vw\" \/><\/a><\/figure>\n\n\n\n<figure class=\"wp-block-image size-large\"><a  href=\"https:\/\/vanavorumaamuuseumid.ee\/wp-content\/uploads\/2025\/09\/D_8210.jpg\" data-rel=\"lightbox-gallery-0\" data-rl_title=\"\" data-rl_caption=\"\" title=\"\"><img decoding=\"async\" width=\"1024\" height=\"676\" data-id=\"3592\" src=\"https:\/\/vanavorumaamuuseumid.ee\/wp-content\/uploads\/2025\/09\/D_8210-1024x676.jpg\" alt=\"\" class=\"wp-image-3592\" srcset=\"https:\/\/vanavorumaamuuseumid.ee\/wp-content\/uploads\/2025\/09\/D_8210-980x647.jpg 980w, https:\/\/vanavorumaamuuseumid.ee\/wp-content\/uploads\/2025\/09\/D_8210-480x317.jpg 480w\" sizes=\"(min-width: 0px) and (max-width: 480px) 480px, (min-width: 481px) and (max-width: 980px) 980px, (min-width: 981px) 1024px, 100vw\" \/><\/a><\/figure>\n\n\n\n<figure class=\"wp-block-image size-large\"><a  href=\"https:\/\/vanavorumaamuuseumid.ee\/wp-content\/uploads\/2025\/09\/Kuusing.naitus.jpg\" data-rel=\"lightbox-gallery-0\" data-rl_title=\"\" data-rl_caption=\"\" title=\"\"><img decoding=\"async\" width=\"1024\" height=\"637\" data-id=\"3594\" src=\"https:\/\/vanavorumaamuuseumid.ee\/wp-content\/uploads\/2025\/09\/Kuusing.naitus-1024x637.jpg\" alt=\"\" class=\"wp-image-3594\" srcset=\"https:\/\/vanavorumaamuuseumid.ee\/wp-content\/uploads\/2025\/09\/Kuusing.naitus-980x610.jpg 980w, https:\/\/vanavorumaamuuseumid.ee\/wp-content\/uploads\/2025\/09\/Kuusing.naitus-480x299.jpg 480w\" sizes=\"(min-width: 0px) and (max-width: 480px) 480px, (min-width: 481px) and (max-width: 980px) 980px, (min-width: 981px) 1024px, 100vw\" \/><\/a><\/figure>\n\n\n\n<figure class=\"wp-block-image size-large\"><a  href=\"https:\/\/vanavorumaamuuseumid.ee\/wp-content\/uploads\/2025\/09\/T.Kuusing2.jpg\" data-rel=\"lightbox-gallery-0\" data-rl_title=\"\" data-rl_caption=\"\" title=\"\"><img decoding=\"async\" width=\"1024\" height=\"685\" data-id=\"3595\" src=\"https:\/\/vanavorumaamuuseumid.ee\/wp-content\/uploads\/2025\/09\/T.Kuusing2-1024x685.jpg\" alt=\"\" class=\"wp-image-3595\" srcset=\"https:\/\/vanavorumaamuuseumid.ee\/wp-content\/uploads\/2025\/09\/T.Kuusing2-980x655.jpg 980w, https:\/\/vanavorumaamuuseumid.ee\/wp-content\/uploads\/2025\/09\/T.Kuusing2-480x321.jpg 480w\" sizes=\"(min-width: 0px) and (max-width: 480px) 480px, (min-width: 481px) and (max-width: 980px) 980px, (min-width: 981px) 1024px, 100vw\" \/><\/a><\/figure>\n<\/figure>","protected":false},"featured_media":3572,"template":"","class_list":["post-3278","vorumaa-naitus","type-vorumaa-naitus","status-publish","has-post-thumbnail","hentry"],"acf":[],"yoast_head":"<!-- This site is optimized with the Yoast SEO plugin v27.4 - https:\/\/yoast.com\/product\/yoast-seo-wordpress\/ -->\n<title>Toomas Kuusingu &quot;Harilikud maailmad&quot; - Vana-V\u00f5rumaa muuseumid<\/title>\n<meta name=\"robots\" content=\"index, follow, max-snippet:-1, max-image-preview:large, max-video-preview:-1\" \/>\n<link rel=\"canonical\" href=\"https:\/\/vanavorumaamuuseumid.ee\/vo\/vorumaa-naitus\/toomas-kuusingu-harilikud-maailmad\/\" \/>\n<meta property=\"og:locale\" content=\"en_US\" \/>\n<meta property=\"og:type\" content=\"article\" \/>\n<meta property=\"og:title\" content=\"Toomas Kuusingu &quot;Harilikud maailmad&quot; - Vana-V\u00f5rumaa muuseumid\" \/>\n<meta property=\"og:description\" content=\"Alates 17. maist on avatud Toomas Kuusingu isikun\u00e4itus \u201eHarilikud maailmad\u201c, kus kunstnik [&hellip;]\" \/>\n<meta property=\"og:url\" content=\"https:\/\/vanavorumaamuuseumid.ee\/vo\/vorumaa-naitus\/toomas-kuusingu-harilikud-maailmad\/\" \/>\n<meta property=\"og:site_name\" content=\"Vana-V\u00f5rumaa muuseumid\" \/>\n<meta property=\"article:modified_time\" content=\"2025-10-12T08:29:32+00:00\" \/>\n<meta property=\"og:image\" content=\"https:\/\/vanavorumaamuuseumid.ee\/wp-content\/uploads\/2025\/09\/FB-Tom2.jpg\" \/>\n\t<meta property=\"og:image:width\" content=\"1920\" \/>\n\t<meta property=\"og:image:height\" content=\"1005\" \/>\n\t<meta property=\"og:image:type\" content=\"image\/jpeg\" \/>\n<meta name=\"twitter:card\" content=\"summary_large_image\" \/>\n<meta name=\"twitter:label1\" content=\"Est. reading time\" \/>\n\t<meta name=\"twitter:data1\" content=\"3 minutes\" \/>\n<script type=\"application\/ld+json\" class=\"yoast-schema-graph\">{\"@context\":\"https:\\\/\\\/schema.org\",\"@graph\":[{\"@type\":\"WebPage\",\"@id\":\"https:\\\/\\\/vanavorumaamuuseumid.ee\\\/vorumaa-naitus\\\/toomas-kuusingu-harilikud-maailmad\\\/\",\"url\":\"https:\\\/\\\/vanavorumaamuuseumid.ee\\\/vorumaa-naitus\\\/toomas-kuusingu-harilikud-maailmad\\\/\",\"name\":\"Toomas Kuusingu \\\"Harilikud maailmad\\\" - Vana-V\u00f5rumaa muuseumid\",\"isPartOf\":{\"@id\":\"https:\\\/\\\/vanavorumaamuuseumid.ee\\\/#website\"},\"primaryImageOfPage\":{\"@id\":\"https:\\\/\\\/vanavorumaamuuseumid.ee\\\/vorumaa-naitus\\\/toomas-kuusingu-harilikud-maailmad\\\/#primaryimage\"},\"image\":{\"@id\":\"https:\\\/\\\/vanavorumaamuuseumid.ee\\\/vorumaa-naitus\\\/toomas-kuusingu-harilikud-maailmad\\\/#primaryimage\"},\"thumbnailUrl\":\"https:\\\/\\\/vanavorumaamuuseumid.ee\\\/wp-content\\\/uploads\\\/2025\\\/09\\\/FB-Tom2.jpg\",\"datePublished\":\"2025-09-24T15:36:18+00:00\",\"dateModified\":\"2025-10-12T08:29:32+00:00\",\"breadcrumb\":{\"@id\":\"https:\\\/\\\/vanavorumaamuuseumid.ee\\\/vorumaa-naitus\\\/toomas-kuusingu-harilikud-maailmad\\\/#breadcrumb\"},\"inLanguage\":\"vo\",\"potentialAction\":[{\"@type\":\"ReadAction\",\"target\":[\"https:\\\/\\\/vanavorumaamuuseumid.ee\\\/vorumaa-naitus\\\/toomas-kuusingu-harilikud-maailmad\\\/\"]}]},{\"@type\":\"ImageObject\",\"inLanguage\":\"vo\",\"@id\":\"https:\\\/\\\/vanavorumaamuuseumid.ee\\\/vorumaa-naitus\\\/toomas-kuusingu-harilikud-maailmad\\\/#primaryimage\",\"url\":\"https:\\\/\\\/vanavorumaamuuseumid.ee\\\/wp-content\\\/uploads\\\/2025\\\/09\\\/FB-Tom2.jpg\",\"contentUrl\":\"https:\\\/\\\/vanavorumaamuuseumid.ee\\\/wp-content\\\/uploads\\\/2025\\\/09\\\/FB-Tom2.jpg\",\"width\":1920,\"height\":1005},{\"@type\":\"BreadcrumbList\",\"@id\":\"https:\\\/\\\/vanavorumaamuuseumid.ee\\\/vorumaa-naitus\\\/toomas-kuusingu-harilikud-maailmad\\\/#breadcrumb\",\"itemListElement\":[{\"@type\":\"ListItem\",\"position\":1,\"name\":\"Home\",\"item\":\"https:\\\/\\\/vanavorumaamuuseumid.ee\\\/\"},{\"@type\":\"ListItem\",\"position\":2,\"name\":\"Toomas Kuusingu &#8220;Harilikud maailmad&#8221;\"}]},{\"@type\":\"WebSite\",\"@id\":\"https:\\\/\\\/vanavorumaamuuseumid.ee\\\/#website\",\"url\":\"https:\\\/\\\/vanavorumaamuuseumid.ee\\\/\",\"name\":\"Vana-V\u00f5rumaa Muuseumid\",\"description\":\"V\u00f5rumaa Muuseum, Dr. Fr. R. Kreutzwaldi Memoriaalmuuseum, M\u00f5niste Talurahvamuuseum ja Karilatsi Vaba\u00f5humuuseum\",\"publisher\":{\"@id\":\"https:\\\/\\\/vanavorumaamuuseumid.ee\\\/#organization\"},\"potentialAction\":[{\"@type\":\"SearchAction\",\"target\":{\"@type\":\"EntryPoint\",\"urlTemplate\":\"https:\\\/\\\/vanavorumaamuuseumid.ee\\\/?s={search_term_string}\"},\"query-input\":{\"@type\":\"PropertyValueSpecification\",\"valueRequired\":true,\"valueName\":\"search_term_string\"}}],\"inLanguage\":\"vo\"},{\"@type\":\"Organization\",\"@id\":\"https:\\\/\\\/vanavorumaamuuseumid.ee\\\/#organization\",\"name\":\"V\u00f5ru Instituut\",\"url\":\"https:\\\/\\\/vanavorumaamuuseumid.ee\\\/\",\"logo\":{\"@type\":\"ImageObject\",\"inLanguage\":\"vo\",\"@id\":\"https:\\\/\\\/vanavorumaamuuseumid.ee\\\/#\\\/schema\\\/logo\\\/image\\\/\",\"url\":\"https:\\\/\\\/vanavorumaamuuseumid.ee\\\/wp-content\\\/uploads\\\/2025\\\/05\\\/vana-voromaa-muusoumi-250516.svg\",\"contentUrl\":\"https:\\\/\\\/vanavorumaamuuseumid.ee\\\/wp-content\\\/uploads\\\/2025\\\/05\\\/vana-voromaa-muusoumi-250516.svg\",\"width\":567,\"height\":80,\"caption\":\"V\u00f5ru Instituut\"},\"image\":{\"@id\":\"https:\\\/\\\/vanavorumaamuuseumid.ee\\\/#\\\/schema\\\/logo\\\/image\\\/\"}}]}<\/script>\n<!-- \/ Yoast SEO plugin. -->","yoast_head_json":{"title":"Toomas Kuusingu \"Harilikud maailmad\" - Vana-V\u00f5rumaa muuseumid","robots":{"index":"index","follow":"follow","max-snippet":"max-snippet:-1","max-image-preview":"max-image-preview:large","max-video-preview":"max-video-preview:-1"},"canonical":"https:\/\/vanavorumaamuuseumid.ee\/vo\/vorumaa-naitus\/toomas-kuusingu-harilikud-maailmad\/","og_locale":"en_US","og_type":"article","og_title":"Toomas Kuusingu \"Harilikud maailmad\" - Vana-V\u00f5rumaa muuseumid","og_description":"Alates 17. maist on avatud Toomas Kuusingu isikun\u00e4itus \u201eHarilikud maailmad\u201c, kus kunstnik [&hellip;]","og_url":"https:\/\/vanavorumaamuuseumid.ee\/vo\/vorumaa-naitus\/toomas-kuusingu-harilikud-maailmad\/","og_site_name":"Vana-V\u00f5rumaa muuseumid","article_modified_time":"2025-10-12T08:29:32+00:00","og_image":[{"width":1920,"height":1005,"url":"https:\/\/vanavorumaamuuseumid.ee\/wp-content\/uploads\/2025\/09\/FB-Tom2.jpg","type":"image\/jpeg"}],"twitter_card":"summary_large_image","twitter_misc":{"Est. reading time":"3 minutes"},"schema":{"@context":"https:\/\/schema.org","@graph":[{"@type":"WebPage","@id":"https:\/\/vanavorumaamuuseumid.ee\/vorumaa-naitus\/toomas-kuusingu-harilikud-maailmad\/","url":"https:\/\/vanavorumaamuuseumid.ee\/vorumaa-naitus\/toomas-kuusingu-harilikud-maailmad\/","name":"Toomas Kuusingu \"Harilikud maailmad\" - Vana-V\u00f5rumaa muuseumid","isPartOf":{"@id":"https:\/\/vanavorumaamuuseumid.ee\/#website"},"primaryImageOfPage":{"@id":"https:\/\/vanavorumaamuuseumid.ee\/vorumaa-naitus\/toomas-kuusingu-harilikud-maailmad\/#primaryimage"},"image":{"@id":"https:\/\/vanavorumaamuuseumid.ee\/vorumaa-naitus\/toomas-kuusingu-harilikud-maailmad\/#primaryimage"},"thumbnailUrl":"https:\/\/vanavorumaamuuseumid.ee\/wp-content\/uploads\/2025\/09\/FB-Tom2.jpg","datePublished":"2025-09-24T15:36:18+00:00","dateModified":"2025-10-12T08:29:32+00:00","breadcrumb":{"@id":"https:\/\/vanavorumaamuuseumid.ee\/vorumaa-naitus\/toomas-kuusingu-harilikud-maailmad\/#breadcrumb"},"inLanguage":"vo","potentialAction":[{"@type":"ReadAction","target":["https:\/\/vanavorumaamuuseumid.ee\/vorumaa-naitus\/toomas-kuusingu-harilikud-maailmad\/"]}]},{"@type":"ImageObject","inLanguage":"vo","@id":"https:\/\/vanavorumaamuuseumid.ee\/vorumaa-naitus\/toomas-kuusingu-harilikud-maailmad\/#primaryimage","url":"https:\/\/vanavorumaamuuseumid.ee\/wp-content\/uploads\/2025\/09\/FB-Tom2.jpg","contentUrl":"https:\/\/vanavorumaamuuseumid.ee\/wp-content\/uploads\/2025\/09\/FB-Tom2.jpg","width":1920,"height":1005},{"@type":"BreadcrumbList","@id":"https:\/\/vanavorumaamuuseumid.ee\/vorumaa-naitus\/toomas-kuusingu-harilikud-maailmad\/#breadcrumb","itemListElement":[{"@type":"ListItem","position":1,"name":"Home","item":"https:\/\/vanavorumaamuuseumid.ee\/"},{"@type":"ListItem","position":2,"name":"Toomas Kuusingu &#8220;Harilikud maailmad&#8221;"}]},{"@type":"WebSite","@id":"https:\/\/vanavorumaamuuseumid.ee\/#website","url":"https:\/\/vanavorumaamuuseumid.ee\/","name":"Vana-V\u00f5rumaa Muuseumid","description":"V\u00f5rumaa Muuseum, Dr. Fr. R. Kreutzwaldi Memoriaalmuuseum, M\u00f5niste Talurahvamuuseum ja Karilatsi Vaba\u00f5humuuseum","publisher":{"@id":"https:\/\/vanavorumaamuuseumid.ee\/#organization"},"potentialAction":[{"@type":"SearchAction","target":{"@type":"EntryPoint","urlTemplate":"https:\/\/vanavorumaamuuseumid.ee\/?s={search_term_string}"},"query-input":{"@type":"PropertyValueSpecification","valueRequired":true,"valueName":"search_term_string"}}],"inLanguage":"vo"},{"@type":"Organization","@id":"https:\/\/vanavorumaamuuseumid.ee\/#organization","name":"V\u00f5ru Instituut","url":"https:\/\/vanavorumaamuuseumid.ee\/","logo":{"@type":"ImageObject","inLanguage":"vo","@id":"https:\/\/vanavorumaamuuseumid.ee\/#\/schema\/logo\/image\/","url":"https:\/\/vanavorumaamuuseumid.ee\/wp-content\/uploads\/2025\/05\/vana-voromaa-muusoumi-250516.svg","contentUrl":"https:\/\/vanavorumaamuuseumid.ee\/wp-content\/uploads\/2025\/05\/vana-voromaa-muusoumi-250516.svg","width":567,"height":80,"caption":"V\u00f5ru Instituut"},"image":{"@id":"https:\/\/vanavorumaamuuseumid.ee\/#\/schema\/logo\/image\/"}}]}},"_links":{"self":[{"href":"https:\/\/vanavorumaamuuseumid.ee\/vo\/wp-json\/wp\/v2\/vorumaa-naitus\/3278","targetHints":{"allow":["GET"]}}],"collection":[{"href":"https:\/\/vanavorumaamuuseumid.ee\/vo\/wp-json\/wp\/v2\/vorumaa-naitus"}],"about":[{"href":"https:\/\/vanavorumaamuuseumid.ee\/vo\/wp-json\/wp\/v2\/types\/vorumaa-naitus"}],"wp:featuredmedia":[{"embeddable":true,"href":"https:\/\/vanavorumaamuuseumid.ee\/vo\/wp-json\/wp\/v2\/media\/3572"}],"wp:attachment":[{"href":"https:\/\/vanavorumaamuuseumid.ee\/vo\/wp-json\/wp\/v2\/media?parent=3278"}],"curies":[{"name":"wp","href":"https:\/\/api.w.org\/{rel}","templated":true}]}}