{"id":3280,"date":"2025-09-24T18:38:19","date_gmt":"2025-09-24T15:38:19","guid":{"rendered":"https:\/\/vanavorumaamuuseumid.ee\/?post_type=vorumaa-naitus&#038;p=3280"},"modified":"2025-10-12T12:29:14","modified_gmt":"2025-10-12T09:29:14","slug":"marko-maetamme-juubelinaitus-teekond-tundmatusse","status":"publish","type":"vorumaa-naitus","link":"https:\/\/vanavorumaamuuseumid.ee\/vo\/vorumaa-naitus\/marko-maetamme-juubelinaitus-teekond-tundmatusse\/","title":{"rendered":"Marko M\u00e4etamme juubelin\u00e4itus &#8220;Teekond tundmatusse&#8221;"},"content":{"rendered":"<p><strong>V\u00f5rumaa Muuseumis galeriis on Marko M\u00e4etamme juubelin\u00e4itus \u201eTeekond tundmatusse\u201c.<\/strong><\/p>\n\n\n\n<p><a href=\"https:\/\/et.wikipedia.org\/wiki\/Marko_M%C3%A4etamm\">Marko M\u00e4etamm<\/a> on \u00fcks tuntumaid ja oman\u00e4olisemaid Eesti t\u00e4nap\u00e4eva kunstnikke, kes oma loomingus keskendub pingetele isiklikes ja \u00fchiskondlikes suhetes. Tema t\u00f6\u00f6des p\u00f5imuvad must huumor, iroonia ning s\u00fcgavalt isiklikud lood, mis k\u00e4sitlevad perekonda, v\u00f5imu, vabadust ja kommunikatsiooni.<\/p>\n\n\n\n<p>V\u00f5ru n\u00e4itusele on M\u00e4etamm valinud oma kolmek\u00fcmne tegevusaasta silmapaistvamad ja m\u00e4rgilisemad teosed, mis \u00fchtlasi ilmestavad k\u00f5ige paremini tema eri loomeperioode. Need t\u00f6\u00f6d ulatuvad joonistustest ja maalidest kuni animatsiooni, video- ja installatsioonikunstini, koomiksist pisiplastikani, moodustades sageli terviklikke narratiivseid maailmu.<\/p>\n\n\n\n<p>N\u00e4itust on tervikuks vormistama kutsutud tunnustatud maalikunstnik Kristi Kongi. Ta sekkub M\u00e4etamme loomingusse oma v\u00e4rvik\u00e4sitluse ja ruumitunnetusega, luues omakorda omaette teose. Kahe tunnustatud ja hinnatud kunstniku \u00fchislooming on terviklik ja p\u00f5nev vaatamine.<\/p>\n\n\n\n<p><strong>V\u00f5rumaa ajalugu M\u00e4etamme silme l\u00e4bi<\/strong><\/p>\n\n\n\n<p>Osa v\u00e4ljapanekust s\u00fcnnib ka V\u00f5rumaa Muuseumis kohapeal. Muuseumi peavarahoidja on andnud M\u00e4etammele loa viia oma looming ka p\u00fcsin\u00e4ituse saali, et kujutada paikkonna ajalugu oma vaatepunktist ja suhestuda muuseumieksponaatidega. M\u00e4etamm joonistab ja loob tekste, l\u00e4htudes V\u00f5rumaa ajaloo v\u00e4ljapanekust.<\/p>\n\n\n\n<p><strong>Installatsioon V\u00f5ru linnaruumis<\/strong><\/p>\n\n\n\n<p>M\u00e4etamme 2011. aasta teos \u201ePostkaardid Pariisist\u201c andis inspiratsiooni luua ka V\u00f5rus Katariina allee pargipinkidele m\u00f5ttemullid ja dialoogid. Nii saaks muuseumist algav n\u00e4itus alleel j\u00e4tku. Selle installatsiooniga soovib Marko M\u00e4etamm tunnustada v\u00f5rokeste keelt ja kultuuri. Pinkidele loodud m\u00f5ttemullid v\u00e4ljendaksid kahe jalutaja vahelist vestlust, m\u00f5ttep\u00f5rgatusi.<\/p>\n\n\n\n<ul class=\"wp-block-list\">\n<li>V\u00e4ljapanek j\u00e4\u00e4b avatuks kuni 7. septembrini.<\/li>\n<\/ul>\n\n\n\n<p><strong>Marko M\u00e4etamm<\/strong> (snd 1965 Viljandis) on \u00f5ppinud Eesti Kunstiakadeemias (EKA) graafika ja vabade kunstide erialal ning t\u00e4iendanud end Rootsi Kuninglikus Kunstiakadeemias.<\/p>\n\n\n\n<p>M\u00e4etamm on korraldanud arvukalt <a href=\"https:\/\/et.wikipedia.org\/w\/index.php?title=Isikun%C3%A4itus&amp;action=edit&amp;redlink=1\">isikun\u00e4itusi<\/a> ja osalenud <a href=\"https:\/\/et.wikipedia.org\/w\/index.php?title=Grupin%C3%A4itus&amp;action=edit&amp;redlink=1\">grupin\u00e4itustel<\/a> mitmel pool maailmas. Ta on esindanud Eestit Veneetsia biennaalil kaks korda: 2003. aastal (John Smithi pseudon\u00fc\u00fcmi all, koos Kaido Olega) ja 2007. aastal. Tema loomingut on eksponeeritud mainekates galeriides ja muuseumides \u00fcle maailma, sealhulgas Londonis, Pariisis, Br\u00fcsselis ja Moskvas.<\/p>\n\n\n\n<p>Ta on v\u00e4lja andnud ka raamatuid, nagu \u201ePerekonnalood ja igasugused teised lood\u201c (2006), \u201eJuubeliaasta\u201c (2018), \u201eVanaisa\u201c (2019), \u201e\u00dckskord Tartus\u201c (2019) jne. Need sisaldavad p\u00e4evikuvormis kirjeldusi kunstniku igap\u00e4evaelust, ilukirjanduslikke m\u00f5ttem\u00e4nge, illustratsioone jpm.<\/p>\n\n\n\n<p>Silmapaistva loomingulise tegevuse eest on M\u00e4etamm p\u00e4lvinud hulgaliselt preemiaid ja teenetem\u00e4rke, nende hulgas Kristjan Raua preemia (2000), riiklik kultuuripreemia (2010 ja 2019) ning Valget\u00e4he V klassi teenetem\u00e4rk (2008).<\/p>\n\n\n\n<p>N\u00e4ituse kujundaja Kristi Kongi<br>Graafiline disainer Taavi Oolberg<br>Video teostaja Hendrik Kaju<br>Installatsiooni teostaja ML Steel O\u00dc<br>Fotod Andres Treial<\/p>\n\n\n\n<p>N\u00e4itust toetab Eesti Kultuurkapital ja V\u00f5ru linn<\/p>\n\n\n\n<p>Marko M\u00e4etamme loominguga saate tutvuda tema <a href=\"https:\/\/www.maetamm.net\/\">kodulehel<\/a>. <\/p>\n\n\n\n<figure class=\"wp-block-gallery has-nested-images columns-default is-cropped wp-block-gallery-1 is-layout-flex wp-block-gallery-is-layout-flex\">\n<figure class=\"wp-block-image size-large\"><a  href=\"https:\/\/vanavorumaamuuseumid.ee\/wp-content\/uploads\/2025\/09\/D_8673.jpg\" data-rel=\"lightbox-gallery-0\" data-rl_title=\"\" data-rl_caption=\"\" title=\"\"><img decoding=\"async\" width=\"1024\" height=\"695\" data-id=\"3660\" src=\"https:\/\/vanavorumaamuuseumid.ee\/wp-content\/uploads\/2025\/09\/D_8673-1024x695.jpg\" alt=\"\" class=\"wp-image-3660\" srcset=\"https:\/\/vanavorumaamuuseumid.ee\/wp-content\/uploads\/2025\/09\/D_8673-980x665.jpg 980w, https:\/\/vanavorumaamuuseumid.ee\/wp-content\/uploads\/2025\/09\/D_8673-480x326.jpg 480w\" sizes=\"(min-width: 0px) and (max-width: 480px) 480px, (min-width: 481px) and (max-width: 980px) 980px, (min-width: 981px) 1024px, 100vw\" \/><\/a><\/figure>\n\n\n\n<figure class=\"wp-block-image size-large\"><a  href=\"https:\/\/vanavorumaamuuseumid.ee\/wp-content\/uploads\/2025\/09\/D_8265.jpg\" data-rel=\"lightbox-gallery-0\" data-rl_title=\"\" data-rl_caption=\"\" title=\"\"><img decoding=\"async\" width=\"1024\" height=\"547\" data-id=\"3655\" src=\"https:\/\/vanavorumaamuuseumid.ee\/wp-content\/uploads\/2025\/09\/D_8265-1024x547.jpg\" alt=\"\" class=\"wp-image-3655\" srcset=\"https:\/\/vanavorumaamuuseumid.ee\/wp-content\/uploads\/2025\/09\/D_8265-980x524.jpg 980w, https:\/\/vanavorumaamuuseumid.ee\/wp-content\/uploads\/2025\/09\/D_8265-480x257.jpg 480w\" sizes=\"(min-width: 0px) and (max-width: 480px) 480px, (min-width: 481px) and (max-width: 980px) 980px, (min-width: 981px) 1024px, 100vw\" \/><\/a><\/figure>\n\n\n\n<figure class=\"wp-block-image size-large\"><a  href=\"https:\/\/vanavorumaamuuseumid.ee\/wp-content\/uploads\/2025\/09\/D_8274.jpg\" data-rel=\"lightbox-gallery-0\" data-rl_title=\"\" data-rl_caption=\"\" title=\"\"><img decoding=\"async\" width=\"1024\" height=\"659\" data-id=\"3656\" src=\"https:\/\/vanavorumaamuuseumid.ee\/wp-content\/uploads\/2025\/09\/D_8274-1024x659.jpg\" alt=\"\" class=\"wp-image-3656\" srcset=\"https:\/\/vanavorumaamuuseumid.ee\/wp-content\/uploads\/2025\/09\/D_8274-980x631.jpg 980w, https:\/\/vanavorumaamuuseumid.ee\/wp-content\/uploads\/2025\/09\/D_8274-480x309.jpg 480w\" sizes=\"(min-width: 0px) and (max-width: 480px) 480px, (min-width: 481px) and (max-width: 980px) 980px, (min-width: 981px) 1024px, 100vw\" \/><\/a><\/figure>\n\n\n\n<figure class=\"wp-block-image size-large\"><a  href=\"https:\/\/vanavorumaamuuseumid.ee\/wp-content\/uploads\/2025\/09\/D_8330.jpg\" data-rel=\"lightbox-gallery-0\" data-rl_title=\"\" data-rl_caption=\"\" title=\"\"><img decoding=\"async\" width=\"1024\" height=\"694\" data-id=\"3666\" src=\"https:\/\/vanavorumaamuuseumid.ee\/wp-content\/uploads\/2025\/09\/D_8330-1024x694.jpg\" alt=\"\" class=\"wp-image-3666\" srcset=\"https:\/\/vanavorumaamuuseumid.ee\/wp-content\/uploads\/2025\/09\/D_8330-980x665.jpg 980w, https:\/\/vanavorumaamuuseumid.ee\/wp-content\/uploads\/2025\/09\/D_8330-480x326.jpg 480w\" sizes=\"(min-width: 0px) and (max-width: 480px) 480px, (min-width: 481px) and (max-width: 980px) 980px, (min-width: 981px) 1024px, 100vw\" \/><\/a><\/figure>\n\n\n\n<figure class=\"wp-block-image size-large\"><a  href=\"https:\/\/vanavorumaamuuseumid.ee\/wp-content\/uploads\/2025\/09\/D_8748.jpg\" data-rel=\"lightbox-gallery-0\" data-rl_title=\"\" data-rl_caption=\"\" title=\"\"><img decoding=\"async\" width=\"1024\" height=\"713\" data-id=\"3661\" src=\"https:\/\/vanavorumaamuuseumid.ee\/wp-content\/uploads\/2025\/09\/D_8748-1024x713.jpg\" alt=\"\" class=\"wp-image-3661\" srcset=\"https:\/\/vanavorumaamuuseumid.ee\/wp-content\/uploads\/2025\/09\/D_8748-980x682.jpg 980w, https:\/\/vanavorumaamuuseumid.ee\/wp-content\/uploads\/2025\/09\/D_8748-480x334.jpg 480w\" sizes=\"(min-width: 0px) and (max-width: 480px) 480px, (min-width: 481px) and (max-width: 980px) 980px, (min-width: 981px) 1024px, 100vw\" \/><\/a><\/figure>\n<\/figure>\n\n\n\n<figure class=\"wp-block-gallery has-nested-images columns-default is-cropped wp-block-gallery-2 is-layout-flex wp-block-gallery-is-layout-flex\">\n<figure class=\"wp-block-image size-large\"><a  href=\"https:\/\/vanavorumaamuuseumid.ee\/wp-content\/uploads\/2025\/09\/D_8375.jpg\" data-rel=\"lightbox-gallery-0\" data-rl_title=\"\" data-rl_caption=\"\" title=\"\"><img decoding=\"async\" width=\"683\" height=\"1024\" data-id=\"3664\" src=\"https:\/\/vanavorumaamuuseumid.ee\/wp-content\/uploads\/2025\/09\/D_8375-683x1024.jpg\" alt=\"\" class=\"wp-image-3664\"\/><\/a><\/figure>\n\n\n\n<figure class=\"wp-block-image size-large\"><a  href=\"https:\/\/vanavorumaamuuseumid.ee\/wp-content\/uploads\/2025\/09\/D_8560.jpg\" data-rel=\"lightbox-gallery-0\" data-rl_title=\"\" data-rl_caption=\"\" title=\"\"><img decoding=\"async\" width=\"683\" height=\"1024\" data-id=\"3663\" src=\"https:\/\/vanavorumaamuuseumid.ee\/wp-content\/uploads\/2025\/09\/D_8560-683x1024.jpg\" alt=\"\" class=\"wp-image-3663\"\/><\/a><\/figure>\n\n\n\n<figure class=\"wp-block-image size-large\"><a  href=\"https:\/\/vanavorumaamuuseumid.ee\/wp-content\/uploads\/2025\/09\/D_8572.jpg\" data-rel=\"lightbox-gallery-0\" data-rl_title=\"\" data-rl_caption=\"\" title=\"\"><img decoding=\"async\" width=\"1024\" height=\"688\" data-id=\"3662\" src=\"https:\/\/vanavorumaamuuseumid.ee\/wp-content\/uploads\/2025\/09\/D_8572-1024x688.jpg\" alt=\"\" class=\"wp-image-3662\" srcset=\"https:\/\/vanavorumaamuuseumid.ee\/wp-content\/uploads\/2025\/09\/D_8572-980x658.jpg 980w, https:\/\/vanavorumaamuuseumid.ee\/wp-content\/uploads\/2025\/09\/D_8572-480x323.jpg 480w\" sizes=\"(min-width: 0px) and (max-width: 480px) 480px, (min-width: 481px) and (max-width: 980px) 980px, (min-width: 981px) 1024px, 100vw\" \/><\/a><\/figure>\n<\/figure>","protected":false},"featured_media":3567,"template":"","class_list":["post-3280","vorumaa-naitus","type-vorumaa-naitus","status-publish","has-post-thumbnail","hentry"],"acf":[],"yoast_head":"<!-- This site is optimized with the Yoast SEO plugin v27.4 - https:\/\/yoast.com\/product\/yoast-seo-wordpress\/ -->\n<title>Marko M\u00e4etamme juubelin\u00e4itus &quot;Teekond tundmatusse&quot; - Vana-V\u00f5rumaa muuseumid<\/title>\n<meta name=\"robots\" content=\"index, follow, max-snippet:-1, max-image-preview:large, max-video-preview:-1\" \/>\n<link rel=\"canonical\" href=\"https:\/\/vanavorumaamuuseumid.ee\/vo\/vorumaa-naitus\/marko-maetamme-juubelinaitus-teekond-tundmatusse\/\" \/>\n<meta property=\"og:locale\" content=\"en_US\" \/>\n<meta property=\"og:type\" content=\"article\" \/>\n<meta property=\"og:title\" content=\"Marko M\u00e4etamme juubelin\u00e4itus &quot;Teekond tundmatusse&quot; - Vana-V\u00f5rumaa muuseumid\" \/>\n<meta property=\"og:description\" content=\"V\u00f5rumaa Muuseumis galeriis on Marko M\u00e4etamme juubelin\u00e4itus \u201eTeekond tundmatusse\u201c. Marko M\u00e4etamm on [&hellip;]\" \/>\n<meta property=\"og:url\" content=\"https:\/\/vanavorumaamuuseumid.ee\/vo\/vorumaa-naitus\/marko-maetamme-juubelinaitus-teekond-tundmatusse\/\" \/>\n<meta property=\"og:site_name\" content=\"Vana-V\u00f5rumaa muuseumid\" \/>\n<meta property=\"article:modified_time\" content=\"2025-10-12T09:29:14+00:00\" \/>\n<meta property=\"og:image\" content=\"https:\/\/vanavorumaamuuseumid.ee\/wp-content\/uploads\/2025\/09\/MAETAMM-FB-EVENT.jpg\" \/>\n\t<meta property=\"og:image:width\" content=\"1920\" \/>\n\t<meta property=\"og:image:height\" content=\"1080\" \/>\n\t<meta property=\"og:image:type\" content=\"image\/jpeg\" \/>\n<meta name=\"twitter:card\" content=\"summary_large_image\" \/>\n<meta name=\"twitter:label1\" content=\"Est. reading time\" \/>\n\t<meta name=\"twitter:data1\" content=\"4 minutes\" \/>\n<script type=\"application\/ld+json\" class=\"yoast-schema-graph\">{\"@context\":\"https:\\\/\\\/schema.org\",\"@graph\":[{\"@type\":\"WebPage\",\"@id\":\"https:\\\/\\\/vanavorumaamuuseumid.ee\\\/vorumaa-naitus\\\/marko-maetamme-juubelinaitus-teekond-tundmatusse\\\/\",\"url\":\"https:\\\/\\\/vanavorumaamuuseumid.ee\\\/vorumaa-naitus\\\/marko-maetamme-juubelinaitus-teekond-tundmatusse\\\/\",\"name\":\"Marko M\u00e4etamme juubelin\u00e4itus \\\"Teekond tundmatusse\\\" - Vana-V\u00f5rumaa muuseumid\",\"isPartOf\":{\"@id\":\"https:\\\/\\\/vanavorumaamuuseumid.ee\\\/#website\"},\"primaryImageOfPage\":{\"@id\":\"https:\\\/\\\/vanavorumaamuuseumid.ee\\\/vorumaa-naitus\\\/marko-maetamme-juubelinaitus-teekond-tundmatusse\\\/#primaryimage\"},\"image\":{\"@id\":\"https:\\\/\\\/vanavorumaamuuseumid.ee\\\/vorumaa-naitus\\\/marko-maetamme-juubelinaitus-teekond-tundmatusse\\\/#primaryimage\"},\"thumbnailUrl\":\"https:\\\/\\\/vanavorumaamuuseumid.ee\\\/wp-content\\\/uploads\\\/2025\\\/09\\\/MAETAMM-FB-EVENT.jpg\",\"datePublished\":\"2025-09-24T15:38:19+00:00\",\"dateModified\":\"2025-10-12T09:29:14+00:00\",\"breadcrumb\":{\"@id\":\"https:\\\/\\\/vanavorumaamuuseumid.ee\\\/vorumaa-naitus\\\/marko-maetamme-juubelinaitus-teekond-tundmatusse\\\/#breadcrumb\"},\"inLanguage\":\"vo\",\"potentialAction\":[{\"@type\":\"ReadAction\",\"target\":[\"https:\\\/\\\/vanavorumaamuuseumid.ee\\\/vorumaa-naitus\\\/marko-maetamme-juubelinaitus-teekond-tundmatusse\\\/\"]}]},{\"@type\":\"ImageObject\",\"inLanguage\":\"vo\",\"@id\":\"https:\\\/\\\/vanavorumaamuuseumid.ee\\\/vorumaa-naitus\\\/marko-maetamme-juubelinaitus-teekond-tundmatusse\\\/#primaryimage\",\"url\":\"https:\\\/\\\/vanavorumaamuuseumid.ee\\\/wp-content\\\/uploads\\\/2025\\\/09\\\/MAETAMM-FB-EVENT.jpg\",\"contentUrl\":\"https:\\\/\\\/vanavorumaamuuseumid.ee\\\/wp-content\\\/uploads\\\/2025\\\/09\\\/MAETAMM-FB-EVENT.jpg\",\"width\":1920,\"height\":1080},{\"@type\":\"BreadcrumbList\",\"@id\":\"https:\\\/\\\/vanavorumaamuuseumid.ee\\\/vorumaa-naitus\\\/marko-maetamme-juubelinaitus-teekond-tundmatusse\\\/#breadcrumb\",\"itemListElement\":[{\"@type\":\"ListItem\",\"position\":1,\"name\":\"Home\",\"item\":\"https:\\\/\\\/vanavorumaamuuseumid.ee\\\/\"},{\"@type\":\"ListItem\",\"position\":2,\"name\":\"Marko M\u00e4etamme juubelin\u00e4itus &#8220;Teekond tundmatusse&#8221;\"}]},{\"@type\":\"WebSite\",\"@id\":\"https:\\\/\\\/vanavorumaamuuseumid.ee\\\/#website\",\"url\":\"https:\\\/\\\/vanavorumaamuuseumid.ee\\\/\",\"name\":\"Vana-V\u00f5rumaa Muuseumid\",\"description\":\"V\u00f5rumaa Muuseum, Dr. Fr. R. Kreutzwaldi Memoriaalmuuseum, M\u00f5niste Talurahvamuuseum ja Karilatsi Vaba\u00f5humuuseum\",\"publisher\":{\"@id\":\"https:\\\/\\\/vanavorumaamuuseumid.ee\\\/#organization\"},\"potentialAction\":[{\"@type\":\"SearchAction\",\"target\":{\"@type\":\"EntryPoint\",\"urlTemplate\":\"https:\\\/\\\/vanavorumaamuuseumid.ee\\\/?s={search_term_string}\"},\"query-input\":{\"@type\":\"PropertyValueSpecification\",\"valueRequired\":true,\"valueName\":\"search_term_string\"}}],\"inLanguage\":\"vo\"},{\"@type\":\"Organization\",\"@id\":\"https:\\\/\\\/vanavorumaamuuseumid.ee\\\/#organization\",\"name\":\"V\u00f5ru Instituut\",\"url\":\"https:\\\/\\\/vanavorumaamuuseumid.ee\\\/\",\"logo\":{\"@type\":\"ImageObject\",\"inLanguage\":\"vo\",\"@id\":\"https:\\\/\\\/vanavorumaamuuseumid.ee\\\/#\\\/schema\\\/logo\\\/image\\\/\",\"url\":\"https:\\\/\\\/vanavorumaamuuseumid.ee\\\/wp-content\\\/uploads\\\/2025\\\/05\\\/vana-voromaa-muusoumi-250516.svg\",\"contentUrl\":\"https:\\\/\\\/vanavorumaamuuseumid.ee\\\/wp-content\\\/uploads\\\/2025\\\/05\\\/vana-voromaa-muusoumi-250516.svg\",\"width\":567,\"height\":80,\"caption\":\"V\u00f5ru Instituut\"},\"image\":{\"@id\":\"https:\\\/\\\/vanavorumaamuuseumid.ee\\\/#\\\/schema\\\/logo\\\/image\\\/\"}}]}<\/script>\n<!-- \/ Yoast SEO plugin. -->","yoast_head_json":{"title":"Marko M\u00e4etamme juubelin\u00e4itus \"Teekond tundmatusse\" - Vana-V\u00f5rumaa muuseumid","robots":{"index":"index","follow":"follow","max-snippet":"max-snippet:-1","max-image-preview":"max-image-preview:large","max-video-preview":"max-video-preview:-1"},"canonical":"https:\/\/vanavorumaamuuseumid.ee\/vo\/vorumaa-naitus\/marko-maetamme-juubelinaitus-teekond-tundmatusse\/","og_locale":"en_US","og_type":"article","og_title":"Marko M\u00e4etamme juubelin\u00e4itus \"Teekond tundmatusse\" - Vana-V\u00f5rumaa muuseumid","og_description":"V\u00f5rumaa Muuseumis galeriis on Marko M\u00e4etamme juubelin\u00e4itus \u201eTeekond tundmatusse\u201c. Marko M\u00e4etamm on [&hellip;]","og_url":"https:\/\/vanavorumaamuuseumid.ee\/vo\/vorumaa-naitus\/marko-maetamme-juubelinaitus-teekond-tundmatusse\/","og_site_name":"Vana-V\u00f5rumaa muuseumid","article_modified_time":"2025-10-12T09:29:14+00:00","og_image":[{"width":1920,"height":1080,"url":"https:\/\/vanavorumaamuuseumid.ee\/wp-content\/uploads\/2025\/09\/MAETAMM-FB-EVENT.jpg","type":"image\/jpeg"}],"twitter_card":"summary_large_image","twitter_misc":{"Est. reading time":"4 minutes"},"schema":{"@context":"https:\/\/schema.org","@graph":[{"@type":"WebPage","@id":"https:\/\/vanavorumaamuuseumid.ee\/vorumaa-naitus\/marko-maetamme-juubelinaitus-teekond-tundmatusse\/","url":"https:\/\/vanavorumaamuuseumid.ee\/vorumaa-naitus\/marko-maetamme-juubelinaitus-teekond-tundmatusse\/","name":"Marko M\u00e4etamme juubelin\u00e4itus \"Teekond tundmatusse\" - Vana-V\u00f5rumaa muuseumid","isPartOf":{"@id":"https:\/\/vanavorumaamuuseumid.ee\/#website"},"primaryImageOfPage":{"@id":"https:\/\/vanavorumaamuuseumid.ee\/vorumaa-naitus\/marko-maetamme-juubelinaitus-teekond-tundmatusse\/#primaryimage"},"image":{"@id":"https:\/\/vanavorumaamuuseumid.ee\/vorumaa-naitus\/marko-maetamme-juubelinaitus-teekond-tundmatusse\/#primaryimage"},"thumbnailUrl":"https:\/\/vanavorumaamuuseumid.ee\/wp-content\/uploads\/2025\/09\/MAETAMM-FB-EVENT.jpg","datePublished":"2025-09-24T15:38:19+00:00","dateModified":"2025-10-12T09:29:14+00:00","breadcrumb":{"@id":"https:\/\/vanavorumaamuuseumid.ee\/vorumaa-naitus\/marko-maetamme-juubelinaitus-teekond-tundmatusse\/#breadcrumb"},"inLanguage":"vo","potentialAction":[{"@type":"ReadAction","target":["https:\/\/vanavorumaamuuseumid.ee\/vorumaa-naitus\/marko-maetamme-juubelinaitus-teekond-tundmatusse\/"]}]},{"@type":"ImageObject","inLanguage":"vo","@id":"https:\/\/vanavorumaamuuseumid.ee\/vorumaa-naitus\/marko-maetamme-juubelinaitus-teekond-tundmatusse\/#primaryimage","url":"https:\/\/vanavorumaamuuseumid.ee\/wp-content\/uploads\/2025\/09\/MAETAMM-FB-EVENT.jpg","contentUrl":"https:\/\/vanavorumaamuuseumid.ee\/wp-content\/uploads\/2025\/09\/MAETAMM-FB-EVENT.jpg","width":1920,"height":1080},{"@type":"BreadcrumbList","@id":"https:\/\/vanavorumaamuuseumid.ee\/vorumaa-naitus\/marko-maetamme-juubelinaitus-teekond-tundmatusse\/#breadcrumb","itemListElement":[{"@type":"ListItem","position":1,"name":"Home","item":"https:\/\/vanavorumaamuuseumid.ee\/"},{"@type":"ListItem","position":2,"name":"Marko M\u00e4etamme juubelin\u00e4itus &#8220;Teekond tundmatusse&#8221;"}]},{"@type":"WebSite","@id":"https:\/\/vanavorumaamuuseumid.ee\/#website","url":"https:\/\/vanavorumaamuuseumid.ee\/","name":"Vana-V\u00f5rumaa Muuseumid","description":"V\u00f5rumaa Muuseum, Dr. Fr. R. Kreutzwaldi Memoriaalmuuseum, M\u00f5niste Talurahvamuuseum ja Karilatsi Vaba\u00f5humuuseum","publisher":{"@id":"https:\/\/vanavorumaamuuseumid.ee\/#organization"},"potentialAction":[{"@type":"SearchAction","target":{"@type":"EntryPoint","urlTemplate":"https:\/\/vanavorumaamuuseumid.ee\/?s={search_term_string}"},"query-input":{"@type":"PropertyValueSpecification","valueRequired":true,"valueName":"search_term_string"}}],"inLanguage":"vo"},{"@type":"Organization","@id":"https:\/\/vanavorumaamuuseumid.ee\/#organization","name":"V\u00f5ru Instituut","url":"https:\/\/vanavorumaamuuseumid.ee\/","logo":{"@type":"ImageObject","inLanguage":"vo","@id":"https:\/\/vanavorumaamuuseumid.ee\/#\/schema\/logo\/image\/","url":"https:\/\/vanavorumaamuuseumid.ee\/wp-content\/uploads\/2025\/05\/vana-voromaa-muusoumi-250516.svg","contentUrl":"https:\/\/vanavorumaamuuseumid.ee\/wp-content\/uploads\/2025\/05\/vana-voromaa-muusoumi-250516.svg","width":567,"height":80,"caption":"V\u00f5ru Instituut"},"image":{"@id":"https:\/\/vanavorumaamuuseumid.ee\/#\/schema\/logo\/image\/"}}]}},"_links":{"self":[{"href":"https:\/\/vanavorumaamuuseumid.ee\/vo\/wp-json\/wp\/v2\/vorumaa-naitus\/3280","targetHints":{"allow":["GET"]}}],"collection":[{"href":"https:\/\/vanavorumaamuuseumid.ee\/vo\/wp-json\/wp\/v2\/vorumaa-naitus"}],"about":[{"href":"https:\/\/vanavorumaamuuseumid.ee\/vo\/wp-json\/wp\/v2\/types\/vorumaa-naitus"}],"wp:featuredmedia":[{"embeddable":true,"href":"https:\/\/vanavorumaamuuseumid.ee\/vo\/wp-json\/wp\/v2\/media\/3567"}],"wp:attachment":[{"href":"https:\/\/vanavorumaamuuseumid.ee\/vo\/wp-json\/wp\/v2\/media?parent=3280"}],"curies":[{"name":"wp","href":"https:\/\/api.w.org\/{rel}","templated":true}]}}