{"id":3282,"date":"2025-09-24T18:41:44","date_gmt":"2025-09-24T15:41:44","guid":{"rendered":"https:\/\/vanavorumaamuuseumid.ee\/?post_type=vorumaa-naitus&#038;p=3282"},"modified":"2025-10-02T10:22:10","modified_gmt":"2025-10-02T07:22:10","slug":"koik-ei-olegi-must-ja-valge-esimesed-trukikojad-vorus","status":"publish","type":"vorumaa-naitus","link":"https:\/\/vanavorumaamuuseumid.ee\/vo\/vorumaa-naitus\/koik-ei-olegi-must-ja-valge-esimesed-trukikojad-vorus\/","title":{"rendered":"K\u00f5ik ei olegi must ja valge. Esimesed tr\u00fckikojad V\u00f5rus"},"content":{"rendered":"<p>Muuseumi ajutisele n\u00e4itusele on hoidlast v\u00e4lja toodud V\u00f5rumaa Muuseumi vanim V\u00f5rus tehtud tr\u00fckis \u2013 laululeht \u201eP\u00f5lwa Piibli p\u00fchha laulu. 1881\u201c. Ilmavalgust n\u00e4gi see Wilhelm David Schreiberi asutatud tr\u00fckikojas, kus ta ligi kahe aasta jooksul andis v\u00e4lja V\u00f5ru esimest ajalehte Werroscher Anzeiger.<\/p>\n\n\n\n<p>Teise maailmas\u00f5ja eel alustasid tegevust veel kuus tr\u00fckikoda ja neist saab \u00fclevaate V\u00f5rumaa Muuseumi p\u00fcsin\u00e4itusesaalis avatud ajutisel n\u00e4itusel \u201eEsimesed tr\u00fckikojad V\u00f5rus\u201c. N\u00e4ha saab v\u00e4rvikaid plakateid alates aastast 1900, raamatuid ja v\u00e4iketr\u00fckiseid ning tr\u00fckkimisel kasutatud t\u00e4hti, kli\u0161eesid, tr\u00fckiplaati ja tr\u00fckipressi. P\u00f5nev on v\u00f5rrelda V\u00f5ru tekstiladujate kasutatud kirjastiile 1880ndatest 1930ndateni, alates gooti kirjast kuni veel t\u00e4nagi v\u00e4rskena m\u00f5juvate fontideni.<\/p>\n\n\n\n<p>Aasta 1935 l\u00f5puks oli V\u00f5ru kolmest tr\u00fckikojast suurim T\u00e4ht 16 t\u00f6\u00f6lisega, Valter Pohlaku ettev\u00f5ttes t\u00f6\u00f6tas 11 ja Samuel Songi juures neli t\u00f6\u00f6list. 31 tr\u00fckit\u00f6\u00f6lisest 17 olid ladujad, kolm tr\u00fckkijad, viis pealeladujad, kolm k\u00f6itjad ja \u00fclej\u00e4\u00e4nud olid \u00f5pilased. Tr\u00fckikodades oli viis kiir- ja neli bostonpressi ning kolm tiiglit, puudusid aga ladumismasinad. Esimene ladumismasin saadi alles 1950ndatel.<\/p>\n\n\n\n<p>P\u00e4rast 1940. aasta suvel toimunud riigip\u00f6\u00f6ret natsionaliseeriti k\u00f5ik kirjastus- ja tr\u00fckiettev\u00f5tted. N\u00f5ukogude okupatsiooni ajaks j\u00e4i tegutsema vaid tr\u00fckikoda T\u00e4ht koos osakondadega rajoonikeskustes.<\/p>\n\n\n\n<p>Ait\u00e4h Inga Kuljusele, kes lubas kasutada oma uurimust V\u00f5ru tr\u00fckit\u00f6\u00f6stusest.<\/p>\n\n\n\n<p>N\u00e4ituse on koostanud Karin Tohvri.<\/p>","protected":false},"featured_media":3283,"template":"","class_list":["post-3282","vorumaa-naitus","type-vorumaa-naitus","status-publish","has-post-thumbnail","hentry"],"acf":[],"yoast_head":"<!-- This site is optimized with the Yoast SEO plugin v27.4 - https:\/\/yoast.com\/product\/yoast-seo-wordpress\/ -->\n<title>K\u00f5ik ei olegi must ja valge. Esimesed tr\u00fckikojad V\u00f5rus - Vana-V\u00f5rumaa muuseumid<\/title>\n<meta name=\"robots\" content=\"index, follow, max-snippet:-1, max-image-preview:large, max-video-preview:-1\" \/>\n<link rel=\"canonical\" href=\"https:\/\/vanavorumaamuuseumid.ee\/vo\/vorumaa-naitus\/koik-ei-olegi-must-ja-valge-esimesed-trukikojad-vorus\/\" \/>\n<meta property=\"og:locale\" content=\"en_US\" \/>\n<meta property=\"og:type\" content=\"article\" \/>\n<meta property=\"og:title\" content=\"K\u00f5ik ei olegi must ja valge. Esimesed tr\u00fckikojad V\u00f5rus - Vana-V\u00f5rumaa muuseumid\" \/>\n<meta property=\"og:description\" content=\"Muuseumi ajutisele n\u00e4itusele on hoidlast v\u00e4lja toodud V\u00f5rumaa Muuseumi vanim V\u00f5rus tehtud [&hellip;]\" \/>\n<meta property=\"og:url\" content=\"https:\/\/vanavorumaamuuseumid.ee\/vo\/vorumaa-naitus\/koik-ei-olegi-must-ja-valge-esimesed-trukikojad-vorus\/\" \/>\n<meta property=\"og:site_name\" content=\"Vana-V\u00f5rumaa muuseumid\" \/>\n<meta property=\"article:modified_time\" content=\"2025-10-02T07:22:10+00:00\" \/>\n<meta property=\"og:image\" content=\"https:\/\/vanavorumaamuuseumid.ee\/wp-content\/uploads\/2025\/09\/koik-ei-olegi-must-ja-valge-esimesed-trukikojad-vorus-e1759230224649.jpg\" \/>\n\t<meta property=\"og:image:width\" content=\"1357\" \/>\n\t<meta property=\"og:image:height\" content=\"1005\" \/>\n\t<meta property=\"og:image:type\" content=\"image\/jpeg\" \/>\n<meta name=\"twitter:card\" content=\"summary_large_image\" \/>\n<meta name=\"twitter:label1\" content=\"Est. reading time\" \/>\n\t<meta name=\"twitter:data1\" content=\"1 minute\" \/>\n<script type=\"application\/ld+json\" class=\"yoast-schema-graph\">{\"@context\":\"https:\\\/\\\/schema.org\",\"@graph\":[{\"@type\":\"WebPage\",\"@id\":\"https:\\\/\\\/vanavorumaamuuseumid.ee\\\/vorumaa-naitus\\\/koik-ei-olegi-must-ja-valge-esimesed-trukikojad-vorus\\\/\",\"url\":\"https:\\\/\\\/vanavorumaamuuseumid.ee\\\/vorumaa-naitus\\\/koik-ei-olegi-must-ja-valge-esimesed-trukikojad-vorus\\\/\",\"name\":\"K\u00f5ik ei olegi must ja valge. Esimesed tr\u00fckikojad V\u00f5rus - Vana-V\u00f5rumaa muuseumid\",\"isPartOf\":{\"@id\":\"https:\\\/\\\/vanavorumaamuuseumid.ee\\\/#website\"},\"primaryImageOfPage\":{\"@id\":\"https:\\\/\\\/vanavorumaamuuseumid.ee\\\/vorumaa-naitus\\\/koik-ei-olegi-must-ja-valge-esimesed-trukikojad-vorus\\\/#primaryimage\"},\"image\":{\"@id\":\"https:\\\/\\\/vanavorumaamuuseumid.ee\\\/vorumaa-naitus\\\/koik-ei-olegi-must-ja-valge-esimesed-trukikojad-vorus\\\/#primaryimage\"},\"thumbnailUrl\":\"https:\\\/\\\/vanavorumaamuuseumid.ee\\\/wp-content\\\/uploads\\\/2025\\\/09\\\/koik-ei-olegi-must-ja-valge-esimesed-trukikojad-vorus-e1759230224649.jpg\",\"datePublished\":\"2025-09-24T15:41:44+00:00\",\"dateModified\":\"2025-10-02T07:22:10+00:00\",\"breadcrumb\":{\"@id\":\"https:\\\/\\\/vanavorumaamuuseumid.ee\\\/vorumaa-naitus\\\/koik-ei-olegi-must-ja-valge-esimesed-trukikojad-vorus\\\/#breadcrumb\"},\"inLanguage\":\"vo\",\"potentialAction\":[{\"@type\":\"ReadAction\",\"target\":[\"https:\\\/\\\/vanavorumaamuuseumid.ee\\\/vorumaa-naitus\\\/koik-ei-olegi-must-ja-valge-esimesed-trukikojad-vorus\\\/\"]}]},{\"@type\":\"ImageObject\",\"inLanguage\":\"vo\",\"@id\":\"https:\\\/\\\/vanavorumaamuuseumid.ee\\\/vorumaa-naitus\\\/koik-ei-olegi-must-ja-valge-esimesed-trukikojad-vorus\\\/#primaryimage\",\"url\":\"https:\\\/\\\/vanavorumaamuuseumid.ee\\\/wp-content\\\/uploads\\\/2025\\\/09\\\/koik-ei-olegi-must-ja-valge-esimesed-trukikojad-vorus-e1759230224649.jpg\",\"contentUrl\":\"https:\\\/\\\/vanavorumaamuuseumid.ee\\\/wp-content\\\/uploads\\\/2025\\\/09\\\/koik-ei-olegi-must-ja-valge-esimesed-trukikojad-vorus-e1759230224649.jpg\",\"width\":1357,\"height\":1005,\"caption\":\"K\u00f5ik ei olegi must ja valge. Esimesed tr\u00fckikojad V\u00f5rus\"},{\"@type\":\"BreadcrumbList\",\"@id\":\"https:\\\/\\\/vanavorumaamuuseumid.ee\\\/vorumaa-naitus\\\/koik-ei-olegi-must-ja-valge-esimesed-trukikojad-vorus\\\/#breadcrumb\",\"itemListElement\":[{\"@type\":\"ListItem\",\"position\":1,\"name\":\"Home\",\"item\":\"https:\\\/\\\/vanavorumaamuuseumid.ee\\\/\"},{\"@type\":\"ListItem\",\"position\":2,\"name\":\"K\u00f5ik ei olegi must ja valge. Esimesed tr\u00fckikojad V\u00f5rus\"}]},{\"@type\":\"WebSite\",\"@id\":\"https:\\\/\\\/vanavorumaamuuseumid.ee\\\/#website\",\"url\":\"https:\\\/\\\/vanavorumaamuuseumid.ee\\\/\",\"name\":\"Vana-V\u00f5rumaa Muuseumid\",\"description\":\"V\u00f5rumaa Muuseum, Dr. Fr. R. Kreutzwaldi Memoriaalmuuseum, M\u00f5niste Talurahvamuuseum ja Karilatsi Vaba\u00f5humuuseum\",\"publisher\":{\"@id\":\"https:\\\/\\\/vanavorumaamuuseumid.ee\\\/#organization\"},\"potentialAction\":[{\"@type\":\"SearchAction\",\"target\":{\"@type\":\"EntryPoint\",\"urlTemplate\":\"https:\\\/\\\/vanavorumaamuuseumid.ee\\\/?s={search_term_string}\"},\"query-input\":{\"@type\":\"PropertyValueSpecification\",\"valueRequired\":true,\"valueName\":\"search_term_string\"}}],\"inLanguage\":\"vo\"},{\"@type\":\"Organization\",\"@id\":\"https:\\\/\\\/vanavorumaamuuseumid.ee\\\/#organization\",\"name\":\"V\u00f5ru Instituut\",\"url\":\"https:\\\/\\\/vanavorumaamuuseumid.ee\\\/\",\"logo\":{\"@type\":\"ImageObject\",\"inLanguage\":\"vo\",\"@id\":\"https:\\\/\\\/vanavorumaamuuseumid.ee\\\/#\\\/schema\\\/logo\\\/image\\\/\",\"url\":\"https:\\\/\\\/vanavorumaamuuseumid.ee\\\/wp-content\\\/uploads\\\/2025\\\/05\\\/vana-voromaa-muusoumi-250516.svg\",\"contentUrl\":\"https:\\\/\\\/vanavorumaamuuseumid.ee\\\/wp-content\\\/uploads\\\/2025\\\/05\\\/vana-voromaa-muusoumi-250516.svg\",\"width\":567,\"height\":80,\"caption\":\"V\u00f5ru Instituut\"},\"image\":{\"@id\":\"https:\\\/\\\/vanavorumaamuuseumid.ee\\\/#\\\/schema\\\/logo\\\/image\\\/\"}}]}<\/script>\n<!-- \/ Yoast SEO plugin. -->","yoast_head_json":{"title":"K\u00f5ik ei olegi must ja valge. Esimesed tr\u00fckikojad V\u00f5rus - Vana-V\u00f5rumaa muuseumid","robots":{"index":"index","follow":"follow","max-snippet":"max-snippet:-1","max-image-preview":"max-image-preview:large","max-video-preview":"max-video-preview:-1"},"canonical":"https:\/\/vanavorumaamuuseumid.ee\/vo\/vorumaa-naitus\/koik-ei-olegi-must-ja-valge-esimesed-trukikojad-vorus\/","og_locale":"en_US","og_type":"article","og_title":"K\u00f5ik ei olegi must ja valge. Esimesed tr\u00fckikojad V\u00f5rus - Vana-V\u00f5rumaa muuseumid","og_description":"Muuseumi ajutisele n\u00e4itusele on hoidlast v\u00e4lja toodud V\u00f5rumaa Muuseumi vanim V\u00f5rus tehtud [&hellip;]","og_url":"https:\/\/vanavorumaamuuseumid.ee\/vo\/vorumaa-naitus\/koik-ei-olegi-must-ja-valge-esimesed-trukikojad-vorus\/","og_site_name":"Vana-V\u00f5rumaa muuseumid","article_modified_time":"2025-10-02T07:22:10+00:00","og_image":[{"width":1357,"height":1005,"url":"https:\/\/vanavorumaamuuseumid.ee\/wp-content\/uploads\/2025\/09\/koik-ei-olegi-must-ja-valge-esimesed-trukikojad-vorus-e1759230224649.jpg","type":"image\/jpeg"}],"twitter_card":"summary_large_image","twitter_misc":{"Est. reading time":"1 minute"},"schema":{"@context":"https:\/\/schema.org","@graph":[{"@type":"WebPage","@id":"https:\/\/vanavorumaamuuseumid.ee\/vorumaa-naitus\/koik-ei-olegi-must-ja-valge-esimesed-trukikojad-vorus\/","url":"https:\/\/vanavorumaamuuseumid.ee\/vorumaa-naitus\/koik-ei-olegi-must-ja-valge-esimesed-trukikojad-vorus\/","name":"K\u00f5ik ei olegi must ja valge. Esimesed tr\u00fckikojad V\u00f5rus - Vana-V\u00f5rumaa muuseumid","isPartOf":{"@id":"https:\/\/vanavorumaamuuseumid.ee\/#website"},"primaryImageOfPage":{"@id":"https:\/\/vanavorumaamuuseumid.ee\/vorumaa-naitus\/koik-ei-olegi-must-ja-valge-esimesed-trukikojad-vorus\/#primaryimage"},"image":{"@id":"https:\/\/vanavorumaamuuseumid.ee\/vorumaa-naitus\/koik-ei-olegi-must-ja-valge-esimesed-trukikojad-vorus\/#primaryimage"},"thumbnailUrl":"https:\/\/vanavorumaamuuseumid.ee\/wp-content\/uploads\/2025\/09\/koik-ei-olegi-must-ja-valge-esimesed-trukikojad-vorus-e1759230224649.jpg","datePublished":"2025-09-24T15:41:44+00:00","dateModified":"2025-10-02T07:22:10+00:00","breadcrumb":{"@id":"https:\/\/vanavorumaamuuseumid.ee\/vorumaa-naitus\/koik-ei-olegi-must-ja-valge-esimesed-trukikojad-vorus\/#breadcrumb"},"inLanguage":"vo","potentialAction":[{"@type":"ReadAction","target":["https:\/\/vanavorumaamuuseumid.ee\/vorumaa-naitus\/koik-ei-olegi-must-ja-valge-esimesed-trukikojad-vorus\/"]}]},{"@type":"ImageObject","inLanguage":"vo","@id":"https:\/\/vanavorumaamuuseumid.ee\/vorumaa-naitus\/koik-ei-olegi-must-ja-valge-esimesed-trukikojad-vorus\/#primaryimage","url":"https:\/\/vanavorumaamuuseumid.ee\/wp-content\/uploads\/2025\/09\/koik-ei-olegi-must-ja-valge-esimesed-trukikojad-vorus-e1759230224649.jpg","contentUrl":"https:\/\/vanavorumaamuuseumid.ee\/wp-content\/uploads\/2025\/09\/koik-ei-olegi-must-ja-valge-esimesed-trukikojad-vorus-e1759230224649.jpg","width":1357,"height":1005,"caption":"K\u00f5ik ei olegi must ja valge. Esimesed tr\u00fckikojad V\u00f5rus"},{"@type":"BreadcrumbList","@id":"https:\/\/vanavorumaamuuseumid.ee\/vorumaa-naitus\/koik-ei-olegi-must-ja-valge-esimesed-trukikojad-vorus\/#breadcrumb","itemListElement":[{"@type":"ListItem","position":1,"name":"Home","item":"https:\/\/vanavorumaamuuseumid.ee\/"},{"@type":"ListItem","position":2,"name":"K\u00f5ik ei olegi must ja valge. Esimesed tr\u00fckikojad V\u00f5rus"}]},{"@type":"WebSite","@id":"https:\/\/vanavorumaamuuseumid.ee\/#website","url":"https:\/\/vanavorumaamuuseumid.ee\/","name":"Vana-V\u00f5rumaa Muuseumid","description":"V\u00f5rumaa Muuseum, Dr. Fr. R. Kreutzwaldi Memoriaalmuuseum, M\u00f5niste Talurahvamuuseum ja Karilatsi Vaba\u00f5humuuseum","publisher":{"@id":"https:\/\/vanavorumaamuuseumid.ee\/#organization"},"potentialAction":[{"@type":"SearchAction","target":{"@type":"EntryPoint","urlTemplate":"https:\/\/vanavorumaamuuseumid.ee\/?s={search_term_string}"},"query-input":{"@type":"PropertyValueSpecification","valueRequired":true,"valueName":"search_term_string"}}],"inLanguage":"vo"},{"@type":"Organization","@id":"https:\/\/vanavorumaamuuseumid.ee\/#organization","name":"V\u00f5ru Instituut","url":"https:\/\/vanavorumaamuuseumid.ee\/","logo":{"@type":"ImageObject","inLanguage":"vo","@id":"https:\/\/vanavorumaamuuseumid.ee\/#\/schema\/logo\/image\/","url":"https:\/\/vanavorumaamuuseumid.ee\/wp-content\/uploads\/2025\/05\/vana-voromaa-muusoumi-250516.svg","contentUrl":"https:\/\/vanavorumaamuuseumid.ee\/wp-content\/uploads\/2025\/05\/vana-voromaa-muusoumi-250516.svg","width":567,"height":80,"caption":"V\u00f5ru Instituut"},"image":{"@id":"https:\/\/vanavorumaamuuseumid.ee\/#\/schema\/logo\/image\/"}}]}},"_links":{"self":[{"href":"https:\/\/vanavorumaamuuseumid.ee\/vo\/wp-json\/wp\/v2\/vorumaa-naitus\/3282","targetHints":{"allow":["GET"]}}],"collection":[{"href":"https:\/\/vanavorumaamuuseumid.ee\/vo\/wp-json\/wp\/v2\/vorumaa-naitus"}],"about":[{"href":"https:\/\/vanavorumaamuuseumid.ee\/vo\/wp-json\/wp\/v2\/types\/vorumaa-naitus"}],"wp:featuredmedia":[{"embeddable":true,"href":"https:\/\/vanavorumaamuuseumid.ee\/vo\/wp-json\/wp\/v2\/media\/3283"}],"wp:attachment":[{"href":"https:\/\/vanavorumaamuuseumid.ee\/vo\/wp-json\/wp\/v2\/media?parent=3282"}],"curies":[{"name":"wp","href":"https:\/\/api.w.org\/{rel}","templated":true}]}}