{"id":3284,"date":"2025-09-24T18:43:28","date_gmt":"2025-09-24T15:43:28","guid":{"rendered":"https:\/\/vanavorumaamuuseumid.ee\/?post_type=vorumaa-naitus&#038;p=3284"},"modified":"2026-01-07T13:32:17","modified_gmt":"2026-01-07T11:32:17","slug":"mitmekihiline-tekstiilipreemiad-2024","status":"publish","type":"vorumaa-naitus","link":"https:\/\/vanavorumaamuuseumid.ee\/vo\/vorumaa-naitus\/mitmekihiline-tekstiilipreemiad-2024\/","title":{"rendered":"MITMEKIHILINE. Tekstiilipreemiad 2024"},"content":{"rendered":"<p>Tekstiilikunstnike n\u00e4ituse avamine toimub 12.09 kell 17.<\/p>\n\n\n\n<p>\u00dchisn\u00e4itus MITMEKIHILINE tutvustab t\u00e4navu kevadel loomevaldkondade esindajatest koosneva \u017e\u00fcrii poolt valitud Eesti Tekstiilikunstnike Liidu aastapreemiate laureaatide loomingut. Galerii erinevates ruumides paiknev n\u00e4itus moodustab mitmek\u00fclgse ja vastandliku koosluse, mis toob esile tekstiilikunsti mitmek\u00fclgseid v\u00f5imalusi ja peegeldab erinevaid p\u00f5lvkondi esindavate autorite k\u00e4ekirju. &nbsp;N\u00e4ituse juhatab sisse Aasta noor tekstiilikunstnik Kristina Oja, kes toob vaatajani oma perekonna ajaloost inspireeritud kudumikollektsiooni ja selle edasiarendused. V\u00e4ikeses saalis saab \u00fclevaate elut\u00f6\u00f6preemia laureaadi Ludmilla Swarzcewskaja v\u00e4rvikirevast gobel\u00e4\u00e4niloomingust. Galerii suures saalis on eksponeeritud Aasta tekstiilikunstnik 2024 Aune Taamali \u00f5hulised ja mitmekihilised teosed dialoogis \u017e\u00fcrii eripreemia p\u00e4lvinud Ilja Uhlinovi valge gobel\u00e4\u00e4niga.<\/p>\n\n\n\n<p><strong>Aasta tekstiilikunstnik Aune Taamal<\/strong> (1963) p\u00e4lvis preemia mitmek\u00fclgse n\u00e4itusetegevuse eest 2024. aastal. Kunstnik eksperimenteerib erinevate tekstiilsete materjalide ja tehnikatega, eelistades l\u00e4bipaistvaid tekstuure, mis v\u00f5imaldavad luua mitmekihilisi ruumilisi installatsioone. Ta on l\u00f5petanud Tallinna Kunsti\u00fclikooli (EKA)&nbsp; tekstiilikunsti erialal (1993) ja on Eesti Kunstnike Liidu, Eesti Tekstiilikunstnike Liidu ja Stuudio 22 liige. Tema teoseid on l\u00e4bi aastate esitletud arvukatel n\u00e4itustel Eestis ja v\u00e4lismaal. Loominguga tegelemise k\u00f5rvalt on Aune Taamal alates 2012. aastast olnud L\u00fchikese Jala Galerii (Tallinn) galerist.<\/p>\n\n\n\n<p><strong>Elut\u00f6\u00f6preemia laureaat Ludmilla Swarczewskaja (1949) <\/strong>on \u00e4ratuntavalt oman\u00e4olise k\u00e4ekirjaga j\u00e4rjepidevalt aktiivne tekstiilikunstnik ning alates aastast 1998 Eesti Kunstnike Liidu ja Eesti Tekstiilikunstnike Liidu liige . Ta on \u00f5ppinud Moskvas Kalinini nimelises Kunstt\u00f6\u00f6stuskoolis ning Eesti Riiklikus Kunstiinstituudis (EKA) tekstiili ja moe erialal. Ludmilla Swarczewskaja on j\u00e4rjepidev ja v\u00e4simatu looja, kes ei j\u00e4ta vahele \u00fchtegi v\u00f5imalust n\u00e4itusel osalemiseks ja oma loomingu jagamiseks. Autor kujutab m\u00f5tteid loodusest, muusikast, poeesiast ja inimsuhetest, t\u00f5lkides need abstraktseteks gobel\u00e4\u00e4nideks, kuid sageli eksponeerib koos vaipadega ka kollaa\u017etehnikas kompositsioone. Ta on osalenud k\u00fcmnetel n\u00e4itusel nii Eestis kui ka Leedus, Poolas, Soomes, Itaalias ja Venemaal ning tema loomingut on erakogudes nii Eestis kui ka v\u00e4lismaal, aga ka Eesti Tarbekunsti- ja Disainimuuseumis ning Eesti N\u00e4itlejate Liidus. P\u00e4rnu Spordihoonet kaunistab tema monumentaalne tekstiilipannoo \u201eAtleetika\u201d.<\/p>\n\n\n\n<p><strong>Aasta noor tekstiilikunstnik 2024 Kristina Oja<\/strong> (1999) p\u00e4lvis preemia kirgliku suhtumise eest tekstiilikunsti ja masinkudumisse. Kristina Oja on \u00f5ppinud Eesti Kunstiakadeemias tekstiilidisaini erialal ja Tallinna T\u00f6\u00f6stushariduskeskuses r\u00e4tsep-stilisti erialal ning t\u00e4iendanud end Val\u00e8ncia Kunsti- ja Disainikoolis (Escola d\u2019Art i Superior de Disseny de Val\u00e8ncia). Ta on osalenud mitmetel grupin\u00e4itustel ja ERKI Moeshow\u00b4l ning p\u00e4lvinud Mari Adamsoni nimelise parima tekstiilitudengi stipendiumi.<\/p>\n\n\n\n<p><strong>Aasta tekstiiliteoseks valiti Ilja Uhlinovi <\/strong>(1991) gobel\u00e4\u00e4n \u201cT\u00fchjus\u201d \/ \u201cVoid\u201d, mis oli eksponeeritud Eesti Tekstiilikunstnike Liidu aastan\u00e4itusel \u201cAasta v\u00e4rv on kirju\u201d Uue Kunsti Muuseumis P\u00e4rnus.<br>Ilja Uhlinov l\u00f5petas 2017. aastal K\u00f5rgema Kunstikooli Pallas tekstiiliosakonna ja on viimastel aastatel p\u00fchendunud gobel\u00e4\u00e4niloomingule. Ilja Uhlinov: \u201eSee pilt tuli mulle unes: suur, puhas, lumivalge paberileht. See oli veatu ja igati t\u00e4iuslik, nagu piiritu, tingimusteta usaldus. See kiirgas s\u00f5na otseses m\u00f5ttes valgust ja armastust, harmooniat ja k\u00f5igi asjade \u00fchtsust.\u201d<\/p>\n\n\n\n<p>Rohkem infot n\u00e4itusel osalevate autorite ja teiste v\u00e4lja antud tunnustuste kohta leiab siit: <a href=\"https:\/\/www.tekstiilikunst.ee\/tekstiilipreemiad-2024\" target=\"_blank\" rel=\"noreferrer noopener\">https:\/\/www.tekstiilikunst.ee\/tekstiilipreemiad-2024<\/a><\/p>\n\n\n\n<p>N\u00e4ituse korraldab Eesti Tekstiilikunstnike Liit koost\u00f6\u00f6s V\u00f5rumaa Muuseumi galeriiga. N\u00e4ituse kujundaja on Madis Liplap, graafiline kujundus Arabella Roosi. N\u00e4ituse kuraator on Aet Ollisaar.<\/p>\n\n\n\n<p>N\u00e4ituse korraldamist toetab Eesti Kultuurkapital ja V\u00f5ru linn. <\/p>\n\n\n\n<p><\/p>\n\n\n\n<figure class=\"wp-block-gallery has-nested-images columns-default is-cropped wp-block-gallery-1 is-layout-flex wp-block-gallery-is-layout-flex\">\n<figure class=\"wp-block-image size-large\"><img decoding=\"async\" width=\"1024\" height=\"685\" data-id=\"5084\" src=\"https:\/\/vanavorumaamuuseumid.ee\/wp-content\/uploads\/2025\/09\/D_9560-1-1024x685.jpg\" alt=\"\" class=\"wp-image-5084\" srcset=\"https:\/\/vanavorumaamuuseumid.ee\/wp-content\/uploads\/2025\/09\/D_9560-1-980x656.jpg 980w, https:\/\/vanavorumaamuuseumid.ee\/wp-content\/uploads\/2025\/09\/D_9560-1-480x321.jpg 480w\" sizes=\"(min-width: 0px) and (max-width: 480px) 480px, (min-width: 481px) and (max-width: 980px) 980px, (min-width: 981px) 1024px, 100vw\" \/><\/figure>\n\n\n\n<figure class=\"wp-block-image size-large\"><img decoding=\"async\" width=\"1024\" height=\"668\" data-id=\"5085\" src=\"https:\/\/vanavorumaamuuseumid.ee\/wp-content\/uploads\/2025\/09\/D_9484-1024x668.jpg\" alt=\"\" class=\"wp-image-5085\" srcset=\"https:\/\/vanavorumaamuuseumid.ee\/wp-content\/uploads\/2025\/09\/D_9484-980x639.jpg 980w, https:\/\/vanavorumaamuuseumid.ee\/wp-content\/uploads\/2025\/09\/D_9484-480x313.jpg 480w\" sizes=\"(min-width: 0px) and (max-width: 480px) 480px, (min-width: 481px) and (max-width: 980px) 980px, (min-width: 981px) 1024px, 100vw\" \/><\/figure>\n\n\n\n<figure class=\"wp-block-image size-large\"><img decoding=\"async\" width=\"1024\" height=\"683\" data-id=\"5086\" src=\"https:\/\/vanavorumaamuuseumid.ee\/wp-content\/uploads\/2025\/09\/D_9739-1024x683.jpg\" alt=\"\" class=\"wp-image-5086\" srcset=\"https:\/\/vanavorumaamuuseumid.ee\/wp-content\/uploads\/2025\/09\/D_9739-980x654.jpg 980w, https:\/\/vanavorumaamuuseumid.ee\/wp-content\/uploads\/2025\/09\/D_9739-480x320.jpg 480w\" sizes=\"(min-width: 0px) and (max-width: 480px) 480px, (min-width: 481px) and (max-width: 980px) 980px, (min-width: 981px) 1024px, 100vw\" \/><\/figure>\n\n\n\n<figure class=\"wp-block-image size-large\"><img decoding=\"async\" width=\"1024\" height=\"582\" data-id=\"5096\" src=\"https:\/\/vanavorumaamuuseumid.ee\/wp-content\/uploads\/2025\/09\/D_9396-1-1024x582.jpg\" alt=\"\" class=\"wp-image-5096\" srcset=\"https:\/\/vanavorumaamuuseumid.ee\/wp-content\/uploads\/2025\/09\/D_9396-1-980x557.jpg 980w, https:\/\/vanavorumaamuuseumid.ee\/wp-content\/uploads\/2025\/09\/D_9396-1-480x273.jpg 480w\" sizes=\"(min-width: 0px) and (max-width: 480px) 480px, (min-width: 481px) and (max-width: 980px) 980px, (min-width: 981px) 1024px, 100vw\" \/><\/figure>\n\n\n\n<figure class=\"wp-block-image size-large\"><img decoding=\"async\" width=\"1024\" height=\"642\" data-id=\"5088\" src=\"https:\/\/vanavorumaamuuseumid.ee\/wp-content\/uploads\/2025\/09\/D_9679-1024x642.jpg\" alt=\"\" class=\"wp-image-5088\" srcset=\"https:\/\/vanavorumaamuuseumid.ee\/wp-content\/uploads\/2025\/09\/D_9679-980x614.jpg 980w, https:\/\/vanavorumaamuuseumid.ee\/wp-content\/uploads\/2025\/09\/D_9679-480x301.jpg 480w\" sizes=\"(min-width: 0px) and (max-width: 480px) 480px, (min-width: 481px) and (max-width: 980px) 980px, (min-width: 981px) 1024px, 100vw\" \/><\/figure>\n\n\n\n<figure class=\"wp-block-image size-large\"><img decoding=\"async\" width=\"1024\" height=\"558\" data-id=\"5089\" src=\"https:\/\/vanavorumaamuuseumid.ee\/wp-content\/uploads\/2025\/09\/D_9316-1-1024x558.jpg\" alt=\"\" class=\"wp-image-5089\" srcset=\"https:\/\/vanavorumaamuuseumid.ee\/wp-content\/uploads\/2025\/09\/D_9316-1-980x534.jpg 980w, https:\/\/vanavorumaamuuseumid.ee\/wp-content\/uploads\/2025\/09\/D_9316-1-480x262.jpg 480w\" sizes=\"(min-width: 0px) and (max-width: 480px) 480px, (min-width: 481px) and (max-width: 980px) 980px, (min-width: 981px) 1024px, 100vw\" \/><\/figure>\n\n\n\n<figure class=\"wp-block-image size-large\"><img decoding=\"async\" width=\"1024\" height=\"701\" data-id=\"5090\" src=\"https:\/\/vanavorumaamuuseumid.ee\/wp-content\/uploads\/2025\/09\/D_9369-1024x701.jpg\" alt=\"\" class=\"wp-image-5090\" srcset=\"https:\/\/vanavorumaamuuseumid.ee\/wp-content\/uploads\/2025\/09\/D_9369-980x671.jpg 980w, https:\/\/vanavorumaamuuseumid.ee\/wp-content\/uploads\/2025\/09\/D_9369-480x329.jpg 480w\" sizes=\"(min-width: 0px) and (max-width: 480px) 480px, (min-width: 481px) and (max-width: 980px) 980px, (min-width: 981px) 1024px, 100vw\" \/><\/figure>\n\n\n\n<figure class=\"wp-block-image size-large\"><img decoding=\"async\" width=\"1024\" height=\"738\" data-id=\"5091\" src=\"https:\/\/vanavorumaamuuseumid.ee\/wp-content\/uploads\/2025\/09\/D_9331-2-1024x738.jpg\" alt=\"\" class=\"wp-image-5091\" srcset=\"https:\/\/vanavorumaamuuseumid.ee\/wp-content\/uploads\/2025\/09\/D_9331-2-980x706.jpg 980w, https:\/\/vanavorumaamuuseumid.ee\/wp-content\/uploads\/2025\/09\/D_9331-2-480x346.jpg 480w\" sizes=\"(min-width: 0px) and (max-width: 480px) 480px, (min-width: 481px) and (max-width: 980px) 980px, (min-width: 981px) 1024px, 100vw\" \/><\/figure>\n\n\n\n<figure class=\"wp-block-image size-large\"><img decoding=\"async\" width=\"1024\" height=\"683\" data-id=\"5093\" src=\"https:\/\/vanavorumaamuuseumid.ee\/wp-content\/uploads\/2025\/09\/D_9672-1024x683.jpg\" alt=\"\" class=\"wp-image-5093\" srcset=\"https:\/\/vanavorumaamuuseumid.ee\/wp-content\/uploads\/2025\/09\/D_9672-980x654.jpg 980w, https:\/\/vanavorumaamuuseumid.ee\/wp-content\/uploads\/2025\/09\/D_9672-480x320.jpg 480w\" sizes=\"(min-width: 0px) and (max-width: 480px) 480px, (min-width: 481px) and (max-width: 980px) 980px, (min-width: 981px) 1024px, 100vw\" \/><\/figure>\n<\/figure>","protected":false},"featured_media":3285,"template":"","class_list":["post-3284","vorumaa-naitus","type-vorumaa-naitus","status-publish","has-post-thumbnail","hentry"],"acf":[],"yoast_head":"<!-- This site is optimized with the Yoast SEO plugin v27.4 - https:\/\/yoast.com\/product\/yoast-seo-wordpress\/ -->\n<title>MITMEKIHILINE. Tekstiilipreemiad 2024 - Vana-V\u00f5rumaa muuseumid<\/title>\n<meta name=\"robots\" content=\"index, follow, max-snippet:-1, max-image-preview:large, max-video-preview:-1\" \/>\n<link rel=\"canonical\" href=\"https:\/\/vanavorumaamuuseumid.ee\/vo\/vorumaa-naitus\/mitmekihiline-tekstiilipreemiad-2024\/\" \/>\n<meta property=\"og:locale\" content=\"en_US\" \/>\n<meta property=\"og:type\" content=\"article\" \/>\n<meta property=\"og:title\" content=\"MITMEKIHILINE. Tekstiilipreemiad 2024 - Vana-V\u00f5rumaa muuseumid\" \/>\n<meta property=\"og:description\" content=\"Tekstiilikunstnike n\u00e4ituse avamine toimub 12.09 kell 17. \u00dchisn\u00e4itus MITMEKIHILINE tutvustab t\u00e4navu kevadel [&hellip;]\" \/>\n<meta property=\"og:url\" content=\"https:\/\/vanavorumaamuuseumid.ee\/vo\/vorumaa-naitus\/mitmekihiline-tekstiilipreemiad-2024\/\" \/>\n<meta property=\"og:site_name\" content=\"Vana-V\u00f5rumaa muuseumid\" \/>\n<meta property=\"article:modified_time\" content=\"2026-01-07T11:32:17+00:00\" \/>\n<meta property=\"og:image\" content=\"https:\/\/vanavorumaamuuseumid.ee\/wp-content\/uploads\/2025\/09\/mitmekihiline-tekstiilipreemiad-2024.jpg\" \/>\n\t<meta property=\"og:image:width\" content=\"1920\" \/>\n\t<meta property=\"og:image:height\" content=\"1005\" \/>\n\t<meta property=\"og:image:type\" content=\"image\/jpeg\" \/>\n<meta name=\"twitter:card\" content=\"summary_large_image\" \/>\n<meta name=\"twitter:label1\" content=\"Est. reading time\" \/>\n\t<meta name=\"twitter:data1\" content=\"5 minutes\" \/>\n<script type=\"application\/ld+json\" class=\"yoast-schema-graph\">{\"@context\":\"https:\\\/\\\/schema.org\",\"@graph\":[{\"@type\":\"WebPage\",\"@id\":\"https:\\\/\\\/vanavorumaamuuseumid.ee\\\/vorumaa-naitus\\\/mitmekihiline-tekstiilipreemiad-2024\\\/\",\"url\":\"https:\\\/\\\/vanavorumaamuuseumid.ee\\\/vorumaa-naitus\\\/mitmekihiline-tekstiilipreemiad-2024\\\/\",\"name\":\"MITMEKIHILINE. Tekstiilipreemiad 2024 - Vana-V\u00f5rumaa muuseumid\",\"isPartOf\":{\"@id\":\"https:\\\/\\\/vanavorumaamuuseumid.ee\\\/#website\"},\"primaryImageOfPage\":{\"@id\":\"https:\\\/\\\/vanavorumaamuuseumid.ee\\\/vorumaa-naitus\\\/mitmekihiline-tekstiilipreemiad-2024\\\/#primaryimage\"},\"image\":{\"@id\":\"https:\\\/\\\/vanavorumaamuuseumid.ee\\\/vorumaa-naitus\\\/mitmekihiline-tekstiilipreemiad-2024\\\/#primaryimage\"},\"thumbnailUrl\":\"https:\\\/\\\/vanavorumaamuuseumid.ee\\\/wp-content\\\/uploads\\\/2025\\\/09\\\/mitmekihiline-tekstiilipreemiad-2024.jpg\",\"datePublished\":\"2025-09-24T15:43:28+00:00\",\"dateModified\":\"2026-01-07T11:32:17+00:00\",\"breadcrumb\":{\"@id\":\"https:\\\/\\\/vanavorumaamuuseumid.ee\\\/vorumaa-naitus\\\/mitmekihiline-tekstiilipreemiad-2024\\\/#breadcrumb\"},\"inLanguage\":\"vo\",\"potentialAction\":[{\"@type\":\"ReadAction\",\"target\":[\"https:\\\/\\\/vanavorumaamuuseumid.ee\\\/vorumaa-naitus\\\/mitmekihiline-tekstiilipreemiad-2024\\\/\"]}]},{\"@type\":\"ImageObject\",\"inLanguage\":\"vo\",\"@id\":\"https:\\\/\\\/vanavorumaamuuseumid.ee\\\/vorumaa-naitus\\\/mitmekihiline-tekstiilipreemiad-2024\\\/#primaryimage\",\"url\":\"https:\\\/\\\/vanavorumaamuuseumid.ee\\\/wp-content\\\/uploads\\\/2025\\\/09\\\/mitmekihiline-tekstiilipreemiad-2024.jpg\",\"contentUrl\":\"https:\\\/\\\/vanavorumaamuuseumid.ee\\\/wp-content\\\/uploads\\\/2025\\\/09\\\/mitmekihiline-tekstiilipreemiad-2024.jpg\",\"width\":1920,\"height\":1005,\"caption\":\"MITMEKIHILINE. Tekstiilipreemiad 2024\"},{\"@type\":\"BreadcrumbList\",\"@id\":\"https:\\\/\\\/vanavorumaamuuseumid.ee\\\/vorumaa-naitus\\\/mitmekihiline-tekstiilipreemiad-2024\\\/#breadcrumb\",\"itemListElement\":[{\"@type\":\"ListItem\",\"position\":1,\"name\":\"Home\",\"item\":\"https:\\\/\\\/vanavorumaamuuseumid.ee\\\/\"},{\"@type\":\"ListItem\",\"position\":2,\"name\":\"MITMEKIHILINE. Tekstiilipreemiad 2024\"}]},{\"@type\":\"WebSite\",\"@id\":\"https:\\\/\\\/vanavorumaamuuseumid.ee\\\/#website\",\"url\":\"https:\\\/\\\/vanavorumaamuuseumid.ee\\\/\",\"name\":\"Vana-V\u00f5rumaa Muuseumid\",\"description\":\"V\u00f5rumaa Muuseum, Dr. Fr. R. Kreutzwaldi Memoriaalmuuseum, M\u00f5niste Talurahvamuuseum ja Karilatsi Vaba\u00f5humuuseum\",\"publisher\":{\"@id\":\"https:\\\/\\\/vanavorumaamuuseumid.ee\\\/#organization\"},\"potentialAction\":[{\"@type\":\"SearchAction\",\"target\":{\"@type\":\"EntryPoint\",\"urlTemplate\":\"https:\\\/\\\/vanavorumaamuuseumid.ee\\\/?s={search_term_string}\"},\"query-input\":{\"@type\":\"PropertyValueSpecification\",\"valueRequired\":true,\"valueName\":\"search_term_string\"}}],\"inLanguage\":\"vo\"},{\"@type\":\"Organization\",\"@id\":\"https:\\\/\\\/vanavorumaamuuseumid.ee\\\/#organization\",\"name\":\"V\u00f5ru Instituut\",\"url\":\"https:\\\/\\\/vanavorumaamuuseumid.ee\\\/\",\"logo\":{\"@type\":\"ImageObject\",\"inLanguage\":\"vo\",\"@id\":\"https:\\\/\\\/vanavorumaamuuseumid.ee\\\/#\\\/schema\\\/logo\\\/image\\\/\",\"url\":\"https:\\\/\\\/vanavorumaamuuseumid.ee\\\/wp-content\\\/uploads\\\/2025\\\/05\\\/vana-voromaa-muusoumi-250516.svg\",\"contentUrl\":\"https:\\\/\\\/vanavorumaamuuseumid.ee\\\/wp-content\\\/uploads\\\/2025\\\/05\\\/vana-voromaa-muusoumi-250516.svg\",\"width\":567,\"height\":80,\"caption\":\"V\u00f5ru Instituut\"},\"image\":{\"@id\":\"https:\\\/\\\/vanavorumaamuuseumid.ee\\\/#\\\/schema\\\/logo\\\/image\\\/\"}}]}<\/script>\n<!-- \/ Yoast SEO plugin. -->","yoast_head_json":{"title":"MITMEKIHILINE. Tekstiilipreemiad 2024 - Vana-V\u00f5rumaa muuseumid","robots":{"index":"index","follow":"follow","max-snippet":"max-snippet:-1","max-image-preview":"max-image-preview:large","max-video-preview":"max-video-preview:-1"},"canonical":"https:\/\/vanavorumaamuuseumid.ee\/vo\/vorumaa-naitus\/mitmekihiline-tekstiilipreemiad-2024\/","og_locale":"en_US","og_type":"article","og_title":"MITMEKIHILINE. Tekstiilipreemiad 2024 - Vana-V\u00f5rumaa muuseumid","og_description":"Tekstiilikunstnike n\u00e4ituse avamine toimub 12.09 kell 17. \u00dchisn\u00e4itus MITMEKIHILINE tutvustab t\u00e4navu kevadel [&hellip;]","og_url":"https:\/\/vanavorumaamuuseumid.ee\/vo\/vorumaa-naitus\/mitmekihiline-tekstiilipreemiad-2024\/","og_site_name":"Vana-V\u00f5rumaa muuseumid","article_modified_time":"2026-01-07T11:32:17+00:00","og_image":[{"width":1920,"height":1005,"url":"https:\/\/vanavorumaamuuseumid.ee\/wp-content\/uploads\/2025\/09\/mitmekihiline-tekstiilipreemiad-2024.jpg","type":"image\/jpeg"}],"twitter_card":"summary_large_image","twitter_misc":{"Est. reading time":"5 minutes"},"schema":{"@context":"https:\/\/schema.org","@graph":[{"@type":"WebPage","@id":"https:\/\/vanavorumaamuuseumid.ee\/vorumaa-naitus\/mitmekihiline-tekstiilipreemiad-2024\/","url":"https:\/\/vanavorumaamuuseumid.ee\/vorumaa-naitus\/mitmekihiline-tekstiilipreemiad-2024\/","name":"MITMEKIHILINE. Tekstiilipreemiad 2024 - Vana-V\u00f5rumaa muuseumid","isPartOf":{"@id":"https:\/\/vanavorumaamuuseumid.ee\/#website"},"primaryImageOfPage":{"@id":"https:\/\/vanavorumaamuuseumid.ee\/vorumaa-naitus\/mitmekihiline-tekstiilipreemiad-2024\/#primaryimage"},"image":{"@id":"https:\/\/vanavorumaamuuseumid.ee\/vorumaa-naitus\/mitmekihiline-tekstiilipreemiad-2024\/#primaryimage"},"thumbnailUrl":"https:\/\/vanavorumaamuuseumid.ee\/wp-content\/uploads\/2025\/09\/mitmekihiline-tekstiilipreemiad-2024.jpg","datePublished":"2025-09-24T15:43:28+00:00","dateModified":"2026-01-07T11:32:17+00:00","breadcrumb":{"@id":"https:\/\/vanavorumaamuuseumid.ee\/vorumaa-naitus\/mitmekihiline-tekstiilipreemiad-2024\/#breadcrumb"},"inLanguage":"vo","potentialAction":[{"@type":"ReadAction","target":["https:\/\/vanavorumaamuuseumid.ee\/vorumaa-naitus\/mitmekihiline-tekstiilipreemiad-2024\/"]}]},{"@type":"ImageObject","inLanguage":"vo","@id":"https:\/\/vanavorumaamuuseumid.ee\/vorumaa-naitus\/mitmekihiline-tekstiilipreemiad-2024\/#primaryimage","url":"https:\/\/vanavorumaamuuseumid.ee\/wp-content\/uploads\/2025\/09\/mitmekihiline-tekstiilipreemiad-2024.jpg","contentUrl":"https:\/\/vanavorumaamuuseumid.ee\/wp-content\/uploads\/2025\/09\/mitmekihiline-tekstiilipreemiad-2024.jpg","width":1920,"height":1005,"caption":"MITMEKIHILINE. Tekstiilipreemiad 2024"},{"@type":"BreadcrumbList","@id":"https:\/\/vanavorumaamuuseumid.ee\/vorumaa-naitus\/mitmekihiline-tekstiilipreemiad-2024\/#breadcrumb","itemListElement":[{"@type":"ListItem","position":1,"name":"Home","item":"https:\/\/vanavorumaamuuseumid.ee\/"},{"@type":"ListItem","position":2,"name":"MITMEKIHILINE. Tekstiilipreemiad 2024"}]},{"@type":"WebSite","@id":"https:\/\/vanavorumaamuuseumid.ee\/#website","url":"https:\/\/vanavorumaamuuseumid.ee\/","name":"Vana-V\u00f5rumaa Muuseumid","description":"V\u00f5rumaa Muuseum, Dr. Fr. R. Kreutzwaldi Memoriaalmuuseum, M\u00f5niste Talurahvamuuseum ja Karilatsi Vaba\u00f5humuuseum","publisher":{"@id":"https:\/\/vanavorumaamuuseumid.ee\/#organization"},"potentialAction":[{"@type":"SearchAction","target":{"@type":"EntryPoint","urlTemplate":"https:\/\/vanavorumaamuuseumid.ee\/?s={search_term_string}"},"query-input":{"@type":"PropertyValueSpecification","valueRequired":true,"valueName":"search_term_string"}}],"inLanguage":"vo"},{"@type":"Organization","@id":"https:\/\/vanavorumaamuuseumid.ee\/#organization","name":"V\u00f5ru Instituut","url":"https:\/\/vanavorumaamuuseumid.ee\/","logo":{"@type":"ImageObject","inLanguage":"vo","@id":"https:\/\/vanavorumaamuuseumid.ee\/#\/schema\/logo\/image\/","url":"https:\/\/vanavorumaamuuseumid.ee\/wp-content\/uploads\/2025\/05\/vana-voromaa-muusoumi-250516.svg","contentUrl":"https:\/\/vanavorumaamuuseumid.ee\/wp-content\/uploads\/2025\/05\/vana-voromaa-muusoumi-250516.svg","width":567,"height":80,"caption":"V\u00f5ru Instituut"},"image":{"@id":"https:\/\/vanavorumaamuuseumid.ee\/#\/schema\/logo\/image\/"}}]}},"_links":{"self":[{"href":"https:\/\/vanavorumaamuuseumid.ee\/vo\/wp-json\/wp\/v2\/vorumaa-naitus\/3284","targetHints":{"allow":["GET"]}}],"collection":[{"href":"https:\/\/vanavorumaamuuseumid.ee\/vo\/wp-json\/wp\/v2\/vorumaa-naitus"}],"about":[{"href":"https:\/\/vanavorumaamuuseumid.ee\/vo\/wp-json\/wp\/v2\/types\/vorumaa-naitus"}],"wp:featuredmedia":[{"embeddable":true,"href":"https:\/\/vanavorumaamuuseumid.ee\/vo\/wp-json\/wp\/v2\/media\/3285"}],"wp:attachment":[{"href":"https:\/\/vanavorumaamuuseumid.ee\/vo\/wp-json\/wp\/v2\/media?parent=3284"}],"curies":[{"name":"wp","href":"https:\/\/api.w.org\/{rel}","templated":true}]}}