{"id":3720,"date":"2025-10-06T00:19:54","date_gmt":"2025-10-05T21:19:54","guid":{"rendered":"https:\/\/vanavorumaamuuseumid.ee\/?post_type=vorumaa-naitus&#038;p=3720"},"modified":"2025-10-12T11:26:57","modified_gmt":"2025-10-12T08:26:57","slug":"disaininaitus-tuba-kolme-uksega","status":"publish","type":"vorumaa-naitus","link":"https:\/\/vanavorumaamuuseumid.ee\/vo\/vorumaa-naitus\/disaininaitus-tuba-kolme-uksega\/","title":{"rendered":"Disainin\u00e4itus &#8220;Tuba kolme uksega&#8221;"},"content":{"rendered":"<p>N\u00e4itus \u201eTuba kolme uksega\u201c koondab Eesti kaasaegse tarbekunsti ja disainiga tegelevate ja silmapaistvalt valdkonna arengusse panustanud autorite loomingu v\u00e4ljapanekud unikaalseks koosluseks. Valik avab vaatajale s\u00fcmboolselt kolm ust, \u00fche iga autori isikup\u00e4rase loomingu juurde, l\u00e4htudes nende <a href=\"https:\/\/www.etdm.ee\/\">ETDM<\/a>is toimunud isikun\u00e4ituste ettevalmistamisel v\u00e4ljaarendatud ideedest. K\u00f5iki kolm autorit on teie ees iseseisvate n\u00e4itustega, neid \u00fchendab loomingus s\u00f5ltumatus ja uuenduslikkus, mis samaaegselt on seotud nende valitud erialade traditsioonide ja p\u00e4randiga.<\/p>\n\n\n\n<p><strong><a href=\"https:\/\/kelpmantextile.com\/\">Mare Kelpman<\/a>i <\/strong>n\u00e4itus \u201eV\u00e4rvikood\u201c annab k\u00fclastajale v\u00f5imaluse saada tuttavaks \u00fche Eesti hinnatuima tekstiilidisaineri t\u00f6\u00f6protsessi ja fenomeniga. Mare Kelpman on \u00fcles ehitanud omanimelise kaubam\u00e4rgi kelpman textile ja selle kaudu muutnud hariliku kootud villase salli, pleedi ja mantli kaasaegselt k\u00f5nelevaks aksessuaariks.<\/p>\n\n\n\n<p><strong><a href=\"https:\/\/www.studiorailikeiv.com\/\">Raili Keiv<\/a> <\/strong>valis n\u00e4itusele \u201eTuba\u201c Eesti Tarbekunsti- ja Disainimuuseumi kogust kohalike keraamikute peamiselt 1960.\u20131980. aastatest p\u00e4rinevad ja disainiklassikaks saanud n\u00f5ud ning liitis need koos enda loominguga uueks ja ajatuks koosluseks.<\/p>\n\n\n\n<p><strong><a href=\"https:\/\/tanelveenre.com\/\">Tanel Veenre<\/a> <\/strong>n\u00e4itusel \u201eSinihabe\u201c eksponeeriti esmakordselt ehtekunstniku ja mitmek\u00fclgse disaineri viimase k\u00fcmmekonna aasta jooksul valminud maske. Veenre maskilooming on v\u00e4lja kasvanud moelavadele loodud aksessuaaridest ja laetud ebamaiste detailidega.<\/p>\n\n\n\n<p><strong>Vana V\u00f5romaa Kultuurikoja galerii esitleb valikut<\/strong><\/p>\n\n\n\n<p><strong>Eesti Tarbekunsti- ja Disainimuuseumi (ETDM) n\u00e4itusteprogrammist:<\/strong><\/p>\n\n\n\n<p>Isikun\u00e4ituste esmaesitlused toimusid Eesti Tarbekunsti- ja Disainimuuseumi galeriis:<\/p>\n\n\n\n<p>Mare Kelpman \u201eV\u00e4rvikood\u201c 3.06.2022\u201311.09.2022<\/p>\n\n\n\n<p>Raili Keiv \u201eTuba\u201c 21.01.2023\u20132.04.2023<\/p>\n\n\n\n<p>Tanel Veenre \u201eSinihabe\u201c 16.06.2023\u201324.09.2023<\/p>\n\n\n\n<p>N\u00e4ituse koostaja: Ketli Tiitsar (ETDM)<\/p>\n\n\n\n<p>N\u00e4ituse kujundaja: T\u00f5nu Kalpus<\/p>\n\n\n\n<p>Graafiline disainer: Tuuli Aule<\/p>\n\n\n\n<p>N\u00e4itust toetab Eesti Kultuurkapital, Trendwood, V\u00f5ru Kannel, EMPAK.<\/p>\n\n\n\n<p>Meediakajastus <a href=\"https:\/\/lounapostimees.postimees.ee\/8119289\/videolugu-maskidest-tassideni-tarbekunsti-kolmiknaitus-toob-hakatuseks-judinad-peale\">L\u00f5una-Eesti Postimehes<\/a>, <a href=\"https:\/\/kultuur.err.ee\/1609498520\/tanel-veenre-maskinaitus-sinihabe-joudis-vana-voromaa-kultuurikotta\">ERR<\/a>is. <\/p>\n\n\n\n<figure class=\"wp-block-gallery has-nested-images columns-default is-cropped wp-block-gallery-1 is-layout-flex wp-block-gallery-is-layout-flex\">\n<figure class=\"wp-block-image size-large\"><a  href=\"https:\/\/vanavorumaamuuseumid.ee\/wp-content\/uploads\/2025\/10\/DSC09105.jpg\" data-rel=\"lightbox-gallery-0\" data-rl_title=\"\" data-rl_caption=\"\" title=\"\"><img decoding=\"async\" width=\"1024\" height=\"638\" data-id=\"3724\" src=\"https:\/\/vanavorumaamuuseumid.ee\/wp-content\/uploads\/2025\/10\/DSC09105-1024x638.jpg\" alt=\"\" class=\"wp-image-3724\" srcset=\"https:\/\/vanavorumaamuuseumid.ee\/wp-content\/uploads\/2025\/10\/DSC09105-980x611.jpg 980w, https:\/\/vanavorumaamuuseumid.ee\/wp-content\/uploads\/2025\/10\/DSC09105-480x299.jpg 480w\" sizes=\"(min-width: 0px) and (max-width: 480px) 480px, (min-width: 481px) and (max-width: 980px) 980px, (min-width: 981px) 1024px, 100vw\" \/><\/a><\/figure>\n\n\n\n<figure class=\"wp-block-image size-large\"><a  href=\"https:\/\/vanavorumaamuuseumid.ee\/wp-content\/uploads\/2025\/10\/DSC09117.jpg\" data-rel=\"lightbox-gallery-0\" data-rl_title=\"\" data-rl_caption=\"\" title=\"\"><img decoding=\"async\" width=\"1024\" height=\"683\" data-id=\"3725\" src=\"https:\/\/vanavorumaamuuseumid.ee\/wp-content\/uploads\/2025\/10\/DSC09117-1024x683.jpg\" alt=\"\" class=\"wp-image-3725\" srcset=\"https:\/\/vanavorumaamuuseumid.ee\/wp-content\/uploads\/2025\/10\/DSC09117-980x654.jpg 980w, https:\/\/vanavorumaamuuseumid.ee\/wp-content\/uploads\/2025\/10\/DSC09117-480x320.jpg 480w\" sizes=\"(min-width: 0px) and (max-width: 480px) 480px, (min-width: 481px) and (max-width: 980px) 980px, (min-width: 981px) 1024px, 100vw\" \/><\/a><\/figure>\n\n\n\n<figure class=\"wp-block-image size-large\"><a  href=\"https:\/\/vanavorumaamuuseumid.ee\/wp-content\/uploads\/2025\/10\/DSC09077.jpg\" data-rel=\"lightbox-gallery-0\" data-rl_title=\"\" data-rl_caption=\"\" title=\"\"><img decoding=\"async\" width=\"1024\" height=\"673\" data-id=\"3723\" src=\"https:\/\/vanavorumaamuuseumid.ee\/wp-content\/uploads\/2025\/10\/DSC09077-1024x673.jpg\" alt=\"\" class=\"wp-image-3723\" srcset=\"https:\/\/vanavorumaamuuseumid.ee\/wp-content\/uploads\/2025\/10\/DSC09077-980x644.jpg 980w, https:\/\/vanavorumaamuuseumid.ee\/wp-content\/uploads\/2025\/10\/DSC09077-480x316.jpg 480w\" sizes=\"(min-width: 0px) and (max-width: 480px) 480px, (min-width: 481px) and (max-width: 980px) 980px, (min-width: 981px) 1024px, 100vw\" \/><\/a><\/figure>\n\n\n\n<figure class=\"wp-block-image size-large\"><a  href=\"https:\/\/vanavorumaamuuseumid.ee\/wp-content\/uploads\/2025\/10\/DSC09718.jpg\" data-rel=\"lightbox-gallery-0\" data-rl_title=\"\" data-rl_caption=\"\" title=\"\"><img decoding=\"async\" width=\"1024\" height=\"683\" data-id=\"3731\" src=\"https:\/\/vanavorumaamuuseumid.ee\/wp-content\/uploads\/2025\/10\/DSC09718-1024x683.jpg\" alt=\"\" class=\"wp-image-3731\" srcset=\"https:\/\/vanavorumaamuuseumid.ee\/wp-content\/uploads\/2025\/10\/DSC09718-980x654.jpg 980w, https:\/\/vanavorumaamuuseumid.ee\/wp-content\/uploads\/2025\/10\/DSC09718-480x320.jpg 480w\" sizes=\"(min-width: 0px) and (max-width: 480px) 480px, (min-width: 481px) and (max-width: 980px) 980px, (min-width: 981px) 1024px, 100vw\" \/><\/a><\/figure>\n\n\n\n<figure class=\"wp-block-image size-large\"><a  href=\"https:\/\/vanavorumaamuuseumid.ee\/wp-content\/uploads\/2025\/10\/DSC09082.jpg\" data-rel=\"lightbox-gallery-0\" data-rl_title=\"\" data-rl_caption=\"\" title=\"\"><img decoding=\"async\" width=\"1024\" height=\"590\" data-id=\"3721\" src=\"https:\/\/vanavorumaamuuseumid.ee\/wp-content\/uploads\/2025\/10\/DSC09082-1024x590.jpg\" alt=\"\" class=\"wp-image-3721\" srcset=\"https:\/\/vanavorumaamuuseumid.ee\/wp-content\/uploads\/2025\/10\/DSC09082-980x565.jpg 980w, https:\/\/vanavorumaamuuseumid.ee\/wp-content\/uploads\/2025\/10\/DSC09082-480x277.jpg 480w\" sizes=\"(min-width: 0px) and (max-width: 480px) 480px, (min-width: 481px) and (max-width: 980px) 980px, (min-width: 981px) 1024px, 100vw\" \/><\/a><\/figure>\n\n\n\n<figure class=\"wp-block-image size-large\"><a  href=\"https:\/\/vanavorumaamuuseumid.ee\/wp-content\/uploads\/2025\/10\/DSC09146.jpg\" data-rel=\"lightbox-gallery-0\" data-rl_title=\"\" data-rl_caption=\"\" title=\"\"><img decoding=\"async\" width=\"1024\" height=\"709\" data-id=\"3722\" src=\"https:\/\/vanavorumaamuuseumid.ee\/wp-content\/uploads\/2025\/10\/DSC09146-1024x709.jpg\" alt=\"\" class=\"wp-image-3722\" srcset=\"https:\/\/vanavorumaamuuseumid.ee\/wp-content\/uploads\/2025\/10\/DSC09146-980x678.jpg 980w, https:\/\/vanavorumaamuuseumid.ee\/wp-content\/uploads\/2025\/10\/DSC09146-480x332.jpg 480w\" sizes=\"(min-width: 0px) and (max-width: 480px) 480px, (min-width: 481px) and (max-width: 980px) 980px, (min-width: 981px) 1024px, 100vw\" \/><\/a><\/figure>\n<\/figure>\n\n\n\n<figure class=\"wp-block-gallery has-nested-images columns-default is-cropped wp-block-gallery-2 is-layout-flex wp-block-gallery-is-layout-flex\">\n<figure class=\"wp-block-image size-large\"><a  href=\"https:\/\/vanavorumaamuuseumid.ee\/wp-content\/uploads\/2025\/10\/DSC09670.jpg\" data-rel=\"lightbox-gallery-0\" data-rl_title=\"\" data-rl_caption=\"\" title=\"\"><img decoding=\"async\" width=\"1024\" height=\"674\" data-id=\"3729\" src=\"https:\/\/vanavorumaamuuseumid.ee\/wp-content\/uploads\/2025\/10\/DSC09670-1024x674.jpg\" alt=\"\" class=\"wp-image-3729\" srcset=\"https:\/\/vanavorumaamuuseumid.ee\/wp-content\/uploads\/2025\/10\/DSC09670-980x645.jpg 980w, https:\/\/vanavorumaamuuseumid.ee\/wp-content\/uploads\/2025\/10\/DSC09670-480x316.jpg 480w\" sizes=\"(min-width: 0px) and (max-width: 480px) 480px, (min-width: 481px) and (max-width: 980px) 980px, (min-width: 981px) 1024px, 100vw\" \/><\/a><\/figure>\n<\/figure>","protected":false},"featured_media":3730,"template":"","class_list":["post-3720","vorumaa-naitus","type-vorumaa-naitus","status-publish","has-post-thumbnail","hentry"],"acf":[],"yoast_head":"<!-- This site is optimized with the Yoast SEO plugin v27.4 - https:\/\/yoast.com\/product\/yoast-seo-wordpress\/ -->\n<title>Disainin\u00e4itus &quot;Tuba kolme uksega&quot; - Vana-V\u00f5rumaa muuseumid<\/title>\n<meta name=\"robots\" content=\"index, follow, max-snippet:-1, max-image-preview:large, max-video-preview:-1\" \/>\n<link rel=\"canonical\" href=\"https:\/\/vanavorumaamuuseumid.ee\/vo\/vorumaa-naitus\/disaininaitus-tuba-kolme-uksega\/\" \/>\n<meta property=\"og:locale\" content=\"en_US\" \/>\n<meta property=\"og:type\" content=\"article\" \/>\n<meta property=\"og:title\" content=\"Disainin\u00e4itus &quot;Tuba kolme uksega&quot; - Vana-V\u00f5rumaa muuseumid\" \/>\n<meta property=\"og:description\" content=\"N\u00e4itus \u201eTuba kolme uksega\u201c koondab Eesti kaasaegse tarbekunsti ja disainiga tegelevate ja [&hellip;]\" \/>\n<meta property=\"og:url\" content=\"https:\/\/vanavorumaamuuseumid.ee\/vo\/vorumaa-naitus\/disaininaitus-tuba-kolme-uksega\/\" \/>\n<meta property=\"og:site_name\" content=\"Vana-V\u00f5rumaa muuseumid\" \/>\n<meta property=\"article:modified_time\" content=\"2025-10-12T08:26:57+00:00\" \/>\n<meta property=\"og:image\" content=\"https:\/\/vanavorumaamuuseumid.ee\/wp-content\/uploads\/2025\/10\/UUS_FB_ETDM_Voru_1920x1005px_1-oige.jpg\" \/>\n\t<meta property=\"og:image:width\" content=\"1920\" \/>\n\t<meta property=\"og:image:height\" content=\"1005\" \/>\n\t<meta property=\"og:image:type\" content=\"image\/jpeg\" \/>\n<meta name=\"twitter:card\" content=\"summary_large_image\" \/>\n<meta name=\"twitter:label1\" content=\"Est. reading time\" \/>\n\t<meta name=\"twitter:data1\" content=\"3 minutes\" \/>\n<script type=\"application\/ld+json\" class=\"yoast-schema-graph\">{\"@context\":\"https:\\\/\\\/schema.org\",\"@graph\":[{\"@type\":\"WebPage\",\"@id\":\"https:\\\/\\\/vanavorumaamuuseumid.ee\\\/vorumaa-naitus\\\/disaininaitus-tuba-kolme-uksega\\\/\",\"url\":\"https:\\\/\\\/vanavorumaamuuseumid.ee\\\/vorumaa-naitus\\\/disaininaitus-tuba-kolme-uksega\\\/\",\"name\":\"Disainin\u00e4itus \\\"Tuba kolme uksega\\\" - Vana-V\u00f5rumaa muuseumid\",\"isPartOf\":{\"@id\":\"https:\\\/\\\/vanavorumaamuuseumid.ee\\\/#website\"},\"primaryImageOfPage\":{\"@id\":\"https:\\\/\\\/vanavorumaamuuseumid.ee\\\/vorumaa-naitus\\\/disaininaitus-tuba-kolme-uksega\\\/#primaryimage\"},\"image\":{\"@id\":\"https:\\\/\\\/vanavorumaamuuseumid.ee\\\/vorumaa-naitus\\\/disaininaitus-tuba-kolme-uksega\\\/#primaryimage\"},\"thumbnailUrl\":\"https:\\\/\\\/vanavorumaamuuseumid.ee\\\/wp-content\\\/uploads\\\/2025\\\/10\\\/UUS_FB_ETDM_Voru_1920x1005px_1-oige.jpg\",\"datePublished\":\"2025-10-05T21:19:54+00:00\",\"dateModified\":\"2025-10-12T08:26:57+00:00\",\"breadcrumb\":{\"@id\":\"https:\\\/\\\/vanavorumaamuuseumid.ee\\\/vorumaa-naitus\\\/disaininaitus-tuba-kolme-uksega\\\/#breadcrumb\"},\"inLanguage\":\"vo\",\"potentialAction\":[{\"@type\":\"ReadAction\",\"target\":[\"https:\\\/\\\/vanavorumaamuuseumid.ee\\\/vorumaa-naitus\\\/disaininaitus-tuba-kolme-uksega\\\/\"]}]},{\"@type\":\"ImageObject\",\"inLanguage\":\"vo\",\"@id\":\"https:\\\/\\\/vanavorumaamuuseumid.ee\\\/vorumaa-naitus\\\/disaininaitus-tuba-kolme-uksega\\\/#primaryimage\",\"url\":\"https:\\\/\\\/vanavorumaamuuseumid.ee\\\/wp-content\\\/uploads\\\/2025\\\/10\\\/UUS_FB_ETDM_Voru_1920x1005px_1-oige.jpg\",\"contentUrl\":\"https:\\\/\\\/vanavorumaamuuseumid.ee\\\/wp-content\\\/uploads\\\/2025\\\/10\\\/UUS_FB_ETDM_Voru_1920x1005px_1-oige.jpg\",\"width\":1920,\"height\":1005},{\"@type\":\"BreadcrumbList\",\"@id\":\"https:\\\/\\\/vanavorumaamuuseumid.ee\\\/vorumaa-naitus\\\/disaininaitus-tuba-kolme-uksega\\\/#breadcrumb\",\"itemListElement\":[{\"@type\":\"ListItem\",\"position\":1,\"name\":\"Home\",\"item\":\"https:\\\/\\\/vanavorumaamuuseumid.ee\\\/\"},{\"@type\":\"ListItem\",\"position\":2,\"name\":\"Disainin\u00e4itus &#8220;Tuba kolme uksega&#8221;\"}]},{\"@type\":\"WebSite\",\"@id\":\"https:\\\/\\\/vanavorumaamuuseumid.ee\\\/#website\",\"url\":\"https:\\\/\\\/vanavorumaamuuseumid.ee\\\/\",\"name\":\"Vana-V\u00f5rumaa Muuseumid\",\"description\":\"V\u00f5rumaa Muuseum, Dr. Fr. R. Kreutzwaldi Memoriaalmuuseum, M\u00f5niste Talurahvamuuseum ja Karilatsi Vaba\u00f5humuuseum\",\"publisher\":{\"@id\":\"https:\\\/\\\/vanavorumaamuuseumid.ee\\\/#organization\"},\"potentialAction\":[{\"@type\":\"SearchAction\",\"target\":{\"@type\":\"EntryPoint\",\"urlTemplate\":\"https:\\\/\\\/vanavorumaamuuseumid.ee\\\/?s={search_term_string}\"},\"query-input\":{\"@type\":\"PropertyValueSpecification\",\"valueRequired\":true,\"valueName\":\"search_term_string\"}}],\"inLanguage\":\"vo\"},{\"@type\":\"Organization\",\"@id\":\"https:\\\/\\\/vanavorumaamuuseumid.ee\\\/#organization\",\"name\":\"V\u00f5ru Instituut\",\"url\":\"https:\\\/\\\/vanavorumaamuuseumid.ee\\\/\",\"logo\":{\"@type\":\"ImageObject\",\"inLanguage\":\"vo\",\"@id\":\"https:\\\/\\\/vanavorumaamuuseumid.ee\\\/#\\\/schema\\\/logo\\\/image\\\/\",\"url\":\"https:\\\/\\\/vanavorumaamuuseumid.ee\\\/wp-content\\\/uploads\\\/2025\\\/05\\\/vana-voromaa-muusoumi-250516.svg\",\"contentUrl\":\"https:\\\/\\\/vanavorumaamuuseumid.ee\\\/wp-content\\\/uploads\\\/2025\\\/05\\\/vana-voromaa-muusoumi-250516.svg\",\"width\":567,\"height\":80,\"caption\":\"V\u00f5ru Instituut\"},\"image\":{\"@id\":\"https:\\\/\\\/vanavorumaamuuseumid.ee\\\/#\\\/schema\\\/logo\\\/image\\\/\"}}]}<\/script>\n<!-- \/ Yoast SEO plugin. -->","yoast_head_json":{"title":"Disainin\u00e4itus \"Tuba kolme uksega\" - Vana-V\u00f5rumaa muuseumid","robots":{"index":"index","follow":"follow","max-snippet":"max-snippet:-1","max-image-preview":"max-image-preview:large","max-video-preview":"max-video-preview:-1"},"canonical":"https:\/\/vanavorumaamuuseumid.ee\/vo\/vorumaa-naitus\/disaininaitus-tuba-kolme-uksega\/","og_locale":"en_US","og_type":"article","og_title":"Disainin\u00e4itus \"Tuba kolme uksega\" - Vana-V\u00f5rumaa muuseumid","og_description":"N\u00e4itus \u201eTuba kolme uksega\u201c koondab Eesti kaasaegse tarbekunsti ja disainiga tegelevate ja [&hellip;]","og_url":"https:\/\/vanavorumaamuuseumid.ee\/vo\/vorumaa-naitus\/disaininaitus-tuba-kolme-uksega\/","og_site_name":"Vana-V\u00f5rumaa muuseumid","article_modified_time":"2025-10-12T08:26:57+00:00","og_image":[{"width":1920,"height":1005,"url":"https:\/\/vanavorumaamuuseumid.ee\/wp-content\/uploads\/2025\/10\/UUS_FB_ETDM_Voru_1920x1005px_1-oige.jpg","type":"image\/jpeg"}],"twitter_card":"summary_large_image","twitter_misc":{"Est. reading time":"3 minutes"},"schema":{"@context":"https:\/\/schema.org","@graph":[{"@type":"WebPage","@id":"https:\/\/vanavorumaamuuseumid.ee\/vorumaa-naitus\/disaininaitus-tuba-kolme-uksega\/","url":"https:\/\/vanavorumaamuuseumid.ee\/vorumaa-naitus\/disaininaitus-tuba-kolme-uksega\/","name":"Disainin\u00e4itus \"Tuba kolme uksega\" - Vana-V\u00f5rumaa muuseumid","isPartOf":{"@id":"https:\/\/vanavorumaamuuseumid.ee\/#website"},"primaryImageOfPage":{"@id":"https:\/\/vanavorumaamuuseumid.ee\/vorumaa-naitus\/disaininaitus-tuba-kolme-uksega\/#primaryimage"},"image":{"@id":"https:\/\/vanavorumaamuuseumid.ee\/vorumaa-naitus\/disaininaitus-tuba-kolme-uksega\/#primaryimage"},"thumbnailUrl":"https:\/\/vanavorumaamuuseumid.ee\/wp-content\/uploads\/2025\/10\/UUS_FB_ETDM_Voru_1920x1005px_1-oige.jpg","datePublished":"2025-10-05T21:19:54+00:00","dateModified":"2025-10-12T08:26:57+00:00","breadcrumb":{"@id":"https:\/\/vanavorumaamuuseumid.ee\/vorumaa-naitus\/disaininaitus-tuba-kolme-uksega\/#breadcrumb"},"inLanguage":"vo","potentialAction":[{"@type":"ReadAction","target":["https:\/\/vanavorumaamuuseumid.ee\/vorumaa-naitus\/disaininaitus-tuba-kolme-uksega\/"]}]},{"@type":"ImageObject","inLanguage":"vo","@id":"https:\/\/vanavorumaamuuseumid.ee\/vorumaa-naitus\/disaininaitus-tuba-kolme-uksega\/#primaryimage","url":"https:\/\/vanavorumaamuuseumid.ee\/wp-content\/uploads\/2025\/10\/UUS_FB_ETDM_Voru_1920x1005px_1-oige.jpg","contentUrl":"https:\/\/vanavorumaamuuseumid.ee\/wp-content\/uploads\/2025\/10\/UUS_FB_ETDM_Voru_1920x1005px_1-oige.jpg","width":1920,"height":1005},{"@type":"BreadcrumbList","@id":"https:\/\/vanavorumaamuuseumid.ee\/vorumaa-naitus\/disaininaitus-tuba-kolme-uksega\/#breadcrumb","itemListElement":[{"@type":"ListItem","position":1,"name":"Home","item":"https:\/\/vanavorumaamuuseumid.ee\/"},{"@type":"ListItem","position":2,"name":"Disainin\u00e4itus &#8220;Tuba kolme uksega&#8221;"}]},{"@type":"WebSite","@id":"https:\/\/vanavorumaamuuseumid.ee\/#website","url":"https:\/\/vanavorumaamuuseumid.ee\/","name":"Vana-V\u00f5rumaa Muuseumid","description":"V\u00f5rumaa Muuseum, Dr. Fr. R. Kreutzwaldi Memoriaalmuuseum, M\u00f5niste Talurahvamuuseum ja Karilatsi Vaba\u00f5humuuseum","publisher":{"@id":"https:\/\/vanavorumaamuuseumid.ee\/#organization"},"potentialAction":[{"@type":"SearchAction","target":{"@type":"EntryPoint","urlTemplate":"https:\/\/vanavorumaamuuseumid.ee\/?s={search_term_string}"},"query-input":{"@type":"PropertyValueSpecification","valueRequired":true,"valueName":"search_term_string"}}],"inLanguage":"vo"},{"@type":"Organization","@id":"https:\/\/vanavorumaamuuseumid.ee\/#organization","name":"V\u00f5ru Instituut","url":"https:\/\/vanavorumaamuuseumid.ee\/","logo":{"@type":"ImageObject","inLanguage":"vo","@id":"https:\/\/vanavorumaamuuseumid.ee\/#\/schema\/logo\/image\/","url":"https:\/\/vanavorumaamuuseumid.ee\/wp-content\/uploads\/2025\/05\/vana-voromaa-muusoumi-250516.svg","contentUrl":"https:\/\/vanavorumaamuuseumid.ee\/wp-content\/uploads\/2025\/05\/vana-voromaa-muusoumi-250516.svg","width":567,"height":80,"caption":"V\u00f5ru Instituut"},"image":{"@id":"https:\/\/vanavorumaamuuseumid.ee\/#\/schema\/logo\/image\/"}}]}},"_links":{"self":[{"href":"https:\/\/vanavorumaamuuseumid.ee\/vo\/wp-json\/wp\/v2\/vorumaa-naitus\/3720","targetHints":{"allow":["GET"]}}],"collection":[{"href":"https:\/\/vanavorumaamuuseumid.ee\/vo\/wp-json\/wp\/v2\/vorumaa-naitus"}],"about":[{"href":"https:\/\/vanavorumaamuuseumid.ee\/vo\/wp-json\/wp\/v2\/types\/vorumaa-naitus"}],"wp:featuredmedia":[{"embeddable":true,"href":"https:\/\/vanavorumaamuuseumid.ee\/vo\/wp-json\/wp\/v2\/media\/3730"}],"wp:attachment":[{"href":"https:\/\/vanavorumaamuuseumid.ee\/vo\/wp-json\/wp\/v2\/media?parent=3720"}],"curies":[{"name":"wp","href":"https:\/\/api.w.org\/{rel}","templated":true}]}}