{"id":3749,"date":"2025-10-06T00:49:44","date_gmt":"2025-10-05T21:49:44","guid":{"rendered":"https:\/\/vanavorumaamuuseumid.ee\/?post_type=vorumaa-naitus&#038;p=3749"},"modified":"2025-10-06T00:49:45","modified_gmt":"2025-10-05T21:49:45","slug":"evi-tihemetsa-isikunaitus-jalutuskaik-iseendaga","status":"publish","type":"vorumaa-naitus","link":"https:\/\/vanavorumaamuuseumid.ee\/vo\/vorumaa-naitus\/evi-tihemetsa-isikunaitus-jalutuskaik-iseendaga\/","title":{"rendered":"Evi Tihemetsa isikun\u00e4itus &#8220;Jalutusk\u00e4ik iseendaga&#8221;"},"content":{"rendered":"<p><a href=\"https:\/\/et.wikipedia.org\/wiki\/Evi_Tihemets\">Evi Tihemets<\/a> kuulub 1950. aastate l\u00f5pu uuendusmeelsete graafikute p\u00f5lvkonda ja on tuntud kui v\u00e4rvi tooja Eesti graafikakunsti. Aastak\u00fcmnete jooksul on Tihemets kasutanud erinevaid tehnikaid: litograafiat, s\u00f6\u00f6vitust, pehmelakki, segatehnikat ja kollaa\u017ei. Tema loomingut v\u00f5ib vaadata kui kunstniku maailmakogemise peegeldust pildilises keeles, kust ei puudu ka vihjed \u00fchiskondlikele probleemidele, samuti vabaduse ja religiooni teemad. \u00dclevaaten\u00e4itus \u201eJalutusk\u00e4ik iseendaga\u201d keskendub kunstniku r\u00e4nnakutele enda sees ja \u00fcmber.<\/p>\n\n\n\n<p>Evi Tihemets on s\u00fcndinud 1932. aastal Tapal. Seal veetis ta \u00f5nneliku lapsep\u00f5lve koos vanemate ja endast nooremate kaksikvendadega. Evi on ennast kirjeldanud elava, seiklusi otsiva lapsena, kel \u00f5nnestus ootamatutest olukordadest siiski kenasti v\u00e4lja tulla. Loodus ja pikad jalutusk\u00e4igud metsa marju korjama olid Evi lapsep\u00f5lve oluline osa. Kuigi see oli hirmutav ja r\u00e4\u00e4giti, et metsas on hunte, k\u00e4is Evi seal uitamas ka \u00fcksi, hirmu peletamiseks k\u00f5va h\u00e4\u00e4lega lauldes. Lisaks seiklustele pakkus mets turvalist paika, kuhu pere sai s\u00f5ja ajal varjuda. N\u00e4itusel ongi vaadata lapsep\u00f5lvem\u00e4lestustest inspireeritud metsateemalised joonistused ja kollaa\u017eid \u2013&nbsp; loomingu k\u00f5ige hilisemad t\u00f6\u00f6d selles v\u00e4ljapanekus.<\/p>\n\n\n\n<p>Aastal 1951 alustas Tihemets \u00f5pinguid Eesti Riiklikus Kunstiinstituudis graafika erialal. \u00d5pingute ajal ja hiljem noore kunstnikuna sai Tihemets v\u00f5imaluse k\u00e4ia loomingulistes komandeeringutes toonase N\u00f5ukogude Liidu eri piirkondades. Tihtipeale viisid need r\u00e4nnakud kunstnikke looduslikult p\u00f5nevatesse ja eksootilistesse paikadesse. Loodus on kunstniku jaoks olnud rahu allikas ning selle motiive leiab kogu tema loomingust. Ent juba 1960. aastatel v\u00f5ib Tihemetsa t\u00f6\u00f6des n\u00e4ha ka murelikku keskkonnateemade k\u00e4sitlust. Teadusekspeditsioonidel objektide \u00fclesjoonistajana tutvus Tihemets etnoloog Ants Viiresega, kellega nad 1968. aastal abiellusid. Kooselust ja -reisidest on inspireeritud soomeugri kultuuriruumi m\u00f5justega s\u00fcngev\u00f5itu \u201eH\u00f5imlaste varjud\u201d ja \u00fcrgajah\u00f5nguline \u201eM\u00fctoloogiad\u201d.<\/p>\n\n\n\n<p>N\u00e4itusel on v\u00e4ljas ka Tihemetsa v\u00e4ikeseformaadilised graafilised lehed, mida v\u00f5ib vaadata kui kunstniku pildilist p\u00e4evikut, mis oma vormi t\u00f5ttu on intiimne ja lubab vaataja \u00fcsna l\u00e4hedale.<\/p>\n\n\n\n<p>N\u00e4itus annab v\u00f5imaluse r\u00e4nnata koos Evi Tihemetsaga l\u00e4bi tema pika loometee, kogeda m\u00f5tlemapanevaid ja s\u00fcgavaid teemasid, kuid kindlasti leida ka lusti ja helgust. Nagu Evi ikka armastab \u00f6elda \u2013 k\u00f5ike peab nautima ja igast asjast r\u00f5\u00f5mu tundma.<\/p>\n\n\n\n<p>Kuraator: Jana Huul<\/p>\n\n\n\n<p>Kujundaja: Martti Ruus<\/p>\n\n\n\n<p>T\u00e4name: Ulla Juske, Reet Mark, Jaak Visnap, Helle Laanpere, Bianka Soe, Rainer Kuuba, Kaile Kabun, Tiia Haug, Indrek Kits, Lauri K\u00fctt, Eesti Rahva Muuseum ja Eesti Kultuurkapital.<\/p>\n\n\n\n<p>Meediakajastus <a href=\"https:\/\/kultuur.err.ee\/1609354887\/vorumaal-avati-evi-tihemetsa-isikunaitus-jalutuskaik-iseendaga\">ERR<\/a>is, <a href=\"https:\/\/lounapostimees.postimees.ee\/8028215\/videolugu-jalutuskaik-daamiga-naitusesaalis-enne-tehisaru-saabumist\">L\u00f5una- Eesti Postimehes<\/a>. <\/p>\n\n\n\n<p>Fotod Andres Treial<\/p>\n\n\n\n<figure class=\"wp-block-gallery has-nested-images columns-default is-cropped wp-block-gallery-1 is-layout-flex wp-block-gallery-is-layout-flex\">\n<figure class=\"wp-block-image size-large\"><a  href=\"https:\/\/vanavorumaamuuseumid.ee\/wp-content\/uploads\/2025\/10\/DSC00042.jpg\" data-rel=\"lightbox-gallery-0\" data-rl_title=\"\" data-rl_caption=\"\" title=\"\"><img decoding=\"async\" width=\"1024\" height=\"695\" data-id=\"3756\" src=\"https:\/\/vanavorumaamuuseumid.ee\/wp-content\/uploads\/2025\/10\/DSC00042-1024x695.jpg\" alt=\"\" class=\"wp-image-3756\" srcset=\"https:\/\/vanavorumaamuuseumid.ee\/wp-content\/uploads\/2025\/10\/DSC00042-980x665.jpg 980w, https:\/\/vanavorumaamuuseumid.ee\/wp-content\/uploads\/2025\/10\/DSC00042-480x326.jpg 480w\" sizes=\"(min-width: 0px) and (max-width: 480px) 480px, (min-width: 481px) and (max-width: 980px) 980px, (min-width: 981px) 1024px, 100vw\" \/><\/a><\/figure>\n\n\n\n<figure class=\"wp-block-image size-large\"><a  href=\"https:\/\/vanavorumaamuuseumid.ee\/wp-content\/uploads\/2025\/10\/DSC09737.jpg\" data-rel=\"lightbox-gallery-0\" data-rl_title=\"\" data-rl_caption=\"\" title=\"\"><img decoding=\"async\" width=\"1024\" height=\"627\" data-id=\"3755\" src=\"https:\/\/vanavorumaamuuseumid.ee\/wp-content\/uploads\/2025\/10\/DSC09737-1024x627.jpg\" alt=\"\" class=\"wp-image-3755\" srcset=\"https:\/\/vanavorumaamuuseumid.ee\/wp-content\/uploads\/2025\/10\/DSC09737-980x600.jpg 980w, https:\/\/vanavorumaamuuseumid.ee\/wp-content\/uploads\/2025\/10\/DSC09737-480x294.jpg 480w\" sizes=\"(min-width: 0px) and (max-width: 480px) 480px, (min-width: 481px) and (max-width: 980px) 980px, (min-width: 981px) 1024px, 100vw\" \/><\/a><\/figure>\n\n\n\n<figure class=\"wp-block-image size-large\"><a  href=\"https:\/\/vanavorumaamuuseumid.ee\/wp-content\/uploads\/2025\/10\/DSC09716.jpg\" data-rel=\"lightbox-gallery-0\" data-rl_title=\"\" data-rl_caption=\"\" title=\"\"><img decoding=\"async\" width=\"1024\" height=\"636\" data-id=\"3751\" src=\"https:\/\/vanavorumaamuuseumid.ee\/wp-content\/uploads\/2025\/10\/DSC09716-1024x636.jpg\" alt=\"\" class=\"wp-image-3751\" srcset=\"https:\/\/vanavorumaamuuseumid.ee\/wp-content\/uploads\/2025\/10\/DSC09716-980x609.jpg 980w, https:\/\/vanavorumaamuuseumid.ee\/wp-content\/uploads\/2025\/10\/DSC09716-480x298.jpg 480w\" sizes=\"(min-width: 0px) and (max-width: 480px) 480px, (min-width: 481px) and (max-width: 980px) 980px, (min-width: 981px) 1024px, 100vw\" \/><\/a><\/figure>\n\n\n\n<figure class=\"wp-block-image size-large\"><a  href=\"https:\/\/vanavorumaamuuseumid.ee\/wp-content\/uploads\/2025\/10\/DSC09730.jpg\" data-rel=\"lightbox-gallery-0\" data-rl_title=\"\" data-rl_caption=\"\" title=\"\"><img decoding=\"async\" width=\"1024\" height=\"615\" data-id=\"3754\" src=\"https:\/\/vanavorumaamuuseumid.ee\/wp-content\/uploads\/2025\/10\/DSC09730-1024x615.jpg\" alt=\"\" class=\"wp-image-3754\" srcset=\"https:\/\/vanavorumaamuuseumid.ee\/wp-content\/uploads\/2025\/10\/DSC09730-980x589.jpg 980w, https:\/\/vanavorumaamuuseumid.ee\/wp-content\/uploads\/2025\/10\/DSC09730-480x289.jpg 480w\" sizes=\"(min-width: 0px) and (max-width: 480px) 480px, (min-width: 481px) and (max-width: 980px) 980px, (min-width: 981px) 1024px, 100vw\" \/><\/a><\/figure>\n\n\n\n<figure class=\"wp-block-image size-large\"><a  href=\"https:\/\/vanavorumaamuuseumid.ee\/wp-content\/uploads\/2025\/10\/G_5284_treial-1.jpg\" data-rel=\"lightbox-gallery-0\" data-rl_title=\"\" data-rl_caption=\"\" title=\"\"><img decoding=\"async\" width=\"1024\" height=\"497\" data-id=\"3762\" src=\"https:\/\/vanavorumaamuuseumid.ee\/wp-content\/uploads\/2025\/10\/G_5284_treial-1-1024x497.jpg\" alt=\"\" class=\"wp-image-3762\" srcset=\"https:\/\/vanavorumaamuuseumid.ee\/wp-content\/uploads\/2025\/10\/G_5284_treial-1-980x475.jpg 980w, https:\/\/vanavorumaamuuseumid.ee\/wp-content\/uploads\/2025\/10\/G_5284_treial-1-480x233.jpg 480w\" sizes=\"(min-width: 0px) and (max-width: 480px) 480px, (min-width: 481px) and (max-width: 980px) 980px, (min-width: 981px) 1024px, 100vw\" \/><\/a><\/figure>\n\n\n\n<figure class=\"wp-block-image size-large\"><a  href=\"https:\/\/vanavorumaamuuseumid.ee\/wp-content\/uploads\/2025\/10\/DSC09733.jpg\" data-rel=\"lightbox-gallery-0\" data-rl_title=\"\" data-rl_caption=\"\" title=\"\"><img decoding=\"async\" width=\"1024\" height=\"621\" data-id=\"3752\" src=\"https:\/\/vanavorumaamuuseumid.ee\/wp-content\/uploads\/2025\/10\/DSC09733-1024x621.jpg\" alt=\"\" class=\"wp-image-3752\" srcset=\"https:\/\/vanavorumaamuuseumid.ee\/wp-content\/uploads\/2025\/10\/DSC09733-980x595.jpg 980w, https:\/\/vanavorumaamuuseumid.ee\/wp-content\/uploads\/2025\/10\/DSC09733-480x291.jpg 480w\" sizes=\"(min-width: 0px) and (max-width: 480px) 480px, (min-width: 481px) and (max-width: 980px) 980px, (min-width: 981px) 1024px, 100vw\" \/><\/a><\/figure>\n\n\n\n<figure class=\"wp-block-image size-large\"><a  href=\"https:\/\/vanavorumaamuuseumid.ee\/wp-content\/uploads\/2025\/10\/G_5275_treial.jpg\" data-rel=\"lightbox-gallery-0\" data-rl_title=\"\" data-rl_caption=\"\" title=\"\"><img decoding=\"async\" width=\"1024\" height=\"588\" data-id=\"3759\" src=\"https:\/\/vanavorumaamuuseumid.ee\/wp-content\/uploads\/2025\/10\/G_5275_treial-1024x588.jpg\" alt=\"\" class=\"wp-image-3759\" srcset=\"https:\/\/vanavorumaamuuseumid.ee\/wp-content\/uploads\/2025\/10\/G_5275_treial-980x563.jpg 980w, https:\/\/vanavorumaamuuseumid.ee\/wp-content\/uploads\/2025\/10\/G_5275_treial-480x276.jpg 480w\" sizes=\"(min-width: 0px) and (max-width: 480px) 480px, (min-width: 481px) and (max-width: 980px) 980px, (min-width: 981px) 1024px, 100vw\" \/><\/a><\/figure>\n\n\n\n<figure class=\"wp-block-image size-large\"><a  href=\"https:\/\/vanavorumaamuuseumid.ee\/wp-content\/uploads\/2025\/10\/G_5283_treial.jpg\" data-rel=\"lightbox-gallery-0\" data-rl_title=\"\" data-rl_caption=\"\" title=\"\"><img decoding=\"async\" width=\"1024\" height=\"599\" data-id=\"3757\" src=\"https:\/\/vanavorumaamuuseumid.ee\/wp-content\/uploads\/2025\/10\/G_5283_treial-1024x599.jpg\" alt=\"\" class=\"wp-image-3757\" srcset=\"https:\/\/vanavorumaamuuseumid.ee\/wp-content\/uploads\/2025\/10\/G_5283_treial-980x574.jpg 980w, https:\/\/vanavorumaamuuseumid.ee\/wp-content\/uploads\/2025\/10\/G_5283_treial-480x281.jpg 480w\" sizes=\"(min-width: 0px) and (max-width: 480px) 480px, (min-width: 481px) and (max-width: 980px) 980px, (min-width: 981px) 1024px, 100vw\" \/><\/a><\/figure>\n<\/figure>","protected":false},"featured_media":3763,"template":"","class_list":["post-3749","vorumaa-naitus","type-vorumaa-naitus","status-publish","has-post-thumbnail","hentry"],"acf":[],"yoast_head":"<!-- This site is optimized with the Yoast SEO plugin v27.4 - https:\/\/yoast.com\/product\/yoast-seo-wordpress\/ -->\n<title>Evi Tihemetsa isikun\u00e4itus &quot;Jalutusk\u00e4ik iseendaga&quot; - Vana-V\u00f5rumaa muuseumid<\/title>\n<meta name=\"robots\" content=\"index, follow, max-snippet:-1, max-image-preview:large, max-video-preview:-1\" \/>\n<link rel=\"canonical\" href=\"https:\/\/vanavorumaamuuseumid.ee\/vo\/vorumaa-naitus\/evi-tihemetsa-isikunaitus-jalutuskaik-iseendaga\/\" \/>\n<meta property=\"og:locale\" content=\"en_US\" \/>\n<meta property=\"og:type\" content=\"article\" \/>\n<meta property=\"og:title\" content=\"Evi Tihemetsa isikun\u00e4itus &quot;Jalutusk\u00e4ik iseendaga&quot; - Vana-V\u00f5rumaa muuseumid\" \/>\n<meta property=\"og:description\" content=\"Evi Tihemets kuulub 1950. aastate l\u00f5pu uuendusmeelsete graafikute p\u00f5lvkonda ja on tuntud [&hellip;]\" \/>\n<meta property=\"og:url\" content=\"https:\/\/vanavorumaamuuseumid.ee\/vo\/vorumaa-naitus\/evi-tihemetsa-isikunaitus-jalutuskaik-iseendaga\/\" \/>\n<meta property=\"og:site_name\" content=\"Vana-V\u00f5rumaa muuseumid\" \/>\n<meta property=\"article:modified_time\" content=\"2025-10-05T21:49:45+00:00\" \/>\n<meta property=\"og:image\" content=\"https:\/\/vanavorumaamuuseumid.ee\/wp-content\/uploads\/2025\/10\/Mg50X-wR.jpg\" \/>\n\t<meta property=\"og:image:width\" content=\"1920\" \/>\n\t<meta property=\"og:image:height\" content=\"775\" \/>\n\t<meta property=\"og:image:type\" content=\"image\/jpeg\" \/>\n<meta name=\"twitter:card\" content=\"summary_large_image\" \/>\n<meta name=\"twitter:label1\" content=\"Est. reading time\" \/>\n\t<meta name=\"twitter:data1\" content=\"2 minutes\" \/>\n<script type=\"application\/ld+json\" class=\"yoast-schema-graph\">{\"@context\":\"https:\\\/\\\/schema.org\",\"@graph\":[{\"@type\":\"WebPage\",\"@id\":\"https:\\\/\\\/vanavorumaamuuseumid.ee\\\/vorumaa-naitus\\\/evi-tihemetsa-isikunaitus-jalutuskaik-iseendaga\\\/\",\"url\":\"https:\\\/\\\/vanavorumaamuuseumid.ee\\\/vorumaa-naitus\\\/evi-tihemetsa-isikunaitus-jalutuskaik-iseendaga\\\/\",\"name\":\"Evi Tihemetsa isikun\u00e4itus \\\"Jalutusk\u00e4ik iseendaga\\\" - Vana-V\u00f5rumaa muuseumid\",\"isPartOf\":{\"@id\":\"https:\\\/\\\/vanavorumaamuuseumid.ee\\\/#website\"},\"primaryImageOfPage\":{\"@id\":\"https:\\\/\\\/vanavorumaamuuseumid.ee\\\/vorumaa-naitus\\\/evi-tihemetsa-isikunaitus-jalutuskaik-iseendaga\\\/#primaryimage\"},\"image\":{\"@id\":\"https:\\\/\\\/vanavorumaamuuseumid.ee\\\/vorumaa-naitus\\\/evi-tihemetsa-isikunaitus-jalutuskaik-iseendaga\\\/#primaryimage\"},\"thumbnailUrl\":\"https:\\\/\\\/vanavorumaamuuseumid.ee\\\/wp-content\\\/uploads\\\/2025\\\/10\\\/Mg50X-wR.jpg\",\"datePublished\":\"2025-10-05T21:49:44+00:00\",\"dateModified\":\"2025-10-05T21:49:45+00:00\",\"breadcrumb\":{\"@id\":\"https:\\\/\\\/vanavorumaamuuseumid.ee\\\/vorumaa-naitus\\\/evi-tihemetsa-isikunaitus-jalutuskaik-iseendaga\\\/#breadcrumb\"},\"inLanguage\":\"vo\",\"potentialAction\":[{\"@type\":\"ReadAction\",\"target\":[\"https:\\\/\\\/vanavorumaamuuseumid.ee\\\/vorumaa-naitus\\\/evi-tihemetsa-isikunaitus-jalutuskaik-iseendaga\\\/\"]}]},{\"@type\":\"ImageObject\",\"inLanguage\":\"vo\",\"@id\":\"https:\\\/\\\/vanavorumaamuuseumid.ee\\\/vorumaa-naitus\\\/evi-tihemetsa-isikunaitus-jalutuskaik-iseendaga\\\/#primaryimage\",\"url\":\"https:\\\/\\\/vanavorumaamuuseumid.ee\\\/wp-content\\\/uploads\\\/2025\\\/10\\\/Mg50X-wR.jpg\",\"contentUrl\":\"https:\\\/\\\/vanavorumaamuuseumid.ee\\\/wp-content\\\/uploads\\\/2025\\\/10\\\/Mg50X-wR.jpg\",\"width\":1920,\"height\":775},{\"@type\":\"BreadcrumbList\",\"@id\":\"https:\\\/\\\/vanavorumaamuuseumid.ee\\\/vorumaa-naitus\\\/evi-tihemetsa-isikunaitus-jalutuskaik-iseendaga\\\/#breadcrumb\",\"itemListElement\":[{\"@type\":\"ListItem\",\"position\":1,\"name\":\"Home\",\"item\":\"https:\\\/\\\/vanavorumaamuuseumid.ee\\\/\"},{\"@type\":\"ListItem\",\"position\":2,\"name\":\"Evi Tihemetsa isikun\u00e4itus &#8220;Jalutusk\u00e4ik iseendaga&#8221;\"}]},{\"@type\":\"WebSite\",\"@id\":\"https:\\\/\\\/vanavorumaamuuseumid.ee\\\/#website\",\"url\":\"https:\\\/\\\/vanavorumaamuuseumid.ee\\\/\",\"name\":\"Vana-V\u00f5rumaa Muuseumid\",\"description\":\"V\u00f5rumaa Muuseum, Dr. Fr. R. Kreutzwaldi Memoriaalmuuseum, M\u00f5niste Talurahvamuuseum ja Karilatsi Vaba\u00f5humuuseum\",\"publisher\":{\"@id\":\"https:\\\/\\\/vanavorumaamuuseumid.ee\\\/#organization\"},\"potentialAction\":[{\"@type\":\"SearchAction\",\"target\":{\"@type\":\"EntryPoint\",\"urlTemplate\":\"https:\\\/\\\/vanavorumaamuuseumid.ee\\\/?s={search_term_string}\"},\"query-input\":{\"@type\":\"PropertyValueSpecification\",\"valueRequired\":true,\"valueName\":\"search_term_string\"}}],\"inLanguage\":\"vo\"},{\"@type\":\"Organization\",\"@id\":\"https:\\\/\\\/vanavorumaamuuseumid.ee\\\/#organization\",\"name\":\"V\u00f5ru Instituut\",\"url\":\"https:\\\/\\\/vanavorumaamuuseumid.ee\\\/\",\"logo\":{\"@type\":\"ImageObject\",\"inLanguage\":\"vo\",\"@id\":\"https:\\\/\\\/vanavorumaamuuseumid.ee\\\/#\\\/schema\\\/logo\\\/image\\\/\",\"url\":\"https:\\\/\\\/vanavorumaamuuseumid.ee\\\/wp-content\\\/uploads\\\/2025\\\/05\\\/vana-voromaa-muusoumi-250516.svg\",\"contentUrl\":\"https:\\\/\\\/vanavorumaamuuseumid.ee\\\/wp-content\\\/uploads\\\/2025\\\/05\\\/vana-voromaa-muusoumi-250516.svg\",\"width\":567,\"height\":80,\"caption\":\"V\u00f5ru Instituut\"},\"image\":{\"@id\":\"https:\\\/\\\/vanavorumaamuuseumid.ee\\\/#\\\/schema\\\/logo\\\/image\\\/\"}}]}<\/script>\n<!-- \/ Yoast SEO plugin. -->","yoast_head_json":{"title":"Evi Tihemetsa isikun\u00e4itus \"Jalutusk\u00e4ik iseendaga\" - Vana-V\u00f5rumaa muuseumid","robots":{"index":"index","follow":"follow","max-snippet":"max-snippet:-1","max-image-preview":"max-image-preview:large","max-video-preview":"max-video-preview:-1"},"canonical":"https:\/\/vanavorumaamuuseumid.ee\/vo\/vorumaa-naitus\/evi-tihemetsa-isikunaitus-jalutuskaik-iseendaga\/","og_locale":"en_US","og_type":"article","og_title":"Evi Tihemetsa isikun\u00e4itus \"Jalutusk\u00e4ik iseendaga\" - Vana-V\u00f5rumaa muuseumid","og_description":"Evi Tihemets kuulub 1950. aastate l\u00f5pu uuendusmeelsete graafikute p\u00f5lvkonda ja on tuntud [&hellip;]","og_url":"https:\/\/vanavorumaamuuseumid.ee\/vo\/vorumaa-naitus\/evi-tihemetsa-isikunaitus-jalutuskaik-iseendaga\/","og_site_name":"Vana-V\u00f5rumaa muuseumid","article_modified_time":"2025-10-05T21:49:45+00:00","og_image":[{"width":1920,"height":775,"url":"https:\/\/vanavorumaamuuseumid.ee\/wp-content\/uploads\/2025\/10\/Mg50X-wR.jpg","type":"image\/jpeg"}],"twitter_card":"summary_large_image","twitter_misc":{"Est. reading time":"2 minutes"},"schema":{"@context":"https:\/\/schema.org","@graph":[{"@type":"WebPage","@id":"https:\/\/vanavorumaamuuseumid.ee\/vorumaa-naitus\/evi-tihemetsa-isikunaitus-jalutuskaik-iseendaga\/","url":"https:\/\/vanavorumaamuuseumid.ee\/vorumaa-naitus\/evi-tihemetsa-isikunaitus-jalutuskaik-iseendaga\/","name":"Evi Tihemetsa isikun\u00e4itus \"Jalutusk\u00e4ik iseendaga\" - Vana-V\u00f5rumaa muuseumid","isPartOf":{"@id":"https:\/\/vanavorumaamuuseumid.ee\/#website"},"primaryImageOfPage":{"@id":"https:\/\/vanavorumaamuuseumid.ee\/vorumaa-naitus\/evi-tihemetsa-isikunaitus-jalutuskaik-iseendaga\/#primaryimage"},"image":{"@id":"https:\/\/vanavorumaamuuseumid.ee\/vorumaa-naitus\/evi-tihemetsa-isikunaitus-jalutuskaik-iseendaga\/#primaryimage"},"thumbnailUrl":"https:\/\/vanavorumaamuuseumid.ee\/wp-content\/uploads\/2025\/10\/Mg50X-wR.jpg","datePublished":"2025-10-05T21:49:44+00:00","dateModified":"2025-10-05T21:49:45+00:00","breadcrumb":{"@id":"https:\/\/vanavorumaamuuseumid.ee\/vorumaa-naitus\/evi-tihemetsa-isikunaitus-jalutuskaik-iseendaga\/#breadcrumb"},"inLanguage":"vo","potentialAction":[{"@type":"ReadAction","target":["https:\/\/vanavorumaamuuseumid.ee\/vorumaa-naitus\/evi-tihemetsa-isikunaitus-jalutuskaik-iseendaga\/"]}]},{"@type":"ImageObject","inLanguage":"vo","@id":"https:\/\/vanavorumaamuuseumid.ee\/vorumaa-naitus\/evi-tihemetsa-isikunaitus-jalutuskaik-iseendaga\/#primaryimage","url":"https:\/\/vanavorumaamuuseumid.ee\/wp-content\/uploads\/2025\/10\/Mg50X-wR.jpg","contentUrl":"https:\/\/vanavorumaamuuseumid.ee\/wp-content\/uploads\/2025\/10\/Mg50X-wR.jpg","width":1920,"height":775},{"@type":"BreadcrumbList","@id":"https:\/\/vanavorumaamuuseumid.ee\/vorumaa-naitus\/evi-tihemetsa-isikunaitus-jalutuskaik-iseendaga\/#breadcrumb","itemListElement":[{"@type":"ListItem","position":1,"name":"Home","item":"https:\/\/vanavorumaamuuseumid.ee\/"},{"@type":"ListItem","position":2,"name":"Evi Tihemetsa isikun\u00e4itus &#8220;Jalutusk\u00e4ik iseendaga&#8221;"}]},{"@type":"WebSite","@id":"https:\/\/vanavorumaamuuseumid.ee\/#website","url":"https:\/\/vanavorumaamuuseumid.ee\/","name":"Vana-V\u00f5rumaa Muuseumid","description":"V\u00f5rumaa Muuseum, Dr. Fr. R. Kreutzwaldi Memoriaalmuuseum, M\u00f5niste Talurahvamuuseum ja Karilatsi Vaba\u00f5humuuseum","publisher":{"@id":"https:\/\/vanavorumaamuuseumid.ee\/#organization"},"potentialAction":[{"@type":"SearchAction","target":{"@type":"EntryPoint","urlTemplate":"https:\/\/vanavorumaamuuseumid.ee\/?s={search_term_string}"},"query-input":{"@type":"PropertyValueSpecification","valueRequired":true,"valueName":"search_term_string"}}],"inLanguage":"vo"},{"@type":"Organization","@id":"https:\/\/vanavorumaamuuseumid.ee\/#organization","name":"V\u00f5ru Instituut","url":"https:\/\/vanavorumaamuuseumid.ee\/","logo":{"@type":"ImageObject","inLanguage":"vo","@id":"https:\/\/vanavorumaamuuseumid.ee\/#\/schema\/logo\/image\/","url":"https:\/\/vanavorumaamuuseumid.ee\/wp-content\/uploads\/2025\/05\/vana-voromaa-muusoumi-250516.svg","contentUrl":"https:\/\/vanavorumaamuuseumid.ee\/wp-content\/uploads\/2025\/05\/vana-voromaa-muusoumi-250516.svg","width":567,"height":80,"caption":"V\u00f5ru Instituut"},"image":{"@id":"https:\/\/vanavorumaamuuseumid.ee\/#\/schema\/logo\/image\/"}}]}},"_links":{"self":[{"href":"https:\/\/vanavorumaamuuseumid.ee\/vo\/wp-json\/wp\/v2\/vorumaa-naitus\/3749","targetHints":{"allow":["GET"]}}],"collection":[{"href":"https:\/\/vanavorumaamuuseumid.ee\/vo\/wp-json\/wp\/v2\/vorumaa-naitus"}],"about":[{"href":"https:\/\/vanavorumaamuuseumid.ee\/vo\/wp-json\/wp\/v2\/types\/vorumaa-naitus"}],"wp:featuredmedia":[{"embeddable":true,"href":"https:\/\/vanavorumaamuuseumid.ee\/vo\/wp-json\/wp\/v2\/media\/3763"}],"wp:attachment":[{"href":"https:\/\/vanavorumaamuuseumid.ee\/vo\/wp-json\/wp\/v2\/media?parent=3749"}],"curies":[{"name":"wp","href":"https:\/\/api.w.org\/{rel}","templated":true}]}}