{"id":3764,"date":"2025-10-06T00:56:02","date_gmt":"2025-10-05T21:56:02","guid":{"rendered":"https:\/\/vanavorumaamuuseumid.ee\/?post_type=vorumaa-naitus&#038;p=3764"},"modified":"2025-10-06T00:56:21","modified_gmt":"2025-10-05T21:56:21","slug":"eesti-meesmaalikunstnike-uhisnaitus-meestelt-naistele","status":"publish","type":"vorumaa-naitus","link":"https:\/\/vanavorumaamuuseumid.ee\/vo\/vorumaa-naitus\/eesti-meesmaalikunstnike-uhisnaitus-meestelt-naistele\/","title":{"rendered":"Eesti meesmaalikunstnike \u00fchisn\u00e4itus &#8220;Meestelt naistele&#8221;"},"content":{"rendered":"<p>Selleks et lilli kinkida v\u00f5i kingitus ulatada, ei pea olema t\u00e4htp\u00e4ev. Vahel on hea tunne hoopis p\u00e4rast s\u00fcndmust v\u00f5i t\u00e4htp\u00e4eva. Nii on ka selle n\u00e4itusega, mis Vana-V\u00f5romaa Kultuurikojas avaneb. Esmalt rahvusvahelisel naistep\u00e4eval Tallinna kahes esinduslikus galeriis \u2013 Haus Galeriis ja ArtDepoos \u2013 avatud n\u00e4itus leidis suurt t\u00e4helepanu ja vastukaja. Eksponeeritud oli \u00fcle kahek\u00fcmne Eesti tuntud meesmaalikunstniku teose. V\u00f5rus on nende kahe v\u00e4ljapaneku j\u00e4tkuna hea v\u00f5imalus saada terviklik \u00fclevaade, millised on Eesti meesmaalijate praegusaja kunstin\u00e4gemused, mida ja kuidas nad kujutavad ja millele m\u00f5tlevad.<\/p>\n\n\n\n<p>N\u00e4ituse kuraator ja kujundaja on Mauri Gross. N\u00e4itusel osalevad Laurentsius, Ilmar Kruusam\u00e4e, Valeri Vinogradov, Andro K\u00f6\u00f6p, Jaan Elken, Erki Kasemets, Sven-Erik Stamberg, Kaido Ole, Valev Sein, Karl-Kristjan Nagel, Andres Koort, Toomas Kuusing, Jaan Toomik, Mauri Gross, Margus Meinart, Marko M\u00e4etamm, Peeter Must, Uno Roosvalt, Sven Saag, Siim-Tanel Annus, Vano Allsalu, Paul Korma\u0161ov, Ivo Vinogradov, Vilen K\u00fcnnapu, Indrek Aava, Orest Korma\u0161ov, Ashot Jegikjan, Jan Tammik, Edgar Tedresaar, Sorge.<\/p>\n\n\n\n<p>Peale stiilide ja laadide mitmekesisuse avab n\u00e4itus soorolle ja kutsub sellel t\u00e4naselgi p\u00e4eval tundlikul teemal kaasa m\u00f5tlema. Kuigi meie suhtumine soorollidesse ja isiklikku soom\u00e4\u00e4ratlusse on oluliselt vabam ja lubavam kui aastak\u00fcmneid tagasi ning naistel ja meestel on v\u00f5rdlemisi v\u00f5rdsed eneseteostuse ja -v\u00e4ljenduse v\u00f5imalused, kannavad m\u00f5lema soo esindajad siiski erinevat bioloogilist rolli. Sellest tulenevalt on erinev ka nende ps\u00fchholoogiline emotsioonikood, mis dikteerib teatud olemuse ja k\u00e4itumismustrite erip\u00e4ra.<\/p>\n\n\n\n<p>Kui selgelt v\u00e4ljendub see erip\u00e4ra Eesti meesmaalijate loomingus? Kui selgelt on praegu \u00fcldse v\u00e4lja loetav, kas teose autor on mees v\u00f5i naine? Kuidas oleksid maaliolukordi, mida esitavad mehed, lahendanud naised? K\u00f5igile neile ja kindlasti veel paljudele muudele teemat inspireerinud k\u00fcsimustele saavad n\u00e4itusek\u00fclastajad selle v\u00e4ljendusv\u00e4rvika ekspositsiooni ajendil vastust otsida.<\/p>\n\n\n\n<p>N\u00e4ituse kuraator: Mauri Gross<\/p>\n\n\n\n<p>Tekst: Piia Ausman<\/p>\n\n\n\n<p>N\u00e4itust toetab Eesti Kultuurkapital. <\/p>\n\n\n\n<p>Fotod Kevin Loigu<\/p>\n\n\n\n<figure class=\"wp-block-gallery has-nested-images columns-default is-cropped wp-block-gallery-1 is-layout-flex wp-block-gallery-is-layout-flex\">\n<figure class=\"wp-block-image size-large\"><a  href=\"https:\/\/vanavorumaamuuseumid.ee\/wp-content\/uploads\/2025\/10\/DSCF0716_KevinLoigu.jpg\" data-rel=\"lightbox-gallery-0\" data-rl_title=\"\" data-rl_caption=\"\" title=\"\"><img decoding=\"async\" width=\"1024\" height=\"683\" data-id=\"3767\" src=\"https:\/\/vanavorumaamuuseumid.ee\/wp-content\/uploads\/2025\/10\/DSCF0716_KevinLoigu-1024x683.jpg\" alt=\"\" class=\"wp-image-3767\" srcset=\"https:\/\/vanavorumaamuuseumid.ee\/wp-content\/uploads\/2025\/10\/DSCF0716_KevinLoigu-980x653.jpg 980w, https:\/\/vanavorumaamuuseumid.ee\/wp-content\/uploads\/2025\/10\/DSCF0716_KevinLoigu-480x320.jpg 480w\" sizes=\"(min-width: 0px) and (max-width: 480px) 480px, (min-width: 481px) and (max-width: 980px) 980px, (min-width: 981px) 1024px, 100vw\" \/><\/a><\/figure>\n\n\n\n<figure class=\"wp-block-image size-large\"><a  href=\"https:\/\/vanavorumaamuuseumid.ee\/wp-content\/uploads\/2025\/10\/DSCF0578_KevinLoigu.jpg\" data-rel=\"lightbox-gallery-0\" data-rl_title=\"\" data-rl_caption=\"\" title=\"\"><img decoding=\"async\" width=\"1024\" height=\"683\" data-id=\"3769\" src=\"https:\/\/vanavorumaamuuseumid.ee\/wp-content\/uploads\/2025\/10\/DSCF0578_KevinLoigu-1024x683.jpg\" alt=\"\" class=\"wp-image-3769\" srcset=\"https:\/\/vanavorumaamuuseumid.ee\/wp-content\/uploads\/2025\/10\/DSCF0578_KevinLoigu-980x653.jpg 980w, https:\/\/vanavorumaamuuseumid.ee\/wp-content\/uploads\/2025\/10\/DSCF0578_KevinLoigu-480x320.jpg 480w\" sizes=\"(min-width: 0px) and (max-width: 480px) 480px, (min-width: 481px) and (max-width: 980px) 980px, (min-width: 981px) 1024px, 100vw\" \/><\/a><\/figure>\n\n\n\n<figure class=\"wp-block-image size-large\"><a  href=\"https:\/\/vanavorumaamuuseumid.ee\/wp-content\/uploads\/2025\/10\/DSCF0635_KevinLoigu.jpg\" data-rel=\"lightbox-gallery-0\" data-rl_title=\"\" data-rl_caption=\"\" title=\"\"><img decoding=\"async\" width=\"1024\" height=\"683\" data-id=\"3766\" src=\"https:\/\/vanavorumaamuuseumid.ee\/wp-content\/uploads\/2025\/10\/DSCF0635_KevinLoigu-1024x683.jpg\" alt=\"\" class=\"wp-image-3766\" srcset=\"https:\/\/vanavorumaamuuseumid.ee\/wp-content\/uploads\/2025\/10\/DSCF0635_KevinLoigu-980x653.jpg 980w, https:\/\/vanavorumaamuuseumid.ee\/wp-content\/uploads\/2025\/10\/DSCF0635_KevinLoigu-480x320.jpg 480w\" sizes=\"(min-width: 0px) and (max-width: 480px) 480px, (min-width: 481px) and (max-width: 980px) 980px, (min-width: 981px) 1024px, 100vw\" \/><\/a><\/figure>\n\n\n\n<figure class=\"wp-block-image size-large\"><a  href=\"https:\/\/vanavorumaamuuseumid.ee\/wp-content\/uploads\/2025\/10\/DSCF0778_KevinLoigu.jpg\" data-rel=\"lightbox-gallery-0\" data-rl_title=\"\" data-rl_caption=\"\" title=\"\"><img decoding=\"async\" width=\"1024\" height=\"683\" data-id=\"3768\" src=\"https:\/\/vanavorumaamuuseumid.ee\/wp-content\/uploads\/2025\/10\/DSCF0778_KevinLoigu-1024x683.jpg\" alt=\"\" class=\"wp-image-3768\" srcset=\"https:\/\/vanavorumaamuuseumid.ee\/wp-content\/uploads\/2025\/10\/DSCF0778_KevinLoigu-980x653.jpg 980w, https:\/\/vanavorumaamuuseumid.ee\/wp-content\/uploads\/2025\/10\/DSCF0778_KevinLoigu-480x320.jpg 480w\" sizes=\"(min-width: 0px) and (max-width: 480px) 480px, (min-width: 481px) and (max-width: 980px) 980px, (min-width: 981px) 1024px, 100vw\" \/><\/a><\/figure>\n\n\n\n<figure class=\"wp-block-image size-large\"><a  href=\"https:\/\/vanavorumaamuuseumid.ee\/wp-content\/uploads\/2025\/10\/DSCF0554_KevinLoigu.jpg\" data-rel=\"lightbox-gallery-0\" data-rl_title=\"\" data-rl_caption=\"\" title=\"\"><img decoding=\"async\" width=\"1024\" height=\"683\" data-id=\"3765\" src=\"https:\/\/vanavorumaamuuseumid.ee\/wp-content\/uploads\/2025\/10\/DSCF0554_KevinLoigu-1024x683.jpg\" alt=\"\" class=\"wp-image-3765\" srcset=\"https:\/\/vanavorumaamuuseumid.ee\/wp-content\/uploads\/2025\/10\/DSCF0554_KevinLoigu-980x653.jpg 980w, https:\/\/vanavorumaamuuseumid.ee\/wp-content\/uploads\/2025\/10\/DSCF0554_KevinLoigu-480x320.jpg 480w\" sizes=\"(min-width: 0px) and (max-width: 480px) 480px, (min-width: 481px) and (max-width: 980px) 980px, (min-width: 981px) 1024px, 100vw\" \/><\/a><\/figure>\n<\/figure>","protected":false},"featured_media":3770,"template":"","class_list":["post-3764","vorumaa-naitus","type-vorumaa-naitus","status-publish","has-post-thumbnail","hentry"],"acf":[],"yoast_head":"<!-- This site is optimized with the Yoast SEO plugin v27.4 - https:\/\/yoast.com\/product\/yoast-seo-wordpress\/ -->\n<title>Eesti meesmaalikunstnike \u00fchisn\u00e4itus &quot;Meestelt naistele&quot; - Vana-V\u00f5rumaa muuseumid<\/title>\n<meta name=\"robots\" content=\"index, follow, max-snippet:-1, max-image-preview:large, max-video-preview:-1\" \/>\n<link rel=\"canonical\" href=\"https:\/\/vanavorumaamuuseumid.ee\/vo\/vorumaa-naitus\/eesti-meesmaalikunstnike-uhisnaitus-meestelt-naistele\/\" \/>\n<meta property=\"og:locale\" content=\"en_US\" \/>\n<meta property=\"og:type\" content=\"article\" \/>\n<meta property=\"og:title\" content=\"Eesti meesmaalikunstnike \u00fchisn\u00e4itus &quot;Meestelt naistele&quot; - Vana-V\u00f5rumaa muuseumid\" \/>\n<meta property=\"og:description\" content=\"Selleks et lilli kinkida v\u00f5i kingitus ulatada, ei pea olema t\u00e4htp\u00e4ev. Vahel [&hellip;]\" \/>\n<meta property=\"og:url\" content=\"https:\/\/vanavorumaamuuseumid.ee\/vo\/vorumaa-naitus\/eesti-meesmaalikunstnike-uhisnaitus-meestelt-naistele\/\" \/>\n<meta property=\"og:site_name\" content=\"Vana-V\u00f5rumaa muuseumid\" \/>\n<meta property=\"article:modified_time\" content=\"2025-10-05T21:56:21+00:00\" \/>\n<meta property=\"og:image\" content=\"https:\/\/vanavorumaamuuseumid.ee\/wp-content\/uploads\/2025\/10\/fb.jpg\" \/>\n\t<meta property=\"og:image:width\" content=\"1920\" \/>\n\t<meta property=\"og:image:height\" content=\"1108\" \/>\n\t<meta property=\"og:image:type\" content=\"image\/jpeg\" \/>\n<meta name=\"twitter:card\" content=\"summary_large_image\" \/>\n<meta name=\"twitter:label1\" content=\"Est. reading time\" \/>\n\t<meta name=\"twitter:data1\" content=\"2 minutes\" \/>\n<script type=\"application\/ld+json\" class=\"yoast-schema-graph\">{\"@context\":\"https:\\\/\\\/schema.org\",\"@graph\":[{\"@type\":\"WebPage\",\"@id\":\"https:\\\/\\\/vanavorumaamuuseumid.ee\\\/vorumaa-naitus\\\/eesti-meesmaalikunstnike-uhisnaitus-meestelt-naistele\\\/\",\"url\":\"https:\\\/\\\/vanavorumaamuuseumid.ee\\\/vorumaa-naitus\\\/eesti-meesmaalikunstnike-uhisnaitus-meestelt-naistele\\\/\",\"name\":\"Eesti meesmaalikunstnike \u00fchisn\u00e4itus \\\"Meestelt naistele\\\" - Vana-V\u00f5rumaa muuseumid\",\"isPartOf\":{\"@id\":\"https:\\\/\\\/vanavorumaamuuseumid.ee\\\/#website\"},\"primaryImageOfPage\":{\"@id\":\"https:\\\/\\\/vanavorumaamuuseumid.ee\\\/vorumaa-naitus\\\/eesti-meesmaalikunstnike-uhisnaitus-meestelt-naistele\\\/#primaryimage\"},\"image\":{\"@id\":\"https:\\\/\\\/vanavorumaamuuseumid.ee\\\/vorumaa-naitus\\\/eesti-meesmaalikunstnike-uhisnaitus-meestelt-naistele\\\/#primaryimage\"},\"thumbnailUrl\":\"https:\\\/\\\/vanavorumaamuuseumid.ee\\\/wp-content\\\/uploads\\\/2025\\\/10\\\/fb.jpg\",\"datePublished\":\"2025-10-05T21:56:02+00:00\",\"dateModified\":\"2025-10-05T21:56:21+00:00\",\"breadcrumb\":{\"@id\":\"https:\\\/\\\/vanavorumaamuuseumid.ee\\\/vorumaa-naitus\\\/eesti-meesmaalikunstnike-uhisnaitus-meestelt-naistele\\\/#breadcrumb\"},\"inLanguage\":\"vo\",\"potentialAction\":[{\"@type\":\"ReadAction\",\"target\":[\"https:\\\/\\\/vanavorumaamuuseumid.ee\\\/vorumaa-naitus\\\/eesti-meesmaalikunstnike-uhisnaitus-meestelt-naistele\\\/\"]}]},{\"@type\":\"ImageObject\",\"inLanguage\":\"vo\",\"@id\":\"https:\\\/\\\/vanavorumaamuuseumid.ee\\\/vorumaa-naitus\\\/eesti-meesmaalikunstnike-uhisnaitus-meestelt-naistele\\\/#primaryimage\",\"url\":\"https:\\\/\\\/vanavorumaamuuseumid.ee\\\/wp-content\\\/uploads\\\/2025\\\/10\\\/fb.jpg\",\"contentUrl\":\"https:\\\/\\\/vanavorumaamuuseumid.ee\\\/wp-content\\\/uploads\\\/2025\\\/10\\\/fb.jpg\",\"width\":1920,\"height\":1108},{\"@type\":\"BreadcrumbList\",\"@id\":\"https:\\\/\\\/vanavorumaamuuseumid.ee\\\/vorumaa-naitus\\\/eesti-meesmaalikunstnike-uhisnaitus-meestelt-naistele\\\/#breadcrumb\",\"itemListElement\":[{\"@type\":\"ListItem\",\"position\":1,\"name\":\"Home\",\"item\":\"https:\\\/\\\/vanavorumaamuuseumid.ee\\\/\"},{\"@type\":\"ListItem\",\"position\":2,\"name\":\"Eesti meesmaalikunstnike \u00fchisn\u00e4itus &#8220;Meestelt naistele&#8221;\"}]},{\"@type\":\"WebSite\",\"@id\":\"https:\\\/\\\/vanavorumaamuuseumid.ee\\\/#website\",\"url\":\"https:\\\/\\\/vanavorumaamuuseumid.ee\\\/\",\"name\":\"Vana-V\u00f5rumaa Muuseumid\",\"description\":\"V\u00f5rumaa Muuseum, Dr. Fr. R. Kreutzwaldi Memoriaalmuuseum, M\u00f5niste Talurahvamuuseum ja Karilatsi Vaba\u00f5humuuseum\",\"publisher\":{\"@id\":\"https:\\\/\\\/vanavorumaamuuseumid.ee\\\/#organization\"},\"potentialAction\":[{\"@type\":\"SearchAction\",\"target\":{\"@type\":\"EntryPoint\",\"urlTemplate\":\"https:\\\/\\\/vanavorumaamuuseumid.ee\\\/?s={search_term_string}\"},\"query-input\":{\"@type\":\"PropertyValueSpecification\",\"valueRequired\":true,\"valueName\":\"search_term_string\"}}],\"inLanguage\":\"vo\"},{\"@type\":\"Organization\",\"@id\":\"https:\\\/\\\/vanavorumaamuuseumid.ee\\\/#organization\",\"name\":\"V\u00f5ru Instituut\",\"url\":\"https:\\\/\\\/vanavorumaamuuseumid.ee\\\/\",\"logo\":{\"@type\":\"ImageObject\",\"inLanguage\":\"vo\",\"@id\":\"https:\\\/\\\/vanavorumaamuuseumid.ee\\\/#\\\/schema\\\/logo\\\/image\\\/\",\"url\":\"https:\\\/\\\/vanavorumaamuuseumid.ee\\\/wp-content\\\/uploads\\\/2025\\\/05\\\/vana-voromaa-muusoumi-250516.svg\",\"contentUrl\":\"https:\\\/\\\/vanavorumaamuuseumid.ee\\\/wp-content\\\/uploads\\\/2025\\\/05\\\/vana-voromaa-muusoumi-250516.svg\",\"width\":567,\"height\":80,\"caption\":\"V\u00f5ru Instituut\"},\"image\":{\"@id\":\"https:\\\/\\\/vanavorumaamuuseumid.ee\\\/#\\\/schema\\\/logo\\\/image\\\/\"}}]}<\/script>\n<!-- \/ Yoast SEO plugin. -->","yoast_head_json":{"title":"Eesti meesmaalikunstnike \u00fchisn\u00e4itus \"Meestelt naistele\" - Vana-V\u00f5rumaa muuseumid","robots":{"index":"index","follow":"follow","max-snippet":"max-snippet:-1","max-image-preview":"max-image-preview:large","max-video-preview":"max-video-preview:-1"},"canonical":"https:\/\/vanavorumaamuuseumid.ee\/vo\/vorumaa-naitus\/eesti-meesmaalikunstnike-uhisnaitus-meestelt-naistele\/","og_locale":"en_US","og_type":"article","og_title":"Eesti meesmaalikunstnike \u00fchisn\u00e4itus \"Meestelt naistele\" - Vana-V\u00f5rumaa muuseumid","og_description":"Selleks et lilli kinkida v\u00f5i kingitus ulatada, ei pea olema t\u00e4htp\u00e4ev. Vahel [&hellip;]","og_url":"https:\/\/vanavorumaamuuseumid.ee\/vo\/vorumaa-naitus\/eesti-meesmaalikunstnike-uhisnaitus-meestelt-naistele\/","og_site_name":"Vana-V\u00f5rumaa muuseumid","article_modified_time":"2025-10-05T21:56:21+00:00","og_image":[{"width":1920,"height":1108,"url":"https:\/\/vanavorumaamuuseumid.ee\/wp-content\/uploads\/2025\/10\/fb.jpg","type":"image\/jpeg"}],"twitter_card":"summary_large_image","twitter_misc":{"Est. reading time":"2 minutes"},"schema":{"@context":"https:\/\/schema.org","@graph":[{"@type":"WebPage","@id":"https:\/\/vanavorumaamuuseumid.ee\/vorumaa-naitus\/eesti-meesmaalikunstnike-uhisnaitus-meestelt-naistele\/","url":"https:\/\/vanavorumaamuuseumid.ee\/vorumaa-naitus\/eesti-meesmaalikunstnike-uhisnaitus-meestelt-naistele\/","name":"Eesti meesmaalikunstnike \u00fchisn\u00e4itus \"Meestelt naistele\" - Vana-V\u00f5rumaa muuseumid","isPartOf":{"@id":"https:\/\/vanavorumaamuuseumid.ee\/#website"},"primaryImageOfPage":{"@id":"https:\/\/vanavorumaamuuseumid.ee\/vorumaa-naitus\/eesti-meesmaalikunstnike-uhisnaitus-meestelt-naistele\/#primaryimage"},"image":{"@id":"https:\/\/vanavorumaamuuseumid.ee\/vorumaa-naitus\/eesti-meesmaalikunstnike-uhisnaitus-meestelt-naistele\/#primaryimage"},"thumbnailUrl":"https:\/\/vanavorumaamuuseumid.ee\/wp-content\/uploads\/2025\/10\/fb.jpg","datePublished":"2025-10-05T21:56:02+00:00","dateModified":"2025-10-05T21:56:21+00:00","breadcrumb":{"@id":"https:\/\/vanavorumaamuuseumid.ee\/vorumaa-naitus\/eesti-meesmaalikunstnike-uhisnaitus-meestelt-naistele\/#breadcrumb"},"inLanguage":"vo","potentialAction":[{"@type":"ReadAction","target":["https:\/\/vanavorumaamuuseumid.ee\/vorumaa-naitus\/eesti-meesmaalikunstnike-uhisnaitus-meestelt-naistele\/"]}]},{"@type":"ImageObject","inLanguage":"vo","@id":"https:\/\/vanavorumaamuuseumid.ee\/vorumaa-naitus\/eesti-meesmaalikunstnike-uhisnaitus-meestelt-naistele\/#primaryimage","url":"https:\/\/vanavorumaamuuseumid.ee\/wp-content\/uploads\/2025\/10\/fb.jpg","contentUrl":"https:\/\/vanavorumaamuuseumid.ee\/wp-content\/uploads\/2025\/10\/fb.jpg","width":1920,"height":1108},{"@type":"BreadcrumbList","@id":"https:\/\/vanavorumaamuuseumid.ee\/vorumaa-naitus\/eesti-meesmaalikunstnike-uhisnaitus-meestelt-naistele\/#breadcrumb","itemListElement":[{"@type":"ListItem","position":1,"name":"Home","item":"https:\/\/vanavorumaamuuseumid.ee\/"},{"@type":"ListItem","position":2,"name":"Eesti meesmaalikunstnike \u00fchisn\u00e4itus &#8220;Meestelt naistele&#8221;"}]},{"@type":"WebSite","@id":"https:\/\/vanavorumaamuuseumid.ee\/#website","url":"https:\/\/vanavorumaamuuseumid.ee\/","name":"Vana-V\u00f5rumaa Muuseumid","description":"V\u00f5rumaa Muuseum, Dr. Fr. R. Kreutzwaldi Memoriaalmuuseum, M\u00f5niste Talurahvamuuseum ja Karilatsi Vaba\u00f5humuuseum","publisher":{"@id":"https:\/\/vanavorumaamuuseumid.ee\/#organization"},"potentialAction":[{"@type":"SearchAction","target":{"@type":"EntryPoint","urlTemplate":"https:\/\/vanavorumaamuuseumid.ee\/?s={search_term_string}"},"query-input":{"@type":"PropertyValueSpecification","valueRequired":true,"valueName":"search_term_string"}}],"inLanguage":"vo"},{"@type":"Organization","@id":"https:\/\/vanavorumaamuuseumid.ee\/#organization","name":"V\u00f5ru Instituut","url":"https:\/\/vanavorumaamuuseumid.ee\/","logo":{"@type":"ImageObject","inLanguage":"vo","@id":"https:\/\/vanavorumaamuuseumid.ee\/#\/schema\/logo\/image\/","url":"https:\/\/vanavorumaamuuseumid.ee\/wp-content\/uploads\/2025\/05\/vana-voromaa-muusoumi-250516.svg","contentUrl":"https:\/\/vanavorumaamuuseumid.ee\/wp-content\/uploads\/2025\/05\/vana-voromaa-muusoumi-250516.svg","width":567,"height":80,"caption":"V\u00f5ru Instituut"},"image":{"@id":"https:\/\/vanavorumaamuuseumid.ee\/#\/schema\/logo\/image\/"}}]}},"_links":{"self":[{"href":"https:\/\/vanavorumaamuuseumid.ee\/vo\/wp-json\/wp\/v2\/vorumaa-naitus\/3764","targetHints":{"allow":["GET"]}}],"collection":[{"href":"https:\/\/vanavorumaamuuseumid.ee\/vo\/wp-json\/wp\/v2\/vorumaa-naitus"}],"about":[{"href":"https:\/\/vanavorumaamuuseumid.ee\/vo\/wp-json\/wp\/v2\/types\/vorumaa-naitus"}],"wp:featuredmedia":[{"embeddable":true,"href":"https:\/\/vanavorumaamuuseumid.ee\/vo\/wp-json\/wp\/v2\/media\/3770"}],"wp:attachment":[{"href":"https:\/\/vanavorumaamuuseumid.ee\/vo\/wp-json\/wp\/v2\/media?parent=3764"}],"curies":[{"name":"wp","href":"https:\/\/api.w.org\/{rel}","templated":true}]}}