{"id":3771,"date":"2025-10-06T01:11:47","date_gmt":"2025-10-05T22:11:47","guid":{"rendered":"https:\/\/vanavorumaamuuseumid.ee\/?post_type=vorumaa-naitus&#038;p=3771"},"modified":"2025-10-06T01:14:47","modified_gmt":"2025-10-05T22:14:47","slug":"lati-rahvusliku-kasitoo-naitus-meie","status":"publish","type":"vorumaa-naitus","link":"https:\/\/vanavorumaamuuseumid.ee\/vo\/vorumaa-naitus\/lati-rahvusliku-kasitoo-naitus-meie\/","title":{"rendered":"L\u00e4ti rahvusliku k\u00e4sit\u00f6\u00f6 n\u00e4itus \u201eMeie\u201c"},"content":{"rendered":"<p>3. veebruaril kell 12 Vana-V\u00f5romaa kultuurikoja galeriis avatav n\u00e4itus \u201eMeie\u201c on v\u00e4ike osa 2023. aasta suvel Riias toimunud L\u00e4ti \u00fcldlaulu- ja tantsupeo ajaks loodud v\u00e4ljapanekust, mis andis \u00fclevaate L\u00e4ti k\u00e4sit\u00f6\u00f6meistrite \u2013 kudujate, keraamikute, seppade, ehtekunstnike, nahakunstnike, puidut\u00f6\u00f6tlejate ja punujate viimaste aastate loomingust. Kultuurikoja n\u00e4itusele on valitud \u00fclevaaten\u00e4ituse paremad t\u00f6\u00f6d.<\/p>\n\n\n\n<p>N\u00e4itusel \u201eMeie\u201c Riias osales ligikaudu 1300 autorit 3500 teosega, mis valiti v\u00e4lja 129 rahvakunstikollektiivi t\u00f6\u00f6de, samuti individuaalselt tegutsevate meistrite, k\u00e4sit\u00f6\u00f6liste ja disainerite loomingu hulgast. Siiski ei olnud rahvakunsti rikkuse ja mitmekesisuse n\u00e4itamine n\u00e4ituse ainus eesm\u00e4rk. V\u00e4ljapanekut t\u00e4iendasid praktiline teave ja juhised, videomaterjalid k\u00e4sit\u00f6\u00f6oskuste ja meistrite kohta. N\u00e4ituse raames toimusid ka meistriklassid.<\/p>\n\n\n\n<p>N\u00e4itus oli avatud ainult kuu aega, kuid seda j\u00f5udis k\u00fclastada 15 000 inimest. V\u00e4ljapanek kinnitas taas, et k\u00e4sit\u00f6\u00f6l on rahvuslikus identiteedis t\u00e4htis osa. Rahvakultuurip\u00e4rand ei ole pelgalt muuseumides talletatu. See on ka praegusaja meistrite katkematu loovtegevus. Nende loodud esemed leiavad koha t\u00e4nap\u00e4eva olmes ja sisustuses.<\/p>\n\n\n\n<p>N\u00e4ituse kunstiline kontseptsioon (\u201eAllikas, kool, kunstnikud, t\u00f6\u00f6\u201c) p\u00f5hineb ideel tutvustada rahvakunstimeistrite inspiratsiooniallikaid \u2013 arheoloogilist ja etnograafilist p\u00e4randit \u2013 ning mitmesuguseid k\u00e4sit\u00f6\u00f6 \u00f5ppimise v\u00f5imalusi, samuti k\u00e4sit\u00f6\u00f6\u00fchendusi ja nende liikmete loomingulist tegevust viimase viie aasta jooksul (2018\u20132023).<\/p>\n\n\n\n<p>ALLIKAS. \u00dchised traditsioonid, kombed ja oskused on aidanud meil saada rahvaks, alates eelajaloost kuni ajani, mil maailma veel ei m\u00f5jutanud globaliseerumislaine. Selge allikas, millest ammutame motivatsiooni ja inspiratsiooni t\u00e4naseni, on n\u00e4ited etnograafilisest ja arheoloogilisest p\u00e4randist L\u00e4ti muuseumide kogudes.<\/p>\n\n\n\n<p>KOOL. Kus \u00f5pitakse rahvuslikke k\u00e4sit\u00f6\u00f6traditsioone ja omandatakse k\u00e4sit\u00f6\u00f6tehnikaid? Kas rahvakunsti rakenduskoolides, k\u00e4sit\u00f6\u00f6- ja disainikoolides, p\u00f5lvest p\u00f5lve? Kust ja mida on praegused kudujad, keraamikud, sepad, ehtekunstnikud, nahakunstnikud, puidut\u00f6\u00f6tlejad, punujad ja kudujad \u00f5ppinud? Just haridus, traditsioonide edasiandmine ja traditsiooniliste k\u00e4sit\u00f6\u00f6oskuste omandamine koolis ja kodus, on sild vanast uude, antiigist t\u00e4nap\u00e4eva, on vana ja t\u00e4nap\u00e4evase kokkupuutepunkt.<\/p>\n\n\n\n<p>ESITAJAD. N\u00e4itusel on esindatud loojad, kes on meile rahvakunstitraditsioonide ja k\u00e4sit\u00f6\u00f6oskuste alleshoidmisel eeskujuks: k\u00e4sit\u00f6\u00f6stuudiod ja era\u00fchendused, rahvakunstimeistrid, k\u00e4sit\u00f6\u00f6lised ja kunstnikud-disainerid.<\/p>\n\n\n\n<p>T\u00d6\u00d6. Meie traditsioonilised k\u00e4sit\u00f6\u00f6valdkonnad ja mustrid teevad meid maailmas ainulaadseks. On muidugi k\u00e4sit\u00f6\u00f6valdkondi ja ornamente, mis ei ole tuttavad ainult L\u00e4tis, vaid ka Jaapanis, Peruus, Marokos ja Argentinas. Aga selle k\u00f5rval on ka t\u00f6id, mis on meile eriti l\u00e4hedased: neid n\u00e4hes tunneme soojust ja \u00e4ratundmisr\u00f5\u00f5mu nagu vaadates L\u00e4ti pilvi, taevast, niite, m\u00e4gesid, j\u00f5gesid, j\u00e4rvi v\u00f5i mere\u00e4\u00e4rt.<\/p>\n\n\n\n<p>N\u00e4ituse meeskond, kunstiline kontseptsioon ja teostus: M\u0101rti\u0146\u0161 Heimr\u0101ts, Baiba Vaivare, Juris Leit\u0101ns ja Dace Pud\u0101ne.<\/p>\n\n\n\n<p>N\u00e4itust korraldab Vana-V\u00f5romaa Kultuurikoda koost\u00f6\u00f6s L\u00e4ti Rahvuskultuuri Keskusega. Toetab Eesti Kultuurkapital.<\/p>\n\n\n\n<p>Meediakajastus <a href=\"https:\/\/lounapostimees.postimees.ee\/7953536\/videolugu-lati-kasitookunsti-pillerkaar-toodi-eestlastele-imestada\">L\u00f5una-Eesti Postimees<\/a>,<a href=\"https:\/\/www.err.ee\/1609242957\/vorumaal-avati-latis-ulimenukaks-osutunud-kasitoonaitus\"> ERR<\/a>.<\/p>\n\n\n\n<p>Fotod Kevin Loigu<\/p>\n\n\n\n<figure class=\"wp-block-gallery has-nested-images columns-default is-cropped wp-block-gallery-1 is-layout-flex wp-block-gallery-is-layout-flex\">\n<figure class=\"wp-block-image size-large\"><a  href=\"https:\/\/vanavorumaamuuseumid.ee\/wp-content\/uploads\/2025\/10\/DSCF8632_KevinLoigu.jpg\" data-rel=\"lightbox-gallery-0\" data-rl_title=\"\" data-rl_caption=\"\" title=\"\"><img decoding=\"async\" width=\"1024\" height=\"683\" data-id=\"3775\" src=\"https:\/\/vanavorumaamuuseumid.ee\/wp-content\/uploads\/2025\/10\/DSCF8632_KevinLoigu-1024x683.jpg\" alt=\"\" class=\"wp-image-3775\" srcset=\"https:\/\/vanavorumaamuuseumid.ee\/wp-content\/uploads\/2025\/10\/DSCF8632_KevinLoigu-980x653.jpg 980w, https:\/\/vanavorumaamuuseumid.ee\/wp-content\/uploads\/2025\/10\/DSCF8632_KevinLoigu-480x320.jpg 480w\" sizes=\"(min-width: 0px) and (max-width: 480px) 480px, (min-width: 481px) and (max-width: 980px) 980px, (min-width: 981px) 1024px, 100vw\" \/><\/a><\/figure>\n\n\n\n<figure class=\"wp-block-image size-large\"><a  href=\"https:\/\/vanavorumaamuuseumid.ee\/wp-content\/uploads\/2025\/10\/DSCF8653_KevinLoigu.jpg\" data-rel=\"lightbox-gallery-0\" data-rl_title=\"\" data-rl_caption=\"\" title=\"\"><img decoding=\"async\" width=\"1024\" height=\"683\" data-id=\"3776\" src=\"https:\/\/vanavorumaamuuseumid.ee\/wp-content\/uploads\/2025\/10\/DSCF8653_KevinLoigu-1024x683.jpg\" alt=\"\" class=\"wp-image-3776\" srcset=\"https:\/\/vanavorumaamuuseumid.ee\/wp-content\/uploads\/2025\/10\/DSCF8653_KevinLoigu-980x653.jpg 980w, https:\/\/vanavorumaamuuseumid.ee\/wp-content\/uploads\/2025\/10\/DSCF8653_KevinLoigu-480x320.jpg 480w\" sizes=\"(min-width: 0px) and (max-width: 480px) 480px, (min-width: 481px) and (max-width: 980px) 980px, (min-width: 981px) 1024px, 100vw\" \/><\/a><\/figure>\n\n\n\n<figure class=\"wp-block-image size-large\"><a  href=\"https:\/\/vanavorumaamuuseumid.ee\/wp-content\/uploads\/2025\/10\/DSCF8767_KevinLoigu.jpg\" data-rel=\"lightbox-gallery-0\" data-rl_title=\"\" data-rl_caption=\"\" title=\"\"><img decoding=\"async\" width=\"1024\" height=\"683\" data-id=\"3777\" src=\"https:\/\/vanavorumaamuuseumid.ee\/wp-content\/uploads\/2025\/10\/DSCF8767_KevinLoigu-1024x683.jpg\" alt=\"\" class=\"wp-image-3777\" srcset=\"https:\/\/vanavorumaamuuseumid.ee\/wp-content\/uploads\/2025\/10\/DSCF8767_KevinLoigu-980x653.jpg 980w, https:\/\/vanavorumaamuuseumid.ee\/wp-content\/uploads\/2025\/10\/DSCF8767_KevinLoigu-480x320.jpg 480w\" sizes=\"(min-width: 0px) and (max-width: 480px) 480px, (min-width: 481px) and (max-width: 980px) 980px, (min-width: 981px) 1024px, 100vw\" \/><\/a><\/figure>\n\n\n\n<figure class=\"wp-block-image size-large\"><a  href=\"https:\/\/vanavorumaamuuseumid.ee\/wp-content\/uploads\/2025\/10\/DSCF8788_KevinLoigu.jpg\" data-rel=\"lightbox-gallery-0\" data-rl_title=\"\" data-rl_caption=\"\" title=\"\"><img decoding=\"async\" width=\"1024\" height=\"683\" data-id=\"3778\" src=\"https:\/\/vanavorumaamuuseumid.ee\/wp-content\/uploads\/2025\/10\/DSCF8788_KevinLoigu-1024x683.jpg\" alt=\"\" class=\"wp-image-3778\" srcset=\"https:\/\/vanavorumaamuuseumid.ee\/wp-content\/uploads\/2025\/10\/DSCF8788_KevinLoigu-980x653.jpg 980w, https:\/\/vanavorumaamuuseumid.ee\/wp-content\/uploads\/2025\/10\/DSCF8788_KevinLoigu-480x320.jpg 480w\" sizes=\"(min-width: 0px) and (max-width: 480px) 480px, (min-width: 481px) and (max-width: 980px) 980px, (min-width: 981px) 1024px, 100vw\" \/><\/a><\/figure>\n\n\n\n<figure class=\"wp-block-image size-large\"><a  href=\"https:\/\/vanavorumaamuuseumid.ee\/wp-content\/uploads\/2025\/10\/DSCF8852_KevinLoigu.jpg\" data-rel=\"lightbox-gallery-0\" data-rl_title=\"\" data-rl_caption=\"\" title=\"\"><img decoding=\"async\" width=\"1024\" height=\"683\" data-id=\"3772\" src=\"https:\/\/vanavorumaamuuseumid.ee\/wp-content\/uploads\/2025\/10\/DSCF8852_KevinLoigu-1024x683.jpg\" alt=\"\" class=\"wp-image-3772\" srcset=\"https:\/\/vanavorumaamuuseumid.ee\/wp-content\/uploads\/2025\/10\/DSCF8852_KevinLoigu-980x653.jpg 980w, https:\/\/vanavorumaamuuseumid.ee\/wp-content\/uploads\/2025\/10\/DSCF8852_KevinLoigu-480x320.jpg 480w\" sizes=\"(min-width: 0px) and (max-width: 480px) 480px, (min-width: 481px) and (max-width: 980px) 980px, (min-width: 981px) 1024px, 100vw\" \/><\/a><\/figure>\n\n\n\n<figure class=\"wp-block-image size-large\"><a  href=\"https:\/\/vanavorumaamuuseumid.ee\/wp-content\/uploads\/2025\/10\/DSCF8876_KevinLoigu.jpg\" data-rel=\"lightbox-gallery-0\" data-rl_title=\"\" data-rl_caption=\"\" title=\"\"><img decoding=\"async\" width=\"1024\" height=\"683\" data-id=\"3780\" src=\"https:\/\/vanavorumaamuuseumid.ee\/wp-content\/uploads\/2025\/10\/DSCF8876_KevinLoigu-1024x683.jpg\" alt=\"\" class=\"wp-image-3780\" srcset=\"https:\/\/vanavorumaamuuseumid.ee\/wp-content\/uploads\/2025\/10\/DSCF8876_KevinLoigu-980x653.jpg 980w, https:\/\/vanavorumaamuuseumid.ee\/wp-content\/uploads\/2025\/10\/DSCF8876_KevinLoigu-480x320.jpg 480w\" sizes=\"(min-width: 0px) and (max-width: 480px) 480px, (min-width: 481px) and (max-width: 980px) 980px, (min-width: 981px) 1024px, 100vw\" \/><\/a><\/figure>\n\n\n\n<figure class=\"wp-block-image size-large\"><a  href=\"https:\/\/vanavorumaamuuseumid.ee\/wp-content\/uploads\/2025\/10\/DSCF8881_KevinLoigu.jpg\" data-rel=\"lightbox-gallery-0\" data-rl_title=\"\" data-rl_caption=\"\" title=\"\"><img decoding=\"async\" width=\"1024\" height=\"683\" data-id=\"3784\" src=\"https:\/\/vanavorumaamuuseumid.ee\/wp-content\/uploads\/2025\/10\/DSCF8881_KevinLoigu-1024x683.jpg\" alt=\"\" class=\"wp-image-3784\" srcset=\"https:\/\/vanavorumaamuuseumid.ee\/wp-content\/uploads\/2025\/10\/DSCF8881_KevinLoigu-980x653.jpg 980w, https:\/\/vanavorumaamuuseumid.ee\/wp-content\/uploads\/2025\/10\/DSCF8881_KevinLoigu-480x320.jpg 480w\" sizes=\"(min-width: 0px) and (max-width: 480px) 480px, (min-width: 481px) and (max-width: 980px) 980px, (min-width: 981px) 1024px, 100vw\" \/><\/a><\/figure>\n\n\n\n<figure class=\"wp-block-image size-large\"><a  href=\"https:\/\/vanavorumaamuuseumid.ee\/wp-content\/uploads\/2025\/10\/DSCF8890_KevinLoigu.jpg\" data-rel=\"lightbox-gallery-0\" data-rl_title=\"\" data-rl_caption=\"\" title=\"\"><img decoding=\"async\" width=\"1024\" height=\"683\" data-id=\"3773\" src=\"https:\/\/vanavorumaamuuseumid.ee\/wp-content\/uploads\/2025\/10\/DSCF8890_KevinLoigu-1024x683.jpg\" alt=\"\" class=\"wp-image-3773\" srcset=\"https:\/\/vanavorumaamuuseumid.ee\/wp-content\/uploads\/2025\/10\/DSCF8890_KevinLoigu-980x653.jpg 980w, https:\/\/vanavorumaamuuseumid.ee\/wp-content\/uploads\/2025\/10\/DSCF8890_KevinLoigu-480x320.jpg 480w\" sizes=\"(min-width: 0px) and (max-width: 480px) 480px, (min-width: 481px) and (max-width: 980px) 980px, (min-width: 981px) 1024px, 100vw\" \/><\/a><\/figure>\n\n\n\n<figure class=\"wp-block-image size-large\"><a  href=\"https:\/\/vanavorumaamuuseumid.ee\/wp-content\/uploads\/2025\/10\/DSCF8910_KevinLoigu.jpg\" data-rel=\"lightbox-gallery-0\" data-rl_title=\"\" data-rl_caption=\"\" title=\"\"><img decoding=\"async\" width=\"1024\" height=\"683\" data-id=\"3774\" src=\"https:\/\/vanavorumaamuuseumid.ee\/wp-content\/uploads\/2025\/10\/DSCF8910_KevinLoigu-1024x683.jpg\" alt=\"\" class=\"wp-image-3774\" srcset=\"https:\/\/vanavorumaamuuseumid.ee\/wp-content\/uploads\/2025\/10\/DSCF8910_KevinLoigu-980x653.jpg 980w, https:\/\/vanavorumaamuuseumid.ee\/wp-content\/uploads\/2025\/10\/DSCF8910_KevinLoigu-480x320.jpg 480w\" sizes=\"(min-width: 0px) and (max-width: 480px) 480px, (min-width: 481px) and (max-width: 980px) 980px, (min-width: 981px) 1024px, 100vw\" \/><\/a><\/figure>\n\n\n\n<figure class=\"wp-block-image size-large\"><a  href=\"https:\/\/vanavorumaamuuseumid.ee\/wp-content\/uploads\/2025\/10\/DSCF8917_KevinLoigu.jpg\" data-rel=\"lightbox-gallery-0\" data-rl_title=\"\" data-rl_caption=\"\" title=\"\"><img decoding=\"async\" width=\"1024\" height=\"683\" data-id=\"3786\" src=\"https:\/\/vanavorumaamuuseumid.ee\/wp-content\/uploads\/2025\/10\/DSCF8917_KevinLoigu-1024x683.jpg\" alt=\"\" class=\"wp-image-3786\" srcset=\"https:\/\/vanavorumaamuuseumid.ee\/wp-content\/uploads\/2025\/10\/DSCF8917_KevinLoigu-980x653.jpg 980w, https:\/\/vanavorumaamuuseumid.ee\/wp-content\/uploads\/2025\/10\/DSCF8917_KevinLoigu-480x320.jpg 480w\" sizes=\"(min-width: 0px) and (max-width: 480px) 480px, (min-width: 481px) and (max-width: 980px) 980px, (min-width: 981px) 1024px, 100vw\" \/><\/a><\/figure>\n\n\n\n<figure class=\"wp-block-image size-large\"><a  href=\"https:\/\/vanavorumaamuuseumid.ee\/wp-content\/uploads\/2025\/10\/DSCF8918_KevinLoigu.jpg\" data-rel=\"lightbox-gallery-0\" data-rl_title=\"\" data-rl_caption=\"\" title=\"\"><img decoding=\"async\" width=\"1024\" height=\"683\" data-id=\"3779\" src=\"https:\/\/vanavorumaamuuseumid.ee\/wp-content\/uploads\/2025\/10\/DSCF8918_KevinLoigu-1024x683.jpg\" alt=\"\" class=\"wp-image-3779\" srcset=\"https:\/\/vanavorumaamuuseumid.ee\/wp-content\/uploads\/2025\/10\/DSCF8918_KevinLoigu-980x653.jpg 980w, https:\/\/vanavorumaamuuseumid.ee\/wp-content\/uploads\/2025\/10\/DSCF8918_KevinLoigu-480x320.jpg 480w\" sizes=\"(min-width: 0px) and (max-width: 480px) 480px, (min-width: 481px) and (max-width: 980px) 980px, (min-width: 981px) 1024px, 100vw\" \/><\/a><\/figure>\n\n\n\n<figure class=\"wp-block-image size-large\"><a  href=\"https:\/\/vanavorumaamuuseumid.ee\/wp-content\/uploads\/2025\/10\/DSCF8919_KevinLoigu.jpg\" data-rel=\"lightbox-gallery-0\" data-rl_title=\"\" data-rl_caption=\"\" title=\"\"><img decoding=\"async\" width=\"1024\" height=\"683\" data-id=\"3782\" src=\"https:\/\/vanavorumaamuuseumid.ee\/wp-content\/uploads\/2025\/10\/DSCF8919_KevinLoigu-1024x683.jpg\" alt=\"\" class=\"wp-image-3782\" srcset=\"https:\/\/vanavorumaamuuseumid.ee\/wp-content\/uploads\/2025\/10\/DSCF8919_KevinLoigu-980x653.jpg 980w, https:\/\/vanavorumaamuuseumid.ee\/wp-content\/uploads\/2025\/10\/DSCF8919_KevinLoigu-480x320.jpg 480w\" sizes=\"(min-width: 0px) and (max-width: 480px) 480px, (min-width: 481px) and (max-width: 980px) 980px, (min-width: 981px) 1024px, 100vw\" \/><\/a><\/figure>\n\n\n\n<figure class=\"wp-block-image size-large\"><a  href=\"https:\/\/vanavorumaamuuseumid.ee\/wp-content\/uploads\/2025\/10\/DSCF8920_KevinLoigu.jpg\" data-rel=\"lightbox-gallery-0\" data-rl_title=\"\" data-rl_caption=\"\" title=\"\"><img decoding=\"async\" width=\"1024\" height=\"683\" data-id=\"3783\" src=\"https:\/\/vanavorumaamuuseumid.ee\/wp-content\/uploads\/2025\/10\/DSCF8920_KevinLoigu-1024x683.jpg\" alt=\"\" class=\"wp-image-3783\" srcset=\"https:\/\/vanavorumaamuuseumid.ee\/wp-content\/uploads\/2025\/10\/DSCF8920_KevinLoigu-980x653.jpg 980w, https:\/\/vanavorumaamuuseumid.ee\/wp-content\/uploads\/2025\/10\/DSCF8920_KevinLoigu-480x320.jpg 480w\" sizes=\"(min-width: 0px) and (max-width: 480px) 480px, (min-width: 481px) and (max-width: 980px) 980px, (min-width: 981px) 1024px, 100vw\" \/><\/a><\/figure>\n\n\n\n<figure class=\"wp-block-image size-large\"><a  href=\"https:\/\/vanavorumaamuuseumid.ee\/wp-content\/uploads\/2025\/10\/DSCF8927_KevinLoigu.jpg\" data-rel=\"lightbox-gallery-0\" data-rl_title=\"\" data-rl_caption=\"\" title=\"\"><img decoding=\"async\" width=\"1024\" height=\"683\" data-id=\"3781\" src=\"https:\/\/vanavorumaamuuseumid.ee\/wp-content\/uploads\/2025\/10\/DSCF8927_KevinLoigu-1024x683.jpg\" alt=\"\" class=\"wp-image-3781\" srcset=\"https:\/\/vanavorumaamuuseumid.ee\/wp-content\/uploads\/2025\/10\/DSCF8927_KevinLoigu-980x653.jpg 980w, https:\/\/vanavorumaamuuseumid.ee\/wp-content\/uploads\/2025\/10\/DSCF8927_KevinLoigu-480x320.jpg 480w\" sizes=\"(min-width: 0px) and (max-width: 480px) 480px, (min-width: 481px) and (max-width: 980px) 980px, (min-width: 981px) 1024px, 100vw\" \/><\/a><\/figure>\n<\/figure>","protected":false},"featured_media":3787,"template":"","class_list":["post-3771","vorumaa-naitus","type-vorumaa-naitus","status-publish","has-post-thumbnail","hentry"],"acf":[],"yoast_head":"<!-- This site is optimized with the Yoast SEO plugin v27.4 - https:\/\/yoast.com\/product\/yoast-seo-wordpress\/ -->\n<title>L\u00e4ti rahvusliku k\u00e4sit\u00f6\u00f6 n\u00e4itus \u201eMeie\u201c - Vana-V\u00f5rumaa muuseumid<\/title>\n<meta name=\"robots\" content=\"index, follow, max-snippet:-1, max-image-preview:large, max-video-preview:-1\" \/>\n<link rel=\"canonical\" href=\"https:\/\/vanavorumaamuuseumid.ee\/vo\/vorumaa-naitus\/lati-rahvusliku-kasitoo-naitus-meie\/\" \/>\n<meta property=\"og:locale\" content=\"en_US\" \/>\n<meta property=\"og:type\" content=\"article\" \/>\n<meta property=\"og:title\" content=\"L\u00e4ti rahvusliku k\u00e4sit\u00f6\u00f6 n\u00e4itus \u201eMeie\u201c - Vana-V\u00f5rumaa muuseumid\" \/>\n<meta property=\"og:description\" content=\"3. veebruaril kell 12 Vana-V\u00f5romaa kultuurikoja galeriis avatav n\u00e4itus \u201eMeie\u201c on v\u00e4ike [&hellip;]\" \/>\n<meta property=\"og:url\" content=\"https:\/\/vanavorumaamuuseumid.ee\/vo\/vorumaa-naitus\/lati-rahvusliku-kasitoo-naitus-meie\/\" \/>\n<meta property=\"og:site_name\" content=\"Vana-V\u00f5rumaa muuseumid\" \/>\n<meta property=\"article:modified_time\" content=\"2025-10-05T22:14:47+00:00\" \/>\n<meta property=\"og:image\" content=\"https:\/\/vanavorumaamuuseumid.ee\/wp-content\/uploads\/2025\/10\/fb-1.jpg\" \/>\n\t<meta property=\"og:image:width\" content=\"1582\" \/>\n\t<meta property=\"og:image:height\" content=\"1037\" \/>\n\t<meta property=\"og:image:type\" content=\"image\/jpeg\" \/>\n<meta name=\"twitter:card\" content=\"summary_large_image\" \/>\n<meta name=\"twitter:label1\" content=\"Est. reading time\" \/>\n\t<meta name=\"twitter:data1\" content=\"2 minutes\" \/>\n<script type=\"application\/ld+json\" class=\"yoast-schema-graph\">{\"@context\":\"https:\\\/\\\/schema.org\",\"@graph\":[{\"@type\":\"WebPage\",\"@id\":\"https:\\\/\\\/vanavorumaamuuseumid.ee\\\/vorumaa-naitus\\\/lati-rahvusliku-kasitoo-naitus-meie\\\/\",\"url\":\"https:\\\/\\\/vanavorumaamuuseumid.ee\\\/vorumaa-naitus\\\/lati-rahvusliku-kasitoo-naitus-meie\\\/\",\"name\":\"L\u00e4ti rahvusliku k\u00e4sit\u00f6\u00f6 n\u00e4itus \u201eMeie\u201c - Vana-V\u00f5rumaa muuseumid\",\"isPartOf\":{\"@id\":\"https:\\\/\\\/vanavorumaamuuseumid.ee\\\/#website\"},\"primaryImageOfPage\":{\"@id\":\"https:\\\/\\\/vanavorumaamuuseumid.ee\\\/vorumaa-naitus\\\/lati-rahvusliku-kasitoo-naitus-meie\\\/#primaryimage\"},\"image\":{\"@id\":\"https:\\\/\\\/vanavorumaamuuseumid.ee\\\/vorumaa-naitus\\\/lati-rahvusliku-kasitoo-naitus-meie\\\/#primaryimage\"},\"thumbnailUrl\":\"https:\\\/\\\/vanavorumaamuuseumid.ee\\\/wp-content\\\/uploads\\\/2025\\\/10\\\/fb-1.jpg\",\"datePublished\":\"2025-10-05T22:11:47+00:00\",\"dateModified\":\"2025-10-05T22:14:47+00:00\",\"breadcrumb\":{\"@id\":\"https:\\\/\\\/vanavorumaamuuseumid.ee\\\/vorumaa-naitus\\\/lati-rahvusliku-kasitoo-naitus-meie\\\/#breadcrumb\"},\"inLanguage\":\"vo\",\"potentialAction\":[{\"@type\":\"ReadAction\",\"target\":[\"https:\\\/\\\/vanavorumaamuuseumid.ee\\\/vorumaa-naitus\\\/lati-rahvusliku-kasitoo-naitus-meie\\\/\"]}]},{\"@type\":\"ImageObject\",\"inLanguage\":\"vo\",\"@id\":\"https:\\\/\\\/vanavorumaamuuseumid.ee\\\/vorumaa-naitus\\\/lati-rahvusliku-kasitoo-naitus-meie\\\/#primaryimage\",\"url\":\"https:\\\/\\\/vanavorumaamuuseumid.ee\\\/wp-content\\\/uploads\\\/2025\\\/10\\\/fb-1.jpg\",\"contentUrl\":\"https:\\\/\\\/vanavorumaamuuseumid.ee\\\/wp-content\\\/uploads\\\/2025\\\/10\\\/fb-1.jpg\",\"width\":1582,\"height\":1037},{\"@type\":\"BreadcrumbList\",\"@id\":\"https:\\\/\\\/vanavorumaamuuseumid.ee\\\/vorumaa-naitus\\\/lati-rahvusliku-kasitoo-naitus-meie\\\/#breadcrumb\",\"itemListElement\":[{\"@type\":\"ListItem\",\"position\":1,\"name\":\"Home\",\"item\":\"https:\\\/\\\/vanavorumaamuuseumid.ee\\\/\"},{\"@type\":\"ListItem\",\"position\":2,\"name\":\"L\u00e4ti rahvusliku k\u00e4sit\u00f6\u00f6 n\u00e4itus \u201eMeie\u201c\"}]},{\"@type\":\"WebSite\",\"@id\":\"https:\\\/\\\/vanavorumaamuuseumid.ee\\\/#website\",\"url\":\"https:\\\/\\\/vanavorumaamuuseumid.ee\\\/\",\"name\":\"Vana-V\u00f5rumaa Muuseumid\",\"description\":\"V\u00f5rumaa Muuseum, Dr. Fr. R. Kreutzwaldi Memoriaalmuuseum, M\u00f5niste Talurahvamuuseum ja Karilatsi Vaba\u00f5humuuseum\",\"publisher\":{\"@id\":\"https:\\\/\\\/vanavorumaamuuseumid.ee\\\/#organization\"},\"potentialAction\":[{\"@type\":\"SearchAction\",\"target\":{\"@type\":\"EntryPoint\",\"urlTemplate\":\"https:\\\/\\\/vanavorumaamuuseumid.ee\\\/?s={search_term_string}\"},\"query-input\":{\"@type\":\"PropertyValueSpecification\",\"valueRequired\":true,\"valueName\":\"search_term_string\"}}],\"inLanguage\":\"vo\"},{\"@type\":\"Organization\",\"@id\":\"https:\\\/\\\/vanavorumaamuuseumid.ee\\\/#organization\",\"name\":\"V\u00f5ru Instituut\",\"url\":\"https:\\\/\\\/vanavorumaamuuseumid.ee\\\/\",\"logo\":{\"@type\":\"ImageObject\",\"inLanguage\":\"vo\",\"@id\":\"https:\\\/\\\/vanavorumaamuuseumid.ee\\\/#\\\/schema\\\/logo\\\/image\\\/\",\"url\":\"https:\\\/\\\/vanavorumaamuuseumid.ee\\\/wp-content\\\/uploads\\\/2025\\\/05\\\/vana-voromaa-muusoumi-250516.svg\",\"contentUrl\":\"https:\\\/\\\/vanavorumaamuuseumid.ee\\\/wp-content\\\/uploads\\\/2025\\\/05\\\/vana-voromaa-muusoumi-250516.svg\",\"width\":567,\"height\":80,\"caption\":\"V\u00f5ru Instituut\"},\"image\":{\"@id\":\"https:\\\/\\\/vanavorumaamuuseumid.ee\\\/#\\\/schema\\\/logo\\\/image\\\/\"}}]}<\/script>\n<!-- \/ Yoast SEO plugin. -->","yoast_head_json":{"title":"L\u00e4ti rahvusliku k\u00e4sit\u00f6\u00f6 n\u00e4itus \u201eMeie\u201c - Vana-V\u00f5rumaa muuseumid","robots":{"index":"index","follow":"follow","max-snippet":"max-snippet:-1","max-image-preview":"max-image-preview:large","max-video-preview":"max-video-preview:-1"},"canonical":"https:\/\/vanavorumaamuuseumid.ee\/vo\/vorumaa-naitus\/lati-rahvusliku-kasitoo-naitus-meie\/","og_locale":"en_US","og_type":"article","og_title":"L\u00e4ti rahvusliku k\u00e4sit\u00f6\u00f6 n\u00e4itus \u201eMeie\u201c - Vana-V\u00f5rumaa muuseumid","og_description":"3. veebruaril kell 12 Vana-V\u00f5romaa kultuurikoja galeriis avatav n\u00e4itus \u201eMeie\u201c on v\u00e4ike [&hellip;]","og_url":"https:\/\/vanavorumaamuuseumid.ee\/vo\/vorumaa-naitus\/lati-rahvusliku-kasitoo-naitus-meie\/","og_site_name":"Vana-V\u00f5rumaa muuseumid","article_modified_time":"2025-10-05T22:14:47+00:00","og_image":[{"width":1582,"height":1037,"url":"https:\/\/vanavorumaamuuseumid.ee\/wp-content\/uploads\/2025\/10\/fb-1.jpg","type":"image\/jpeg"}],"twitter_card":"summary_large_image","twitter_misc":{"Est. reading time":"2 minutes"},"schema":{"@context":"https:\/\/schema.org","@graph":[{"@type":"WebPage","@id":"https:\/\/vanavorumaamuuseumid.ee\/vorumaa-naitus\/lati-rahvusliku-kasitoo-naitus-meie\/","url":"https:\/\/vanavorumaamuuseumid.ee\/vorumaa-naitus\/lati-rahvusliku-kasitoo-naitus-meie\/","name":"L\u00e4ti rahvusliku k\u00e4sit\u00f6\u00f6 n\u00e4itus \u201eMeie\u201c - Vana-V\u00f5rumaa muuseumid","isPartOf":{"@id":"https:\/\/vanavorumaamuuseumid.ee\/#website"},"primaryImageOfPage":{"@id":"https:\/\/vanavorumaamuuseumid.ee\/vorumaa-naitus\/lati-rahvusliku-kasitoo-naitus-meie\/#primaryimage"},"image":{"@id":"https:\/\/vanavorumaamuuseumid.ee\/vorumaa-naitus\/lati-rahvusliku-kasitoo-naitus-meie\/#primaryimage"},"thumbnailUrl":"https:\/\/vanavorumaamuuseumid.ee\/wp-content\/uploads\/2025\/10\/fb-1.jpg","datePublished":"2025-10-05T22:11:47+00:00","dateModified":"2025-10-05T22:14:47+00:00","breadcrumb":{"@id":"https:\/\/vanavorumaamuuseumid.ee\/vorumaa-naitus\/lati-rahvusliku-kasitoo-naitus-meie\/#breadcrumb"},"inLanguage":"vo","potentialAction":[{"@type":"ReadAction","target":["https:\/\/vanavorumaamuuseumid.ee\/vorumaa-naitus\/lati-rahvusliku-kasitoo-naitus-meie\/"]}]},{"@type":"ImageObject","inLanguage":"vo","@id":"https:\/\/vanavorumaamuuseumid.ee\/vorumaa-naitus\/lati-rahvusliku-kasitoo-naitus-meie\/#primaryimage","url":"https:\/\/vanavorumaamuuseumid.ee\/wp-content\/uploads\/2025\/10\/fb-1.jpg","contentUrl":"https:\/\/vanavorumaamuuseumid.ee\/wp-content\/uploads\/2025\/10\/fb-1.jpg","width":1582,"height":1037},{"@type":"BreadcrumbList","@id":"https:\/\/vanavorumaamuuseumid.ee\/vorumaa-naitus\/lati-rahvusliku-kasitoo-naitus-meie\/#breadcrumb","itemListElement":[{"@type":"ListItem","position":1,"name":"Home","item":"https:\/\/vanavorumaamuuseumid.ee\/"},{"@type":"ListItem","position":2,"name":"L\u00e4ti rahvusliku k\u00e4sit\u00f6\u00f6 n\u00e4itus \u201eMeie\u201c"}]},{"@type":"WebSite","@id":"https:\/\/vanavorumaamuuseumid.ee\/#website","url":"https:\/\/vanavorumaamuuseumid.ee\/","name":"Vana-V\u00f5rumaa Muuseumid","description":"V\u00f5rumaa Muuseum, Dr. Fr. R. Kreutzwaldi Memoriaalmuuseum, M\u00f5niste Talurahvamuuseum ja Karilatsi Vaba\u00f5humuuseum","publisher":{"@id":"https:\/\/vanavorumaamuuseumid.ee\/#organization"},"potentialAction":[{"@type":"SearchAction","target":{"@type":"EntryPoint","urlTemplate":"https:\/\/vanavorumaamuuseumid.ee\/?s={search_term_string}"},"query-input":{"@type":"PropertyValueSpecification","valueRequired":true,"valueName":"search_term_string"}}],"inLanguage":"vo"},{"@type":"Organization","@id":"https:\/\/vanavorumaamuuseumid.ee\/#organization","name":"V\u00f5ru Instituut","url":"https:\/\/vanavorumaamuuseumid.ee\/","logo":{"@type":"ImageObject","inLanguage":"vo","@id":"https:\/\/vanavorumaamuuseumid.ee\/#\/schema\/logo\/image\/","url":"https:\/\/vanavorumaamuuseumid.ee\/wp-content\/uploads\/2025\/05\/vana-voromaa-muusoumi-250516.svg","contentUrl":"https:\/\/vanavorumaamuuseumid.ee\/wp-content\/uploads\/2025\/05\/vana-voromaa-muusoumi-250516.svg","width":567,"height":80,"caption":"V\u00f5ru Instituut"},"image":{"@id":"https:\/\/vanavorumaamuuseumid.ee\/#\/schema\/logo\/image\/"}}]}},"_links":{"self":[{"href":"https:\/\/vanavorumaamuuseumid.ee\/vo\/wp-json\/wp\/v2\/vorumaa-naitus\/3771","targetHints":{"allow":["GET"]}}],"collection":[{"href":"https:\/\/vanavorumaamuuseumid.ee\/vo\/wp-json\/wp\/v2\/vorumaa-naitus"}],"about":[{"href":"https:\/\/vanavorumaamuuseumid.ee\/vo\/wp-json\/wp\/v2\/types\/vorumaa-naitus"}],"wp:featuredmedia":[{"embeddable":true,"href":"https:\/\/vanavorumaamuuseumid.ee\/vo\/wp-json\/wp\/v2\/media\/3787"}],"wp:attachment":[{"href":"https:\/\/vanavorumaamuuseumid.ee\/vo\/wp-json\/wp\/v2\/media?parent=3771"}],"curies":[{"name":"wp","href":"https:\/\/api.w.org\/{rel}","templated":true}]}}