{"id":3788,"date":"2025-10-06T01:19:58","date_gmt":"2025-10-05T22:19:58","guid":{"rendered":"https:\/\/vanavorumaamuuseumid.ee\/?post_type=vorumaa-naitus&#038;p=3788"},"modified":"2025-10-06T01:23:03","modified_gmt":"2025-10-05T22:23:03","slug":"eesti-noorte-kaasaegse-kunsti-liit-ulevaatenaitus-suvenaitus","status":"publish","type":"vorumaa-naitus","link":"https:\/\/vanavorumaamuuseumid.ee\/vo\/vorumaa-naitus\/eesti-noorte-kaasaegse-kunsti-liit-ulevaatenaitus-suvenaitus\/","title":{"rendered":"Eesti Noorte Kaasaegse Kunsti Liit \u00fclevaaten\u00e4itus \u201cSuven\u00e4itus\u201d"},"content":{"rendered":"<p><a href=\"https:\/\/www.enkkl.ee\/\">Eesti Noorte Kaasaegse Kunsti Liidu <\/a>(ENKKL) \u00fclevaaten\u00e4itus \u201eSuven\u00e4itus\u201c on inspireeritud menukast iga-aastasest \u201eKevadn\u00e4itusest\u201c. N\u00e4ituse eesm\u00e4rk on tuua galeriiruumi rohkem uusi m\u00f5tteid ja noori nii k\u00fclastajate kui kunstnikena ning vahendada v\u00e4rsket eesti loomingut. \u00dclevaaten\u00e4itus tutvustab eriilmelist loomingut alustavatelt eesti kunstnikelt neid temaatiliselt sidumata, j\u00e4ttes kunstnikele v\u00f5imaluse luua ning esitleda seda, mis hetkel k\u00f5netab ning k\u00f6idab. Suven\u00e4itusel on eksponeeritud paremik Eesti Noorte Kaasaegse Kunsti Liidu liikmete 2023. aastal valminud teostest.\u00a0<\/p>\n\n\n\n<p>Osalevad kunstnikud:&nbsp;<\/p>\n\n\n\n<p>Karola Ainsar, Karl Joonas Alamaa, K\u00e4rt Heinvere, Irma Holm, Erik H\u00f5im, Liisa-Lota J\u00f5eleht, Saara Liis J\u00f5erand, Loora Kaubi, Joosep Kivim\u00e4e, Kertu Klementi, Ats Kruusing, Lisette Lepik, Sidney Lepp, Daria Morozova, Katariin Mudist, Reigo Nahksepp, Eke Ao Nettan, Anna Ovt\u0161innikova, Kertu Rannula, Mia Maria Rohumaa, Laura Ruuder, Raahel R\u00fc\u00fctel, Lisette Sivard, Sonja Sutt, Rebeca \u017dukovit\u0161, Elo Vahtrik, Mattias Veller, Nelli Viisimaa, Elisa Margot Winters.<\/p>\n\n\n\n<p>Graafiline disainer: Nelli Viisimaa<\/p>\n\n\n\n<p>Galerist: Jana Huul<\/p>\n\n\n\n<p>Toetajad: EKA \u00dcli\u00f5pilasesindus, P\u00f5hjala, Punch, S\u00e4si Kombucha, Eesti Kultuurkapital<\/p>\n\n\n\n<p>Eriline t\u00e4nu: Mari \u0160kerin<\/p>\n\n\n\n<p>Eesti Noorte Kaasaegse Kunsti Liit (ENKKL) loodi 2022. aasta kevadel, ajendatuna soovist pakkuda tunnustust ja platvormi v\u00e4rske l\u00e4henemisega, kuid v\u00e4hese tunnustuse osaks langenud noortele kunstnikele. Liit tunnustab igal n\u00e4dalal m\u00f5nd kunstimaastikul aktiivset loomeinimest ENKKLi N\u00e4dalapreemiaga, mille on t\u00e4naseks p\u00e4lvinud \u00fcle 40 noort looja. Alatest 2023. aasta maikuust saab laureaat lisaks diplomile ka KKEKi ajakirja \u201cA Shade Colder\u201d eksemplari.&nbsp;<\/p>\n\n\n\n<p>2023. aasta m\u00e4rtsis korraldas Liit oma esimese kunstiteemalise konverentsi \u201cKonverents\u201d, sama aasta augustis toimus Kunstihoone galeriis Liidu esimene \u00fclevaaten\u00e4itus \u201cSuven\u00e4itus\u201d.<\/p>\n\n\n\n<p>Hetkel kuulub Eesti Noorte Kaasaegse Kunsti Liitu 34 liiget.<\/p>\n\n\n\n<p><\/p>\n\n\n\n<p>Fotod Kevin Loigu<\/p>\n\n\n\n<figure class=\"wp-block-gallery has-nested-images columns-default is-cropped wp-block-gallery-1 is-layout-flex wp-block-gallery-is-layout-flex\">\n<figure class=\"wp-block-image size-large\"><a  href=\"https:\/\/vanavorumaamuuseumid.ee\/wp-content\/uploads\/2025\/10\/Suvenaitus2023_VVKK_KevinLoigu-1.jpg\" data-rel=\"lightbox-gallery-0\" data-rl_title=\"\" data-rl_caption=\"\" title=\"\"><img decoding=\"async\" width=\"1024\" height=\"683\" data-id=\"3789\" src=\"https:\/\/vanavorumaamuuseumid.ee\/wp-content\/uploads\/2025\/10\/Suvenaitus2023_VVKK_KevinLoigu-1-1024x683.jpg\" alt=\"\" class=\"wp-image-3789\" srcset=\"https:\/\/vanavorumaamuuseumid.ee\/wp-content\/uploads\/2025\/10\/Suvenaitus2023_VVKK_KevinLoigu-1-980x653.jpg 980w, https:\/\/vanavorumaamuuseumid.ee\/wp-content\/uploads\/2025\/10\/Suvenaitus2023_VVKK_KevinLoigu-1-480x320.jpg 480w\" sizes=\"(min-width: 0px) and (max-width: 480px) 480px, (min-width: 481px) and (max-width: 980px) 980px, (min-width: 981px) 1024px, 100vw\" \/><\/a><\/figure>\n\n\n\n<figure class=\"wp-block-image size-large\"><a  href=\"https:\/\/vanavorumaamuuseumid.ee\/wp-content\/uploads\/2025\/10\/Suvenaitus2023_VVKK_KevinLoigu-21.jpg\" data-rel=\"lightbox-gallery-0\" data-rl_title=\"\" data-rl_caption=\"\" title=\"\"><img decoding=\"async\" width=\"1024\" height=\"683\" data-id=\"3792\" src=\"https:\/\/vanavorumaamuuseumid.ee\/wp-content\/uploads\/2025\/10\/Suvenaitus2023_VVKK_KevinLoigu-21-1024x683.jpg\" alt=\"\" class=\"wp-image-3792\" srcset=\"https:\/\/vanavorumaamuuseumid.ee\/wp-content\/uploads\/2025\/10\/Suvenaitus2023_VVKK_KevinLoigu-21-980x653.jpg 980w, https:\/\/vanavorumaamuuseumid.ee\/wp-content\/uploads\/2025\/10\/Suvenaitus2023_VVKK_KevinLoigu-21-480x320.jpg 480w\" sizes=\"(min-width: 0px) and (max-width: 480px) 480px, (min-width: 481px) and (max-width: 980px) 980px, (min-width: 981px) 1024px, 100vw\" \/><\/a><\/figure>\n\n\n\n<figure class=\"wp-block-image size-large\"><a  href=\"https:\/\/vanavorumaamuuseumid.ee\/wp-content\/uploads\/2025\/10\/Suvenaitus2023_VVKK_KevinLoigu-22-1.jpg\" data-rel=\"lightbox-gallery-0\" data-rl_title=\"\" data-rl_caption=\"\" title=\"\"><img decoding=\"async\" width=\"1024\" height=\"683\" data-id=\"3796\" src=\"https:\/\/vanavorumaamuuseumid.ee\/wp-content\/uploads\/2025\/10\/Suvenaitus2023_VVKK_KevinLoigu-22-1-1024x683.jpg\" alt=\"\" class=\"wp-image-3796\" srcset=\"https:\/\/vanavorumaamuuseumid.ee\/wp-content\/uploads\/2025\/10\/Suvenaitus2023_VVKK_KevinLoigu-22-1-980x653.jpg 980w, https:\/\/vanavorumaamuuseumid.ee\/wp-content\/uploads\/2025\/10\/Suvenaitus2023_VVKK_KevinLoigu-22-1-480x320.jpg 480w\" sizes=\"(min-width: 0px) and (max-width: 480px) 480px, (min-width: 481px) and (max-width: 980px) 980px, (min-width: 981px) 1024px, 100vw\" \/><\/a><\/figure>\n\n\n\n<figure class=\"wp-block-image size-large\"><a  href=\"https:\/\/vanavorumaamuuseumid.ee\/wp-content\/uploads\/2025\/10\/Suvenaitus2023_VVKK_KevinLoigu-28.jpg\" data-rel=\"lightbox-gallery-0\" data-rl_title=\"\" data-rl_caption=\"\" title=\"\"><img decoding=\"async\" width=\"683\" height=\"1024\" data-id=\"3795\" src=\"https:\/\/vanavorumaamuuseumid.ee\/wp-content\/uploads\/2025\/10\/Suvenaitus2023_VVKK_KevinLoigu-28-683x1024.jpg\" alt=\"\" class=\"wp-image-3795\"\/><\/a><\/figure>\n\n\n\n<figure class=\"wp-block-image size-large\"><a  href=\"https:\/\/vanavorumaamuuseumid.ee\/wp-content\/uploads\/2025\/10\/Suvenaitus2023_VVKK_KevinLoigu-07.jpg\" data-rel=\"lightbox-gallery-0\" data-rl_title=\"\" data-rl_caption=\"\" title=\"\"><img decoding=\"async\" width=\"683\" height=\"1024\" data-id=\"3794\" src=\"https:\/\/vanavorumaamuuseumid.ee\/wp-content\/uploads\/2025\/10\/Suvenaitus2023_VVKK_KevinLoigu-07-683x1024.jpg\" alt=\"\" class=\"wp-image-3794\"\/><\/a><\/figure>\n\n\n\n<figure class=\"wp-block-image size-large\"><a  href=\"https:\/\/vanavorumaamuuseumid.ee\/wp-content\/uploads\/2025\/10\/Suvenaitus2023_VVKK_KevinLoigu-09.jpg\" data-rel=\"lightbox-gallery-0\" data-rl_title=\"\" data-rl_caption=\"\" title=\"\"><img decoding=\"async\" width=\"683\" height=\"1024\" data-id=\"3790\" src=\"https:\/\/vanavorumaamuuseumid.ee\/wp-content\/uploads\/2025\/10\/Suvenaitus2023_VVKK_KevinLoigu-09-683x1024.jpg\" alt=\"\" class=\"wp-image-3790\"\/><\/a><\/figure>\n\n\n\n<figure class=\"wp-block-image size-large\"><a  href=\"https:\/\/vanavorumaamuuseumid.ee\/wp-content\/uploads\/2025\/10\/Suvenaitus2023_VVKK_KevinLoigu-15.jpg\" data-rel=\"lightbox-gallery-0\" data-rl_title=\"\" data-rl_caption=\"\" title=\"\"><img decoding=\"async\" width=\"683\" height=\"1024\" data-id=\"3791\" src=\"https:\/\/vanavorumaamuuseumid.ee\/wp-content\/uploads\/2025\/10\/Suvenaitus2023_VVKK_KevinLoigu-15-683x1024.jpg\" alt=\"\" class=\"wp-image-3791\"\/><\/a><\/figure>\n\n\n\n<figure class=\"wp-block-image size-large\"><a  href=\"https:\/\/vanavorumaamuuseumid.ee\/wp-content\/uploads\/2025\/10\/Suvenaitus2023_VVKK_KevinLoigu-22.jpg\" data-rel=\"lightbox-gallery-0\" data-rl_title=\"\" data-rl_caption=\"\" title=\"\"><img decoding=\"async\" width=\"683\" height=\"1024\" data-id=\"3793\" src=\"https:\/\/vanavorumaamuuseumid.ee\/wp-content\/uploads\/2025\/10\/Suvenaitus2023_VVKK_KevinLoigu-22-683x1024.jpg\" alt=\"\" class=\"wp-image-3793\"\/><\/a><\/figure>\n<\/figure>","protected":false},"featured_media":3797,"template":"","class_list":["post-3788","vorumaa-naitus","type-vorumaa-naitus","status-publish","has-post-thumbnail","hentry"],"acf":[],"yoast_head":"<!-- This site is optimized with the Yoast SEO plugin v27.4 - https:\/\/yoast.com\/product\/yoast-seo-wordpress\/ -->\n<title>Eesti Noorte Kaasaegse Kunsti Liit \u00fclevaaten\u00e4itus \u201cSuven\u00e4itus\u201d - Vana-V\u00f5rumaa muuseumid<\/title>\n<meta name=\"robots\" content=\"index, follow, max-snippet:-1, max-image-preview:large, max-video-preview:-1\" \/>\n<link rel=\"canonical\" href=\"https:\/\/vanavorumaamuuseumid.ee\/vo\/vorumaa-naitus\/eesti-noorte-kaasaegse-kunsti-liit-ulevaatenaitus-suvenaitus\/\" \/>\n<meta property=\"og:locale\" content=\"en_US\" \/>\n<meta property=\"og:type\" content=\"article\" \/>\n<meta property=\"og:title\" content=\"Eesti Noorte Kaasaegse Kunsti Liit \u00fclevaaten\u00e4itus \u201cSuven\u00e4itus\u201d - Vana-V\u00f5rumaa muuseumid\" \/>\n<meta property=\"og:description\" content=\"Eesti Noorte Kaasaegse Kunsti Liidu (ENKKL) \u00fclevaaten\u00e4itus \u201eSuven\u00e4itus\u201c on inspireeritud menukast iga-aastasest [&hellip;]\" \/>\n<meta property=\"og:url\" content=\"https:\/\/vanavorumaamuuseumid.ee\/vo\/vorumaa-naitus\/eesti-noorte-kaasaegse-kunsti-liit-ulevaatenaitus-suvenaitus\/\" \/>\n<meta property=\"og:site_name\" content=\"Vana-V\u00f5rumaa muuseumid\" \/>\n<meta property=\"article:modified_time\" content=\"2025-10-05T22:23:03+00:00\" \/>\n<meta property=\"og:image\" content=\"https:\/\/vanavorumaamuuseumid.ee\/wp-content\/uploads\/2025\/10\/avamine2.vaike_.jpg\" \/>\n\t<meta property=\"og:image:width\" content=\"1000\" \/>\n\t<meta property=\"og:image:height\" content=\"563\" \/>\n\t<meta property=\"og:image:type\" content=\"image\/jpeg\" \/>\n<meta name=\"twitter:card\" content=\"summary_large_image\" \/>\n<meta name=\"twitter:label1\" content=\"Est. reading time\" \/>\n\t<meta name=\"twitter:data1\" content=\"1 minute\" \/>\n<script type=\"application\/ld+json\" class=\"yoast-schema-graph\">{\"@context\":\"https:\\\/\\\/schema.org\",\"@graph\":[{\"@type\":\"WebPage\",\"@id\":\"https:\\\/\\\/vanavorumaamuuseumid.ee\\\/vorumaa-naitus\\\/eesti-noorte-kaasaegse-kunsti-liit-ulevaatenaitus-suvenaitus\\\/\",\"url\":\"https:\\\/\\\/vanavorumaamuuseumid.ee\\\/vorumaa-naitus\\\/eesti-noorte-kaasaegse-kunsti-liit-ulevaatenaitus-suvenaitus\\\/\",\"name\":\"Eesti Noorte Kaasaegse Kunsti Liit \u00fclevaaten\u00e4itus \u201cSuven\u00e4itus\u201d - Vana-V\u00f5rumaa muuseumid\",\"isPartOf\":{\"@id\":\"https:\\\/\\\/vanavorumaamuuseumid.ee\\\/#website\"},\"primaryImageOfPage\":{\"@id\":\"https:\\\/\\\/vanavorumaamuuseumid.ee\\\/vorumaa-naitus\\\/eesti-noorte-kaasaegse-kunsti-liit-ulevaatenaitus-suvenaitus\\\/#primaryimage\"},\"image\":{\"@id\":\"https:\\\/\\\/vanavorumaamuuseumid.ee\\\/vorumaa-naitus\\\/eesti-noorte-kaasaegse-kunsti-liit-ulevaatenaitus-suvenaitus\\\/#primaryimage\"},\"thumbnailUrl\":\"https:\\\/\\\/vanavorumaamuuseumid.ee\\\/wp-content\\\/uploads\\\/2025\\\/10\\\/avamine2.vaike_.jpg\",\"datePublished\":\"2025-10-05T22:19:58+00:00\",\"dateModified\":\"2025-10-05T22:23:03+00:00\",\"breadcrumb\":{\"@id\":\"https:\\\/\\\/vanavorumaamuuseumid.ee\\\/vorumaa-naitus\\\/eesti-noorte-kaasaegse-kunsti-liit-ulevaatenaitus-suvenaitus\\\/#breadcrumb\"},\"inLanguage\":\"vo\",\"potentialAction\":[{\"@type\":\"ReadAction\",\"target\":[\"https:\\\/\\\/vanavorumaamuuseumid.ee\\\/vorumaa-naitus\\\/eesti-noorte-kaasaegse-kunsti-liit-ulevaatenaitus-suvenaitus\\\/\"]}]},{\"@type\":\"ImageObject\",\"inLanguage\":\"vo\",\"@id\":\"https:\\\/\\\/vanavorumaamuuseumid.ee\\\/vorumaa-naitus\\\/eesti-noorte-kaasaegse-kunsti-liit-ulevaatenaitus-suvenaitus\\\/#primaryimage\",\"url\":\"https:\\\/\\\/vanavorumaamuuseumid.ee\\\/wp-content\\\/uploads\\\/2025\\\/10\\\/avamine2.vaike_.jpg\",\"contentUrl\":\"https:\\\/\\\/vanavorumaamuuseumid.ee\\\/wp-content\\\/uploads\\\/2025\\\/10\\\/avamine2.vaike_.jpg\",\"width\":1000,\"height\":563},{\"@type\":\"BreadcrumbList\",\"@id\":\"https:\\\/\\\/vanavorumaamuuseumid.ee\\\/vorumaa-naitus\\\/eesti-noorte-kaasaegse-kunsti-liit-ulevaatenaitus-suvenaitus\\\/#breadcrumb\",\"itemListElement\":[{\"@type\":\"ListItem\",\"position\":1,\"name\":\"Home\",\"item\":\"https:\\\/\\\/vanavorumaamuuseumid.ee\\\/\"},{\"@type\":\"ListItem\",\"position\":2,\"name\":\"Eesti Noorte Kaasaegse Kunsti Liit \u00fclevaaten\u00e4itus \u201cSuven\u00e4itus\u201d\"}]},{\"@type\":\"WebSite\",\"@id\":\"https:\\\/\\\/vanavorumaamuuseumid.ee\\\/#website\",\"url\":\"https:\\\/\\\/vanavorumaamuuseumid.ee\\\/\",\"name\":\"Vana-V\u00f5rumaa Muuseumid\",\"description\":\"V\u00f5rumaa Muuseum, Dr. Fr. R. Kreutzwaldi Memoriaalmuuseum, M\u00f5niste Talurahvamuuseum ja Karilatsi Vaba\u00f5humuuseum\",\"publisher\":{\"@id\":\"https:\\\/\\\/vanavorumaamuuseumid.ee\\\/#organization\"},\"potentialAction\":[{\"@type\":\"SearchAction\",\"target\":{\"@type\":\"EntryPoint\",\"urlTemplate\":\"https:\\\/\\\/vanavorumaamuuseumid.ee\\\/?s={search_term_string}\"},\"query-input\":{\"@type\":\"PropertyValueSpecification\",\"valueRequired\":true,\"valueName\":\"search_term_string\"}}],\"inLanguage\":\"vo\"},{\"@type\":\"Organization\",\"@id\":\"https:\\\/\\\/vanavorumaamuuseumid.ee\\\/#organization\",\"name\":\"V\u00f5ru Instituut\",\"url\":\"https:\\\/\\\/vanavorumaamuuseumid.ee\\\/\",\"logo\":{\"@type\":\"ImageObject\",\"inLanguage\":\"vo\",\"@id\":\"https:\\\/\\\/vanavorumaamuuseumid.ee\\\/#\\\/schema\\\/logo\\\/image\\\/\",\"url\":\"https:\\\/\\\/vanavorumaamuuseumid.ee\\\/wp-content\\\/uploads\\\/2025\\\/05\\\/vana-voromaa-muusoumi-250516.svg\",\"contentUrl\":\"https:\\\/\\\/vanavorumaamuuseumid.ee\\\/wp-content\\\/uploads\\\/2025\\\/05\\\/vana-voromaa-muusoumi-250516.svg\",\"width\":567,\"height\":80,\"caption\":\"V\u00f5ru Instituut\"},\"image\":{\"@id\":\"https:\\\/\\\/vanavorumaamuuseumid.ee\\\/#\\\/schema\\\/logo\\\/image\\\/\"}}]}<\/script>\n<!-- \/ Yoast SEO plugin. -->","yoast_head_json":{"title":"Eesti Noorte Kaasaegse Kunsti Liit \u00fclevaaten\u00e4itus \u201cSuven\u00e4itus\u201d - Vana-V\u00f5rumaa muuseumid","robots":{"index":"index","follow":"follow","max-snippet":"max-snippet:-1","max-image-preview":"max-image-preview:large","max-video-preview":"max-video-preview:-1"},"canonical":"https:\/\/vanavorumaamuuseumid.ee\/vo\/vorumaa-naitus\/eesti-noorte-kaasaegse-kunsti-liit-ulevaatenaitus-suvenaitus\/","og_locale":"en_US","og_type":"article","og_title":"Eesti Noorte Kaasaegse Kunsti Liit \u00fclevaaten\u00e4itus \u201cSuven\u00e4itus\u201d - Vana-V\u00f5rumaa muuseumid","og_description":"Eesti Noorte Kaasaegse Kunsti Liidu (ENKKL) \u00fclevaaten\u00e4itus \u201eSuven\u00e4itus\u201c on inspireeritud menukast iga-aastasest [&hellip;]","og_url":"https:\/\/vanavorumaamuuseumid.ee\/vo\/vorumaa-naitus\/eesti-noorte-kaasaegse-kunsti-liit-ulevaatenaitus-suvenaitus\/","og_site_name":"Vana-V\u00f5rumaa muuseumid","article_modified_time":"2025-10-05T22:23:03+00:00","og_image":[{"width":1000,"height":563,"url":"https:\/\/vanavorumaamuuseumid.ee\/wp-content\/uploads\/2025\/10\/avamine2.vaike_.jpg","type":"image\/jpeg"}],"twitter_card":"summary_large_image","twitter_misc":{"Est. reading time":"1 minute"},"schema":{"@context":"https:\/\/schema.org","@graph":[{"@type":"WebPage","@id":"https:\/\/vanavorumaamuuseumid.ee\/vorumaa-naitus\/eesti-noorte-kaasaegse-kunsti-liit-ulevaatenaitus-suvenaitus\/","url":"https:\/\/vanavorumaamuuseumid.ee\/vorumaa-naitus\/eesti-noorte-kaasaegse-kunsti-liit-ulevaatenaitus-suvenaitus\/","name":"Eesti Noorte Kaasaegse Kunsti Liit \u00fclevaaten\u00e4itus \u201cSuven\u00e4itus\u201d - Vana-V\u00f5rumaa muuseumid","isPartOf":{"@id":"https:\/\/vanavorumaamuuseumid.ee\/#website"},"primaryImageOfPage":{"@id":"https:\/\/vanavorumaamuuseumid.ee\/vorumaa-naitus\/eesti-noorte-kaasaegse-kunsti-liit-ulevaatenaitus-suvenaitus\/#primaryimage"},"image":{"@id":"https:\/\/vanavorumaamuuseumid.ee\/vorumaa-naitus\/eesti-noorte-kaasaegse-kunsti-liit-ulevaatenaitus-suvenaitus\/#primaryimage"},"thumbnailUrl":"https:\/\/vanavorumaamuuseumid.ee\/wp-content\/uploads\/2025\/10\/avamine2.vaike_.jpg","datePublished":"2025-10-05T22:19:58+00:00","dateModified":"2025-10-05T22:23:03+00:00","breadcrumb":{"@id":"https:\/\/vanavorumaamuuseumid.ee\/vorumaa-naitus\/eesti-noorte-kaasaegse-kunsti-liit-ulevaatenaitus-suvenaitus\/#breadcrumb"},"inLanguage":"vo","potentialAction":[{"@type":"ReadAction","target":["https:\/\/vanavorumaamuuseumid.ee\/vorumaa-naitus\/eesti-noorte-kaasaegse-kunsti-liit-ulevaatenaitus-suvenaitus\/"]}]},{"@type":"ImageObject","inLanguage":"vo","@id":"https:\/\/vanavorumaamuuseumid.ee\/vorumaa-naitus\/eesti-noorte-kaasaegse-kunsti-liit-ulevaatenaitus-suvenaitus\/#primaryimage","url":"https:\/\/vanavorumaamuuseumid.ee\/wp-content\/uploads\/2025\/10\/avamine2.vaike_.jpg","contentUrl":"https:\/\/vanavorumaamuuseumid.ee\/wp-content\/uploads\/2025\/10\/avamine2.vaike_.jpg","width":1000,"height":563},{"@type":"BreadcrumbList","@id":"https:\/\/vanavorumaamuuseumid.ee\/vorumaa-naitus\/eesti-noorte-kaasaegse-kunsti-liit-ulevaatenaitus-suvenaitus\/#breadcrumb","itemListElement":[{"@type":"ListItem","position":1,"name":"Home","item":"https:\/\/vanavorumaamuuseumid.ee\/"},{"@type":"ListItem","position":2,"name":"Eesti Noorte Kaasaegse Kunsti Liit \u00fclevaaten\u00e4itus \u201cSuven\u00e4itus\u201d"}]},{"@type":"WebSite","@id":"https:\/\/vanavorumaamuuseumid.ee\/#website","url":"https:\/\/vanavorumaamuuseumid.ee\/","name":"Vana-V\u00f5rumaa Muuseumid","description":"V\u00f5rumaa Muuseum, Dr. Fr. R. Kreutzwaldi Memoriaalmuuseum, M\u00f5niste Talurahvamuuseum ja Karilatsi Vaba\u00f5humuuseum","publisher":{"@id":"https:\/\/vanavorumaamuuseumid.ee\/#organization"},"potentialAction":[{"@type":"SearchAction","target":{"@type":"EntryPoint","urlTemplate":"https:\/\/vanavorumaamuuseumid.ee\/?s={search_term_string}"},"query-input":{"@type":"PropertyValueSpecification","valueRequired":true,"valueName":"search_term_string"}}],"inLanguage":"vo"},{"@type":"Organization","@id":"https:\/\/vanavorumaamuuseumid.ee\/#organization","name":"V\u00f5ru Instituut","url":"https:\/\/vanavorumaamuuseumid.ee\/","logo":{"@type":"ImageObject","inLanguage":"vo","@id":"https:\/\/vanavorumaamuuseumid.ee\/#\/schema\/logo\/image\/","url":"https:\/\/vanavorumaamuuseumid.ee\/wp-content\/uploads\/2025\/05\/vana-voromaa-muusoumi-250516.svg","contentUrl":"https:\/\/vanavorumaamuuseumid.ee\/wp-content\/uploads\/2025\/05\/vana-voromaa-muusoumi-250516.svg","width":567,"height":80,"caption":"V\u00f5ru Instituut"},"image":{"@id":"https:\/\/vanavorumaamuuseumid.ee\/#\/schema\/logo\/image\/"}}]}},"_links":{"self":[{"href":"https:\/\/vanavorumaamuuseumid.ee\/vo\/wp-json\/wp\/v2\/vorumaa-naitus\/3788","targetHints":{"allow":["GET"]}}],"collection":[{"href":"https:\/\/vanavorumaamuuseumid.ee\/vo\/wp-json\/wp\/v2\/vorumaa-naitus"}],"about":[{"href":"https:\/\/vanavorumaamuuseumid.ee\/vo\/wp-json\/wp\/v2\/types\/vorumaa-naitus"}],"wp:featuredmedia":[{"embeddable":true,"href":"https:\/\/vanavorumaamuuseumid.ee\/vo\/wp-json\/wp\/v2\/media\/3797"}],"wp:attachment":[{"href":"https:\/\/vanavorumaamuuseumid.ee\/vo\/wp-json\/wp\/v2\/media?parent=3788"}],"curies":[{"name":"wp","href":"https:\/\/api.w.org\/{rel}","templated":true}]}}