{"id":3799,"date":"2025-10-06T01:30:17","date_gmt":"2025-10-05T22:30:17","guid":{"rendered":"https:\/\/vanavorumaamuuseumid.ee\/?post_type=vorumaa-naitus&#038;p=3799"},"modified":"2025-10-06T13:48:48","modified_gmt":"2025-10-06T10:48:48","slug":"maryliis-teinfeldt-grins-isikunaitus-suuremjault-malestustes","status":"publish","type":"vorumaa-naitus","link":"https:\/\/vanavorumaamuuseumid.ee\/vo\/vorumaa-naitus\/maryliis-teinfeldt-grins-isikunaitus-suuremjault-malestustes\/","title":{"rendered":"Maryliis Teinfeldt-Grins isikun\u00e4itus \u201eSuuremjault m\u00e4l\u00ebstustes\u201d"},"content":{"rendered":"<p><strong>Alates 20. oktoobrist on avatud tekstiilikunstniku Maryliis Teinfeldt-Grins <\/strong>isikun\u00e4itus \u201eSuuremjault m\u00e4l\u00ebstustes\u201d Vana- V\u00f5romaa Kultuurikojas. N\u00e4itus j\u00e4\u00e4b avatuks 9. detsembrini.<\/p>\n\n\n\n<p>N\u00e4itusel kohtuvad tema suve hakul v\u00e4lja antud deb\u00fc\u00fctluulekogu \u201eKivi alla k\u00fckakile\u201c luulepildid ja igatsuslood tikandis. N\u00e4itus tutvustab tekstiilikunstniku viimaste aastate loomet\u00f6\u00f6d.<\/p>\n\n\n\n<p>N\u00e4ituse l\u00e4htepunkt on kadu \u2013 selle alge on miski, mis on igaveseks kaduma l\u00e4inud ja mida pole v\u00f5imalik iial tabada, sest see v\u00f5tab kuju kadumamineku hetkest alates. T\u00e4nu sellele see eksisteeribki. S\u00e4\u00e4rast t\u00fchimikku ei saa t\u00e4ita mitte miski, paradoksaalsel moel v\u00f5tab see tundmus vormi ainu\u00fcksi piiritu nostalgia kujul. See on ebam\u00e4\u00e4rase sihigaigatsus, nagu \u00fctleks Prantsuse ps\u00fchhoanal\u00fc\u00fctik, filosoof ja strukturalismi teoreetik Jacques Lacan.<\/p>\n\n\n\n<p>N\u00e4itusel eksponeerib kunstnik tikandiseeriat maastikumeenutustest \u2013 paikadest, mis on kuju v\u00f5tnud ainu\u00fcksi tema m\u00e4lestustes. Kunstnik on t\u00f6id luues l\u00e4htunud Prantsuse ajaloolase ja filosoofi Michel de Certeau\u2019 ruumiliste lugude ideest (<em>r\u00e9cits d\u2019espace<\/em>), milles kohtuvad omavahel maastik ja jutustus. Iga lugu on reisijutt, mis t\u00e4hendab, et iga lugu on ruumiline praktika, mis l\u00e4bib maastikus erinevaid kohti.<\/p>\n\n\n\n<p>V\u00e4ljapanekus on uusi, selle n\u00e4ituse tarbeks valminud ja ka vanemaid tikandeid. Neist erilisim on suureformaadiline \u201eS\u00f5jav\u00e4elinnak\u201c, mis oli v\u00e4ljas ka L\u00e4ti tekstiilitriennaalil. Vana-V\u00f5romaa Kultuurikoja galeriis eksponeeritakse seda t\u00f6\u00f6d Eestis esmakordselt.<\/p>\n\n\n\n<p><strong><a href=\"https:\/\/et.wikipedia.org\/wiki\/Maryliis_Teinfeldt-Grins\">Maryliis Teinfeldt-Grins<\/a><\/strong> (1993) on tekstiili- ja installatsioonikunstnik, kes jutustab igatsuslugusid l\u00e4bi maastikukujutiste. Ta kombineerib oma loomingus tikandit, fotot, gobel\u00e4\u00e4ni, joonistust ja murdekeelset luulet.<\/p>\n\n\n\n<p>Teinfeldt-Grins on l\u00f5petanud Tartu K\u00f5rgema Kunstikooli tekstiili eriala (BA, 2015). \u00d5pingute ajal t\u00e4iendas ta end L\u00e4ti Kunstiakadeemia tekstiilikunstikateedris. Ta j\u00e4tkas \u00f5pinguid Eesti Kunstiakadeemia n\u00fc\u00fcdisaegse kunsti \u00f5ppekaval (MA, 2022). Teda on hinnatud mitme Eesti kunstipreemiaga: Eduard Wiiralti stipendium (2019) ja Adamson Ericu stipendium (2021). Ta on p\u00e4lvinud ka mitu kirjanduspreemiat, n\u00e4iteks on ta Prima Vista \u201eEsimese sammu\u201d kirjanduspreemia laureaat ja Hendrik Adamsoni murdeluulev\u00f5istluse peapreemia v\u00f5itja. 2019. aastal p\u00e4lvis ta aasta noore tekstiilikunstniku preemia. Kunstniku t\u00f6id on Eesti Tarbekunsti- ja Disainimuuseumi kogus ning ta on v\u00f5itnud preemiaid (P\u00e4rnu riigimaja) avaliku kunsti konkurssidel. Kunstnik kuulub Eesti Tekstiilikunstnike Liitu ja Eesti Kunstnike Liitu.<\/p>\n\n\n\n<p>N\u00e4itust toetab Eesti Kultuurkapital. <\/p>\n\n\n\n<p>Fotod Diana Ruitlane-R\u00fc\u00fctel<\/p>\n\n\n\n<figure class=\"wp-block-gallery has-nested-images columns-default is-cropped wp-block-gallery-1 is-layout-flex wp-block-gallery-is-layout-flex\">\n<figure class=\"wp-block-image size-large\"><a  href=\"https:\/\/vanavorumaamuuseumid.ee\/wp-content\/uploads\/2025\/10\/IMG_2483.jpg\" data-rel=\"lightbox-gallery-0\" data-rl_title=\"\" data-rl_caption=\"\" title=\"\"><img decoding=\"async\" width=\"1024\" height=\"683\" data-id=\"3801\" src=\"https:\/\/vanavorumaamuuseumid.ee\/wp-content\/uploads\/2025\/10\/IMG_2483-1024x683.jpg\" alt=\"\" class=\"wp-image-3801\" srcset=\"https:\/\/vanavorumaamuuseumid.ee\/wp-content\/uploads\/2025\/10\/IMG_2483-980x653.jpg 980w, https:\/\/vanavorumaamuuseumid.ee\/wp-content\/uploads\/2025\/10\/IMG_2483-480x320.jpg 480w\" sizes=\"(min-width: 0px) and (max-width: 480px) 480px, (min-width: 481px) and (max-width: 980px) 980px, (min-width: 981px) 1024px, 100vw\" \/><\/a><\/figure>\n\n\n\n<figure class=\"wp-block-image size-large\"><a  href=\"https:\/\/vanavorumaamuuseumid.ee\/wp-content\/uploads\/2025\/10\/IMG_2493.jpg\" data-rel=\"lightbox-gallery-0\" data-rl_title=\"\" data-rl_caption=\"\" title=\"\"><img decoding=\"async\" width=\"1024\" height=\"683\" data-id=\"3802\" src=\"https:\/\/vanavorumaamuuseumid.ee\/wp-content\/uploads\/2025\/10\/IMG_2493-1024x683.jpg\" alt=\"\" class=\"wp-image-3802\" srcset=\"https:\/\/vanavorumaamuuseumid.ee\/wp-content\/uploads\/2025\/10\/IMG_2493-980x653.jpg 980w, https:\/\/vanavorumaamuuseumid.ee\/wp-content\/uploads\/2025\/10\/IMG_2493-480x320.jpg 480w\" sizes=\"(min-width: 0px) and (max-width: 480px) 480px, (min-width: 481px) and (max-width: 980px) 980px, (min-width: 981px) 1024px, 100vw\" \/><\/a><\/figure>\n<\/figure>\n\n\n\n<figure class=\"wp-block-gallery has-nested-images columns-default is-cropped wp-block-gallery-2 is-layout-flex wp-block-gallery-is-layout-flex\">\n<figure class=\"wp-block-image size-large\"><a  href=\"https:\/\/vanavorumaamuuseumid.ee\/wp-content\/uploads\/2025\/10\/IMG_2369.jpg\" data-rel=\"lightbox-gallery-0\" data-rl_title=\"\" data-rl_caption=\"\" title=\"\"><img decoding=\"async\" width=\"1024\" height=\"683\" data-id=\"3808\" src=\"https:\/\/vanavorumaamuuseumid.ee\/wp-content\/uploads\/2025\/10\/IMG_2369-1024x683.jpg\" alt=\"\" class=\"wp-image-3808\" srcset=\"https:\/\/vanavorumaamuuseumid.ee\/wp-content\/uploads\/2025\/10\/IMG_2369-980x653.jpg 980w, https:\/\/vanavorumaamuuseumid.ee\/wp-content\/uploads\/2025\/10\/IMG_2369-480x320.jpg 480w\" sizes=\"(min-width: 0px) and (max-width: 480px) 480px, (min-width: 481px) and (max-width: 980px) 980px, (min-width: 981px) 1024px, 100vw\" \/><\/a><\/figure>\n\n\n\n<figure class=\"wp-block-image size-large\"><a  href=\"https:\/\/vanavorumaamuuseumid.ee\/wp-content\/uploads\/2025\/10\/IMG_2375.jpg\" data-rel=\"lightbox-gallery-0\" data-rl_title=\"\" data-rl_caption=\"\" title=\"\"><img decoding=\"async\" width=\"1024\" height=\"683\" data-id=\"3807\" src=\"https:\/\/vanavorumaamuuseumid.ee\/wp-content\/uploads\/2025\/10\/IMG_2375-1024x683.jpg\" alt=\"\" class=\"wp-image-3807\" srcset=\"https:\/\/vanavorumaamuuseumid.ee\/wp-content\/uploads\/2025\/10\/IMG_2375-980x653.jpg 980w, https:\/\/vanavorumaamuuseumid.ee\/wp-content\/uploads\/2025\/10\/IMG_2375-480x320.jpg 480w\" sizes=\"(min-width: 0px) and (max-width: 480px) 480px, (min-width: 481px) and (max-width: 980px) 980px, (min-width: 981px) 1024px, 100vw\" \/><\/a><\/figure>\n\n\n\n<figure class=\"wp-block-image size-large\"><a  href=\"https:\/\/vanavorumaamuuseumid.ee\/wp-content\/uploads\/2025\/10\/IMG_2376.jpg\" data-rel=\"lightbox-gallery-0\" data-rl_title=\"\" data-rl_caption=\"\" title=\"\"><img decoding=\"async\" width=\"1024\" height=\"683\" data-id=\"3805\" src=\"https:\/\/vanavorumaamuuseumid.ee\/wp-content\/uploads\/2025\/10\/IMG_2376-1024x683.jpg\" alt=\"\" class=\"wp-image-3805\" srcset=\"https:\/\/vanavorumaamuuseumid.ee\/wp-content\/uploads\/2025\/10\/IMG_2376-980x653.jpg 980w, https:\/\/vanavorumaamuuseumid.ee\/wp-content\/uploads\/2025\/10\/IMG_2376-480x320.jpg 480w\" sizes=\"(min-width: 0px) and (max-width: 480px) 480px, (min-width: 481px) and (max-width: 980px) 980px, (min-width: 981px) 1024px, 100vw\" \/><\/a><\/figure>\n\n\n\n<figure class=\"wp-block-image size-large\"><a  href=\"https:\/\/vanavorumaamuuseumid.ee\/wp-content\/uploads\/2025\/10\/IMG_2454.jpg\" data-rel=\"lightbox-gallery-0\" data-rl_title=\"\" data-rl_caption=\"\" title=\"\"><img decoding=\"async\" width=\"1024\" height=\"683\" data-id=\"3806\" src=\"https:\/\/vanavorumaamuuseumid.ee\/wp-content\/uploads\/2025\/10\/IMG_2454-1024x683.jpg\" alt=\"\" class=\"wp-image-3806\" srcset=\"https:\/\/vanavorumaamuuseumid.ee\/wp-content\/uploads\/2025\/10\/IMG_2454-980x653.jpg 980w, https:\/\/vanavorumaamuuseumid.ee\/wp-content\/uploads\/2025\/10\/IMG_2454-480x320.jpg 480w\" sizes=\"(min-width: 0px) and (max-width: 480px) 480px, (min-width: 481px) and (max-width: 980px) 980px, (min-width: 981px) 1024px, 100vw\" \/><\/a><\/figure>\n\n\n\n<figure class=\"wp-block-image size-large\"><a  href=\"https:\/\/vanavorumaamuuseumid.ee\/wp-content\/uploads\/2025\/10\/IMG_2485.jpg\" data-rel=\"lightbox-gallery-0\" data-rl_title=\"\" data-rl_caption=\"\" title=\"\"><img decoding=\"async\" width=\"1024\" height=\"683\" data-id=\"3803\" src=\"https:\/\/vanavorumaamuuseumid.ee\/wp-content\/uploads\/2025\/10\/IMG_2485-1024x683.jpg\" alt=\"\" class=\"wp-image-3803\" srcset=\"https:\/\/vanavorumaamuuseumid.ee\/wp-content\/uploads\/2025\/10\/IMG_2485-980x653.jpg 980w, https:\/\/vanavorumaamuuseumid.ee\/wp-content\/uploads\/2025\/10\/IMG_2485-480x320.jpg 480w\" sizes=\"(min-width: 0px) and (max-width: 480px) 480px, (min-width: 481px) and (max-width: 980px) 980px, (min-width: 981px) 1024px, 100vw\" \/><\/a><\/figure>\n\n\n\n<figure class=\"wp-block-image size-large\"><a  href=\"https:\/\/vanavorumaamuuseumid.ee\/wp-content\/uploads\/2025\/10\/IMG_2489.jpg\" data-rel=\"lightbox-gallery-0\" data-rl_title=\"\" data-rl_caption=\"\" title=\"\"><img decoding=\"async\" width=\"1024\" height=\"683\" data-id=\"3804\" src=\"https:\/\/vanavorumaamuuseumid.ee\/wp-content\/uploads\/2025\/10\/IMG_2489-1024x683.jpg\" alt=\"\" class=\"wp-image-3804\" srcset=\"https:\/\/vanavorumaamuuseumid.ee\/wp-content\/uploads\/2025\/10\/IMG_2489-980x653.jpg 980w, https:\/\/vanavorumaamuuseumid.ee\/wp-content\/uploads\/2025\/10\/IMG_2489-480x320.jpg 480w\" sizes=\"(min-width: 0px) and (max-width: 480px) 480px, (min-width: 481px) and (max-width: 980px) 980px, (min-width: 981px) 1024px, 100vw\" \/><\/a><\/figure>\n<\/figure>","protected":false},"featured_media":3800,"template":"","class_list":["post-3799","vorumaa-naitus","type-vorumaa-naitus","status-publish","has-post-thumbnail","hentry"],"acf":[],"yoast_head":"<!-- This site is optimized with the Yoast SEO plugin v27.4 - https:\/\/yoast.com\/product\/yoast-seo-wordpress\/ -->\n<title>Maryliis Teinfeldt-Grins isikun\u00e4itus \u201eSuuremjault m\u00e4l\u00ebstustes\u201d - Vana-V\u00f5rumaa muuseumid<\/title>\n<meta name=\"robots\" content=\"index, follow, max-snippet:-1, max-image-preview:large, max-video-preview:-1\" \/>\n<link rel=\"canonical\" href=\"https:\/\/vanavorumaamuuseumid.ee\/vo\/vorumaa-naitus\/maryliis-teinfeldt-grins-isikunaitus-suuremjault-malestustes\/\" \/>\n<meta property=\"og:locale\" content=\"en_US\" \/>\n<meta property=\"og:type\" content=\"article\" \/>\n<meta property=\"og:title\" content=\"Maryliis Teinfeldt-Grins isikun\u00e4itus \u201eSuuremjault m\u00e4l\u00ebstustes\u201d - Vana-V\u00f5rumaa muuseumid\" \/>\n<meta property=\"og:description\" content=\"Alates 20. oktoobrist on avatud tekstiilikunstniku Maryliis Teinfeldt-Grins isikun\u00e4itus \u201eSuuremjault m\u00e4l\u00ebstustes\u201d Vana- [&hellip;]\" \/>\n<meta property=\"og:url\" content=\"https:\/\/vanavorumaamuuseumid.ee\/vo\/vorumaa-naitus\/maryliis-teinfeldt-grins-isikunaitus-suuremjault-malestustes\/\" \/>\n<meta property=\"og:site_name\" content=\"Vana-V\u00f5rumaa muuseumid\" \/>\n<meta property=\"article:modified_time\" content=\"2025-10-06T10:48:48+00:00\" \/>\n<meta property=\"og:image\" content=\"https:\/\/vanavorumaamuuseumid.ee\/wp-content\/uploads\/2025\/10\/suuremjault_FB41.jpg\" \/>\n\t<meta property=\"og:image:width\" content=\"1920\" \/>\n\t<meta property=\"og:image:height\" content=\"1005\" \/>\n\t<meta property=\"og:image:type\" content=\"image\/jpeg\" \/>\n<meta name=\"twitter:card\" content=\"summary_large_image\" \/>\n<meta name=\"twitter:label1\" content=\"Est. reading time\" \/>\n\t<meta name=\"twitter:data1\" content=\"2 minutes\" \/>\n<script type=\"application\/ld+json\" class=\"yoast-schema-graph\">{\"@context\":\"https:\\\/\\\/schema.org\",\"@graph\":[{\"@type\":\"WebPage\",\"@id\":\"https:\\\/\\\/vanavorumaamuuseumid.ee\\\/vorumaa-naitus\\\/maryliis-teinfeldt-grins-isikunaitus-suuremjault-malestustes\\\/\",\"url\":\"https:\\\/\\\/vanavorumaamuuseumid.ee\\\/vorumaa-naitus\\\/maryliis-teinfeldt-grins-isikunaitus-suuremjault-malestustes\\\/\",\"name\":\"Maryliis Teinfeldt-Grins isikun\u00e4itus \u201eSuuremjault m\u00e4l\u00ebstustes\u201d - Vana-V\u00f5rumaa muuseumid\",\"isPartOf\":{\"@id\":\"https:\\\/\\\/vanavorumaamuuseumid.ee\\\/#website\"},\"primaryImageOfPage\":{\"@id\":\"https:\\\/\\\/vanavorumaamuuseumid.ee\\\/vorumaa-naitus\\\/maryliis-teinfeldt-grins-isikunaitus-suuremjault-malestustes\\\/#primaryimage\"},\"image\":{\"@id\":\"https:\\\/\\\/vanavorumaamuuseumid.ee\\\/vorumaa-naitus\\\/maryliis-teinfeldt-grins-isikunaitus-suuremjault-malestustes\\\/#primaryimage\"},\"thumbnailUrl\":\"https:\\\/\\\/vanavorumaamuuseumid.ee\\\/wp-content\\\/uploads\\\/2025\\\/10\\\/suuremjault_FB41.jpg\",\"datePublished\":\"2025-10-05T22:30:17+00:00\",\"dateModified\":\"2025-10-06T10:48:48+00:00\",\"breadcrumb\":{\"@id\":\"https:\\\/\\\/vanavorumaamuuseumid.ee\\\/vorumaa-naitus\\\/maryliis-teinfeldt-grins-isikunaitus-suuremjault-malestustes\\\/#breadcrumb\"},\"inLanguage\":\"vo\",\"potentialAction\":[{\"@type\":\"ReadAction\",\"target\":[\"https:\\\/\\\/vanavorumaamuuseumid.ee\\\/vorumaa-naitus\\\/maryliis-teinfeldt-grins-isikunaitus-suuremjault-malestustes\\\/\"]}]},{\"@type\":\"ImageObject\",\"inLanguage\":\"vo\",\"@id\":\"https:\\\/\\\/vanavorumaamuuseumid.ee\\\/vorumaa-naitus\\\/maryliis-teinfeldt-grins-isikunaitus-suuremjault-malestustes\\\/#primaryimage\",\"url\":\"https:\\\/\\\/vanavorumaamuuseumid.ee\\\/wp-content\\\/uploads\\\/2025\\\/10\\\/suuremjault_FB41.jpg\",\"contentUrl\":\"https:\\\/\\\/vanavorumaamuuseumid.ee\\\/wp-content\\\/uploads\\\/2025\\\/10\\\/suuremjault_FB41.jpg\",\"width\":1920,\"height\":1005},{\"@type\":\"BreadcrumbList\",\"@id\":\"https:\\\/\\\/vanavorumaamuuseumid.ee\\\/vorumaa-naitus\\\/maryliis-teinfeldt-grins-isikunaitus-suuremjault-malestustes\\\/#breadcrumb\",\"itemListElement\":[{\"@type\":\"ListItem\",\"position\":1,\"name\":\"Home\",\"item\":\"https:\\\/\\\/vanavorumaamuuseumid.ee\\\/\"},{\"@type\":\"ListItem\",\"position\":2,\"name\":\"Maryliis Teinfeldt-Grins isikun\u00e4itus \u201eSuuremjault m\u00e4l\u00ebstustes\u201d\"}]},{\"@type\":\"WebSite\",\"@id\":\"https:\\\/\\\/vanavorumaamuuseumid.ee\\\/#website\",\"url\":\"https:\\\/\\\/vanavorumaamuuseumid.ee\\\/\",\"name\":\"Vana-V\u00f5rumaa Muuseumid\",\"description\":\"V\u00f5rumaa Muuseum, Dr. Fr. R. Kreutzwaldi Memoriaalmuuseum, M\u00f5niste Talurahvamuuseum ja Karilatsi Vaba\u00f5humuuseum\",\"publisher\":{\"@id\":\"https:\\\/\\\/vanavorumaamuuseumid.ee\\\/#organization\"},\"potentialAction\":[{\"@type\":\"SearchAction\",\"target\":{\"@type\":\"EntryPoint\",\"urlTemplate\":\"https:\\\/\\\/vanavorumaamuuseumid.ee\\\/?s={search_term_string}\"},\"query-input\":{\"@type\":\"PropertyValueSpecification\",\"valueRequired\":true,\"valueName\":\"search_term_string\"}}],\"inLanguage\":\"vo\"},{\"@type\":\"Organization\",\"@id\":\"https:\\\/\\\/vanavorumaamuuseumid.ee\\\/#organization\",\"name\":\"V\u00f5ru Instituut\",\"url\":\"https:\\\/\\\/vanavorumaamuuseumid.ee\\\/\",\"logo\":{\"@type\":\"ImageObject\",\"inLanguage\":\"vo\",\"@id\":\"https:\\\/\\\/vanavorumaamuuseumid.ee\\\/#\\\/schema\\\/logo\\\/image\\\/\",\"url\":\"https:\\\/\\\/vanavorumaamuuseumid.ee\\\/wp-content\\\/uploads\\\/2025\\\/05\\\/vana-voromaa-muusoumi-250516.svg\",\"contentUrl\":\"https:\\\/\\\/vanavorumaamuuseumid.ee\\\/wp-content\\\/uploads\\\/2025\\\/05\\\/vana-voromaa-muusoumi-250516.svg\",\"width\":567,\"height\":80,\"caption\":\"V\u00f5ru Instituut\"},\"image\":{\"@id\":\"https:\\\/\\\/vanavorumaamuuseumid.ee\\\/#\\\/schema\\\/logo\\\/image\\\/\"}}]}<\/script>\n<!-- \/ Yoast SEO plugin. -->","yoast_head_json":{"title":"Maryliis Teinfeldt-Grins isikun\u00e4itus \u201eSuuremjault m\u00e4l\u00ebstustes\u201d - Vana-V\u00f5rumaa muuseumid","robots":{"index":"index","follow":"follow","max-snippet":"max-snippet:-1","max-image-preview":"max-image-preview:large","max-video-preview":"max-video-preview:-1"},"canonical":"https:\/\/vanavorumaamuuseumid.ee\/vo\/vorumaa-naitus\/maryliis-teinfeldt-grins-isikunaitus-suuremjault-malestustes\/","og_locale":"en_US","og_type":"article","og_title":"Maryliis Teinfeldt-Grins isikun\u00e4itus \u201eSuuremjault m\u00e4l\u00ebstustes\u201d - Vana-V\u00f5rumaa muuseumid","og_description":"Alates 20. oktoobrist on avatud tekstiilikunstniku Maryliis Teinfeldt-Grins isikun\u00e4itus \u201eSuuremjault m\u00e4l\u00ebstustes\u201d Vana- [&hellip;]","og_url":"https:\/\/vanavorumaamuuseumid.ee\/vo\/vorumaa-naitus\/maryliis-teinfeldt-grins-isikunaitus-suuremjault-malestustes\/","og_site_name":"Vana-V\u00f5rumaa muuseumid","article_modified_time":"2025-10-06T10:48:48+00:00","og_image":[{"width":1920,"height":1005,"url":"https:\/\/vanavorumaamuuseumid.ee\/wp-content\/uploads\/2025\/10\/suuremjault_FB41.jpg","type":"image\/jpeg"}],"twitter_card":"summary_large_image","twitter_misc":{"Est. reading time":"2 minutes"},"schema":{"@context":"https:\/\/schema.org","@graph":[{"@type":"WebPage","@id":"https:\/\/vanavorumaamuuseumid.ee\/vorumaa-naitus\/maryliis-teinfeldt-grins-isikunaitus-suuremjault-malestustes\/","url":"https:\/\/vanavorumaamuuseumid.ee\/vorumaa-naitus\/maryliis-teinfeldt-grins-isikunaitus-suuremjault-malestustes\/","name":"Maryliis Teinfeldt-Grins isikun\u00e4itus \u201eSuuremjault m\u00e4l\u00ebstustes\u201d - Vana-V\u00f5rumaa muuseumid","isPartOf":{"@id":"https:\/\/vanavorumaamuuseumid.ee\/#website"},"primaryImageOfPage":{"@id":"https:\/\/vanavorumaamuuseumid.ee\/vorumaa-naitus\/maryliis-teinfeldt-grins-isikunaitus-suuremjault-malestustes\/#primaryimage"},"image":{"@id":"https:\/\/vanavorumaamuuseumid.ee\/vorumaa-naitus\/maryliis-teinfeldt-grins-isikunaitus-suuremjault-malestustes\/#primaryimage"},"thumbnailUrl":"https:\/\/vanavorumaamuuseumid.ee\/wp-content\/uploads\/2025\/10\/suuremjault_FB41.jpg","datePublished":"2025-10-05T22:30:17+00:00","dateModified":"2025-10-06T10:48:48+00:00","breadcrumb":{"@id":"https:\/\/vanavorumaamuuseumid.ee\/vorumaa-naitus\/maryliis-teinfeldt-grins-isikunaitus-suuremjault-malestustes\/#breadcrumb"},"inLanguage":"vo","potentialAction":[{"@type":"ReadAction","target":["https:\/\/vanavorumaamuuseumid.ee\/vorumaa-naitus\/maryliis-teinfeldt-grins-isikunaitus-suuremjault-malestustes\/"]}]},{"@type":"ImageObject","inLanguage":"vo","@id":"https:\/\/vanavorumaamuuseumid.ee\/vorumaa-naitus\/maryliis-teinfeldt-grins-isikunaitus-suuremjault-malestustes\/#primaryimage","url":"https:\/\/vanavorumaamuuseumid.ee\/wp-content\/uploads\/2025\/10\/suuremjault_FB41.jpg","contentUrl":"https:\/\/vanavorumaamuuseumid.ee\/wp-content\/uploads\/2025\/10\/suuremjault_FB41.jpg","width":1920,"height":1005},{"@type":"BreadcrumbList","@id":"https:\/\/vanavorumaamuuseumid.ee\/vorumaa-naitus\/maryliis-teinfeldt-grins-isikunaitus-suuremjault-malestustes\/#breadcrumb","itemListElement":[{"@type":"ListItem","position":1,"name":"Home","item":"https:\/\/vanavorumaamuuseumid.ee\/"},{"@type":"ListItem","position":2,"name":"Maryliis Teinfeldt-Grins isikun\u00e4itus \u201eSuuremjault m\u00e4l\u00ebstustes\u201d"}]},{"@type":"WebSite","@id":"https:\/\/vanavorumaamuuseumid.ee\/#website","url":"https:\/\/vanavorumaamuuseumid.ee\/","name":"Vana-V\u00f5rumaa Muuseumid","description":"V\u00f5rumaa Muuseum, Dr. Fr. R. Kreutzwaldi Memoriaalmuuseum, M\u00f5niste Talurahvamuuseum ja Karilatsi Vaba\u00f5humuuseum","publisher":{"@id":"https:\/\/vanavorumaamuuseumid.ee\/#organization"},"potentialAction":[{"@type":"SearchAction","target":{"@type":"EntryPoint","urlTemplate":"https:\/\/vanavorumaamuuseumid.ee\/?s={search_term_string}"},"query-input":{"@type":"PropertyValueSpecification","valueRequired":true,"valueName":"search_term_string"}}],"inLanguage":"vo"},{"@type":"Organization","@id":"https:\/\/vanavorumaamuuseumid.ee\/#organization","name":"V\u00f5ru Instituut","url":"https:\/\/vanavorumaamuuseumid.ee\/","logo":{"@type":"ImageObject","inLanguage":"vo","@id":"https:\/\/vanavorumaamuuseumid.ee\/#\/schema\/logo\/image\/","url":"https:\/\/vanavorumaamuuseumid.ee\/wp-content\/uploads\/2025\/05\/vana-voromaa-muusoumi-250516.svg","contentUrl":"https:\/\/vanavorumaamuuseumid.ee\/wp-content\/uploads\/2025\/05\/vana-voromaa-muusoumi-250516.svg","width":567,"height":80,"caption":"V\u00f5ru Instituut"},"image":{"@id":"https:\/\/vanavorumaamuuseumid.ee\/#\/schema\/logo\/image\/"}}]}},"_links":{"self":[{"href":"https:\/\/vanavorumaamuuseumid.ee\/vo\/wp-json\/wp\/v2\/vorumaa-naitus\/3799","targetHints":{"allow":["GET"]}}],"collection":[{"href":"https:\/\/vanavorumaamuuseumid.ee\/vo\/wp-json\/wp\/v2\/vorumaa-naitus"}],"about":[{"href":"https:\/\/vanavorumaamuuseumid.ee\/vo\/wp-json\/wp\/v2\/types\/vorumaa-naitus"}],"wp:featuredmedia":[{"embeddable":true,"href":"https:\/\/vanavorumaamuuseumid.ee\/vo\/wp-json\/wp\/v2\/media\/3800"}],"wp:attachment":[{"href":"https:\/\/vanavorumaamuuseumid.ee\/vo\/wp-json\/wp\/v2\/media?parent=3799"}],"curies":[{"name":"wp","href":"https:\/\/api.w.org\/{rel}","templated":true}]}}