{"id":3809,"date":"2025-10-06T01:37:55","date_gmt":"2025-10-05T22:37:55","guid":{"rendered":"https:\/\/vanavorumaamuuseumid.ee\/?post_type=vorumaa-naitus&#038;p=3809"},"modified":"2026-01-07T12:52:47","modified_gmt":"2026-01-07T10:52:47","slug":"mara-ljutjuki-isikunaitus-sonatu-sonoldaq","status":"publish","type":"vorumaa-naitus","link":"https:\/\/vanavorumaamuuseumid.ee\/vo\/vorumaa-naitus\/mara-ljutjuki-isikunaitus-sonatu-sonoldaq\/","title":{"rendered":"Mara Ljutjuki isikun\u00e4itus \u201eS\u00f5natu-s\u00f5noldaq&#8221;"},"content":{"rendered":"<p>31. oktoobril kell 17 avatakse V\u00f5rumaa Muuseumi galeriis Mara Ljutjuki isikun\u00e4itus ,,S\u00f5natu-s\u00f5noldaq\u201c. Kunstniku maalid on vormilt lihtsad ja jutustavad lugusid, milles v\u00f5ib iga\u00fcks end \u00e4ra tunda. Motiivid, mis peegeldavad hetki meid \u00fcmbritsevast maailmast, m\u00f5testavad lahti inimsuhteid ning juhivad meie t\u00e4helepanu elu n\u00fcansirikkusele. Mara Ljutjuki maalidesse on tundlikult talletatud tihti vaid viivu kestvad hetked, fragmendid elust, stseenid, millest osa r\u00e4\u00e4gib otsesemalt, osa metafoorsemalt argisest ja ringjoonelisest liikumisest.<\/p>\n\n\n\n<p>Inimestega suhtlemine ja neisse kiindumine on \u00fcks p\u00f5hivajadusi. Ent t\u00e4iskasvanu elu kiirete hullumeelsete p\u00f6\u00f6rete taustal k\u00e4ib varjuna kaasas just igatsus p\u00f5genemise, eraldumise ja \u00fcksiolemise j\u00e4rele \u2013 et olla s\u00f5natult \u00e4ra, suhtlemata ja kaugel. Kas see on reaalsus &#8211; ebareaalsus v\u00f5i lihtsalt illusioonid, mis aitavad meil edasi elada, kuniks aega on antud?<\/p>\n\n\n\n<p>Maalimine meediumina on Mara Ljutjuki jaoks kui s\u00f5natu m\u00f5tlemine, suhtlemine ja tunnetes hingamine. Ehe ja j\u00f5uline, nii vabastav kui vangistav. \u00dcksi tunned, otsustad ja maalid. Teistele p\u00fchendad, m\u00f5testad ning lood seoseid. \u00dcks ei eksisteeri teiseta.<\/p>\n\n\n\n<p>Mara Ljutjuk on s\u00fcndinud Tallinnas 1978. aastal. Eesti Kunstiakadeemias l\u00f5petas ta maali eriala 2001. aastal ning omandas samas ka haridusteaduste magistrikraadi. Ta on t\u00e4iendanud end vabades kunstides 2007. aastal Hispaanias Valencias. 2006. aastast on ta Eesti Kunstnike Liidu ning Eesti Maalikunstnike Liidu liige. Alates 2004. aastast on tal olnud mitu isikun\u00e4itust ning ta on osalenud mitmel \u00fchisn\u00e4itusel. Maalimise k\u00f5rval tegeleb Mara n\u00e4ituste kureerimise ja kujundamisega, on aktiivselt seotud Evald Okase muuseumi programmi korraldamisega. 2019. aastal p\u00e4lvis ta Galerii-G kunstipreemia. 2020. aastal oli ta Konrad M\u00e4e preemia nominent.<\/p>\n\n\n\n<p>Maral on kolm last (snd 2009\/2012\/2015) ning ta elab ja t\u00f6\u00f6tab Tallinnas.<\/p>\n\n\n\n<p><strong>N\u00e4itus on avatud 31.10\u201314.12.2025.<\/strong><\/p>\n\n\n\n<p><br>N\u00e4ituse kujundaja on \u00dcla Koppel. <\/p>\n\n\n\n<p>N\u00e4itusest fotod tegi Andres Treial. <\/p>\n\n\n\n<p>N\u00e4itust toetab Eesti Kultuurkapital ja V\u00f5ru linn.<br><\/p>\n\n\n\n<p><\/p>\n\n\n\n<figure class=\"wp-block-gallery has-nested-images columns-default is-cropped wp-block-gallery-1 is-layout-flex wp-block-gallery-is-layout-flex\">\n<figure class=\"wp-block-image size-large\"><img decoding=\"async\" width=\"1024\" height=\"661\" data-id=\"5071\" src=\"https:\/\/vanavorumaamuuseumid.ee\/wp-content\/uploads\/2025\/10\/1916-1024x661.jpg\" alt=\"\" class=\"wp-image-5071\" srcset=\"https:\/\/vanavorumaamuuseumid.ee\/wp-content\/uploads\/2025\/10\/1916-980x632.jpg 980w, https:\/\/vanavorumaamuuseumid.ee\/wp-content\/uploads\/2025\/10\/1916-480x310.jpg 480w\" sizes=\"(min-width: 0px) and (max-width: 480px) 480px, (min-width: 481px) and (max-width: 980px) 980px, (min-width: 981px) 1024px, 100vw\" \/><\/figure>\n\n\n\n<figure class=\"wp-block-image size-large\"><img decoding=\"async\" width=\"1024\" height=\"633\" data-id=\"5065\" src=\"https:\/\/vanavorumaamuuseumid.ee\/wp-content\/uploads\/2025\/10\/1908-1024x633.jpg\" alt=\"\" class=\"wp-image-5065\" srcset=\"https:\/\/vanavorumaamuuseumid.ee\/wp-content\/uploads\/2025\/10\/1908-980x606.jpg 980w, https:\/\/vanavorumaamuuseumid.ee\/wp-content\/uploads\/2025\/10\/1908-480x297.jpg 480w\" sizes=\"(min-width: 0px) and (max-width: 480px) 480px, (min-width: 481px) and (max-width: 980px) 980px, (min-width: 981px) 1024px, 100vw\" \/><\/figure>\n\n\n\n<figure class=\"wp-block-image size-large\"><img decoding=\"async\" width=\"1024\" height=\"686\" data-id=\"5067\" src=\"https:\/\/vanavorumaamuuseumid.ee\/wp-content\/uploads\/2025\/10\/1986-1024x686.jpg\" alt=\"\" class=\"wp-image-5067\" srcset=\"https:\/\/vanavorumaamuuseumid.ee\/wp-content\/uploads\/2025\/10\/1986-980x657.jpg 980w, https:\/\/vanavorumaamuuseumid.ee\/wp-content\/uploads\/2025\/10\/1986-480x322.jpg 480w\" sizes=\"(min-width: 0px) and (max-width: 480px) 480px, (min-width: 481px) and (max-width: 980px) 980px, (min-width: 981px) 1024px, 100vw\" \/><\/figure>\n\n\n\n<figure class=\"wp-block-image size-large\"><img decoding=\"async\" width=\"1024\" height=\"645\" data-id=\"5068\" src=\"https:\/\/vanavorumaamuuseumid.ee\/wp-content\/uploads\/2025\/10\/2073-1024x645.jpg\" alt=\"\" class=\"wp-image-5068\" srcset=\"https:\/\/vanavorumaamuuseumid.ee\/wp-content\/uploads\/2025\/10\/2073-980x618.jpg 980w, https:\/\/vanavorumaamuuseumid.ee\/wp-content\/uploads\/2025\/10\/2073-480x303.jpg 480w\" sizes=\"(min-width: 0px) and (max-width: 480px) 480px, (min-width: 481px) and (max-width: 980px) 980px, (min-width: 981px) 1024px, 100vw\" \/><\/figure>\n\n\n\n<figure class=\"wp-block-image size-large\"><img decoding=\"async\" width=\"1024\" height=\"534\" data-id=\"5064\" src=\"https:\/\/vanavorumaamuuseumid.ee\/wp-content\/uploads\/2025\/10\/2180-1024x534.jpg\" alt=\"\" class=\"wp-image-5064\" srcset=\"https:\/\/vanavorumaamuuseumid.ee\/wp-content\/uploads\/2025\/10\/2180-980x511.jpg 980w, https:\/\/vanavorumaamuuseumid.ee\/wp-content\/uploads\/2025\/10\/2180-480x250.jpg 480w\" sizes=\"(min-width: 0px) and (max-width: 480px) 480px, (min-width: 481px) and (max-width: 980px) 980px, (min-width: 981px) 1024px, 100vw\" \/><\/figure>\n\n\n\n<figure class=\"wp-block-image size-large\"><img decoding=\"async\" width=\"1024\" height=\"594\" data-id=\"5074\" src=\"https:\/\/vanavorumaamuuseumid.ee\/wp-content\/uploads\/2025\/10\/2232-1024x594.jpg\" alt=\"\" class=\"wp-image-5074\" srcset=\"https:\/\/vanavorumaamuuseumid.ee\/wp-content\/uploads\/2025\/10\/2232-980x569.jpg 980w, https:\/\/vanavorumaamuuseumid.ee\/wp-content\/uploads\/2025\/10\/2232-480x279.jpg 480w\" sizes=\"(min-width: 0px) and (max-width: 480px) 480px, (min-width: 481px) and (max-width: 980px) 980px, (min-width: 981px) 1024px, 100vw\" \/><\/figure>\n\n\n\n<figure class=\"wp-block-image size-large\"><img decoding=\"async\" width=\"1024\" height=\"665\" data-id=\"5066\" src=\"https:\/\/vanavorumaamuuseumid.ee\/wp-content\/uploads\/2025\/10\/2146-1024x665.jpg\" alt=\"\" class=\"wp-image-5066\" srcset=\"https:\/\/vanavorumaamuuseumid.ee\/wp-content\/uploads\/2025\/10\/2146-980x636.jpg 980w, https:\/\/vanavorumaamuuseumid.ee\/wp-content\/uploads\/2025\/10\/2146-480x312.jpg 480w\" sizes=\"(min-width: 0px) and (max-width: 480px) 480px, (min-width: 481px) and (max-width: 980px) 980px, (min-width: 981px) 1024px, 100vw\" \/><\/figure>\n\n\n\n<figure class=\"wp-block-image size-large\"><img decoding=\"async\" width=\"1024\" height=\"683\" data-id=\"5072\" src=\"https:\/\/vanavorumaamuuseumid.ee\/wp-content\/uploads\/2025\/10\/2159-1024x683.jpg\" alt=\"\" class=\"wp-image-5072\" srcset=\"https:\/\/vanavorumaamuuseumid.ee\/wp-content\/uploads\/2025\/10\/2159-980x654.jpg 980w, https:\/\/vanavorumaamuuseumid.ee\/wp-content\/uploads\/2025\/10\/2159-480x320.jpg 480w\" sizes=\"(min-width: 0px) and (max-width: 480px) 480px, (min-width: 481px) and (max-width: 980px) 980px, (min-width: 981px) 1024px, 100vw\" \/><\/figure>\n\n\n\n<figure class=\"wp-block-image size-large\"><img decoding=\"async\" width=\"1024\" height=\"545\" data-id=\"5073\" src=\"https:\/\/vanavorumaamuuseumid.ee\/wp-content\/uploads\/2025\/10\/2175-1024x545.jpg\" alt=\"\" class=\"wp-image-5073\" srcset=\"https:\/\/vanavorumaamuuseumid.ee\/wp-content\/uploads\/2025\/10\/2175-980x522.jpg 980w, https:\/\/vanavorumaamuuseumid.ee\/wp-content\/uploads\/2025\/10\/2175-480x256.jpg 480w\" sizes=\"(min-width: 0px) and (max-width: 480px) 480px, (min-width: 481px) and (max-width: 980px) 980px, (min-width: 981px) 1024px, 100vw\" \/><\/figure>\n\n\n\n<figure class=\"wp-block-image size-large\"><img decoding=\"async\" width=\"1024\" height=\"574\" data-id=\"5075\" src=\"https:\/\/vanavorumaamuuseumid.ee\/wp-content\/uploads\/2025\/10\/2155-1024x574.jpg\" alt=\"\" class=\"wp-image-5075\" srcset=\"https:\/\/vanavorumaamuuseumid.ee\/wp-content\/uploads\/2025\/10\/2155-980x550.jpg 980w, https:\/\/vanavorumaamuuseumid.ee\/wp-content\/uploads\/2025\/10\/2155-480x269.jpg 480w\" sizes=\"(min-width: 0px) and (max-width: 480px) 480px, (min-width: 481px) and (max-width: 980px) 980px, (min-width: 981px) 1024px, 100vw\" \/><\/figure>\n\n\n\n<figure class=\"wp-block-image size-large\"><img decoding=\"async\" width=\"1024\" height=\"654\" data-id=\"5076\" src=\"https:\/\/vanavorumaamuuseumid.ee\/wp-content\/uploads\/2025\/10\/2066-1024x654.jpg\" alt=\"\" class=\"wp-image-5076\" srcset=\"https:\/\/vanavorumaamuuseumid.ee\/wp-content\/uploads\/2025\/10\/2066-980x626.jpg 980w, https:\/\/vanavorumaamuuseumid.ee\/wp-content\/uploads\/2025\/10\/2066-480x307.jpg 480w\" sizes=\"(min-width: 0px) and (max-width: 480px) 480px, (min-width: 481px) and (max-width: 980px) 980px, (min-width: 981px) 1024px, 100vw\" \/><\/figure>\n\n\n\n<figure class=\"wp-block-image size-large\"><img decoding=\"async\" width=\"1024\" height=\"642\" data-id=\"5069\" src=\"https:\/\/vanavorumaamuuseumid.ee\/wp-content\/uploads\/2025\/10\/2099-1024x642.jpg\" alt=\"\" class=\"wp-image-5069\" srcset=\"https:\/\/vanavorumaamuuseumid.ee\/wp-content\/uploads\/2025\/10\/2099-980x614.jpg 980w, https:\/\/vanavorumaamuuseumid.ee\/wp-content\/uploads\/2025\/10\/2099-480x301.jpg 480w\" sizes=\"(min-width: 0px) and (max-width: 480px) 480px, (min-width: 481px) and (max-width: 980px) 980px, (min-width: 981px) 1024px, 100vw\" \/><\/figure>\n<\/figure>","protected":false},"featured_media":4257,"template":"","class_list":["post-3809","vorumaa-naitus","type-vorumaa-naitus","status-publish","has-post-thumbnail","hentry"],"acf":[],"yoast_head":"<!-- This site is optimized with the Yoast SEO plugin v27.4 - https:\/\/yoast.com\/product\/yoast-seo-wordpress\/ -->\n<title>Mara Ljutjuki isikun\u00e4itus \u201eS\u00f5natu-s\u00f5noldaq&quot; - Vana-V\u00f5rumaa muuseumid<\/title>\n<meta name=\"robots\" content=\"index, follow, max-snippet:-1, max-image-preview:large, max-video-preview:-1\" \/>\n<link rel=\"canonical\" href=\"https:\/\/vanavorumaamuuseumid.ee\/vo\/vorumaa-naitus\/mara-ljutjuki-isikunaitus-sonatu-sonoldaq\/\" \/>\n<meta property=\"og:locale\" content=\"en_US\" \/>\n<meta property=\"og:type\" content=\"article\" \/>\n<meta property=\"og:title\" content=\"Mara Ljutjuki isikun\u00e4itus \u201eS\u00f5natu-s\u00f5noldaq&quot; - Vana-V\u00f5rumaa muuseumid\" \/>\n<meta property=\"og:description\" content=\"31. oktoobril kell 17 avatakse V\u00f5rumaa Muuseumi galeriis Mara Ljutjuki isikun\u00e4itus ,,S\u00f5natu-s\u00f5noldaq\u201c. [&hellip;]\" \/>\n<meta property=\"og:url\" content=\"https:\/\/vanavorumaamuuseumid.ee\/vo\/vorumaa-naitus\/mara-ljutjuki-isikunaitus-sonatu-sonoldaq\/\" \/>\n<meta property=\"og:site_name\" content=\"Vana-V\u00f5rumaa muuseumid\" \/>\n<meta property=\"article:modified_time\" content=\"2026-01-07T10:52:47+00:00\" \/>\n<meta property=\"og:image\" content=\"https:\/\/vanavorumaamuuseumid.ee\/wp-content\/uploads\/2025\/10\/Mara-Ljutjuk-FB1-1.jpg\" \/>\n\t<meta property=\"og:image:width\" content=\"1920\" \/>\n\t<meta property=\"og:image:height\" content=\"1005\" \/>\n\t<meta property=\"og:image:type\" content=\"image\/jpeg\" \/>\n<meta name=\"twitter:card\" content=\"summary_large_image\" \/>\n<meta name=\"twitter:label1\" content=\"Est. reading time\" \/>\n\t<meta name=\"twitter:data1\" content=\"5 minutes\" \/>\n<script type=\"application\/ld+json\" class=\"yoast-schema-graph\">{\"@context\":\"https:\\\/\\\/schema.org\",\"@graph\":[{\"@type\":\"WebPage\",\"@id\":\"https:\\\/\\\/vanavorumaamuuseumid.ee\\\/vorumaa-naitus\\\/mara-ljutjuki-isikunaitus-sonatu-sonoldaq\\\/\",\"url\":\"https:\\\/\\\/vanavorumaamuuseumid.ee\\\/vorumaa-naitus\\\/mara-ljutjuki-isikunaitus-sonatu-sonoldaq\\\/\",\"name\":\"Mara Ljutjuki isikun\u00e4itus \u201eS\u00f5natu-s\u00f5noldaq\\\" - Vana-V\u00f5rumaa muuseumid\",\"isPartOf\":{\"@id\":\"https:\\\/\\\/vanavorumaamuuseumid.ee\\\/#website\"},\"primaryImageOfPage\":{\"@id\":\"https:\\\/\\\/vanavorumaamuuseumid.ee\\\/vorumaa-naitus\\\/mara-ljutjuki-isikunaitus-sonatu-sonoldaq\\\/#primaryimage\"},\"image\":{\"@id\":\"https:\\\/\\\/vanavorumaamuuseumid.ee\\\/vorumaa-naitus\\\/mara-ljutjuki-isikunaitus-sonatu-sonoldaq\\\/#primaryimage\"},\"thumbnailUrl\":\"https:\\\/\\\/vanavorumaamuuseumid.ee\\\/wp-content\\\/uploads\\\/2025\\\/10\\\/Mara-Ljutjuk-FB1-1.jpg\",\"datePublished\":\"2025-10-05T22:37:55+00:00\",\"dateModified\":\"2026-01-07T10:52:47+00:00\",\"breadcrumb\":{\"@id\":\"https:\\\/\\\/vanavorumaamuuseumid.ee\\\/vorumaa-naitus\\\/mara-ljutjuki-isikunaitus-sonatu-sonoldaq\\\/#breadcrumb\"},\"inLanguage\":\"vo\",\"potentialAction\":[{\"@type\":\"ReadAction\",\"target\":[\"https:\\\/\\\/vanavorumaamuuseumid.ee\\\/vorumaa-naitus\\\/mara-ljutjuki-isikunaitus-sonatu-sonoldaq\\\/\"]}]},{\"@type\":\"ImageObject\",\"inLanguage\":\"vo\",\"@id\":\"https:\\\/\\\/vanavorumaamuuseumid.ee\\\/vorumaa-naitus\\\/mara-ljutjuki-isikunaitus-sonatu-sonoldaq\\\/#primaryimage\",\"url\":\"https:\\\/\\\/vanavorumaamuuseumid.ee\\\/wp-content\\\/uploads\\\/2025\\\/10\\\/Mara-Ljutjuk-FB1-1.jpg\",\"contentUrl\":\"https:\\\/\\\/vanavorumaamuuseumid.ee\\\/wp-content\\\/uploads\\\/2025\\\/10\\\/Mara-Ljutjuk-FB1-1.jpg\",\"width\":1920,\"height\":1005},{\"@type\":\"BreadcrumbList\",\"@id\":\"https:\\\/\\\/vanavorumaamuuseumid.ee\\\/vorumaa-naitus\\\/mara-ljutjuki-isikunaitus-sonatu-sonoldaq\\\/#breadcrumb\",\"itemListElement\":[{\"@type\":\"ListItem\",\"position\":1,\"name\":\"Home\",\"item\":\"https:\\\/\\\/vanavorumaamuuseumid.ee\\\/\"},{\"@type\":\"ListItem\",\"position\":2,\"name\":\"Mara Ljutjuki isikun\u00e4itus \u201eS\u00f5natu-s\u00f5noldaq&#8221;\"}]},{\"@type\":\"WebSite\",\"@id\":\"https:\\\/\\\/vanavorumaamuuseumid.ee\\\/#website\",\"url\":\"https:\\\/\\\/vanavorumaamuuseumid.ee\\\/\",\"name\":\"Vana-V\u00f5rumaa Muuseumid\",\"description\":\"V\u00f5rumaa Muuseum, Dr. Fr. R. Kreutzwaldi Memoriaalmuuseum, M\u00f5niste Talurahvamuuseum ja Karilatsi Vaba\u00f5humuuseum\",\"publisher\":{\"@id\":\"https:\\\/\\\/vanavorumaamuuseumid.ee\\\/#organization\"},\"potentialAction\":[{\"@type\":\"SearchAction\",\"target\":{\"@type\":\"EntryPoint\",\"urlTemplate\":\"https:\\\/\\\/vanavorumaamuuseumid.ee\\\/?s={search_term_string}\"},\"query-input\":{\"@type\":\"PropertyValueSpecification\",\"valueRequired\":true,\"valueName\":\"search_term_string\"}}],\"inLanguage\":\"vo\"},{\"@type\":\"Organization\",\"@id\":\"https:\\\/\\\/vanavorumaamuuseumid.ee\\\/#organization\",\"name\":\"V\u00f5ru Instituut\",\"url\":\"https:\\\/\\\/vanavorumaamuuseumid.ee\\\/\",\"logo\":{\"@type\":\"ImageObject\",\"inLanguage\":\"vo\",\"@id\":\"https:\\\/\\\/vanavorumaamuuseumid.ee\\\/#\\\/schema\\\/logo\\\/image\\\/\",\"url\":\"https:\\\/\\\/vanavorumaamuuseumid.ee\\\/wp-content\\\/uploads\\\/2025\\\/05\\\/vana-voromaa-muusoumi-250516.svg\",\"contentUrl\":\"https:\\\/\\\/vanavorumaamuuseumid.ee\\\/wp-content\\\/uploads\\\/2025\\\/05\\\/vana-voromaa-muusoumi-250516.svg\",\"width\":567,\"height\":80,\"caption\":\"V\u00f5ru Instituut\"},\"image\":{\"@id\":\"https:\\\/\\\/vanavorumaamuuseumid.ee\\\/#\\\/schema\\\/logo\\\/image\\\/\"}}]}<\/script>\n<!-- \/ Yoast SEO plugin. -->","yoast_head_json":{"title":"Mara Ljutjuki isikun\u00e4itus \u201eS\u00f5natu-s\u00f5noldaq\" - Vana-V\u00f5rumaa muuseumid","robots":{"index":"index","follow":"follow","max-snippet":"max-snippet:-1","max-image-preview":"max-image-preview:large","max-video-preview":"max-video-preview:-1"},"canonical":"https:\/\/vanavorumaamuuseumid.ee\/vo\/vorumaa-naitus\/mara-ljutjuki-isikunaitus-sonatu-sonoldaq\/","og_locale":"en_US","og_type":"article","og_title":"Mara Ljutjuki isikun\u00e4itus \u201eS\u00f5natu-s\u00f5noldaq\" - Vana-V\u00f5rumaa muuseumid","og_description":"31. oktoobril kell 17 avatakse V\u00f5rumaa Muuseumi galeriis Mara Ljutjuki isikun\u00e4itus ,,S\u00f5natu-s\u00f5noldaq\u201c. [&hellip;]","og_url":"https:\/\/vanavorumaamuuseumid.ee\/vo\/vorumaa-naitus\/mara-ljutjuki-isikunaitus-sonatu-sonoldaq\/","og_site_name":"Vana-V\u00f5rumaa muuseumid","article_modified_time":"2026-01-07T10:52:47+00:00","og_image":[{"width":1920,"height":1005,"url":"https:\/\/vanavorumaamuuseumid.ee\/wp-content\/uploads\/2025\/10\/Mara-Ljutjuk-FB1-1.jpg","type":"image\/jpeg"}],"twitter_card":"summary_large_image","twitter_misc":{"Est. reading time":"5 minutes"},"schema":{"@context":"https:\/\/schema.org","@graph":[{"@type":"WebPage","@id":"https:\/\/vanavorumaamuuseumid.ee\/vorumaa-naitus\/mara-ljutjuki-isikunaitus-sonatu-sonoldaq\/","url":"https:\/\/vanavorumaamuuseumid.ee\/vorumaa-naitus\/mara-ljutjuki-isikunaitus-sonatu-sonoldaq\/","name":"Mara Ljutjuki isikun\u00e4itus \u201eS\u00f5natu-s\u00f5noldaq\" - Vana-V\u00f5rumaa muuseumid","isPartOf":{"@id":"https:\/\/vanavorumaamuuseumid.ee\/#website"},"primaryImageOfPage":{"@id":"https:\/\/vanavorumaamuuseumid.ee\/vorumaa-naitus\/mara-ljutjuki-isikunaitus-sonatu-sonoldaq\/#primaryimage"},"image":{"@id":"https:\/\/vanavorumaamuuseumid.ee\/vorumaa-naitus\/mara-ljutjuki-isikunaitus-sonatu-sonoldaq\/#primaryimage"},"thumbnailUrl":"https:\/\/vanavorumaamuuseumid.ee\/wp-content\/uploads\/2025\/10\/Mara-Ljutjuk-FB1-1.jpg","datePublished":"2025-10-05T22:37:55+00:00","dateModified":"2026-01-07T10:52:47+00:00","breadcrumb":{"@id":"https:\/\/vanavorumaamuuseumid.ee\/vorumaa-naitus\/mara-ljutjuki-isikunaitus-sonatu-sonoldaq\/#breadcrumb"},"inLanguage":"vo","potentialAction":[{"@type":"ReadAction","target":["https:\/\/vanavorumaamuuseumid.ee\/vorumaa-naitus\/mara-ljutjuki-isikunaitus-sonatu-sonoldaq\/"]}]},{"@type":"ImageObject","inLanguage":"vo","@id":"https:\/\/vanavorumaamuuseumid.ee\/vorumaa-naitus\/mara-ljutjuki-isikunaitus-sonatu-sonoldaq\/#primaryimage","url":"https:\/\/vanavorumaamuuseumid.ee\/wp-content\/uploads\/2025\/10\/Mara-Ljutjuk-FB1-1.jpg","contentUrl":"https:\/\/vanavorumaamuuseumid.ee\/wp-content\/uploads\/2025\/10\/Mara-Ljutjuk-FB1-1.jpg","width":1920,"height":1005},{"@type":"BreadcrumbList","@id":"https:\/\/vanavorumaamuuseumid.ee\/vorumaa-naitus\/mara-ljutjuki-isikunaitus-sonatu-sonoldaq\/#breadcrumb","itemListElement":[{"@type":"ListItem","position":1,"name":"Home","item":"https:\/\/vanavorumaamuuseumid.ee\/"},{"@type":"ListItem","position":2,"name":"Mara Ljutjuki isikun\u00e4itus \u201eS\u00f5natu-s\u00f5noldaq&#8221;"}]},{"@type":"WebSite","@id":"https:\/\/vanavorumaamuuseumid.ee\/#website","url":"https:\/\/vanavorumaamuuseumid.ee\/","name":"Vana-V\u00f5rumaa Muuseumid","description":"V\u00f5rumaa Muuseum, Dr. Fr. R. Kreutzwaldi Memoriaalmuuseum, M\u00f5niste Talurahvamuuseum ja Karilatsi Vaba\u00f5humuuseum","publisher":{"@id":"https:\/\/vanavorumaamuuseumid.ee\/#organization"},"potentialAction":[{"@type":"SearchAction","target":{"@type":"EntryPoint","urlTemplate":"https:\/\/vanavorumaamuuseumid.ee\/?s={search_term_string}"},"query-input":{"@type":"PropertyValueSpecification","valueRequired":true,"valueName":"search_term_string"}}],"inLanguage":"vo"},{"@type":"Organization","@id":"https:\/\/vanavorumaamuuseumid.ee\/#organization","name":"V\u00f5ru Instituut","url":"https:\/\/vanavorumaamuuseumid.ee\/","logo":{"@type":"ImageObject","inLanguage":"vo","@id":"https:\/\/vanavorumaamuuseumid.ee\/#\/schema\/logo\/image\/","url":"https:\/\/vanavorumaamuuseumid.ee\/wp-content\/uploads\/2025\/05\/vana-voromaa-muusoumi-250516.svg","contentUrl":"https:\/\/vanavorumaamuuseumid.ee\/wp-content\/uploads\/2025\/05\/vana-voromaa-muusoumi-250516.svg","width":567,"height":80,"caption":"V\u00f5ru Instituut"},"image":{"@id":"https:\/\/vanavorumaamuuseumid.ee\/#\/schema\/logo\/image\/"}}]}},"_links":{"self":[{"href":"https:\/\/vanavorumaamuuseumid.ee\/vo\/wp-json\/wp\/v2\/vorumaa-naitus\/3809","targetHints":{"allow":["GET"]}}],"collection":[{"href":"https:\/\/vanavorumaamuuseumid.ee\/vo\/wp-json\/wp\/v2\/vorumaa-naitus"}],"about":[{"href":"https:\/\/vanavorumaamuuseumid.ee\/vo\/wp-json\/wp\/v2\/types\/vorumaa-naitus"}],"wp:featuredmedia":[{"embeddable":true,"href":"https:\/\/vanavorumaamuuseumid.ee\/vo\/wp-json\/wp\/v2\/media\/4257"}],"wp:attachment":[{"href":"https:\/\/vanavorumaamuuseumid.ee\/vo\/wp-json\/wp\/v2\/media?parent=3809"}],"curies":[{"name":"wp","href":"https:\/\/api.w.org\/{rel}","templated":true}]}}