{"id":3315,"date":"2025-09-28T22:25:12","date_gmt":"2025-09-28T19:25:12","guid":{"rendered":"https:\/\/vanavorumaamuuseumid.ee\/?post_type=vorumaa-sundmus&#038;p=3315"},"modified":"2025-09-28T22:27:46","modified_gmt":"2025-09-28T19:27:46","slug":"kuraatorituur-aet-ollisaarega-tekstiilikunstnike-uhisnaitusel-mitmekihiline","status":"publish","type":"vorumaa-sundmus","link":"https:\/\/vanavorumaamuuseumid.ee\/vo\/vorumaa-sundmus\/kuraatorituur-aet-ollisaarega-tekstiilikunstnike-uhisnaitusel-mitmekihiline\/","title":{"rendered":"Kuraatorituur Aet Ollisaarega tekstiilikunstnike \u00fchisn\u00e4itusel &#8220;Mitmekihiline&#8221;"},"content":{"rendered":"<figure class=\"wp-block-image size-large\"><img decoding=\"async\" width=\"1024\" height=\"678\" src=\"https:\/\/vanavorumaamuuseumid.ee\/wp-content\/uploads\/2025\/09\/D_9544-1024x678.jpg\" alt=\"\" class=\"wp-image-3317\" srcset=\"https:\/\/vanavorumaamuuseumid.ee\/wp-content\/uploads\/2025\/09\/D_9544-980x649.jpg 980w, https:\/\/vanavorumaamuuseumid.ee\/wp-content\/uploads\/2025\/09\/D_9544-480x318.jpg 480w\" sizes=\"(min-width: 0px) and (max-width: 480px) 480px, (min-width: 481px) and (max-width: 980px) 980px, (min-width: 981px) 1024px, 100vw\" \/><\/figure>\n\n\n\n<p>8. oktoobril kell 17.00 toimub V\u00f5rumaa Muuseumis traditsiooniks saanud kuraatorituur. Eesti Tekstiilikunstnike Liidu esinaine Aet Ollisaar tutvustab \u00fchisn\u00e4itust \u201eMitmekihiline\u201c.<br>Sissep\u00e4\u00e4s muuseumi piletiga.<\/p>\n\n\n\n<p>\u00dchisn\u00e4itus MITMEKIHILINE tutvustab t\u00e4navu kevadel loomevaldkondade esindajatest koosneva \u017e\u00fcrii poolt valitud Eesti Tekstiilikunstnike Liidu aastapreemiate laureaatide loomingut. Galerii erinevates ruumides paiknev n\u00e4itus moodustab mitmek\u00fclgse ja vastandliku koosluse, mis toob esile tekstiilikunsti mitmek\u00fclgseid v\u00f5imalusi ja peegeldab erinevaid p\u00f5lvkondi esindavate autorite k\u00e4ekirju. N\u00e4ituse juhatab sisse Aasta noor tekstiilikunstnik Kristina Oja, kes toob vaatajani oma perekonna ajaloost inspireeritud kudumikollektsiooni ja selle edasiarendused. V\u00e4ikeses saalis saab \u00fclevaate elut\u00f6\u00f6preemia laureaadi Ludmilla Swarzcewskaja v\u00e4rvikirevast gobel\u00e4\u00e4niloomingust. Galerii suures saalis on eksponeeritud Aasta tekstiilikunstnik 2024 Aune Taamali \u00f5hulised ja mitmekihilised teosed dialoogis \u017e\u00fcrii eripreemia p\u00e4lvinud Ilja Uhlinovi valge gobel\u00e4\u00e4niga.<\/p>\n\n\n\n<p>N\u00e4itus on avatud kuni 26. oktoobrini.<\/p>\n\n\n\n<p>N\u00e4itust toetab Eesti Kultuurkapital ja V\u00f5ru linn.<\/p>\n\n\n\n<p>Foto Andres Treial<\/p>","protected":false},"featured_media":3307,"parent":0,"menu_order":0,"template":"","class_list":["post-3315","vorumaa-sundmus","type-vorumaa-sundmus","status-publish","has-post-thumbnail","hentry"],"acf":[],"yoast_head":"<!-- This site is optimized with the Yoast SEO plugin v27.4 - https:\/\/yoast.com\/product\/yoast-seo-wordpress\/ -->\n<title>Kuraatorituur Aet Ollisaarega tekstiilikunstnike \u00fchisn\u00e4itusel &quot;Mitmekihiline&quot; - Vana-V\u00f5rumaa muuseumid<\/title>\n<meta name=\"robots\" content=\"index, follow, max-snippet:-1, max-image-preview:large, max-video-preview:-1\" \/>\n<link rel=\"canonical\" href=\"https:\/\/vanavorumaamuuseumid.ee\/vo\/vorumaa-sundmus\/kuraatorituur-aet-ollisaarega-tekstiilikunstnike-uhisnaitusel-mitmekihiline\/\" \/>\n<meta property=\"og:locale\" content=\"en_US\" \/>\n<meta property=\"og:type\" content=\"article\" \/>\n<meta property=\"og:title\" content=\"Kuraatorituur Aet Ollisaarega tekstiilikunstnike \u00fchisn\u00e4itusel &quot;Mitmekihiline&quot; - Vana-V\u00f5rumaa muuseumid\" \/>\n<meta property=\"og:description\" content=\"8. oktoobril kell 17.00 toimub V\u00f5rumaa Muuseumis traditsiooniks saanud kuraatorituur. Eesti Tekstiilikunstnike [&hellip;]\" \/>\n<meta property=\"og:url\" content=\"https:\/\/vanavorumaamuuseumid.ee\/vo\/vorumaa-sundmus\/kuraatorituur-aet-ollisaarega-tekstiilikunstnike-uhisnaitusel-mitmekihiline\/\" \/>\n<meta property=\"og:site_name\" content=\"Vana-V\u00f5rumaa muuseumid\" \/>\n<meta property=\"article:modified_time\" content=\"2025-09-28T19:27:46+00:00\" \/>\n<meta property=\"og:image\" content=\"https:\/\/vanavorumaamuuseumid.ee\/wp-content\/uploads\/2025\/09\/D_9316.jpg\" \/>\n\t<meta property=\"og:image:width\" content=\"1920\" \/>\n\t<meta property=\"og:image:height\" content=\"1046\" \/>\n\t<meta property=\"og:image:type\" content=\"image\/jpeg\" \/>\n<meta name=\"twitter:card\" content=\"summary_large_image\" \/>\n<meta name=\"twitter:label1\" content=\"Est. reading time\" \/>\n\t<meta name=\"twitter:data1\" content=\"1 minute\" \/>\n<script type=\"application\/ld+json\" class=\"yoast-schema-graph\">{\"@context\":\"https:\\\/\\\/schema.org\",\"@graph\":[{\"@type\":\"WebPage\",\"@id\":\"https:\\\/\\\/vanavorumaamuuseumid.ee\\\/vorumaa-sundmus\\\/kuraatorituur-aet-ollisaarega-tekstiilikunstnike-uhisnaitusel-mitmekihiline\\\/\",\"url\":\"https:\\\/\\\/vanavorumaamuuseumid.ee\\\/vorumaa-sundmus\\\/kuraatorituur-aet-ollisaarega-tekstiilikunstnike-uhisnaitusel-mitmekihiline\\\/\",\"name\":\"Kuraatorituur Aet Ollisaarega tekstiilikunstnike \u00fchisn\u00e4itusel \\\"Mitmekihiline\\\" - Vana-V\u00f5rumaa muuseumid\",\"isPartOf\":{\"@id\":\"https:\\\/\\\/vanavorumaamuuseumid.ee\\\/#website\"},\"primaryImageOfPage\":{\"@id\":\"https:\\\/\\\/vanavorumaamuuseumid.ee\\\/vorumaa-sundmus\\\/kuraatorituur-aet-ollisaarega-tekstiilikunstnike-uhisnaitusel-mitmekihiline\\\/#primaryimage\"},\"image\":{\"@id\":\"https:\\\/\\\/vanavorumaamuuseumid.ee\\\/vorumaa-sundmus\\\/kuraatorituur-aet-ollisaarega-tekstiilikunstnike-uhisnaitusel-mitmekihiline\\\/#primaryimage\"},\"thumbnailUrl\":\"https:\\\/\\\/vanavorumaamuuseumid.ee\\\/wp-content\\\/uploads\\\/2025\\\/09\\\/D_9316.jpg\",\"datePublished\":\"2025-09-28T19:25:12+00:00\",\"dateModified\":\"2025-09-28T19:27:46+00:00\",\"breadcrumb\":{\"@id\":\"https:\\\/\\\/vanavorumaamuuseumid.ee\\\/vorumaa-sundmus\\\/kuraatorituur-aet-ollisaarega-tekstiilikunstnike-uhisnaitusel-mitmekihiline\\\/#breadcrumb\"},\"inLanguage\":\"vo\",\"potentialAction\":[{\"@type\":\"ReadAction\",\"target\":[\"https:\\\/\\\/vanavorumaamuuseumid.ee\\\/vorumaa-sundmus\\\/kuraatorituur-aet-ollisaarega-tekstiilikunstnike-uhisnaitusel-mitmekihiline\\\/\"]}]},{\"@type\":\"ImageObject\",\"inLanguage\":\"vo\",\"@id\":\"https:\\\/\\\/vanavorumaamuuseumid.ee\\\/vorumaa-sundmus\\\/kuraatorituur-aet-ollisaarega-tekstiilikunstnike-uhisnaitusel-mitmekihiline\\\/#primaryimage\",\"url\":\"https:\\\/\\\/vanavorumaamuuseumid.ee\\\/wp-content\\\/uploads\\\/2025\\\/09\\\/D_9316.jpg\",\"contentUrl\":\"https:\\\/\\\/vanavorumaamuuseumid.ee\\\/wp-content\\\/uploads\\\/2025\\\/09\\\/D_9316.jpg\",\"width\":1920,\"height\":1046},{\"@type\":\"BreadcrumbList\",\"@id\":\"https:\\\/\\\/vanavorumaamuuseumid.ee\\\/vorumaa-sundmus\\\/kuraatorituur-aet-ollisaarega-tekstiilikunstnike-uhisnaitusel-mitmekihiline\\\/#breadcrumb\",\"itemListElement\":[{\"@type\":\"ListItem\",\"position\":1,\"name\":\"Home\",\"item\":\"https:\\\/\\\/vanavorumaamuuseumid.ee\\\/\"},{\"@type\":\"ListItem\",\"position\":2,\"name\":\"Kuraatorituur Aet Ollisaarega tekstiilikunstnike \u00fchisn\u00e4itusel &#8220;Mitmekihiline&#8221;\"}]},{\"@type\":\"WebSite\",\"@id\":\"https:\\\/\\\/vanavorumaamuuseumid.ee\\\/#website\",\"url\":\"https:\\\/\\\/vanavorumaamuuseumid.ee\\\/\",\"name\":\"Vana-V\u00f5rumaa Muuseumid\",\"description\":\"V\u00f5rumaa Muuseum, Dr. Fr. R. Kreutzwaldi Memoriaalmuuseum, M\u00f5niste Talurahvamuuseum ja Karilatsi Vaba\u00f5humuuseum\",\"publisher\":{\"@id\":\"https:\\\/\\\/vanavorumaamuuseumid.ee\\\/#organization\"},\"potentialAction\":[{\"@type\":\"SearchAction\",\"target\":{\"@type\":\"EntryPoint\",\"urlTemplate\":\"https:\\\/\\\/vanavorumaamuuseumid.ee\\\/?s={search_term_string}\"},\"query-input\":{\"@type\":\"PropertyValueSpecification\",\"valueRequired\":true,\"valueName\":\"search_term_string\"}}],\"inLanguage\":\"vo\"},{\"@type\":\"Organization\",\"@id\":\"https:\\\/\\\/vanavorumaamuuseumid.ee\\\/#organization\",\"name\":\"V\u00f5ru Instituut\",\"url\":\"https:\\\/\\\/vanavorumaamuuseumid.ee\\\/\",\"logo\":{\"@type\":\"ImageObject\",\"inLanguage\":\"vo\",\"@id\":\"https:\\\/\\\/vanavorumaamuuseumid.ee\\\/#\\\/schema\\\/logo\\\/image\\\/\",\"url\":\"https:\\\/\\\/vanavorumaamuuseumid.ee\\\/wp-content\\\/uploads\\\/2025\\\/05\\\/vana-voromaa-muusoumi-250516.svg\",\"contentUrl\":\"https:\\\/\\\/vanavorumaamuuseumid.ee\\\/wp-content\\\/uploads\\\/2025\\\/05\\\/vana-voromaa-muusoumi-250516.svg\",\"width\":567,\"height\":80,\"caption\":\"V\u00f5ru Instituut\"},\"image\":{\"@id\":\"https:\\\/\\\/vanavorumaamuuseumid.ee\\\/#\\\/schema\\\/logo\\\/image\\\/\"}}]}<\/script>\n<!-- \/ Yoast SEO plugin. -->","yoast_head_json":{"title":"Kuraatorituur Aet Ollisaarega tekstiilikunstnike \u00fchisn\u00e4itusel \"Mitmekihiline\" - Vana-V\u00f5rumaa muuseumid","robots":{"index":"index","follow":"follow","max-snippet":"max-snippet:-1","max-image-preview":"max-image-preview:large","max-video-preview":"max-video-preview:-1"},"canonical":"https:\/\/vanavorumaamuuseumid.ee\/vo\/vorumaa-sundmus\/kuraatorituur-aet-ollisaarega-tekstiilikunstnike-uhisnaitusel-mitmekihiline\/","og_locale":"en_US","og_type":"article","og_title":"Kuraatorituur Aet Ollisaarega tekstiilikunstnike \u00fchisn\u00e4itusel \"Mitmekihiline\" - Vana-V\u00f5rumaa muuseumid","og_description":"8. oktoobril kell 17.00 toimub V\u00f5rumaa Muuseumis traditsiooniks saanud kuraatorituur. Eesti Tekstiilikunstnike [&hellip;]","og_url":"https:\/\/vanavorumaamuuseumid.ee\/vo\/vorumaa-sundmus\/kuraatorituur-aet-ollisaarega-tekstiilikunstnike-uhisnaitusel-mitmekihiline\/","og_site_name":"Vana-V\u00f5rumaa muuseumid","article_modified_time":"2025-09-28T19:27:46+00:00","og_image":[{"width":1920,"height":1046,"url":"https:\/\/vanavorumaamuuseumid.ee\/wp-content\/uploads\/2025\/09\/D_9316.jpg","type":"image\/jpeg"}],"twitter_card":"summary_large_image","twitter_misc":{"Est. reading time":"1 minute"},"schema":{"@context":"https:\/\/schema.org","@graph":[{"@type":"WebPage","@id":"https:\/\/vanavorumaamuuseumid.ee\/vorumaa-sundmus\/kuraatorituur-aet-ollisaarega-tekstiilikunstnike-uhisnaitusel-mitmekihiline\/","url":"https:\/\/vanavorumaamuuseumid.ee\/vorumaa-sundmus\/kuraatorituur-aet-ollisaarega-tekstiilikunstnike-uhisnaitusel-mitmekihiline\/","name":"Kuraatorituur Aet Ollisaarega tekstiilikunstnike \u00fchisn\u00e4itusel \"Mitmekihiline\" - Vana-V\u00f5rumaa muuseumid","isPartOf":{"@id":"https:\/\/vanavorumaamuuseumid.ee\/#website"},"primaryImageOfPage":{"@id":"https:\/\/vanavorumaamuuseumid.ee\/vorumaa-sundmus\/kuraatorituur-aet-ollisaarega-tekstiilikunstnike-uhisnaitusel-mitmekihiline\/#primaryimage"},"image":{"@id":"https:\/\/vanavorumaamuuseumid.ee\/vorumaa-sundmus\/kuraatorituur-aet-ollisaarega-tekstiilikunstnike-uhisnaitusel-mitmekihiline\/#primaryimage"},"thumbnailUrl":"https:\/\/vanavorumaamuuseumid.ee\/wp-content\/uploads\/2025\/09\/D_9316.jpg","datePublished":"2025-09-28T19:25:12+00:00","dateModified":"2025-09-28T19:27:46+00:00","breadcrumb":{"@id":"https:\/\/vanavorumaamuuseumid.ee\/vorumaa-sundmus\/kuraatorituur-aet-ollisaarega-tekstiilikunstnike-uhisnaitusel-mitmekihiline\/#breadcrumb"},"inLanguage":"vo","potentialAction":[{"@type":"ReadAction","target":["https:\/\/vanavorumaamuuseumid.ee\/vorumaa-sundmus\/kuraatorituur-aet-ollisaarega-tekstiilikunstnike-uhisnaitusel-mitmekihiline\/"]}]},{"@type":"ImageObject","inLanguage":"vo","@id":"https:\/\/vanavorumaamuuseumid.ee\/vorumaa-sundmus\/kuraatorituur-aet-ollisaarega-tekstiilikunstnike-uhisnaitusel-mitmekihiline\/#primaryimage","url":"https:\/\/vanavorumaamuuseumid.ee\/wp-content\/uploads\/2025\/09\/D_9316.jpg","contentUrl":"https:\/\/vanavorumaamuuseumid.ee\/wp-content\/uploads\/2025\/09\/D_9316.jpg","width":1920,"height":1046},{"@type":"BreadcrumbList","@id":"https:\/\/vanavorumaamuuseumid.ee\/vorumaa-sundmus\/kuraatorituur-aet-ollisaarega-tekstiilikunstnike-uhisnaitusel-mitmekihiline\/#breadcrumb","itemListElement":[{"@type":"ListItem","position":1,"name":"Home","item":"https:\/\/vanavorumaamuuseumid.ee\/"},{"@type":"ListItem","position":2,"name":"Kuraatorituur Aet Ollisaarega tekstiilikunstnike \u00fchisn\u00e4itusel &#8220;Mitmekihiline&#8221;"}]},{"@type":"WebSite","@id":"https:\/\/vanavorumaamuuseumid.ee\/#website","url":"https:\/\/vanavorumaamuuseumid.ee\/","name":"Vana-V\u00f5rumaa Muuseumid","description":"V\u00f5rumaa Muuseum, Dr. Fr. R. Kreutzwaldi Memoriaalmuuseum, M\u00f5niste Talurahvamuuseum ja Karilatsi Vaba\u00f5humuuseum","publisher":{"@id":"https:\/\/vanavorumaamuuseumid.ee\/#organization"},"potentialAction":[{"@type":"SearchAction","target":{"@type":"EntryPoint","urlTemplate":"https:\/\/vanavorumaamuuseumid.ee\/?s={search_term_string}"},"query-input":{"@type":"PropertyValueSpecification","valueRequired":true,"valueName":"search_term_string"}}],"inLanguage":"vo"},{"@type":"Organization","@id":"https:\/\/vanavorumaamuuseumid.ee\/#organization","name":"V\u00f5ru Instituut","url":"https:\/\/vanavorumaamuuseumid.ee\/","logo":{"@type":"ImageObject","inLanguage":"vo","@id":"https:\/\/vanavorumaamuuseumid.ee\/#\/schema\/logo\/image\/","url":"https:\/\/vanavorumaamuuseumid.ee\/wp-content\/uploads\/2025\/05\/vana-voromaa-muusoumi-250516.svg","contentUrl":"https:\/\/vanavorumaamuuseumid.ee\/wp-content\/uploads\/2025\/05\/vana-voromaa-muusoumi-250516.svg","width":567,"height":80,"caption":"V\u00f5ru Instituut"},"image":{"@id":"https:\/\/vanavorumaamuuseumid.ee\/#\/schema\/logo\/image\/"}}]}},"_links":{"self":[{"href":"https:\/\/vanavorumaamuuseumid.ee\/vo\/wp-json\/wp\/v2\/vorumaa-sundmus\/3315","targetHints":{"allow":["GET"]}}],"collection":[{"href":"https:\/\/vanavorumaamuuseumid.ee\/vo\/wp-json\/wp\/v2\/vorumaa-sundmus"}],"about":[{"href":"https:\/\/vanavorumaamuuseumid.ee\/vo\/wp-json\/wp\/v2\/types\/vorumaa-sundmus"}],"wp:featuredmedia":[{"embeddable":true,"href":"https:\/\/vanavorumaamuuseumid.ee\/vo\/wp-json\/wp\/v2\/media\/3307"}],"wp:attachment":[{"href":"https:\/\/vanavorumaamuuseumid.ee\/vo\/wp-json\/wp\/v2\/media?parent=3315"}],"curies":[{"name":"wp","href":"https:\/\/api.w.org\/{rel}","templated":true}]}}