{"id":352,"date":"2025-06-10T16:33:00","date_gmt":"2025-06-10T13:33:00","guid":{"rendered":"https:\/\/vanavorumaamuuseumid.ee\/?post_type=sundmused&#038;p=352"},"modified":"2025-06-10T16:33:00","modified_gmt":"2025-06-10T13:33:00","slug":"toomas-kuusingu-isikunaitus-harilikud-maailmad","status":"publish","type":"vorumaa-sundmus","link":"https:\/\/vanavorumaamuuseumid.ee\/vo\/vorumaa-sundmus\/toomas-kuusingu-isikunaitus-harilikud-maailmad\/","title":{"rendered":"Toomas Kuusingu isikun\u00e4itus \u201cHarilikud Maailmad\u201d"},"content":{"rendered":"<p><strong>Reedel, 16. mail kell 17 avaneb&nbsp;Toomas Kuusingu isikun\u00e4itus&nbsp;\u201cHarilikud Maailmad\u201d V\u00f5rumaa Muuseumi galeriis (endise nimega Vana-V\u00f5romaa Kultuurikoda). N\u00e4itus j\u00e4\u00e4b avatuks kuni 29. juunini K-P 10-18.<\/strong><\/p>\n\n\n\n<p>\u201eMaailmas, kus me elame, ei ole enam \u00fcldkehtivat t\u00f5de ning ei ole ka alust tegelikkuse ja v\u00e4ljam\u00f5eldise eristamiseks. Reaalsuse ja fiktsiooni tasakaal on muutunud. Me elame hiiglaslikus pildis. Kunstnikul on \u00fcha v\u00e4hem tarvis oma teosele sisu leiutada. Fiktsioon juba eksisteerib.\u201c<\/p>\n\n\n\n<p>V\u00f5rumaa Muuseumi galeriis esitleb kunstnik oma v\u00e4rskemat graafika- ja maaliloomingut, mis on sama pealkirja alt m\u00f5tteliseks j\u00e4tkuks kesksetele huviliinidele tema viimase pea kahek\u00fcmne aasta loomingus.<\/p>\n\n\n\n<p><strong>Toomas Kuusing <\/strong>(s. 1976) on Kagu-Eesti kunstnik, ta on l\u00f5petanud Eesti Kunstiakadeemia vabade kunstide eriala (BA, 2005). Ta tegeleb maali, graafika ja tegevuskunstiga ning kuulub alates 2001. aastast r\u00fchmitusse Non Grata, olles osalenud <em>performance\u2019ite<\/em> ja n\u00e4itustega \u00fcle maailma. Alates 2002. aastast on ta esinenud nii isiku- kui grupin\u00e4itustega paljudes riikides, sealhulgas Eestis.<\/p>\n\n\n\n<p>N\u00e4ituse kujundaja: Martti Ruus<br>Graafiline disainer: Taavi Oolberg<\/p>\n\n\n\n<p>N\u00e4itust toetab Eesti Kultuurkapital ja V\u00f5ru linn.<\/p>","protected":false},"featured_media":510,"parent":0,"menu_order":0,"template":"","class_list":["post-352","vorumaa-sundmus","type-vorumaa-sundmus","status-publish","has-post-thumbnail","hentry"],"acf":[],"yoast_head":"<!-- This site is optimized with the Yoast SEO plugin v27.4 - https:\/\/yoast.com\/product\/yoast-seo-wordpress\/ -->\n<title>Toomas Kuusingu isikun\u00e4itus \u201cHarilikud Maailmad\u201d - Vana-V\u00f5rumaa muuseumid<\/title>\n<meta name=\"robots\" content=\"index, follow, max-snippet:-1, max-image-preview:large, max-video-preview:-1\" \/>\n<link rel=\"canonical\" href=\"https:\/\/vanavorumaamuuseumid.ee\/vo\/vorumaa-sundmus\/toomas-kuusingu-isikunaitus-harilikud-maailmad\/\" \/>\n<meta property=\"og:locale\" content=\"en_US\" \/>\n<meta property=\"og:type\" content=\"article\" \/>\n<meta property=\"og:title\" content=\"Toomas Kuusingu isikun\u00e4itus \u201cHarilikud Maailmad\u201d - Vana-V\u00f5rumaa muuseumid\" \/>\n<meta property=\"og:description\" content=\"Reedel, 16. mail kell 17 avaneb&nbsp;Toomas Kuusingu isikun\u00e4itus&nbsp;\u201cHarilikud Maailmad\u201d V\u00f5rumaa Muuseumi galeriis [&hellip;]\" \/>\n<meta property=\"og:url\" content=\"https:\/\/vanavorumaamuuseumid.ee\/vo\/vorumaa-sundmus\/toomas-kuusingu-isikunaitus-harilikud-maailmad\/\" \/>\n<meta property=\"og:site_name\" content=\"Vana-V\u00f5rumaa muuseumid\" \/>\n<meta property=\"og:image\" content=\"https:\/\/vanavorumaamuuseumid.ee\/wp-content\/uploads\/2025\/05\/toomas-kuusingu-isikunaitus-harilikud-maailmad-250523.jpg\" \/>\n\t<meta property=\"og:image:width\" content=\"1024\" \/>\n\t<meta property=\"og:image:height\" content=\"536\" \/>\n\t<meta property=\"og:image:type\" content=\"image\/jpeg\" \/>\n<meta name=\"twitter:card\" content=\"summary_large_image\" \/>\n<meta name=\"twitter:label1\" content=\"Est. reading time\" \/>\n\t<meta name=\"twitter:data1\" content=\"1 minute\" \/>\n<script type=\"application\/ld+json\" class=\"yoast-schema-graph\">{\"@context\":\"https:\\\/\\\/schema.org\",\"@graph\":[{\"@type\":\"WebPage\",\"@id\":\"https:\\\/\\\/vanavorumaamuuseumid.ee\\\/vorumaa-sundmus\\\/toomas-kuusingu-isikunaitus-harilikud-maailmad\\\/\",\"url\":\"https:\\\/\\\/vanavorumaamuuseumid.ee\\\/vorumaa-sundmus\\\/toomas-kuusingu-isikunaitus-harilikud-maailmad\\\/\",\"name\":\"Toomas Kuusingu isikun\u00e4itus \u201cHarilikud Maailmad\u201d - Vana-V\u00f5rumaa muuseumid\",\"isPartOf\":{\"@id\":\"https:\\\/\\\/vanavorumaamuuseumid.ee\\\/#website\"},\"primaryImageOfPage\":{\"@id\":\"https:\\\/\\\/vanavorumaamuuseumid.ee\\\/vorumaa-sundmus\\\/toomas-kuusingu-isikunaitus-harilikud-maailmad\\\/#primaryimage\"},\"image\":{\"@id\":\"https:\\\/\\\/vanavorumaamuuseumid.ee\\\/vorumaa-sundmus\\\/toomas-kuusingu-isikunaitus-harilikud-maailmad\\\/#primaryimage\"},\"thumbnailUrl\":\"https:\\\/\\\/vanavorumaamuuseumid.ee\\\/wp-content\\\/uploads\\\/2025\\\/05\\\/toomas-kuusingu-isikunaitus-harilikud-maailmad-250523.jpg\",\"datePublished\":\"2025-06-10T13:33:00+00:00\",\"breadcrumb\":{\"@id\":\"https:\\\/\\\/vanavorumaamuuseumid.ee\\\/vorumaa-sundmus\\\/toomas-kuusingu-isikunaitus-harilikud-maailmad\\\/#breadcrumb\"},\"inLanguage\":\"vo\",\"potentialAction\":[{\"@type\":\"ReadAction\",\"target\":[\"https:\\\/\\\/vanavorumaamuuseumid.ee\\\/vorumaa-sundmus\\\/toomas-kuusingu-isikunaitus-harilikud-maailmad\\\/\"]}]},{\"@type\":\"ImageObject\",\"inLanguage\":\"vo\",\"@id\":\"https:\\\/\\\/vanavorumaamuuseumid.ee\\\/vorumaa-sundmus\\\/toomas-kuusingu-isikunaitus-harilikud-maailmad\\\/#primaryimage\",\"url\":\"https:\\\/\\\/vanavorumaamuuseumid.ee\\\/wp-content\\\/uploads\\\/2025\\\/05\\\/toomas-kuusingu-isikunaitus-harilikud-maailmad-250523.jpg\",\"contentUrl\":\"https:\\\/\\\/vanavorumaamuuseumid.ee\\\/wp-content\\\/uploads\\\/2025\\\/05\\\/toomas-kuusingu-isikunaitus-harilikud-maailmad-250523.jpg\",\"width\":1024,\"height\":536,\"caption\":\"Toomas Kuusingu isikun\u00e4itus \u201cHarilikud Maailmad\u201d\"},{\"@type\":\"BreadcrumbList\",\"@id\":\"https:\\\/\\\/vanavorumaamuuseumid.ee\\\/vorumaa-sundmus\\\/toomas-kuusingu-isikunaitus-harilikud-maailmad\\\/#breadcrumb\",\"itemListElement\":[{\"@type\":\"ListItem\",\"position\":1,\"name\":\"Home\",\"item\":\"https:\\\/\\\/vanavorumaamuuseumid.ee\\\/\"},{\"@type\":\"ListItem\",\"position\":2,\"name\":\"Toomas Kuusingu isikun\u00e4itus \u201cHarilikud Maailmad\u201d\"}]},{\"@type\":\"WebSite\",\"@id\":\"https:\\\/\\\/vanavorumaamuuseumid.ee\\\/#website\",\"url\":\"https:\\\/\\\/vanavorumaamuuseumid.ee\\\/\",\"name\":\"Vana-V\u00f5rumaa Muuseumid\",\"description\":\"V\u00f5rumaa Muuseum, Dr. Fr. R. Kreutzwaldi Memoriaalmuuseum, M\u00f5niste Talurahvamuuseum ja Karilatsi Vaba\u00f5humuuseum\",\"publisher\":{\"@id\":\"https:\\\/\\\/vanavorumaamuuseumid.ee\\\/#organization\"},\"potentialAction\":[{\"@type\":\"SearchAction\",\"target\":{\"@type\":\"EntryPoint\",\"urlTemplate\":\"https:\\\/\\\/vanavorumaamuuseumid.ee\\\/?s={search_term_string}\"},\"query-input\":{\"@type\":\"PropertyValueSpecification\",\"valueRequired\":true,\"valueName\":\"search_term_string\"}}],\"inLanguage\":\"vo\"},{\"@type\":\"Organization\",\"@id\":\"https:\\\/\\\/vanavorumaamuuseumid.ee\\\/#organization\",\"name\":\"V\u00f5ru Instituut\",\"url\":\"https:\\\/\\\/vanavorumaamuuseumid.ee\\\/\",\"logo\":{\"@type\":\"ImageObject\",\"inLanguage\":\"vo\",\"@id\":\"https:\\\/\\\/vanavorumaamuuseumid.ee\\\/#\\\/schema\\\/logo\\\/image\\\/\",\"url\":\"https:\\\/\\\/vanavorumaamuuseumid.ee\\\/wp-content\\\/uploads\\\/2025\\\/05\\\/vana-voromaa-muusoumi-250516.svg\",\"contentUrl\":\"https:\\\/\\\/vanavorumaamuuseumid.ee\\\/wp-content\\\/uploads\\\/2025\\\/05\\\/vana-voromaa-muusoumi-250516.svg\",\"width\":567,\"height\":80,\"caption\":\"V\u00f5ru Instituut\"},\"image\":{\"@id\":\"https:\\\/\\\/vanavorumaamuuseumid.ee\\\/#\\\/schema\\\/logo\\\/image\\\/\"}}]}<\/script>\n<!-- \/ Yoast SEO plugin. -->","yoast_head_json":{"title":"Toomas Kuusingu isikun\u00e4itus \u201cHarilikud Maailmad\u201d - Vana-V\u00f5rumaa muuseumid","robots":{"index":"index","follow":"follow","max-snippet":"max-snippet:-1","max-image-preview":"max-image-preview:large","max-video-preview":"max-video-preview:-1"},"canonical":"https:\/\/vanavorumaamuuseumid.ee\/vo\/vorumaa-sundmus\/toomas-kuusingu-isikunaitus-harilikud-maailmad\/","og_locale":"en_US","og_type":"article","og_title":"Toomas Kuusingu isikun\u00e4itus \u201cHarilikud Maailmad\u201d - Vana-V\u00f5rumaa muuseumid","og_description":"Reedel, 16. mail kell 17 avaneb&nbsp;Toomas Kuusingu isikun\u00e4itus&nbsp;\u201cHarilikud Maailmad\u201d V\u00f5rumaa Muuseumi galeriis [&hellip;]","og_url":"https:\/\/vanavorumaamuuseumid.ee\/vo\/vorumaa-sundmus\/toomas-kuusingu-isikunaitus-harilikud-maailmad\/","og_site_name":"Vana-V\u00f5rumaa muuseumid","og_image":[{"width":1024,"height":536,"url":"https:\/\/vanavorumaamuuseumid.ee\/wp-content\/uploads\/2025\/05\/toomas-kuusingu-isikunaitus-harilikud-maailmad-250523.jpg","type":"image\/jpeg"}],"twitter_card":"summary_large_image","twitter_misc":{"Est. reading time":"1 minute"},"schema":{"@context":"https:\/\/schema.org","@graph":[{"@type":"WebPage","@id":"https:\/\/vanavorumaamuuseumid.ee\/vorumaa-sundmus\/toomas-kuusingu-isikunaitus-harilikud-maailmad\/","url":"https:\/\/vanavorumaamuuseumid.ee\/vorumaa-sundmus\/toomas-kuusingu-isikunaitus-harilikud-maailmad\/","name":"Toomas Kuusingu isikun\u00e4itus \u201cHarilikud Maailmad\u201d - Vana-V\u00f5rumaa muuseumid","isPartOf":{"@id":"https:\/\/vanavorumaamuuseumid.ee\/#website"},"primaryImageOfPage":{"@id":"https:\/\/vanavorumaamuuseumid.ee\/vorumaa-sundmus\/toomas-kuusingu-isikunaitus-harilikud-maailmad\/#primaryimage"},"image":{"@id":"https:\/\/vanavorumaamuuseumid.ee\/vorumaa-sundmus\/toomas-kuusingu-isikunaitus-harilikud-maailmad\/#primaryimage"},"thumbnailUrl":"https:\/\/vanavorumaamuuseumid.ee\/wp-content\/uploads\/2025\/05\/toomas-kuusingu-isikunaitus-harilikud-maailmad-250523.jpg","datePublished":"2025-06-10T13:33:00+00:00","breadcrumb":{"@id":"https:\/\/vanavorumaamuuseumid.ee\/vorumaa-sundmus\/toomas-kuusingu-isikunaitus-harilikud-maailmad\/#breadcrumb"},"inLanguage":"vo","potentialAction":[{"@type":"ReadAction","target":["https:\/\/vanavorumaamuuseumid.ee\/vorumaa-sundmus\/toomas-kuusingu-isikunaitus-harilikud-maailmad\/"]}]},{"@type":"ImageObject","inLanguage":"vo","@id":"https:\/\/vanavorumaamuuseumid.ee\/vorumaa-sundmus\/toomas-kuusingu-isikunaitus-harilikud-maailmad\/#primaryimage","url":"https:\/\/vanavorumaamuuseumid.ee\/wp-content\/uploads\/2025\/05\/toomas-kuusingu-isikunaitus-harilikud-maailmad-250523.jpg","contentUrl":"https:\/\/vanavorumaamuuseumid.ee\/wp-content\/uploads\/2025\/05\/toomas-kuusingu-isikunaitus-harilikud-maailmad-250523.jpg","width":1024,"height":536,"caption":"Toomas Kuusingu isikun\u00e4itus \u201cHarilikud Maailmad\u201d"},{"@type":"BreadcrumbList","@id":"https:\/\/vanavorumaamuuseumid.ee\/vorumaa-sundmus\/toomas-kuusingu-isikunaitus-harilikud-maailmad\/#breadcrumb","itemListElement":[{"@type":"ListItem","position":1,"name":"Home","item":"https:\/\/vanavorumaamuuseumid.ee\/"},{"@type":"ListItem","position":2,"name":"Toomas Kuusingu isikun\u00e4itus \u201cHarilikud Maailmad\u201d"}]},{"@type":"WebSite","@id":"https:\/\/vanavorumaamuuseumid.ee\/#website","url":"https:\/\/vanavorumaamuuseumid.ee\/","name":"Vana-V\u00f5rumaa Muuseumid","description":"V\u00f5rumaa Muuseum, Dr. Fr. R. Kreutzwaldi Memoriaalmuuseum, M\u00f5niste Talurahvamuuseum ja Karilatsi Vaba\u00f5humuuseum","publisher":{"@id":"https:\/\/vanavorumaamuuseumid.ee\/#organization"},"potentialAction":[{"@type":"SearchAction","target":{"@type":"EntryPoint","urlTemplate":"https:\/\/vanavorumaamuuseumid.ee\/?s={search_term_string}"},"query-input":{"@type":"PropertyValueSpecification","valueRequired":true,"valueName":"search_term_string"}}],"inLanguage":"vo"},{"@type":"Organization","@id":"https:\/\/vanavorumaamuuseumid.ee\/#organization","name":"V\u00f5ru Instituut","url":"https:\/\/vanavorumaamuuseumid.ee\/","logo":{"@type":"ImageObject","inLanguage":"vo","@id":"https:\/\/vanavorumaamuuseumid.ee\/#\/schema\/logo\/image\/","url":"https:\/\/vanavorumaamuuseumid.ee\/wp-content\/uploads\/2025\/05\/vana-voromaa-muusoumi-250516.svg","contentUrl":"https:\/\/vanavorumaamuuseumid.ee\/wp-content\/uploads\/2025\/05\/vana-voromaa-muusoumi-250516.svg","width":567,"height":80,"caption":"V\u00f5ru Instituut"},"image":{"@id":"https:\/\/vanavorumaamuuseumid.ee\/#\/schema\/logo\/image\/"}}]}},"_links":{"self":[{"href":"https:\/\/vanavorumaamuuseumid.ee\/vo\/wp-json\/wp\/v2\/vorumaa-sundmus\/352","targetHints":{"allow":["GET"]}}],"collection":[{"href":"https:\/\/vanavorumaamuuseumid.ee\/vo\/wp-json\/wp\/v2\/vorumaa-sundmus"}],"about":[{"href":"https:\/\/vanavorumaamuuseumid.ee\/vo\/wp-json\/wp\/v2\/types\/vorumaa-sundmus"}],"wp:featuredmedia":[{"embeddable":true,"href":"https:\/\/vanavorumaamuuseumid.ee\/vo\/wp-json\/wp\/v2\/media\/510"}],"wp:attachment":[{"href":"https:\/\/vanavorumaamuuseumid.ee\/vo\/wp-json\/wp\/v2\/media?parent=352"}],"curies":[{"name":"wp","href":"https:\/\/api.w.org\/{rel}","templated":true}]}}