{"id":4241,"date":"2025-10-24T16:19:54","date_gmt":"2025-10-24T13:19:54","guid":{"rendered":"https:\/\/vanavorumaamuuseumid.ee\/?post_type=vorumaa-sundmus&#038;p=4241"},"modified":"2025-10-28T15:52:14","modified_gmt":"2025-10-28T13:52:14","slug":"maalikunstnik-mara-ljutjuki-isikunaituse-avamine-neljapaeval-vorumaa-muuseumis","status":"publish","type":"vorumaa-sundmus","link":"https:\/\/vanavorumaamuuseumid.ee\/vo\/vorumaa-sundmus\/maalikunstnik-mara-ljutjuki-isikunaituse-avamine-neljapaeval-vorumaa-muuseumis\/","title":{"rendered":"Maalikunstnik Mara Ljutjuki isikun\u00e4ituse avamine neljap\u00e4eval V\u00f5rumaa Muuseumis"},"content":{"rendered":"<p>30. oktoobril kell 17 avatakse V\u00f5rumaa Muuseumi galeriis Mara Ljutjuki isikun\u00e4itus ,,S\u00f5natu-s\u00f5noldaq\u201c. Kunstniku maalid on vormilt lihtsad ja jutustavad lugusid, milles v\u00f5ib iga\u00fcks end \u00e4ra tunda. Motiivid, mis peegeldavad hetki meid \u00fcmbritsevast maailmast, m\u00f5testavad lahti inimsuhteid ning juhivad meie t\u00e4helepanu elu n\u00fcansirikkusele. Mara Ljutjuki maalidesse on tundlikult talletatud tihti vaid viivu kestvad hetked, fragmendid elust, stseenid, millest osa r\u00e4\u00e4gib otsesemalt, osa metafoorsemalt argisest ja ringjoonelisest liikumisest. <\/p>\n\n\n\n<p>N\u00e4itus on avatud kuni 14. detsembrini. <\/p>","protected":false},"featured_media":4257,"parent":0,"menu_order":0,"template":"","class_list":["post-4241","vorumaa-sundmus","type-vorumaa-sundmus","status-publish","has-post-thumbnail","hentry"],"acf":[],"yoast_head":"<!-- This site is optimized with the Yoast SEO plugin v27.4 - https:\/\/yoast.com\/product\/yoast-seo-wordpress\/ -->\n<title>Maalikunstnik Mara Ljutjuki isikun\u00e4ituse avamine neljap\u00e4eval V\u00f5rumaa Muuseumis - Vana-V\u00f5rumaa muuseumid<\/title>\n<meta name=\"robots\" content=\"index, follow, max-snippet:-1, max-image-preview:large, max-video-preview:-1\" \/>\n<link rel=\"canonical\" href=\"https:\/\/vanavorumaamuuseumid.ee\/vo\/vorumaa-sundmus\/maalikunstnik-mara-ljutjuki-isikunaituse-avamine-neljapaeval-vorumaa-muuseumis\/\" \/>\n<meta property=\"og:locale\" content=\"en_US\" \/>\n<meta property=\"og:type\" content=\"article\" \/>\n<meta property=\"og:title\" content=\"Maalikunstnik Mara Ljutjuki isikun\u00e4ituse avamine neljap\u00e4eval V\u00f5rumaa Muuseumis - Vana-V\u00f5rumaa muuseumid\" \/>\n<meta property=\"og:description\" content=\"30. oktoobril kell 17 avatakse V\u00f5rumaa Muuseumi galeriis Mara Ljutjuki isikun\u00e4itus ,,S\u00f5natu-s\u00f5noldaq\u201c. [&hellip;]\" \/>\n<meta property=\"og:url\" content=\"https:\/\/vanavorumaamuuseumid.ee\/vo\/vorumaa-sundmus\/maalikunstnik-mara-ljutjuki-isikunaituse-avamine-neljapaeval-vorumaa-muuseumis\/\" \/>\n<meta property=\"og:site_name\" content=\"Vana-V\u00f5rumaa muuseumid\" \/>\n<meta property=\"article:modified_time\" content=\"2025-10-28T13:52:14+00:00\" \/>\n<meta property=\"og:image\" content=\"https:\/\/vanavorumaamuuseumid.ee\/wp-content\/uploads\/2025\/10\/Mara-Ljutjuk-FB1-1.jpg\" \/>\n\t<meta property=\"og:image:width\" content=\"1920\" \/>\n\t<meta property=\"og:image:height\" content=\"1005\" \/>\n\t<meta property=\"og:image:type\" content=\"image\/jpeg\" \/>\n<meta name=\"twitter:card\" content=\"summary_large_image\" \/>\n<meta name=\"twitter:label1\" content=\"Est. reading time\" \/>\n\t<meta name=\"twitter:data1\" content=\"1 minute\" \/>\n<script type=\"application\/ld+json\" class=\"yoast-schema-graph\">{\"@context\":\"https:\\\/\\\/schema.org\",\"@graph\":[{\"@type\":\"WebPage\",\"@id\":\"https:\\\/\\\/vanavorumaamuuseumid.ee\\\/vorumaa-sundmus\\\/maalikunstnik-mara-ljutjuki-isikunaituse-avamine-neljapaeval-vorumaa-muuseumis\\\/\",\"url\":\"https:\\\/\\\/vanavorumaamuuseumid.ee\\\/vorumaa-sundmus\\\/maalikunstnik-mara-ljutjuki-isikunaituse-avamine-neljapaeval-vorumaa-muuseumis\\\/\",\"name\":\"Maalikunstnik Mara Ljutjuki isikun\u00e4ituse avamine neljap\u00e4eval V\u00f5rumaa Muuseumis - Vana-V\u00f5rumaa muuseumid\",\"isPartOf\":{\"@id\":\"https:\\\/\\\/vanavorumaamuuseumid.ee\\\/#website\"},\"primaryImageOfPage\":{\"@id\":\"https:\\\/\\\/vanavorumaamuuseumid.ee\\\/vorumaa-sundmus\\\/maalikunstnik-mara-ljutjuki-isikunaituse-avamine-neljapaeval-vorumaa-muuseumis\\\/#primaryimage\"},\"image\":{\"@id\":\"https:\\\/\\\/vanavorumaamuuseumid.ee\\\/vorumaa-sundmus\\\/maalikunstnik-mara-ljutjuki-isikunaituse-avamine-neljapaeval-vorumaa-muuseumis\\\/#primaryimage\"},\"thumbnailUrl\":\"https:\\\/\\\/vanavorumaamuuseumid.ee\\\/wp-content\\\/uploads\\\/2025\\\/10\\\/Mara-Ljutjuk-FB1-1.jpg\",\"datePublished\":\"2025-10-24T13:19:54+00:00\",\"dateModified\":\"2025-10-28T13:52:14+00:00\",\"breadcrumb\":{\"@id\":\"https:\\\/\\\/vanavorumaamuuseumid.ee\\\/vorumaa-sundmus\\\/maalikunstnik-mara-ljutjuki-isikunaituse-avamine-neljapaeval-vorumaa-muuseumis\\\/#breadcrumb\"},\"inLanguage\":\"vo\",\"potentialAction\":[{\"@type\":\"ReadAction\",\"target\":[\"https:\\\/\\\/vanavorumaamuuseumid.ee\\\/vorumaa-sundmus\\\/maalikunstnik-mara-ljutjuki-isikunaituse-avamine-neljapaeval-vorumaa-muuseumis\\\/\"]}]},{\"@type\":\"ImageObject\",\"inLanguage\":\"vo\",\"@id\":\"https:\\\/\\\/vanavorumaamuuseumid.ee\\\/vorumaa-sundmus\\\/maalikunstnik-mara-ljutjuki-isikunaituse-avamine-neljapaeval-vorumaa-muuseumis\\\/#primaryimage\",\"url\":\"https:\\\/\\\/vanavorumaamuuseumid.ee\\\/wp-content\\\/uploads\\\/2025\\\/10\\\/Mara-Ljutjuk-FB1-1.jpg\",\"contentUrl\":\"https:\\\/\\\/vanavorumaamuuseumid.ee\\\/wp-content\\\/uploads\\\/2025\\\/10\\\/Mara-Ljutjuk-FB1-1.jpg\",\"width\":1920,\"height\":1005},{\"@type\":\"BreadcrumbList\",\"@id\":\"https:\\\/\\\/vanavorumaamuuseumid.ee\\\/vorumaa-sundmus\\\/maalikunstnik-mara-ljutjuki-isikunaituse-avamine-neljapaeval-vorumaa-muuseumis\\\/#breadcrumb\",\"itemListElement\":[{\"@type\":\"ListItem\",\"position\":1,\"name\":\"Home\",\"item\":\"https:\\\/\\\/vanavorumaamuuseumid.ee\\\/\"},{\"@type\":\"ListItem\",\"position\":2,\"name\":\"Maalikunstnik Mara Ljutjuki isikun\u00e4ituse avamine neljap\u00e4eval V\u00f5rumaa Muuseumis\"}]},{\"@type\":\"WebSite\",\"@id\":\"https:\\\/\\\/vanavorumaamuuseumid.ee\\\/#website\",\"url\":\"https:\\\/\\\/vanavorumaamuuseumid.ee\\\/\",\"name\":\"Vana-V\u00f5rumaa Muuseumid\",\"description\":\"V\u00f5rumaa Muuseum, Dr. Fr. R. Kreutzwaldi Memoriaalmuuseum, M\u00f5niste Talurahvamuuseum ja Karilatsi Vaba\u00f5humuuseum\",\"publisher\":{\"@id\":\"https:\\\/\\\/vanavorumaamuuseumid.ee\\\/#organization\"},\"potentialAction\":[{\"@type\":\"SearchAction\",\"target\":{\"@type\":\"EntryPoint\",\"urlTemplate\":\"https:\\\/\\\/vanavorumaamuuseumid.ee\\\/?s={search_term_string}\"},\"query-input\":{\"@type\":\"PropertyValueSpecification\",\"valueRequired\":true,\"valueName\":\"search_term_string\"}}],\"inLanguage\":\"vo\"},{\"@type\":\"Organization\",\"@id\":\"https:\\\/\\\/vanavorumaamuuseumid.ee\\\/#organization\",\"name\":\"V\u00f5ru Instituut\",\"url\":\"https:\\\/\\\/vanavorumaamuuseumid.ee\\\/\",\"logo\":{\"@type\":\"ImageObject\",\"inLanguage\":\"vo\",\"@id\":\"https:\\\/\\\/vanavorumaamuuseumid.ee\\\/#\\\/schema\\\/logo\\\/image\\\/\",\"url\":\"https:\\\/\\\/vanavorumaamuuseumid.ee\\\/wp-content\\\/uploads\\\/2025\\\/05\\\/vana-voromaa-muusoumi-250516.svg\",\"contentUrl\":\"https:\\\/\\\/vanavorumaamuuseumid.ee\\\/wp-content\\\/uploads\\\/2025\\\/05\\\/vana-voromaa-muusoumi-250516.svg\",\"width\":567,\"height\":80,\"caption\":\"V\u00f5ru Instituut\"},\"image\":{\"@id\":\"https:\\\/\\\/vanavorumaamuuseumid.ee\\\/#\\\/schema\\\/logo\\\/image\\\/\"}}]}<\/script>\n<!-- \/ Yoast SEO plugin. -->","yoast_head_json":{"title":"Maalikunstnik Mara Ljutjuki isikun\u00e4ituse avamine neljap\u00e4eval V\u00f5rumaa Muuseumis - Vana-V\u00f5rumaa muuseumid","robots":{"index":"index","follow":"follow","max-snippet":"max-snippet:-1","max-image-preview":"max-image-preview:large","max-video-preview":"max-video-preview:-1"},"canonical":"https:\/\/vanavorumaamuuseumid.ee\/vo\/vorumaa-sundmus\/maalikunstnik-mara-ljutjuki-isikunaituse-avamine-neljapaeval-vorumaa-muuseumis\/","og_locale":"en_US","og_type":"article","og_title":"Maalikunstnik Mara Ljutjuki isikun\u00e4ituse avamine neljap\u00e4eval V\u00f5rumaa Muuseumis - Vana-V\u00f5rumaa muuseumid","og_description":"30. oktoobril kell 17 avatakse V\u00f5rumaa Muuseumi galeriis Mara Ljutjuki isikun\u00e4itus ,,S\u00f5natu-s\u00f5noldaq\u201c. [&hellip;]","og_url":"https:\/\/vanavorumaamuuseumid.ee\/vo\/vorumaa-sundmus\/maalikunstnik-mara-ljutjuki-isikunaituse-avamine-neljapaeval-vorumaa-muuseumis\/","og_site_name":"Vana-V\u00f5rumaa muuseumid","article_modified_time":"2025-10-28T13:52:14+00:00","og_image":[{"width":1920,"height":1005,"url":"https:\/\/vanavorumaamuuseumid.ee\/wp-content\/uploads\/2025\/10\/Mara-Ljutjuk-FB1-1.jpg","type":"image\/jpeg"}],"twitter_card":"summary_large_image","twitter_misc":{"Est. reading time":"1 minute"},"schema":{"@context":"https:\/\/schema.org","@graph":[{"@type":"WebPage","@id":"https:\/\/vanavorumaamuuseumid.ee\/vorumaa-sundmus\/maalikunstnik-mara-ljutjuki-isikunaituse-avamine-neljapaeval-vorumaa-muuseumis\/","url":"https:\/\/vanavorumaamuuseumid.ee\/vorumaa-sundmus\/maalikunstnik-mara-ljutjuki-isikunaituse-avamine-neljapaeval-vorumaa-muuseumis\/","name":"Maalikunstnik Mara Ljutjuki isikun\u00e4ituse avamine neljap\u00e4eval V\u00f5rumaa Muuseumis - Vana-V\u00f5rumaa muuseumid","isPartOf":{"@id":"https:\/\/vanavorumaamuuseumid.ee\/#website"},"primaryImageOfPage":{"@id":"https:\/\/vanavorumaamuuseumid.ee\/vorumaa-sundmus\/maalikunstnik-mara-ljutjuki-isikunaituse-avamine-neljapaeval-vorumaa-muuseumis\/#primaryimage"},"image":{"@id":"https:\/\/vanavorumaamuuseumid.ee\/vorumaa-sundmus\/maalikunstnik-mara-ljutjuki-isikunaituse-avamine-neljapaeval-vorumaa-muuseumis\/#primaryimage"},"thumbnailUrl":"https:\/\/vanavorumaamuuseumid.ee\/wp-content\/uploads\/2025\/10\/Mara-Ljutjuk-FB1-1.jpg","datePublished":"2025-10-24T13:19:54+00:00","dateModified":"2025-10-28T13:52:14+00:00","breadcrumb":{"@id":"https:\/\/vanavorumaamuuseumid.ee\/vorumaa-sundmus\/maalikunstnik-mara-ljutjuki-isikunaituse-avamine-neljapaeval-vorumaa-muuseumis\/#breadcrumb"},"inLanguage":"vo","potentialAction":[{"@type":"ReadAction","target":["https:\/\/vanavorumaamuuseumid.ee\/vorumaa-sundmus\/maalikunstnik-mara-ljutjuki-isikunaituse-avamine-neljapaeval-vorumaa-muuseumis\/"]}]},{"@type":"ImageObject","inLanguage":"vo","@id":"https:\/\/vanavorumaamuuseumid.ee\/vorumaa-sundmus\/maalikunstnik-mara-ljutjuki-isikunaituse-avamine-neljapaeval-vorumaa-muuseumis\/#primaryimage","url":"https:\/\/vanavorumaamuuseumid.ee\/wp-content\/uploads\/2025\/10\/Mara-Ljutjuk-FB1-1.jpg","contentUrl":"https:\/\/vanavorumaamuuseumid.ee\/wp-content\/uploads\/2025\/10\/Mara-Ljutjuk-FB1-1.jpg","width":1920,"height":1005},{"@type":"BreadcrumbList","@id":"https:\/\/vanavorumaamuuseumid.ee\/vorumaa-sundmus\/maalikunstnik-mara-ljutjuki-isikunaituse-avamine-neljapaeval-vorumaa-muuseumis\/#breadcrumb","itemListElement":[{"@type":"ListItem","position":1,"name":"Home","item":"https:\/\/vanavorumaamuuseumid.ee\/"},{"@type":"ListItem","position":2,"name":"Maalikunstnik Mara Ljutjuki isikun\u00e4ituse avamine neljap\u00e4eval V\u00f5rumaa Muuseumis"}]},{"@type":"WebSite","@id":"https:\/\/vanavorumaamuuseumid.ee\/#website","url":"https:\/\/vanavorumaamuuseumid.ee\/","name":"Vana-V\u00f5rumaa Muuseumid","description":"V\u00f5rumaa Muuseum, Dr. Fr. R. Kreutzwaldi Memoriaalmuuseum, M\u00f5niste Talurahvamuuseum ja Karilatsi Vaba\u00f5humuuseum","publisher":{"@id":"https:\/\/vanavorumaamuuseumid.ee\/#organization"},"potentialAction":[{"@type":"SearchAction","target":{"@type":"EntryPoint","urlTemplate":"https:\/\/vanavorumaamuuseumid.ee\/?s={search_term_string}"},"query-input":{"@type":"PropertyValueSpecification","valueRequired":true,"valueName":"search_term_string"}}],"inLanguage":"vo"},{"@type":"Organization","@id":"https:\/\/vanavorumaamuuseumid.ee\/#organization","name":"V\u00f5ru Instituut","url":"https:\/\/vanavorumaamuuseumid.ee\/","logo":{"@type":"ImageObject","inLanguage":"vo","@id":"https:\/\/vanavorumaamuuseumid.ee\/#\/schema\/logo\/image\/","url":"https:\/\/vanavorumaamuuseumid.ee\/wp-content\/uploads\/2025\/05\/vana-voromaa-muusoumi-250516.svg","contentUrl":"https:\/\/vanavorumaamuuseumid.ee\/wp-content\/uploads\/2025\/05\/vana-voromaa-muusoumi-250516.svg","width":567,"height":80,"caption":"V\u00f5ru Instituut"},"image":{"@id":"https:\/\/vanavorumaamuuseumid.ee\/#\/schema\/logo\/image\/"}}]}},"_links":{"self":[{"href":"https:\/\/vanavorumaamuuseumid.ee\/vo\/wp-json\/wp\/v2\/vorumaa-sundmus\/4241","targetHints":{"allow":["GET"]}}],"collection":[{"href":"https:\/\/vanavorumaamuuseumid.ee\/vo\/wp-json\/wp\/v2\/vorumaa-sundmus"}],"about":[{"href":"https:\/\/vanavorumaamuuseumid.ee\/vo\/wp-json\/wp\/v2\/types\/vorumaa-sundmus"}],"wp:featuredmedia":[{"embeddable":true,"href":"https:\/\/vanavorumaamuuseumid.ee\/vo\/wp-json\/wp\/v2\/media\/4257"}],"wp:attachment":[{"href":"https:\/\/vanavorumaamuuseumid.ee\/vo\/wp-json\/wp\/v2\/media?parent=4241"}],"curies":[{"name":"wp","href":"https:\/\/api.w.org\/{rel}","templated":true}]}}