{"id":4672,"date":"2025-11-28T11:37:55","date_gmt":"2025-11-28T09:37:55","guid":{"rendered":"https:\/\/vanavorumaamuuseumid.ee\/?post_type=vorumaa-sundmus&#038;p=4672"},"modified":"2025-11-28T11:38:59","modified_gmt":"2025-11-28T09:38:59","slug":"mara-ljutjuki-kunstnikutuur-naitusel-sonatu-sonoldaq","status":"publish","type":"vorumaa-sundmus","link":"https:\/\/vanavorumaamuuseumid.ee\/vo\/vorumaa-sundmus\/mara-ljutjuki-kunstnikutuur-naitusel-sonatu-sonoldaq\/","title":{"rendered":"Mara Ljutjuki kunstnikutuur n\u00e4itusel ,,S\u00f5natu-s\u00f5noldaq\u201c"},"content":{"rendered":"<p><div class=\"html-div xdj266r x14z9mp xat24cr x1lziwak xexx8yu xyri2b x18d9i69 x1c1uobl\"><div dir=\"auto\" class=\"html-div xdj266r x14z9mp xat24cr x1lziwak xexx8yu xyri2b x18d9i69 x1c1uobl\"><div data-ad-rendering-role=\"story_message\" class=\"html-div xdj266r x14z9mp xat24cr x1lziwak xexx8yu xyri2b x18d9i69 x1c1uobl\"><div class=\"x1iorvi4 xjkvuk6 x1g0dm76 xpdmqnj\" data-ad-comet-preview=\"message\" data-ad-preview=\"message\" id=\"_r_50q_\"><div class=\"x78zum5 xdt5ytf xz62fqu x16ldp7u\"><div class=\"xu06os2 x1ok221b\"><span class=\"x193iq5w xeuugli x13faqbe x1vvkbs x1xmvt09 x1lliihq x1s928wv xhkezso x1gmr53x x1cpjm7i x1fgarty x1943h6x xudqn12 x3x7a5m x6prxxf xvq8zen xo1l8bm xzsf02u x1yc453h\" dir=\"auto\"><div class=\"html-div xdj266r x14z9mp xat24cr x1lziwak xexx8yu xyri2b x18d9i69 x1c1uobl\"><div class=\"xdj266r x14z9mp xat24cr x1lziwak x1vvkbs x126k92a\"><div dir=\"auto\" style=\"text-align: start;\"><strong>Mara Ljutjuki kunstnikutuur n\u00e4itusel ,,S\u00f5natu-s\u00f5noldaq\u201c toimub V\u00f5rumaa Muuseumi galeriis 3. detsembril kell 17.00.<\/strong> Sissep\u00e4\u00e4s on majapiletiga.<\/div><\/div><\/div><\/span><\/div><\/div><\/div><\/div><\/div><\/div><\/p>\n\n\n\n<p><div class=\"html-div xdj266r x14z9mp xat24cr x1lziwak xexx8yu xyri2b x18d9i69 x1c1uobl\"><div dir=\"auto\" class=\"html-div xdj266r x14z9mp xat24cr x1lziwak xexx8yu xyri2b x18d9i69 x1c1uobl\"><div data-ad-rendering-role=\"story_message\" class=\"html-div xdj266r x14z9mp xat24cr x1lziwak xexx8yu xyri2b x18d9i69 x1c1uobl\"><div class=\"x1iorvi4 xjkvuk6 x1g0dm76 xpdmqnj\" data-ad-comet-preview=\"message\" data-ad-preview=\"message\" id=\"_r_50q_\"><div class=\"x78zum5 xdt5ytf xz62fqu x16ldp7u\"><div class=\"xu06os2 x1ok221b\"><span class=\"x193iq5w xeuugli x13faqbe x1vvkbs x1xmvt09 x1lliihq x1s928wv xhkezso x1gmr53x x1cpjm7i x1fgarty x1943h6x xudqn12 x3x7a5m x6prxxf xvq8zen xo1l8bm xzsf02u x1yc453h\" dir=\"auto\"><div class=\"html-div xdj266r x14z9mp xat24cr x1lziwak xexx8yu xyri2b x18d9i69 x1c1uobl\"><div class=\"xdj266r x14z9mp xat24cr x1lziwak x1vvkbs x126k92a\"><div dir=\"auto\" style=\"text-align: start;\">Mara Ljutjuk tutvustab oma loomingut ning r\u00e4\u00e4gib r\u00e4nnakutest maalimise ja kohalej\u00f5udmise kaudu. Ta avab, kust p\u00e4rineb tema inspiratsioon ja mis s\u00fctitab loomisprotsessi. Mara on kolmanda p\u00f5lvkonna kunstnik ning k\u00f5neleb ka sellest, milline on olnud elu kuulsa vanaisa Evald Okase lapselapsena. Samuti tuleb juttu kunstnikuperes kasvamisest \u2013 ema on klaasikunstnik Kai Koppel ning isa <span class=\"html-span xdj266r x14z9mp xat24cr x1lziwak xexx8yu xyri2b x18d9i69 x1c1uobl x1hl2dhg x16tdsg8 x1vvkbs\"><a tabindex=\"-1\" class=\"html-a xdj266r x14z9mp xat24cr x1lziwak xexx8yu xyri2b x18d9i69 x1c1uobl x1hl2dhg x16tdsg8 x1vvkbs\"><\/a><\/span>viiuldaja Annes Koppel.<\/div><\/div><\/div><\/span><\/div><\/div><\/div><\/div><\/div><\/div><\/p>\n\n\n\n<p>N\u00e4itust toetab Eesti Kultuurkapital ja V\u00f5ru linn. <\/p>\n\n\n\n<p>Foto: Andres Treial<\/p>","protected":false},"featured_media":4674,"parent":0,"menu_order":0,"template":"","class_list":["post-4672","vorumaa-sundmus","type-vorumaa-sundmus","status-publish","has-post-thumbnail","hentry"],"acf":[],"yoast_head":"<!-- This site is optimized with the Yoast SEO plugin v27.4 - https:\/\/yoast.com\/product\/yoast-seo-wordpress\/ -->\n<title>Mara Ljutjuki kunstnikutuur n\u00e4itusel ,,S\u00f5natu-s\u00f5noldaq\u201c - Vana-V\u00f5rumaa muuseumid<\/title>\n<meta name=\"robots\" content=\"index, follow, max-snippet:-1, max-image-preview:large, max-video-preview:-1\" \/>\n<link rel=\"canonical\" href=\"https:\/\/vanavorumaamuuseumid.ee\/vo\/vorumaa-sundmus\/mara-ljutjuki-kunstnikutuur-naitusel-sonatu-sonoldaq\/\" \/>\n<meta property=\"og:locale\" content=\"en_US\" \/>\n<meta property=\"og:type\" content=\"article\" \/>\n<meta property=\"og:title\" content=\"Mara Ljutjuki kunstnikutuur n\u00e4itusel ,,S\u00f5natu-s\u00f5noldaq\u201c - Vana-V\u00f5rumaa muuseumid\" \/>\n<meta property=\"og:description\" content=\"Mara Ljutjuki kunstnikutuur n\u00e4itusel ,,S\u00f5natu-s\u00f5noldaq\u201c toimub V\u00f5rumaa Muuseumi galeriis 3. detsembril kell [&hellip;]\" \/>\n<meta property=\"og:url\" content=\"https:\/\/vanavorumaamuuseumid.ee\/vo\/vorumaa-sundmus\/mara-ljutjuki-kunstnikutuur-naitusel-sonatu-sonoldaq\/\" \/>\n<meta property=\"og:site_name\" content=\"Vana-V\u00f5rumaa muuseumid\" \/>\n<meta property=\"article:modified_time\" content=\"2025-11-28T09:38:59+00:00\" \/>\n<meta property=\"og:image\" content=\"https:\/\/vanavorumaamuuseumid.ee\/wp-content\/uploads\/2025\/11\/2097-1.jpg\" \/>\n\t<meta property=\"og:image:width\" content=\"1920\" \/>\n\t<meta property=\"og:image:height\" content=\"1343\" \/>\n\t<meta property=\"og:image:type\" content=\"image\/jpeg\" \/>\n<meta name=\"twitter:card\" content=\"summary_large_image\" \/>\n<meta name=\"twitter:label1\" content=\"Est. reading time\" \/>\n\t<meta name=\"twitter:data1\" content=\"1 minute\" \/>\n<script type=\"application\/ld+json\" class=\"yoast-schema-graph\">{\"@context\":\"https:\\\/\\\/schema.org\",\"@graph\":[{\"@type\":\"WebPage\",\"@id\":\"https:\\\/\\\/vanavorumaamuuseumid.ee\\\/vorumaa-sundmus\\\/mara-ljutjuki-kunstnikutuur-naitusel-sonatu-sonoldaq\\\/\",\"url\":\"https:\\\/\\\/vanavorumaamuuseumid.ee\\\/vorumaa-sundmus\\\/mara-ljutjuki-kunstnikutuur-naitusel-sonatu-sonoldaq\\\/\",\"name\":\"Mara Ljutjuki kunstnikutuur n\u00e4itusel ,,S\u00f5natu-s\u00f5noldaq\u201c - Vana-V\u00f5rumaa muuseumid\",\"isPartOf\":{\"@id\":\"https:\\\/\\\/vanavorumaamuuseumid.ee\\\/#website\"},\"primaryImageOfPage\":{\"@id\":\"https:\\\/\\\/vanavorumaamuuseumid.ee\\\/vorumaa-sundmus\\\/mara-ljutjuki-kunstnikutuur-naitusel-sonatu-sonoldaq\\\/#primaryimage\"},\"image\":{\"@id\":\"https:\\\/\\\/vanavorumaamuuseumid.ee\\\/vorumaa-sundmus\\\/mara-ljutjuki-kunstnikutuur-naitusel-sonatu-sonoldaq\\\/#primaryimage\"},\"thumbnailUrl\":\"https:\\\/\\\/vanavorumaamuuseumid.ee\\\/wp-content\\\/uploads\\\/2025\\\/11\\\/2097-1.jpg\",\"datePublished\":\"2025-11-28T09:37:55+00:00\",\"dateModified\":\"2025-11-28T09:38:59+00:00\",\"breadcrumb\":{\"@id\":\"https:\\\/\\\/vanavorumaamuuseumid.ee\\\/vorumaa-sundmus\\\/mara-ljutjuki-kunstnikutuur-naitusel-sonatu-sonoldaq\\\/#breadcrumb\"},\"inLanguage\":\"vo\",\"potentialAction\":[{\"@type\":\"ReadAction\",\"target\":[\"https:\\\/\\\/vanavorumaamuuseumid.ee\\\/vorumaa-sundmus\\\/mara-ljutjuki-kunstnikutuur-naitusel-sonatu-sonoldaq\\\/\"]}]},{\"@type\":\"ImageObject\",\"inLanguage\":\"vo\",\"@id\":\"https:\\\/\\\/vanavorumaamuuseumid.ee\\\/vorumaa-sundmus\\\/mara-ljutjuki-kunstnikutuur-naitusel-sonatu-sonoldaq\\\/#primaryimage\",\"url\":\"https:\\\/\\\/vanavorumaamuuseumid.ee\\\/wp-content\\\/uploads\\\/2025\\\/11\\\/2097-1.jpg\",\"contentUrl\":\"https:\\\/\\\/vanavorumaamuuseumid.ee\\\/wp-content\\\/uploads\\\/2025\\\/11\\\/2097-1.jpg\",\"width\":1920,\"height\":1343},{\"@type\":\"BreadcrumbList\",\"@id\":\"https:\\\/\\\/vanavorumaamuuseumid.ee\\\/vorumaa-sundmus\\\/mara-ljutjuki-kunstnikutuur-naitusel-sonatu-sonoldaq\\\/#breadcrumb\",\"itemListElement\":[{\"@type\":\"ListItem\",\"position\":1,\"name\":\"Home\",\"item\":\"https:\\\/\\\/vanavorumaamuuseumid.ee\\\/\"},{\"@type\":\"ListItem\",\"position\":2,\"name\":\"Mara Ljutjuki kunstnikutuur n\u00e4itusel ,,S\u00f5natu-s\u00f5noldaq\u201c\"}]},{\"@type\":\"WebSite\",\"@id\":\"https:\\\/\\\/vanavorumaamuuseumid.ee\\\/#website\",\"url\":\"https:\\\/\\\/vanavorumaamuuseumid.ee\\\/\",\"name\":\"Vana-V\u00f5rumaa Muuseumid\",\"description\":\"V\u00f5rumaa Muuseum, Dr. Fr. R. Kreutzwaldi Memoriaalmuuseum, M\u00f5niste Talurahvamuuseum ja Karilatsi Vaba\u00f5humuuseum\",\"publisher\":{\"@id\":\"https:\\\/\\\/vanavorumaamuuseumid.ee\\\/#organization\"},\"potentialAction\":[{\"@type\":\"SearchAction\",\"target\":{\"@type\":\"EntryPoint\",\"urlTemplate\":\"https:\\\/\\\/vanavorumaamuuseumid.ee\\\/?s={search_term_string}\"},\"query-input\":{\"@type\":\"PropertyValueSpecification\",\"valueRequired\":true,\"valueName\":\"search_term_string\"}}],\"inLanguage\":\"vo\"},{\"@type\":\"Organization\",\"@id\":\"https:\\\/\\\/vanavorumaamuuseumid.ee\\\/#organization\",\"name\":\"V\u00f5ru Instituut\",\"url\":\"https:\\\/\\\/vanavorumaamuuseumid.ee\\\/\",\"logo\":{\"@type\":\"ImageObject\",\"inLanguage\":\"vo\",\"@id\":\"https:\\\/\\\/vanavorumaamuuseumid.ee\\\/#\\\/schema\\\/logo\\\/image\\\/\",\"url\":\"https:\\\/\\\/vanavorumaamuuseumid.ee\\\/wp-content\\\/uploads\\\/2025\\\/05\\\/vana-voromaa-muusoumi-250516.svg\",\"contentUrl\":\"https:\\\/\\\/vanavorumaamuuseumid.ee\\\/wp-content\\\/uploads\\\/2025\\\/05\\\/vana-voromaa-muusoumi-250516.svg\",\"width\":567,\"height\":80,\"caption\":\"V\u00f5ru Instituut\"},\"image\":{\"@id\":\"https:\\\/\\\/vanavorumaamuuseumid.ee\\\/#\\\/schema\\\/logo\\\/image\\\/\"}}]}<\/script>\n<!-- \/ Yoast SEO plugin. -->","yoast_head_json":{"title":"Mara Ljutjuki kunstnikutuur n\u00e4itusel ,,S\u00f5natu-s\u00f5noldaq\u201c - Vana-V\u00f5rumaa muuseumid","robots":{"index":"index","follow":"follow","max-snippet":"max-snippet:-1","max-image-preview":"max-image-preview:large","max-video-preview":"max-video-preview:-1"},"canonical":"https:\/\/vanavorumaamuuseumid.ee\/vo\/vorumaa-sundmus\/mara-ljutjuki-kunstnikutuur-naitusel-sonatu-sonoldaq\/","og_locale":"en_US","og_type":"article","og_title":"Mara Ljutjuki kunstnikutuur n\u00e4itusel ,,S\u00f5natu-s\u00f5noldaq\u201c - Vana-V\u00f5rumaa muuseumid","og_description":"Mara Ljutjuki kunstnikutuur n\u00e4itusel ,,S\u00f5natu-s\u00f5noldaq\u201c toimub V\u00f5rumaa Muuseumi galeriis 3. detsembril kell [&hellip;]","og_url":"https:\/\/vanavorumaamuuseumid.ee\/vo\/vorumaa-sundmus\/mara-ljutjuki-kunstnikutuur-naitusel-sonatu-sonoldaq\/","og_site_name":"Vana-V\u00f5rumaa muuseumid","article_modified_time":"2025-11-28T09:38:59+00:00","og_image":[{"width":1920,"height":1343,"url":"https:\/\/vanavorumaamuuseumid.ee\/wp-content\/uploads\/2025\/11\/2097-1.jpg","type":"image\/jpeg"}],"twitter_card":"summary_large_image","twitter_misc":{"Est. reading time":"1 minute"},"schema":{"@context":"https:\/\/schema.org","@graph":[{"@type":"WebPage","@id":"https:\/\/vanavorumaamuuseumid.ee\/vorumaa-sundmus\/mara-ljutjuki-kunstnikutuur-naitusel-sonatu-sonoldaq\/","url":"https:\/\/vanavorumaamuuseumid.ee\/vorumaa-sundmus\/mara-ljutjuki-kunstnikutuur-naitusel-sonatu-sonoldaq\/","name":"Mara Ljutjuki kunstnikutuur n\u00e4itusel ,,S\u00f5natu-s\u00f5noldaq\u201c - Vana-V\u00f5rumaa muuseumid","isPartOf":{"@id":"https:\/\/vanavorumaamuuseumid.ee\/#website"},"primaryImageOfPage":{"@id":"https:\/\/vanavorumaamuuseumid.ee\/vorumaa-sundmus\/mara-ljutjuki-kunstnikutuur-naitusel-sonatu-sonoldaq\/#primaryimage"},"image":{"@id":"https:\/\/vanavorumaamuuseumid.ee\/vorumaa-sundmus\/mara-ljutjuki-kunstnikutuur-naitusel-sonatu-sonoldaq\/#primaryimage"},"thumbnailUrl":"https:\/\/vanavorumaamuuseumid.ee\/wp-content\/uploads\/2025\/11\/2097-1.jpg","datePublished":"2025-11-28T09:37:55+00:00","dateModified":"2025-11-28T09:38:59+00:00","breadcrumb":{"@id":"https:\/\/vanavorumaamuuseumid.ee\/vorumaa-sundmus\/mara-ljutjuki-kunstnikutuur-naitusel-sonatu-sonoldaq\/#breadcrumb"},"inLanguage":"vo","potentialAction":[{"@type":"ReadAction","target":["https:\/\/vanavorumaamuuseumid.ee\/vorumaa-sundmus\/mara-ljutjuki-kunstnikutuur-naitusel-sonatu-sonoldaq\/"]}]},{"@type":"ImageObject","inLanguage":"vo","@id":"https:\/\/vanavorumaamuuseumid.ee\/vorumaa-sundmus\/mara-ljutjuki-kunstnikutuur-naitusel-sonatu-sonoldaq\/#primaryimage","url":"https:\/\/vanavorumaamuuseumid.ee\/wp-content\/uploads\/2025\/11\/2097-1.jpg","contentUrl":"https:\/\/vanavorumaamuuseumid.ee\/wp-content\/uploads\/2025\/11\/2097-1.jpg","width":1920,"height":1343},{"@type":"BreadcrumbList","@id":"https:\/\/vanavorumaamuuseumid.ee\/vorumaa-sundmus\/mara-ljutjuki-kunstnikutuur-naitusel-sonatu-sonoldaq\/#breadcrumb","itemListElement":[{"@type":"ListItem","position":1,"name":"Home","item":"https:\/\/vanavorumaamuuseumid.ee\/"},{"@type":"ListItem","position":2,"name":"Mara Ljutjuki kunstnikutuur n\u00e4itusel ,,S\u00f5natu-s\u00f5noldaq\u201c"}]},{"@type":"WebSite","@id":"https:\/\/vanavorumaamuuseumid.ee\/#website","url":"https:\/\/vanavorumaamuuseumid.ee\/","name":"Vana-V\u00f5rumaa Muuseumid","description":"V\u00f5rumaa Muuseum, Dr. Fr. R. Kreutzwaldi Memoriaalmuuseum, M\u00f5niste Talurahvamuuseum ja Karilatsi Vaba\u00f5humuuseum","publisher":{"@id":"https:\/\/vanavorumaamuuseumid.ee\/#organization"},"potentialAction":[{"@type":"SearchAction","target":{"@type":"EntryPoint","urlTemplate":"https:\/\/vanavorumaamuuseumid.ee\/?s={search_term_string}"},"query-input":{"@type":"PropertyValueSpecification","valueRequired":true,"valueName":"search_term_string"}}],"inLanguage":"vo"},{"@type":"Organization","@id":"https:\/\/vanavorumaamuuseumid.ee\/#organization","name":"V\u00f5ru Instituut","url":"https:\/\/vanavorumaamuuseumid.ee\/","logo":{"@type":"ImageObject","inLanguage":"vo","@id":"https:\/\/vanavorumaamuuseumid.ee\/#\/schema\/logo\/image\/","url":"https:\/\/vanavorumaamuuseumid.ee\/wp-content\/uploads\/2025\/05\/vana-voromaa-muusoumi-250516.svg","contentUrl":"https:\/\/vanavorumaamuuseumid.ee\/wp-content\/uploads\/2025\/05\/vana-voromaa-muusoumi-250516.svg","width":567,"height":80,"caption":"V\u00f5ru Instituut"},"image":{"@id":"https:\/\/vanavorumaamuuseumid.ee\/#\/schema\/logo\/image\/"}}]}},"_links":{"self":[{"href":"https:\/\/vanavorumaamuuseumid.ee\/vo\/wp-json\/wp\/v2\/vorumaa-sundmus\/4672","targetHints":{"allow":["GET"]}}],"collection":[{"href":"https:\/\/vanavorumaamuuseumid.ee\/vo\/wp-json\/wp\/v2\/vorumaa-sundmus"}],"about":[{"href":"https:\/\/vanavorumaamuuseumid.ee\/vo\/wp-json\/wp\/v2\/types\/vorumaa-sundmus"}],"wp:featuredmedia":[{"embeddable":true,"href":"https:\/\/vanavorumaamuuseumid.ee\/vo\/wp-json\/wp\/v2\/media\/4674"}],"wp:attachment":[{"href":"https:\/\/vanavorumaamuuseumid.ee\/vo\/wp-json\/wp\/v2\/media?parent=4672"}],"curies":[{"name":"wp","href":"https:\/\/api.w.org\/{rel}","templated":true}]}}