{"id":5269,"date":"2026-02-27T15:25:53","date_gmt":"2026-02-27T13:25:53","guid":{"rendered":"https:\/\/vanavorumaamuuseumid.ee\/?post_type=vorumaa-sundmus&#038;p=5269"},"modified":"2026-03-02T11:09:46","modified_gmt":"2026-03-02T09:09:46","slug":"sallitud-sini-must-valge-veriora-sovhoosis","status":"publish","type":"vorumaa-sundmus","link":"https:\/\/vanavorumaamuuseumid.ee\/vo\/vorumaa-sundmus\/sallitud-sini-must-valge-veriora-sovhoosis\/","title":{"rendered":"Sallitud sini-must-valge Veriora sovhoosis"},"content":{"rendered":"\n<p>V\u00f5rumaa Muuseumisse on j\u00f5udnud Veriora sovhoosi suveniirsallid, mis tulid t\u00e4iesti uuena v\u00e4lja Veriora sovhoosi kokkutulekul 2025. aastal. Sallide valmistamisajaks teadsid osav\u00f5tjad \u00f6elda 1985, mil t\u00e4histati sovhoosi 25. juubelit. Et aga sallid on kaunistatud selgete sini-must-valgete triipudega \u00f5iges Eesti lipu v\u00e4rvij\u00e4rjestuses ja suitsup\u00e4\u00e4sukese motiiviga, tundus see ajastut arvestades muuseumit\u00f6\u00f6tajatele v\u00e4ga erilisena v\u00f5i lausa uskumatuna. Tekkisid k\u00fcsimused, kuidas see v\u00f5imalikuks sai? Kas sallidest suur hulk j\u00e4i kasutusse v\u00f5tmata just seesuguse v\u00e4rvikombinatsiooni t\u00f5ttu? Kuidas sallid n\u00fc\u00fcd varjust v\u00e4lja tulid? Muuseumit\u00f6\u00f6tajad asusid asja uurima.<\/p>\n\n\n\n<p><strong>Majandi lugu<\/strong><\/p>\n\n\n\n<p>Veriora sovhoos loodi 1960. aastal, mil \u00fchendati neli \u00fcmberkaudsete k\u00fclade kolhoosi ning keskenduti tegevuses t\u00f5uveisekarja kasvatusele. Tegutsemisperioodi l\u00f5pul 1993. aastal olid sovhoosi piirides S\u00fcvahavva, Leevi, Viira, Viluste ja teised k\u00fclad.<a href=\"#_ftn1\" id=\"_ftnref1\">[1]<\/a> 1984. aastast oli sovhoosi juhiks ehk direktoriks Heino Kostabi (1933-2021), kes lisaks edukale t\u00f6\u00f6le mehhaniseerimisel ja p\u00f5llumajanduses oli igati poliitiline mees \u2013 Eesti NSV \u00fclemn\u00f5ukogu kandidaat 1960. aastatel<a href=\"#_ftn2\" id=\"_ftnref2\">[2]<\/a> ning Eesti NSV \u00fclemn\u00f5ukogu liige iseseisvuse taastamise ajal.<a href=\"#_ftn3\" id=\"_ftnref3\">[3]<\/a> Pole teada, kas Kostabi eestimeelsus avaldus juba 1985. aastal v\u00f5i kuidas oli ta seotud sinimustvalgete sallide loomisel.<\/p>\n\n\n\n<p>Salle on kaks \u2013 \u00fcks kolmnurkne ning teine ristk\u00fclikukujuline \u00f5lasall. P\u00f5hiv\u00e4rviks helesinine ja valge, salli servas sini-must-valge trikoloor. M\u00f5lemal sallil on suitsup\u00e4\u00e4sukese motiiv ja kiri \u201eVeriora sovhoos\u201d ning aastaarv 1960.<\/p>\n\n\n\n<p><strong>Taasleidmine<\/strong><\/p>\n\n\n\n<p>2025. aasta novembris toimus Veriora sovhoosi endiste t\u00f6\u00f6tajate kokkutulek, kuhu toodi t\u00e4iesti uus kast sallidega, mis leitud endise direktori Heino Kostabi kodust. Sallid v\u00f5eti uuesti ringlusesse ning neid on jagatud koosviibimistel ning raamatu \u201eLeevi kandi lugude\u201c esitlustel. Seel\u00e4bi j\u00f5udsid need ka V\u00f5rumaa Muuseumisse. Salli v\u00f5ib n\u00e4ha ka R\u00e4pina valla lehes kokkutulekut kujutaval fotol.<a href=\"#_ftn4\" id=\"_ftnref4\">[4]<\/a><\/p>\n\n\n\n<p>Raamatus \u201eLeevi kandi lood\u201c on avaldatud pilt sallidest ning kirjutatud, et need valmisid Veriora sovhoosi 25. aastap\u00e4evaks 1985. aastal.<a href=\"#_ftn5\" id=\"_ftnref5\">[5]<\/a> Just 25. aastap\u00e4eva t\u00e4histati Verioral suursuguselt, sellest kirjutati ka ajalehtedes ning majandijuhi s\u00f5nul valdas Verioras sel ajal kindlustunne tuleviku ees, mil olukord t\u00f6\u00f6tajate, ehituste ja arendusega oli lootustandev.<a href=\"#_ftn6\" id=\"_ftnref6\">[6]<\/a> Samal aastal valmistati ka rukkilillega suveniirklaasid, mis on j\u00f5udnud Karilatsi muuseumi kogusse.<a href=\"#_ftn7\" id=\"_ftnref7\">[7]<\/a><\/p>\n\n\n\n<p><\/p>\n\n\n\n<div class=\"wp-block-media-text is-stacked-on-mobile\" style=\"grid-template-columns:34% auto\"><figure class=\"wp-block-media-text__media\"><img decoding=\"async\" width=\"554\" height=\"800\" src=\"https:\/\/vanavorumaamuuseumid.ee\/wp-content\/uploads\/2026\/02\/image-1.jpg\" alt=\"\" class=\"wp-image-5277 size-full\" srcset=\"https:\/\/vanavorumaamuuseumid.ee\/wp-content\/uploads\/2026\/02\/image-1.jpg 554w, https:\/\/vanavorumaamuuseumid.ee\/wp-content\/uploads\/2026\/02\/image-1-480x693.jpg 480w\" sizes=\"(min-width: 0px) and (max-width: 480px) 480px, (min-width: 481px) 554px, 100vw\" \/><\/figure><div class=\"wp-block-media-text__content\">\n<p>Veriora sovhoosi 25. aastap\u00e4eva m\u00e4lestusklaas. PTM _ 776:4 E 1168 <\/p>\n<\/div><\/div>\n\n\n\n<p><\/p>\n\n\n\n<p><strong>L\u00e4hemal t\u00f5ele<\/strong><\/p>\n\n\n\n<p>Karilatsi Muuseumi kogusid l\u00e4hemalt uurides tuli v\u00e4lja, et koos suveniirklaasiga on kogusse vastu v\u00f5etud ka juba need samad sallid. Seda 2008. aastal, \u00fcleandjaks Heino Kostabi ise. Ehkki suveniirklaasil on kirjas, et see t\u00e4histab Veriora sovhoosi 25. aastap\u00e4eva ning seegi on kaunistatud rukkilillega, avaneb sallide kirjelduses hoopis teine pilk \u2013 need valmisid Heino Kostabi s\u00f5nul hoopis 1990. aastal sovhoosi 30. tegutsemisaasta t\u00e4histamiseks. Sallid olid m\u00f5eldud kingituseks meest\u00f6\u00f6tajatele, kolmnurksed r\u00e4tikud naist\u00f6\u00f6tajatele.<\/p>\n\n\n\n<p>Pilt on sellega pisut selgem \u2013 1985. aasta oli sini-must-valgete sallide jaoks liiga vara ning ka Veriora sovhoos j\u00f5udis sovhoosi s\u00fcmbolite ning eestimeelsuse \u00fchendamiseni 1990. aastal, mil see oli ka laiemalt levinud. Sovhoosi 30. aastap\u00e4eva t\u00e4histamisest pole paraku juttu ajakirjanduses ning see ei j\u00f5udnud veel kirjaj\u00e4lge j\u00e4tta ka sovhoosi kroonikasse.<a href=\"#_ftn8\" id=\"_ftnref8\">[8]<\/a> Majanditekeskne elukorraldus hakkas l\u00f5pule j\u00f5udma ning ka \u00fclej\u00e4\u00e4nud sallid kadusid garaa\u017eis\u00fcgavustesse, nagu ka t\u00e4pne lugu nende loomisest.<\/p>\n\n\n\n<div class=\"wp-block-group is-layout-constrained wp-block-group-is-layout-constrained\">\n<figure class=\"wp-block-gallery has-nested-images columns-default is-cropped wp-block-gallery-1 is-layout-flex wp-block-gallery-is-layout-flex\">\n<figure class=\"wp-block-image size-full\"><img decoding=\"async\" width=\"507\" height=\"799\" data-id=\"5279\" src=\"https:\/\/vanavorumaamuuseumid.ee\/wp-content\/uploads\/2026\/02\/image-2.jpg\" alt=\"\" class=\"wp-image-5279\" srcset=\"https:\/\/vanavorumaamuuseumid.ee\/wp-content\/uploads\/2026\/02\/image-2.jpg 507w, https:\/\/vanavorumaamuuseumid.ee\/wp-content\/uploads\/2026\/02\/image-2-480x756.jpg 480w\" sizes=\"(min-width: 0px) and (max-width: 480px) 480px, (min-width: 481px) 507px, 100vw\" \/><figcaption class=\"wp-element-caption\">PTM_776:3 E 1167<\/figcaption><\/figure>\n\n\n\n<figure class=\"wp-block-image size-full\"><img decoding=\"async\" width=\"799\" height=\"498\" data-id=\"5280\" src=\"https:\/\/vanavorumaamuuseumid.ee\/wp-content\/uploads\/2026\/02\/image-3.jpg\" alt=\"\" class=\"wp-image-5280\" srcset=\"https:\/\/vanavorumaamuuseumid.ee\/wp-content\/uploads\/2026\/02\/image-3.jpg 799w, https:\/\/vanavorumaamuuseumid.ee\/wp-content\/uploads\/2026\/02\/image-3-480x299.jpg 480w\" sizes=\"(min-width: 0px) and (max-width: 480px) 480px, (min-width: 481px) 799px, 100vw\" \/><figcaption class=\"wp-element-caption\">PTM_776:2 E 1166<\/figcaption><\/figure>\n<\/figure>\n<\/div>\n\n\n\n<p>Kui keegi kokkutulekul osalejatest v\u00f5i Veriora sovhoosiga seotud inimestest teab t\u00e4psemalt r\u00e4\u00e4kida sallide loomise loost ja ajast v\u00f5i sellest, kust ja kuidas need v\u00e4lja toodi, on V\u00f5rumaa muuseum v\u00e4ga t\u00e4nulik t\u00e4iendava info eest. See on m\u00e4rkimisv\u00e4\u00e4rne t\u00e4iendus varasele Eesti taasiseseisvumise loole ning info on v\u00e4\u00e4rt s\u00e4ilitamist tulevaste p\u00f5lvede tarvis.<\/p>\n\n\n\n<p>Vihjete korral v\u00f5ta \u00fchendust V\u00f5rumaa Muuseumi teaduri Hipp Saarega e-maili teel. &#x68;i&#x70;&#112;&#x2e;&#x73;a&#x61;&#114;&#x40;&#x77;i&#x2e;&#101;&#x65;<\/p>\n\n\n\n<p><em>Avaldatud 27.02.2026<\/em><\/p>\n\n\n\n<hr class=\"wp-block-separator has-alpha-channel-opacity\"\/>\n\n\n\n<p><a href=\"#_ftnref1\" id=\"_ftn1\">[1]<\/a> <a href=\"https:\/\/dea.digar.ee\/cgi-bin\/dea?a=d&amp;d=koit19850305.2.7.2&amp;e=-------et-25--1--txt-txIN%7ctxTI%7ctxAU%7ctxTA-------------\">Ivi Vaarask, \u201cPilk ajalukku\u201d- <em>Koit<\/em>, 5. m\u00e4rts 1980.<\/a><\/p>\n\n\n\n<p><a href=\"#_ftnref2\" id=\"_ftn2\">[2]<\/a> <a href=\"https:\/\/dea.digar.ee\/cgi-bin\/dea?a=d&amp;d=koit19651019.2.10.1&amp;e=-------et-25--1--txt-txIN%7ctxTI%7ctxAU%7ctxTA-------------\">M. Kardvee, \u201eVeel \u00fcks kirjutis lisaks eelnevatele\u201c \u2013 <em>Koit<\/em>, 19. oktoober 1965<\/a>.<\/p>\n\n\n\n<p><a href=\"#_ftnref3\" id=\"_ftn3\">[3]<\/a> \u201e<a href=\"https:\/\/eestikirik.ee\/in-memoriam-heino-kostabi\">Im memoriam Heino Kostabi\u201c \u2013 <em>Eesti Kirik<\/em>, 31. m\u00e4rts 2021.<\/a><\/p>\n\n\n\n<p><a href=\"#_ftnref4\" id=\"_ftn4\">[4]<\/a> <a href=\"https:\/\/dea.digar.ee\/cgi-bin\/dea?a=d&amp;d=rapinarahva20251218&amp;e=-------et-25--1--txt-txIN%7ctxTI%7ctxAU%7ctxTA-------------\">Urmas Sokman, \u201eKunagised t\u00f6\u00f6kaaslased said j\u00e4lle kokku\u201c \u2013 <em>R\u00e4pina Rahvaleht<\/em>, 18. detsember 2025<\/a>.<\/p>\n\n\n\n<p><a href=\"#_ftnref5\" id=\"_ftn5\">[5]<\/a> Signe Strohm<em>, Leevi kandi lood. 500 aastat. Esmamainimisest t\u00e4nap\u00e4evani<\/em>, (Leevi: 2025), lk 153.<\/p>\n\n\n\n<p><a href=\"#_ftnref6\" id=\"_ftn6\">[6]<\/a> <a href=\"https:\/\/dea.digar.ee\/cgi-bin\/dea?a=d&amp;d=koit19850305.2.7.1&amp;e=-------et-25--1--txt-txIN%7ctxTI%7ctxAU%7ctxTA-------------\">Kaja Grigorjev, \u201eVeriora sovhoos 25\u201c \u2013 <em>Koit<\/em>, 5, m\u00e4rts 1985.<\/a><\/p>\n\n\n\n<p><a href=\"#_ftnref7\" id=\"_ftn7\">[7]<\/a> <a href=\"https:\/\/www.muis.ee\/museaalview\/388425\">https:\/\/www.muis.ee\/museaalview\/388425<\/a><\/p>\n\n\n\n<p><a href=\"#_ftnref8\" id=\"_ftn8\">[8]<\/a> PTM _ 776:10 Arh 986. Lembit Reimann, Veriora sovhoosi kroonika, 1989.<\/p>\n","protected":false},"featured_media":5270,"parent":0,"menu_order":0,"template":"","class_list":["post-5269","vorumaa-sundmus","type-vorumaa-sundmus","status-publish","has-post-thumbnail","hentry"],"acf":[],"yoast_head":"<!-- This site is optimized with the Yoast SEO plugin v27.4 - https:\/\/yoast.com\/product\/yoast-seo-wordpress\/ -->\n<title>Sallitud sini-must-valge Veriora sovhoosis - Vana-V\u00f5rumaa muuseumid<\/title>\n<meta name=\"robots\" content=\"index, follow, max-snippet:-1, max-image-preview:large, max-video-preview:-1\" \/>\n<link rel=\"canonical\" href=\"https:\/\/vanavorumaamuuseumid.ee\/vo\/vorumaa-sundmus\/sallitud-sini-must-valge-veriora-sovhoosis\/\" \/>\n<meta property=\"og:locale\" content=\"en_US\" \/>\n<meta property=\"og:type\" content=\"article\" \/>\n<meta property=\"og:title\" content=\"Sallitud sini-must-valge Veriora sovhoosis - Vana-V\u00f5rumaa muuseumid\" \/>\n<meta property=\"og:description\" content=\"V\u00f5rumaa Muuseumisse on j\u00f5udnud Veriora sovhoosi suveniirsallid, mis tulid t\u00e4iesti uuena v\u00e4lja [&hellip;]\" \/>\n<meta property=\"og:url\" content=\"https:\/\/vanavorumaamuuseumid.ee\/vo\/vorumaa-sundmus\/sallitud-sini-must-valge-veriora-sovhoosis\/\" \/>\n<meta property=\"og:site_name\" content=\"Vana-V\u00f5rumaa muuseumid\" \/>\n<meta property=\"article:modified_time\" content=\"2026-03-02T09:09:46+00:00\" \/>\n<meta property=\"og:image\" content=\"https:\/\/vanavorumaamuuseumid.ee\/wp-content\/uploads\/2026\/02\/PXL_20260217_115642739-e1772195475845.jpg\" \/>\n\t<meta property=\"og:image:width\" content=\"1760\" \/>\n\t<meta property=\"og:image:height\" content=\"1078\" \/>\n\t<meta property=\"og:image:type\" content=\"image\/jpeg\" \/>\n<meta name=\"twitter:card\" content=\"summary_large_image\" \/>\n<meta name=\"twitter:label1\" content=\"Est. reading time\" \/>\n\t<meta name=\"twitter:data1\" content=\"5 minutes\" \/>\n<script type=\"application\/ld+json\" class=\"yoast-schema-graph\">{\"@context\":\"https:\\\/\\\/schema.org\",\"@graph\":[{\"@type\":\"WebPage\",\"@id\":\"https:\\\/\\\/vanavorumaamuuseumid.ee\\\/vorumaa-sundmus\\\/sallitud-sini-must-valge-veriora-sovhoosis\\\/\",\"url\":\"https:\\\/\\\/vanavorumaamuuseumid.ee\\\/vorumaa-sundmus\\\/sallitud-sini-must-valge-veriora-sovhoosis\\\/\",\"name\":\"Sallitud sini-must-valge Veriora sovhoosis - Vana-V\u00f5rumaa muuseumid\",\"isPartOf\":{\"@id\":\"https:\\\/\\\/vanavorumaamuuseumid.ee\\\/#website\"},\"primaryImageOfPage\":{\"@id\":\"https:\\\/\\\/vanavorumaamuuseumid.ee\\\/vorumaa-sundmus\\\/sallitud-sini-must-valge-veriora-sovhoosis\\\/#primaryimage\"},\"image\":{\"@id\":\"https:\\\/\\\/vanavorumaamuuseumid.ee\\\/vorumaa-sundmus\\\/sallitud-sini-must-valge-veriora-sovhoosis\\\/#primaryimage\"},\"thumbnailUrl\":\"https:\\\/\\\/vanavorumaamuuseumid.ee\\\/wp-content\\\/uploads\\\/2026\\\/02\\\/PXL_20260217_115642739-e1772195475845.jpg\",\"datePublished\":\"2026-02-27T13:25:53+00:00\",\"dateModified\":\"2026-03-02T09:09:46+00:00\",\"breadcrumb\":{\"@id\":\"https:\\\/\\\/vanavorumaamuuseumid.ee\\\/vorumaa-sundmus\\\/sallitud-sini-must-valge-veriora-sovhoosis\\\/#breadcrumb\"},\"inLanguage\":\"vo\",\"potentialAction\":[{\"@type\":\"ReadAction\",\"target\":[\"https:\\\/\\\/vanavorumaamuuseumid.ee\\\/vorumaa-sundmus\\\/sallitud-sini-must-valge-veriora-sovhoosis\\\/\"]}]},{\"@type\":\"ImageObject\",\"inLanguage\":\"vo\",\"@id\":\"https:\\\/\\\/vanavorumaamuuseumid.ee\\\/vorumaa-sundmus\\\/sallitud-sini-must-valge-veriora-sovhoosis\\\/#primaryimage\",\"url\":\"https:\\\/\\\/vanavorumaamuuseumid.ee\\\/wp-content\\\/uploads\\\/2026\\\/02\\\/PXL_20260217_115642739-e1772195475845.jpg\",\"contentUrl\":\"https:\\\/\\\/vanavorumaamuuseumid.ee\\\/wp-content\\\/uploads\\\/2026\\\/02\\\/PXL_20260217_115642739-e1772195475845.jpg\",\"width\":1760,\"height\":1078},{\"@type\":\"BreadcrumbList\",\"@id\":\"https:\\\/\\\/vanavorumaamuuseumid.ee\\\/vorumaa-sundmus\\\/sallitud-sini-must-valge-veriora-sovhoosis\\\/#breadcrumb\",\"itemListElement\":[{\"@type\":\"ListItem\",\"position\":1,\"name\":\"Home\",\"item\":\"https:\\\/\\\/vanavorumaamuuseumid.ee\\\/\"},{\"@type\":\"ListItem\",\"position\":2,\"name\":\"Sallitud sini-must-valge Veriora sovhoosis\"}]},{\"@type\":\"WebSite\",\"@id\":\"https:\\\/\\\/vanavorumaamuuseumid.ee\\\/#website\",\"url\":\"https:\\\/\\\/vanavorumaamuuseumid.ee\\\/\",\"name\":\"Vana-V\u00f5rumaa Muuseumid\",\"description\":\"V\u00f5rumaa Muuseum, Dr. Fr. R. Kreutzwaldi Memoriaalmuuseum, M\u00f5niste Talurahvamuuseum ja Karilatsi Vaba\u00f5humuuseum\",\"publisher\":{\"@id\":\"https:\\\/\\\/vanavorumaamuuseumid.ee\\\/#organization\"},\"potentialAction\":[{\"@type\":\"SearchAction\",\"target\":{\"@type\":\"EntryPoint\",\"urlTemplate\":\"https:\\\/\\\/vanavorumaamuuseumid.ee\\\/?s={search_term_string}\"},\"query-input\":{\"@type\":\"PropertyValueSpecification\",\"valueRequired\":true,\"valueName\":\"search_term_string\"}}],\"inLanguage\":\"vo\"},{\"@type\":\"Organization\",\"@id\":\"https:\\\/\\\/vanavorumaamuuseumid.ee\\\/#organization\",\"name\":\"V\u00f5ru Instituut\",\"url\":\"https:\\\/\\\/vanavorumaamuuseumid.ee\\\/\",\"logo\":{\"@type\":\"ImageObject\",\"inLanguage\":\"vo\",\"@id\":\"https:\\\/\\\/vanavorumaamuuseumid.ee\\\/#\\\/schema\\\/logo\\\/image\\\/\",\"url\":\"https:\\\/\\\/vanavorumaamuuseumid.ee\\\/wp-content\\\/uploads\\\/2025\\\/05\\\/vana-voromaa-muusoumi-250516.svg\",\"contentUrl\":\"https:\\\/\\\/vanavorumaamuuseumid.ee\\\/wp-content\\\/uploads\\\/2025\\\/05\\\/vana-voromaa-muusoumi-250516.svg\",\"width\":567,\"height\":80,\"caption\":\"V\u00f5ru Instituut\"},\"image\":{\"@id\":\"https:\\\/\\\/vanavorumaamuuseumid.ee\\\/#\\\/schema\\\/logo\\\/image\\\/\"}}]}<\/script>\n<!-- \/ Yoast SEO plugin. -->","yoast_head_json":{"title":"Sallitud sini-must-valge Veriora sovhoosis - Vana-V\u00f5rumaa muuseumid","robots":{"index":"index","follow":"follow","max-snippet":"max-snippet:-1","max-image-preview":"max-image-preview:large","max-video-preview":"max-video-preview:-1"},"canonical":"https:\/\/vanavorumaamuuseumid.ee\/vo\/vorumaa-sundmus\/sallitud-sini-must-valge-veriora-sovhoosis\/","og_locale":"en_US","og_type":"article","og_title":"Sallitud sini-must-valge Veriora sovhoosis - Vana-V\u00f5rumaa muuseumid","og_description":"V\u00f5rumaa Muuseumisse on j\u00f5udnud Veriora sovhoosi suveniirsallid, mis tulid t\u00e4iesti uuena v\u00e4lja [&hellip;]","og_url":"https:\/\/vanavorumaamuuseumid.ee\/vo\/vorumaa-sundmus\/sallitud-sini-must-valge-veriora-sovhoosis\/","og_site_name":"Vana-V\u00f5rumaa muuseumid","article_modified_time":"2026-03-02T09:09:46+00:00","og_image":[{"width":1760,"height":1078,"url":"https:\/\/vanavorumaamuuseumid.ee\/wp-content\/uploads\/2026\/02\/PXL_20260217_115642739-e1772195475845.jpg","type":"image\/jpeg"}],"twitter_card":"summary_large_image","twitter_misc":{"Est. reading time":"5 minutes"},"schema":{"@context":"https:\/\/schema.org","@graph":[{"@type":"WebPage","@id":"https:\/\/vanavorumaamuuseumid.ee\/vorumaa-sundmus\/sallitud-sini-must-valge-veriora-sovhoosis\/","url":"https:\/\/vanavorumaamuuseumid.ee\/vorumaa-sundmus\/sallitud-sini-must-valge-veriora-sovhoosis\/","name":"Sallitud sini-must-valge Veriora sovhoosis - Vana-V\u00f5rumaa muuseumid","isPartOf":{"@id":"https:\/\/vanavorumaamuuseumid.ee\/#website"},"primaryImageOfPage":{"@id":"https:\/\/vanavorumaamuuseumid.ee\/vorumaa-sundmus\/sallitud-sini-must-valge-veriora-sovhoosis\/#primaryimage"},"image":{"@id":"https:\/\/vanavorumaamuuseumid.ee\/vorumaa-sundmus\/sallitud-sini-must-valge-veriora-sovhoosis\/#primaryimage"},"thumbnailUrl":"https:\/\/vanavorumaamuuseumid.ee\/wp-content\/uploads\/2026\/02\/PXL_20260217_115642739-e1772195475845.jpg","datePublished":"2026-02-27T13:25:53+00:00","dateModified":"2026-03-02T09:09:46+00:00","breadcrumb":{"@id":"https:\/\/vanavorumaamuuseumid.ee\/vorumaa-sundmus\/sallitud-sini-must-valge-veriora-sovhoosis\/#breadcrumb"},"inLanguage":"vo","potentialAction":[{"@type":"ReadAction","target":["https:\/\/vanavorumaamuuseumid.ee\/vorumaa-sundmus\/sallitud-sini-must-valge-veriora-sovhoosis\/"]}]},{"@type":"ImageObject","inLanguage":"vo","@id":"https:\/\/vanavorumaamuuseumid.ee\/vorumaa-sundmus\/sallitud-sini-must-valge-veriora-sovhoosis\/#primaryimage","url":"https:\/\/vanavorumaamuuseumid.ee\/wp-content\/uploads\/2026\/02\/PXL_20260217_115642739-e1772195475845.jpg","contentUrl":"https:\/\/vanavorumaamuuseumid.ee\/wp-content\/uploads\/2026\/02\/PXL_20260217_115642739-e1772195475845.jpg","width":1760,"height":1078},{"@type":"BreadcrumbList","@id":"https:\/\/vanavorumaamuuseumid.ee\/vorumaa-sundmus\/sallitud-sini-must-valge-veriora-sovhoosis\/#breadcrumb","itemListElement":[{"@type":"ListItem","position":1,"name":"Home","item":"https:\/\/vanavorumaamuuseumid.ee\/"},{"@type":"ListItem","position":2,"name":"Sallitud sini-must-valge Veriora sovhoosis"}]},{"@type":"WebSite","@id":"https:\/\/vanavorumaamuuseumid.ee\/#website","url":"https:\/\/vanavorumaamuuseumid.ee\/","name":"Vana-V\u00f5rumaa Muuseumid","description":"V\u00f5rumaa Muuseum, Dr. Fr. R. Kreutzwaldi Memoriaalmuuseum, M\u00f5niste Talurahvamuuseum ja Karilatsi Vaba\u00f5humuuseum","publisher":{"@id":"https:\/\/vanavorumaamuuseumid.ee\/#organization"},"potentialAction":[{"@type":"SearchAction","target":{"@type":"EntryPoint","urlTemplate":"https:\/\/vanavorumaamuuseumid.ee\/?s={search_term_string}"},"query-input":{"@type":"PropertyValueSpecification","valueRequired":true,"valueName":"search_term_string"}}],"inLanguage":"vo"},{"@type":"Organization","@id":"https:\/\/vanavorumaamuuseumid.ee\/#organization","name":"V\u00f5ru Instituut","url":"https:\/\/vanavorumaamuuseumid.ee\/","logo":{"@type":"ImageObject","inLanguage":"vo","@id":"https:\/\/vanavorumaamuuseumid.ee\/#\/schema\/logo\/image\/","url":"https:\/\/vanavorumaamuuseumid.ee\/wp-content\/uploads\/2025\/05\/vana-voromaa-muusoumi-250516.svg","contentUrl":"https:\/\/vanavorumaamuuseumid.ee\/wp-content\/uploads\/2025\/05\/vana-voromaa-muusoumi-250516.svg","width":567,"height":80,"caption":"V\u00f5ru Instituut"},"image":{"@id":"https:\/\/vanavorumaamuuseumid.ee\/#\/schema\/logo\/image\/"}}]}},"_links":{"self":[{"href":"https:\/\/vanavorumaamuuseumid.ee\/vo\/wp-json\/wp\/v2\/vorumaa-sundmus\/5269","targetHints":{"allow":["GET"]}}],"collection":[{"href":"https:\/\/vanavorumaamuuseumid.ee\/vo\/wp-json\/wp\/v2\/vorumaa-sundmus"}],"about":[{"href":"https:\/\/vanavorumaamuuseumid.ee\/vo\/wp-json\/wp\/v2\/types\/vorumaa-sundmus"}],"wp:featuredmedia":[{"embeddable":true,"href":"https:\/\/vanavorumaamuuseumid.ee\/vo\/wp-json\/wp\/v2\/media\/5270"}],"wp:attachment":[{"href":"https:\/\/vanavorumaamuuseumid.ee\/vo\/wp-json\/wp\/v2\/media?parent=5269"}],"curies":[{"name":"wp","href":"https:\/\/api.w.org\/{rel}","templated":true}]}}