{"id":5302,"date":"2026-02-27T15:58:23","date_gmt":"2026-02-27T13:58:23","guid":{"rendered":"https:\/\/vanavorumaamuuseumid.ee\/?post_type=vorumaa-sundmus&#038;p=5302"},"modified":"2026-03-03T12:15:06","modified_gmt":"2026-03-03T10:15:06","slug":"moekunstnike-uhisnaituse-avamine-13-martsil-kell-17","status":"publish","type":"vorumaa-sundmus","link":"https:\/\/vanavorumaamuuseumid.ee\/vo\/vorumaa-sundmus\/moekunstnike-uhisnaituse-avamine-13-martsil-kell-17\/","title":{"rendered":"Moekunstnike \u00fchisn\u00e4ituse avamine 13. m\u00e4rtsil kell 17"},"content":{"rendered":"<p>N\u00e4itus koondab kolm p\u00f5lvkonda moekunstnikke, kelle loomingus kujuneb r\u00f5ivas \u00fchenduspunktiks keha ja loodusmaastiku, f\u00fc\u00fcsilise ruumi ja ps\u00fc\u00fchilise paiga vahel.<\/p>\n\n\n\n<p>Kuppelmaastik on Eesti kultuuri ja m\u00e4lumaastiku s\u00fcmbol. Kumerad vallid, t\u00f5usud ja langused moodustavad reljeefi, kuhu on ladestunud lood, m\u00fc\u00fcdid ja kehaline kogemus. Rahvajuttudes t\u00e4histavad kuplid hiiglaste j\u00e4lgi, jumalate peatuspaiku ja kangelaste haudu. Maastik toimib siin s\u00fcsteemina, kus pinnavormid, m\u00fc\u00fcdid ja inimkeha kuuluvad samasse ruumilisse loogikasse.<\/p>\n\n\n\n<p>Geograaf Yi\u2011Fu Tuan kirjeldas m\u00f5istet topofiilia kui armastust paiga vastu. Ta r\u00f5hutas, et inimesed ei koge ruumi ainult visuaalselt, vaid l\u00e4bi emotsioonide, m\u00e4lestuste ja tajude, l\u00e4bi suhte ja sideme paigaga. N\u00e4itusel \u201ePinnamood. Kolm p\u00f5lvkonda moemaastikul\u201c k\u00e4sitleb L\u00f5una-Eesti kuppelmaastikkku l\u00e4bi topofiilia, kiindumuse ja sideme kohaga, mis on inspireerinud erinevad p\u00f5lvkond kunstnikke looma kehakatteks ja kunstiliseks v\u00e4ljenduseks maastikust t\u00f5ukunud vorme ja emotsionaalset kihilisust. R\u00f5ivad pole pelgalt dekoratiivsed elemendid, vaid emotsionaalsed maastikud, mille kaudu keha ja meel suhestuvad ruumiga.<\/p>\n\n\n\n<p>Kunstnikud: Karl Joonas Alamaa, Marit Ilison, Sandra Luks, Triinu Pungits, Karl-Christoph Rebane, Kai Saar, Kirill Safanov, Anu Samar\u00fc\u00fctel, Mairo Seire, Lisette Sivard, Vilve Unt ja Liina Viira.<\/p>\n\n\n\n<p>Kuraatorid: Marion Laev, Bianka Soe<br>Kujundaja: Erle Nemvalts, Marion Laev<br>Graafiline disainer: Taavi Oolberg<\/p>\n\n\n\n<p>N\u00e4itust toetavad Eesti Kultuurkapital ja V\u00f5ru linn.<br><br><\/p>","protected":false},"featured_media":5286,"parent":0,"menu_order":0,"template":"","class_list":["post-5302","vorumaa-sundmus","type-vorumaa-sundmus","status-publish","has-post-thumbnail","hentry"],"acf":[],"yoast_head":"<!-- This site is optimized with the Yoast SEO plugin v27.4 - https:\/\/yoast.com\/product\/yoast-seo-wordpress\/ -->\n<title>Moekunstnike \u00fchisn\u00e4ituse avamine 13. m\u00e4rtsil kell 17 - Vana-V\u00f5rumaa muuseumid<\/title>\n<meta name=\"robots\" content=\"index, follow, max-snippet:-1, max-image-preview:large, max-video-preview:-1\" \/>\n<link rel=\"canonical\" href=\"https:\/\/vanavorumaamuuseumid.ee\/vo\/vorumaa-sundmus\/moekunstnike-uhisnaituse-avamine-13-martsil-kell-17\/\" \/>\n<meta property=\"og:locale\" content=\"en_US\" \/>\n<meta property=\"og:type\" content=\"article\" \/>\n<meta property=\"og:title\" content=\"Moekunstnike \u00fchisn\u00e4ituse avamine 13. m\u00e4rtsil kell 17 - Vana-V\u00f5rumaa muuseumid\" \/>\n<meta property=\"og:description\" content=\"N\u00e4itus koondab kolm p\u00f5lvkonda moekunstnikke, kelle loomingus kujuneb r\u00f5ivas \u00fchenduspunktiks keha ja [&hellip;]\" \/>\n<meta property=\"og:url\" content=\"https:\/\/vanavorumaamuuseumid.ee\/vo\/vorumaa-sundmus\/moekunstnike-uhisnaituse-avamine-13-martsil-kell-17\/\" \/>\n<meta property=\"og:site_name\" content=\"Vana-V\u00f5rumaa muuseumid\" \/>\n<meta property=\"article:modified_time\" content=\"2026-03-03T10:15:06+00:00\" \/>\n<meta property=\"og:image\" content=\"https:\/\/vanavorumaamuuseumid.ee\/wp-content\/uploads\/2026\/02\/Pinnamood_FB_pais.jpg\" \/>\n\t<meta property=\"og:image:width\" content=\"1920\" \/>\n\t<meta property=\"og:image:height\" content=\"1005\" \/>\n\t<meta property=\"og:image:type\" content=\"image\/jpeg\" \/>\n<meta name=\"twitter:card\" content=\"summary_large_image\" \/>\n<meta name=\"twitter:label1\" content=\"Est. reading time\" \/>\n\t<meta name=\"twitter:data1\" content=\"2 minutes\" \/>\n<script type=\"application\/ld+json\" class=\"yoast-schema-graph\">{\"@context\":\"https:\\\/\\\/schema.org\",\"@graph\":[{\"@type\":\"WebPage\",\"@id\":\"https:\\\/\\\/vanavorumaamuuseumid.ee\\\/vorumaa-sundmus\\\/moekunstnike-uhisnaituse-avamine-13-martsil-kell-17\\\/\",\"url\":\"https:\\\/\\\/vanavorumaamuuseumid.ee\\\/vorumaa-sundmus\\\/moekunstnike-uhisnaituse-avamine-13-martsil-kell-17\\\/\",\"name\":\"Moekunstnike \u00fchisn\u00e4ituse avamine 13. m\u00e4rtsil kell 17 - Vana-V\u00f5rumaa muuseumid\",\"isPartOf\":{\"@id\":\"https:\\\/\\\/vanavorumaamuuseumid.ee\\\/#website\"},\"primaryImageOfPage\":{\"@id\":\"https:\\\/\\\/vanavorumaamuuseumid.ee\\\/vorumaa-sundmus\\\/moekunstnike-uhisnaituse-avamine-13-martsil-kell-17\\\/#primaryimage\"},\"image\":{\"@id\":\"https:\\\/\\\/vanavorumaamuuseumid.ee\\\/vorumaa-sundmus\\\/moekunstnike-uhisnaituse-avamine-13-martsil-kell-17\\\/#primaryimage\"},\"thumbnailUrl\":\"https:\\\/\\\/vanavorumaamuuseumid.ee\\\/wp-content\\\/uploads\\\/2026\\\/02\\\/Pinnamood_FB_pais.jpg\",\"datePublished\":\"2026-02-27T13:58:23+00:00\",\"dateModified\":\"2026-03-03T10:15:06+00:00\",\"breadcrumb\":{\"@id\":\"https:\\\/\\\/vanavorumaamuuseumid.ee\\\/vorumaa-sundmus\\\/moekunstnike-uhisnaituse-avamine-13-martsil-kell-17\\\/#breadcrumb\"},\"inLanguage\":\"vo\",\"potentialAction\":[{\"@type\":\"ReadAction\",\"target\":[\"https:\\\/\\\/vanavorumaamuuseumid.ee\\\/vorumaa-sundmus\\\/moekunstnike-uhisnaituse-avamine-13-martsil-kell-17\\\/\"]}]},{\"@type\":\"ImageObject\",\"inLanguage\":\"vo\",\"@id\":\"https:\\\/\\\/vanavorumaamuuseumid.ee\\\/vorumaa-sundmus\\\/moekunstnike-uhisnaituse-avamine-13-martsil-kell-17\\\/#primaryimage\",\"url\":\"https:\\\/\\\/vanavorumaamuuseumid.ee\\\/wp-content\\\/uploads\\\/2026\\\/02\\\/Pinnamood_FB_pais.jpg\",\"contentUrl\":\"https:\\\/\\\/vanavorumaamuuseumid.ee\\\/wp-content\\\/uploads\\\/2026\\\/02\\\/Pinnamood_FB_pais.jpg\",\"width\":1920,\"height\":1005},{\"@type\":\"BreadcrumbList\",\"@id\":\"https:\\\/\\\/vanavorumaamuuseumid.ee\\\/vorumaa-sundmus\\\/moekunstnike-uhisnaituse-avamine-13-martsil-kell-17\\\/#breadcrumb\",\"itemListElement\":[{\"@type\":\"ListItem\",\"position\":1,\"name\":\"Home\",\"item\":\"https:\\\/\\\/vanavorumaamuuseumid.ee\\\/\"},{\"@type\":\"ListItem\",\"position\":2,\"name\":\"Moekunstnike \u00fchisn\u00e4ituse avamine 13. m\u00e4rtsil kell 17\"}]},{\"@type\":\"WebSite\",\"@id\":\"https:\\\/\\\/vanavorumaamuuseumid.ee\\\/#website\",\"url\":\"https:\\\/\\\/vanavorumaamuuseumid.ee\\\/\",\"name\":\"Vana-V\u00f5rumaa Muuseumid\",\"description\":\"V\u00f5rumaa Muuseum, Dr. Fr. R. Kreutzwaldi Memoriaalmuuseum, M\u00f5niste Talurahvamuuseum ja Karilatsi Vaba\u00f5humuuseum\",\"publisher\":{\"@id\":\"https:\\\/\\\/vanavorumaamuuseumid.ee\\\/#organization\"},\"potentialAction\":[{\"@type\":\"SearchAction\",\"target\":{\"@type\":\"EntryPoint\",\"urlTemplate\":\"https:\\\/\\\/vanavorumaamuuseumid.ee\\\/?s={search_term_string}\"},\"query-input\":{\"@type\":\"PropertyValueSpecification\",\"valueRequired\":true,\"valueName\":\"search_term_string\"}}],\"inLanguage\":\"vo\"},{\"@type\":\"Organization\",\"@id\":\"https:\\\/\\\/vanavorumaamuuseumid.ee\\\/#organization\",\"name\":\"V\u00f5ru Instituut\",\"url\":\"https:\\\/\\\/vanavorumaamuuseumid.ee\\\/\",\"logo\":{\"@type\":\"ImageObject\",\"inLanguage\":\"vo\",\"@id\":\"https:\\\/\\\/vanavorumaamuuseumid.ee\\\/#\\\/schema\\\/logo\\\/image\\\/\",\"url\":\"https:\\\/\\\/vanavorumaamuuseumid.ee\\\/wp-content\\\/uploads\\\/2025\\\/05\\\/vana-voromaa-muusoumi-250516.svg\",\"contentUrl\":\"https:\\\/\\\/vanavorumaamuuseumid.ee\\\/wp-content\\\/uploads\\\/2025\\\/05\\\/vana-voromaa-muusoumi-250516.svg\",\"width\":567,\"height\":80,\"caption\":\"V\u00f5ru Instituut\"},\"image\":{\"@id\":\"https:\\\/\\\/vanavorumaamuuseumid.ee\\\/#\\\/schema\\\/logo\\\/image\\\/\"}}]}<\/script>\n<!-- \/ Yoast SEO plugin. -->","yoast_head_json":{"title":"Moekunstnike \u00fchisn\u00e4ituse avamine 13. m\u00e4rtsil kell 17 - Vana-V\u00f5rumaa muuseumid","robots":{"index":"index","follow":"follow","max-snippet":"max-snippet:-1","max-image-preview":"max-image-preview:large","max-video-preview":"max-video-preview:-1"},"canonical":"https:\/\/vanavorumaamuuseumid.ee\/vo\/vorumaa-sundmus\/moekunstnike-uhisnaituse-avamine-13-martsil-kell-17\/","og_locale":"en_US","og_type":"article","og_title":"Moekunstnike \u00fchisn\u00e4ituse avamine 13. m\u00e4rtsil kell 17 - Vana-V\u00f5rumaa muuseumid","og_description":"N\u00e4itus koondab kolm p\u00f5lvkonda moekunstnikke, kelle loomingus kujuneb r\u00f5ivas \u00fchenduspunktiks keha ja [&hellip;]","og_url":"https:\/\/vanavorumaamuuseumid.ee\/vo\/vorumaa-sundmus\/moekunstnike-uhisnaituse-avamine-13-martsil-kell-17\/","og_site_name":"Vana-V\u00f5rumaa muuseumid","article_modified_time":"2026-03-03T10:15:06+00:00","og_image":[{"width":1920,"height":1005,"url":"https:\/\/vanavorumaamuuseumid.ee\/wp-content\/uploads\/2026\/02\/Pinnamood_FB_pais.jpg","type":"image\/jpeg"}],"twitter_card":"summary_large_image","twitter_misc":{"Est. reading time":"2 minutes"},"schema":{"@context":"https:\/\/schema.org","@graph":[{"@type":"WebPage","@id":"https:\/\/vanavorumaamuuseumid.ee\/vorumaa-sundmus\/moekunstnike-uhisnaituse-avamine-13-martsil-kell-17\/","url":"https:\/\/vanavorumaamuuseumid.ee\/vorumaa-sundmus\/moekunstnike-uhisnaituse-avamine-13-martsil-kell-17\/","name":"Moekunstnike \u00fchisn\u00e4ituse avamine 13. m\u00e4rtsil kell 17 - Vana-V\u00f5rumaa muuseumid","isPartOf":{"@id":"https:\/\/vanavorumaamuuseumid.ee\/#website"},"primaryImageOfPage":{"@id":"https:\/\/vanavorumaamuuseumid.ee\/vorumaa-sundmus\/moekunstnike-uhisnaituse-avamine-13-martsil-kell-17\/#primaryimage"},"image":{"@id":"https:\/\/vanavorumaamuuseumid.ee\/vorumaa-sundmus\/moekunstnike-uhisnaituse-avamine-13-martsil-kell-17\/#primaryimage"},"thumbnailUrl":"https:\/\/vanavorumaamuuseumid.ee\/wp-content\/uploads\/2026\/02\/Pinnamood_FB_pais.jpg","datePublished":"2026-02-27T13:58:23+00:00","dateModified":"2026-03-03T10:15:06+00:00","breadcrumb":{"@id":"https:\/\/vanavorumaamuuseumid.ee\/vorumaa-sundmus\/moekunstnike-uhisnaituse-avamine-13-martsil-kell-17\/#breadcrumb"},"inLanguage":"vo","potentialAction":[{"@type":"ReadAction","target":["https:\/\/vanavorumaamuuseumid.ee\/vorumaa-sundmus\/moekunstnike-uhisnaituse-avamine-13-martsil-kell-17\/"]}]},{"@type":"ImageObject","inLanguage":"vo","@id":"https:\/\/vanavorumaamuuseumid.ee\/vorumaa-sundmus\/moekunstnike-uhisnaituse-avamine-13-martsil-kell-17\/#primaryimage","url":"https:\/\/vanavorumaamuuseumid.ee\/wp-content\/uploads\/2026\/02\/Pinnamood_FB_pais.jpg","contentUrl":"https:\/\/vanavorumaamuuseumid.ee\/wp-content\/uploads\/2026\/02\/Pinnamood_FB_pais.jpg","width":1920,"height":1005},{"@type":"BreadcrumbList","@id":"https:\/\/vanavorumaamuuseumid.ee\/vorumaa-sundmus\/moekunstnike-uhisnaituse-avamine-13-martsil-kell-17\/#breadcrumb","itemListElement":[{"@type":"ListItem","position":1,"name":"Home","item":"https:\/\/vanavorumaamuuseumid.ee\/"},{"@type":"ListItem","position":2,"name":"Moekunstnike \u00fchisn\u00e4ituse avamine 13. m\u00e4rtsil kell 17"}]},{"@type":"WebSite","@id":"https:\/\/vanavorumaamuuseumid.ee\/#website","url":"https:\/\/vanavorumaamuuseumid.ee\/","name":"Vana-V\u00f5rumaa Muuseumid","description":"V\u00f5rumaa Muuseum, Dr. Fr. R. Kreutzwaldi Memoriaalmuuseum, M\u00f5niste Talurahvamuuseum ja Karilatsi Vaba\u00f5humuuseum","publisher":{"@id":"https:\/\/vanavorumaamuuseumid.ee\/#organization"},"potentialAction":[{"@type":"SearchAction","target":{"@type":"EntryPoint","urlTemplate":"https:\/\/vanavorumaamuuseumid.ee\/?s={search_term_string}"},"query-input":{"@type":"PropertyValueSpecification","valueRequired":true,"valueName":"search_term_string"}}],"inLanguage":"vo"},{"@type":"Organization","@id":"https:\/\/vanavorumaamuuseumid.ee\/#organization","name":"V\u00f5ru Instituut","url":"https:\/\/vanavorumaamuuseumid.ee\/","logo":{"@type":"ImageObject","inLanguage":"vo","@id":"https:\/\/vanavorumaamuuseumid.ee\/#\/schema\/logo\/image\/","url":"https:\/\/vanavorumaamuuseumid.ee\/wp-content\/uploads\/2025\/05\/vana-voromaa-muusoumi-250516.svg","contentUrl":"https:\/\/vanavorumaamuuseumid.ee\/wp-content\/uploads\/2025\/05\/vana-voromaa-muusoumi-250516.svg","width":567,"height":80,"caption":"V\u00f5ru Instituut"},"image":{"@id":"https:\/\/vanavorumaamuuseumid.ee\/#\/schema\/logo\/image\/"}}]}},"_links":{"self":[{"href":"https:\/\/vanavorumaamuuseumid.ee\/vo\/wp-json\/wp\/v2\/vorumaa-sundmus\/5302","targetHints":{"allow":["GET"]}}],"collection":[{"href":"https:\/\/vanavorumaamuuseumid.ee\/vo\/wp-json\/wp\/v2\/vorumaa-sundmus"}],"about":[{"href":"https:\/\/vanavorumaamuuseumid.ee\/vo\/wp-json\/wp\/v2\/types\/vorumaa-sundmus"}],"wp:featuredmedia":[{"embeddable":true,"href":"https:\/\/vanavorumaamuuseumid.ee\/vo\/wp-json\/wp\/v2\/media\/5286"}],"wp:attachment":[{"href":"https:\/\/vanavorumaamuuseumid.ee\/vo\/wp-json\/wp\/v2\/media?parent=5302"}],"curies":[{"name":"wp","href":"https:\/\/api.w.org\/{rel}","templated":true}]}}